{"id":4293,"date":"2026-05-06T15:41:31","date_gmt":"2026-05-06T13:41:31","guid":{"rendered":"https:\/\/wiki.s12.at\/index.php\/fc-salzburg-gegen-dinamo-zagreb-2016\/"},"modified":"2026-05-06T15:41:31","modified_gmt":"2026-05-06T13:41:31","slug":"fc-salzburg-gegen-dinamo-zagreb-2016","status":"publish","type":"page","link":"https:\/\/wiki.s12.at\/index.php\/fc-salzburg-gegen-dinamo-zagreb-2016\/","title":{"rendered":"FC Salzburg gegen Dinamo Zagreb (2016)"},"content":{"rendered":"<div class=\"mw-parser-output\">\n<h2><span class=\"mw-headline\" id=\"Fakten\">Fakten<\/span><a href=\"\/index.php?title=FC_Salzburg_gegen_Dinamo_Zagreb_(2016)&amp;action=edit&amp;section=1\" title=\"Abschnitt bearbeiten: Fakten\">Bearbeiten<\/a><span class=\"mw-editsection-bracket\">]<\/span><\/span><\/h2>\n<table class=\"toptextcells toccolours\">\n<tbody>\n<tr>\n<th colspan=\"2\" style=\"text-align: center; vertical-align: top; padding: 0.3em 0.8em; font-size: 125%; background-color: lightsteelblue;\">FC Salzburg gegen GNK Dinamo Zagreb, 1:2 n. V.\n<\/th>\n<\/tr>\n<tr>\n<th style=\"text-align:left;\"><b>Spieltag<\/b>\n<\/th>\n<th style=\"text-align:left;\">Championsleague-Qualifikation Play-off, R\u00fcckspiel\n<\/th>\n<\/tr>\n<tr>\n<th style=\"text-align:left;\"><b>Datum<\/b>\n<\/th>\n<th style=\"text-align:left;\">24. August 2016\n<\/th>\n<\/tr>\n<tr>\n<th style=\"text-align:left;\"><b>Anpfiff<\/b>\n<\/th>\n<th style=\"text-align:left;\">20.45 Uhr\n<\/th>\n<\/tr>\n<tr>\n<td colspan=\"2\" style=\"text-align:center;\" bgcolor=\"lightgray\"><b>Aufstellung<\/b>\n<\/td>\n<\/tr>\n<tr>\n<th style=\"text-align:left;\"><b>Tor<\/b>\n<\/th>\n<th><a href=\"\/Alexander_Walke\" title=\"Alexander Walke\">Alexander Walke<\/a>\n<\/th>\n<\/tr>\n<tr>\n<th style=\"text-align:left;\"><b>Verteidigung<\/b>\n<\/th>\n<th><a href=\"\/Christian_Schwegler\" title=\"Christian Schwegler\">Christian Schwegler<\/a> &#8211; <a href=\"\/Duje_Caleta-Car\" title=\"Duje Caleta-Car\">Duje Caleta-Car<\/a> &#8211; <a href=\"\/Martin_Hinteregger\" title=\"Martin Hinteregger\">Martin Hinteregger<\/a> &#8211; <a href=\"\/Andreas_Ulmer\" title=\"Andreas Ulmer\">Andreas Ulmer<\/a>\n<\/th>\n<\/tr>\n<tr>\n<th style=\"text-align:left;\"><b>Mittelfeld<\/b>\n<\/th>\n<th><a href=\"\/Konrad_Laimer\" title=\"Konrad Laimer\">Konrad Laimer<\/a> &#8211; <a href=\"\/Bernardo\" title=\"Bernardo\">Bernardo<\/a> &#8211; <a href=\"\/Valon_Berisha\" title=\"Valon Berisha\">Valon Berisha<\/a> &#8211; <a href=\"\/Wanderson\" title=\"Wanderson\">Wanderson<\/a> &#8211; <a href=\"\/Valentino_Lazaro\" title=\"Valentino Lazaro\">Valentino Lazaro<\/a>\n<\/th>\n<\/tr>\n<tr>\n<th style=\"text-align:left;\"><b>Sturm<\/b>\n<\/th>\n<th><a href=\"\/Jonathan_Soriano\" class=\"mw-redirect\" title=\"Jonathan Soriano\">Jonathan Soriano<\/a>\n<\/th>\n<\/tr>\n<tr>\n<td colspan=\"2\" style=\"text-align:center;\" bgcolor=\"lightgray\"><b>Wechsel<\/b>\n<\/td>\n<\/tr>\n<tr>\n<th style=\"text-align:left;\"><b>Wechsel<\/b>\n<\/th>\n<th style=\"text-align:left;\"><a href=\"\/Stefan_Lainer\" title=\"Stefan Lainer\">Stefan Lainer<\/a> f\u00fcr Schwegler (46.), <a href=\"\/Diadie_Samassekou\" title=\"Diadie Samassekou\">Diadie Samassekou<\/a> f\u00fcr Lazaro (61.), <a href=\"\/Takumi_Minamino\" title=\"Takumi Minamino\">Takumi Minamino<\/a> f\u00fcr Wanderson (67.)\n<\/th>\n<\/tr>\n<tr>\n<td colspan=\"2\" style=\"text-align:center;\" bgcolor=\"lightgray\"><b>Statistik<\/b>\n<\/td>\n<\/tr>\n<tr>\n<th style=\"text-align:left;\"><b>Endstand<\/b>\n<\/th>\n<th style=\"text-align:left;\">1:1 (0:0), 1:2 n. Verl\u00e4ngerung\n<\/th>\n<\/tr>\n<tr>\n<th style=\"text-align:left;\"><b>Torsch\u00fctzen<\/b>\n<\/th>\n<th style=\"text-align:left;\">Lazaro (22.); Fernandes (87.), Soudani (95.)\n<\/th>\n<\/tr>\n<tr>\n<th style=\"text-align:left;\"><b>Gelbe Karten<\/b>\n<\/th>\n<th style=\"text-align:left;\">Lazaro (22.), Samassekou (103.), Caleta-Car (120.); Sigali (31.), Jonas (59.), Stojanovic (73.)\n<\/th>\n<\/tr>\n<tr>\n<th style=\"text-align:left;\"><b>Rote Karten<\/b>\n<\/th>\n<th style=\"text-align:left;\">\n<\/th>\n<\/tr>\n<tr>\n<th style=\"text-align:left;\"><b>Schiedsrichter<\/b>\n<\/th>\n<th style=\"text-align:left;\">Craig Thomson (SCO)\n<\/th>\n<\/tr>\n<tr>\n<th style=\"text-align:left;\"><b>Stadion<\/b>\n<\/th>\n<th style=\"text-align:left;\">Red Bull Arena, Salzburg\n<\/th>\n<\/tr>\n<tr>\n<th style=\"text-align:left;\"><b>Zuschauer<\/b>\n<\/th>\n<th style=\"text-align:left;\">23 451\n<\/th>\n<\/tr>\n<\/tbody>\n<\/table>\n<h2><span class=\"mw-headline\" id=\"Weblinks\">Weblinks<\/span><a href=\"\/index.php?title=FC_Salzburg_gegen_Dinamo_Zagreb_(2016)&amp;action=edit&amp;section=2\" title=\"Abschnitt bearbeiten: Weblinks\">Bearbeiten<\/a><span class=\"mw-editsection-bracket\">]<\/span><\/span><\/h2>\n<p><a rel=\"nofollow\" class=\"external text\" href=\"http:\/\/www.redbullsalzburg.at\/de\/fc-red-bull-salzburg\/news\/saison_2016_17\/rote-bullen-scheitern-im-cl-play-off-an-dinamo-zagreb.html\">Spielbericht Vereinshomepage<\/a>\n<\/p>\n<p><a rel=\"nofollow\" class=\"external text\" href=\"https:\/\/www.salzburg12.at\/2016\/08\/alle-neune-salzburg-prolongiert-champions-league-fluch\/\">Spielbericht salzburg12.at<\/a>\n<\/p>\n<h2><span class=\"mw-headline\" id=\"Bilder\">Bilder<\/span><a href=\"\/index.php?title=FC_Salzburg_gegen_Dinamo_Zagreb_(2016)&amp;action=edit&amp;section=3\" title=\"Abschnitt bearbeiten: Bilder\">Bearbeiten<\/a><span class=\"mw-editsection-bracket\">]<\/span><\/span><\/h2>\n<ul class=\"gallery mw-gallery-traditional\">\n<li class=\"gallerybox\" style=\"width: 155px\">\n<div style=\"width: 155px\">\n<div class=\"thumb\" style=\"width: 150px;\">\n<div style=\"margin:34.5px auto;\"><a href=\"\/Datei:SBG_Zagreb_(2).jpg\" class=\"image\" title=\"(c)GEPA\"><img alt=\"(c)GEPA\" src=\"\/images\/thumb\/b\/bb\/SBG_Zagreb_%282%29.jpg\/120px-SBG_Zagreb_%282%29.jpg\" decoding=\"async\" width=\"120\" height=\"81\" srcset=\"\/images\/thumb\/b\/bb\/SBG_Zagreb_%282%29.jpg\/180px-SBG_Zagreb_%282%29.jpg 1.5x, \/images\/thumb\/b\/bb\/SBG_Zagreb_%282%29.jpg\/240px-SBG_Zagreb_%282%29.jpg 2x\" \/><\/a><\/div>\n<\/div>\n<div class=\"gallerytext\">\n<p>(c)GEPA\n<\/p>\n<\/p><\/div>\n<\/p><\/div>\n<\/li>\n<li class=\"gallerybox\" style=\"width: 155px\">\n<div style=\"width: 155px\">\n<div class=\"thumb\" style=\"width: 150px;\">\n<div style=\"margin:35px auto;\"><a href=\"\/Datei:SBG_Zagreb_(3).jpg\" class=\"image\" title=\"(c)GEPA\"><img alt=\"(c)GEPA\" src=\"\/images\/thumb\/9\/9b\/SBG_Zagreb_%283%29.jpg\/120px-SBG_Zagreb_%283%29.jpg\" decoding=\"async\" width=\"120\" height=\"80\" srcset=\"\/images\/thumb\/9\/9b\/SBG_Zagreb_%283%29.jpg\/180px-SBG_Zagreb_%283%29.jpg 1.5x, \/images\/thumb\/9\/9b\/SBG_Zagreb_%283%29.jpg\/240px-SBG_Zagreb_%283%29.jpg 2x\" \/><\/a><\/div>\n<\/div>\n<div class=\"gallerytext\">\n<p>(c)GEPA\n<\/p>\n<\/p><\/div>\n<\/p><\/div>\n<\/li>\n<li class=\"gallerybox\" style=\"width: 155px\">\n<div style=\"width: 155px\">\n<div class=\"thumb\" style=\"width: 150px;\">\n<div style=\"margin:35px auto;\"><a href=\"\/Datei:SBG_Zagreb_(1).jpg\" class=\"image\" title=\"(c)GEPA\"><img alt=\"(c)GEPA\" src=\"\/images\/thumb\/7\/75\/SBG_Zagreb_%281%29.jpg\/120px-SBG_Zagreb_%281%29.jpg\" decoding=\"async\" width=\"120\" height=\"80\" srcset=\"\/images\/thumb\/7\/75\/SBG_Zagreb_%281%29.jpg\/180px-SBG_Zagreb_%281%29.jpg 1.5x, \/images\/thumb\/7\/75\/SBG_Zagreb_%281%29.jpg\/240px-SBG_Zagreb_%281%29.jpg 2x\" \/><\/a><\/div>\n<\/div>\n<div class=\"gallerytext\">\n<p>(c)GEPA\n<\/p>\n<\/p><\/div>\n<\/p><\/div>\n<\/li>\n<li class=\"gallerybox\" style=\"width: 155px\">\n<div style=\"width: 155px\">\n<div class=\"thumb\" style=\"width: 150px;\">\n<div style=\"margin:30px auto;\"><a href=\"\/Datei:Fanfoto602_n.jpg\" class=\"image\" title=\"(c) Fanfoto\"><img loading=\"lazy\" alt=\"(c) Fanfoto\" src=\"\/images\/thumb\/f\/fc\/Fanfoto602_n.jpg\/120px-Fanfoto602_n.jpg\" decoding=\"async\" width=\"120\" height=\"90\" srcset=\"\/images\/thumb\/f\/fc\/Fanfoto602_n.jpg\/180px-Fanfoto602_n.jpg 1.5x, \/images\/thumb\/f\/fc\/Fanfoto602_n.jpg\/240px-Fanfoto602_n.jpg 2x\" \/><\/a><\/div>\n<\/div>\n<div class=\"gallerytext\">\n<p>(c) Fanfoto\n<\/p>\n<\/p><\/div>\n<\/p><\/div>\n<\/li>\n<li class=\"gallerybox\" style=\"width: 155px\">\n<div style=\"width: 155px\">\n<div class=\"thumb\" style=\"width: 150px;\">\n<div style=\"margin:30px auto;\"><a href=\"\/Datei:Fanfoto30376.jpg\" class=\"image\" title=\"8c)Fanfoto\"><img loading=\"lazy\" alt=\"8c)Fanfoto\" src=\"\/images\/thumb\/7\/75\/Fanfoto30376.jpg\/120px-Fanfoto30376.jpg\" decoding=\"async\" width=\"120\" height=\"90\" srcset=\"\/images\/thumb\/7\/75\/Fanfoto30376.jpg\/180px-Fanfoto30376.jpg 1.5x, \/images\/thumb\/7\/75\/Fanfoto30376.jpg\/240px-Fanfoto30376.jpg 2x\" \/><\/a><\/div>\n<\/div>\n<div class=\"gallerytext\">\n<p>8c)Fanfoto\n<\/p>\n<\/p><\/div>\n<\/p><\/div>\n<\/li>\n<\/ul>\n<p>(c)gcg-Fotos mit freundlicher Genehmigung\n<\/p>\n<ul class=\"gallery mw-gallery-traditional\">\n<li class=\"gallerybox\" style=\"width: 155px\">\n<div style=\"width: 155px\">\n<div class=\"thumb\" style=\"width: 150px;\">\n<div style=\"margin:35px auto;\"><a href=\"\/Datei:Gcg_Fotos_(1).JPG\" class=\"image\"><img loading=\"lazy\" alt=\"Gcg Fotos (1).JPG\" src=\"\/images\/thumb\/5\/5e\/Gcg_Fotos_%281%29.JPG\/120px-Gcg_Fotos_%281%29.JPG\" decoding=\"async\" width=\"120\" height=\"80\" srcset=\"\/images\/thumb\/5\/5e\/Gcg_Fotos_%281%29.JPG\/180px-Gcg_Fotos_%281%29.JPG 1.5x, \/images\/thumb\/5\/5e\/Gcg_Fotos_%281%29.JPG\/240px-Gcg_Fotos_%281%29.JPG 2x\" \/><\/a><\/div>\n<\/div>\n<div class=\"gallerytext\">\n\t\t\t<\/div>\n<\/p><\/div>\n<\/li>\n<li class=\"gallerybox\" style=\"width: 155px\">\n<div style=\"width: 155px\">\n<div class=\"thumb\" style=\"width: 150px;\">\n<div style=\"margin:35px auto;\"><a href=\"\/Datei:Gcg_Fotos_(2).JPG\" class=\"image\"><img loading=\"lazy\" alt=\"Gcg Fotos (2).JPG\" src=\"\/images\/thumb\/3\/31\/Gcg_Fotos_%282%29.JPG\/120px-Gcg_Fotos_%282%29.JPG\" decoding=\"async\" width=\"120\" height=\"80\" srcset=\"\/images\/thumb\/3\/31\/Gcg_Fotos_%282%29.JPG\/180px-Gcg_Fotos_%282%29.JPG 1.5x, \/images\/thumb\/3\/31\/Gcg_Fotos_%282%29.JPG\/240px-Gcg_Fotos_%282%29.JPG 2x\" \/><\/a><\/div>\n<\/div>\n<div class=\"gallerytext\">\n\t\t\t<\/div>\n<\/p><\/div>\n<\/li>\n<li class=\"gallerybox\" style=\"width: 155px\">\n<div style=\"width: 155px\">\n<div class=\"thumb\" style=\"width: 150px;\">\n<div style=\"margin:35px auto;\"><a href=\"\/Datei:Gcg_Fotos_(3).JPG\" class=\"image\"><img loading=\"lazy\" alt=\"Gcg Fotos (3).JPG\" src=\"\/images\/thumb\/e\/ec\/Gcg_Fotos_%283%29.JPG\/120px-Gcg_Fotos_%283%29.JPG\" decoding=\"async\" width=\"120\" height=\"80\" srcset=\"\/images\/thumb\/e\/ec\/Gcg_Fotos_%283%29.JPG\/180px-Gcg_Fotos_%283%29.JPG 1.5x, \/images\/thumb\/e\/ec\/Gcg_Fotos_%283%29.JPG\/240px-Gcg_Fotos_%283%29.JPG 2x\" \/><\/a><\/div>\n<\/div>\n<div class=\"gallerytext\">\n\t\t\t<\/div>\n<\/p><\/div>\n<\/li>\n<li class=\"gallerybox\" style=\"width: 155px\">\n<div style=\"width: 155px\">\n<div class=\"thumb\" style=\"width: 150px;\">\n<div style=\"margin:35px auto;\"><a href=\"\/Datei:Gcg_Fotos_(4).JPG\" class=\"image\"><img loading=\"lazy\" alt=\"Gcg Fotos (4).JPG\" src=\"\/images\/thumb\/0\/06\/Gcg_Fotos_%284%29.JPG\/120px-Gcg_Fotos_%284%29.JPG\" decoding=\"async\" width=\"120\" height=\"80\" srcset=\"\/images\/thumb\/0\/06\/Gcg_Fotos_%284%29.JPG\/180px-Gcg_Fotos_%284%29.JPG 1.5x, \/images\/thumb\/0\/06\/Gcg_Fotos_%284%29.JPG\/240px-Gcg_Fotos_%284%29.JPG 2x\" \/><\/a><\/div>\n<\/div>\n<div class=\"gallerytext\">\n\t\t\t<\/div>\n<\/p><\/div>\n<\/li>\n<li class=\"gallerybox\" style=\"width: 155px\">\n<div style=\"width: 155px\">\n<div class=\"thumb\" style=\"width: 150px;\">\n<div style=\"margin:35px auto;\"><a href=\"\/Datei:Gcg_Fotos_(5).JPG\" class=\"image\"><img loading=\"lazy\" alt=\"Gcg Fotos (5).JPG\" src=\"\/images\/thumb\/2\/20\/Gcg_Fotos_%285%29.JPG\/120px-Gcg_Fotos_%285%29.JPG\" decoding=\"async\" width=\"120\" height=\"80\" srcset=\"\/images\/thumb\/2\/20\/Gcg_Fotos_%285%29.JPG\/180px-Gcg_Fotos_%285%29.JPG 1.5x, \/images\/thumb\/2\/20\/Gcg_Fotos_%285%29.JPG\/240px-Gcg_Fotos_%285%29.JPG 2x\" \/><\/a><\/div>\n<\/div>\n<div class=\"gallerytext\">\n\t\t\t<\/div>\n<\/p><\/div>\n<\/li>\n<li class=\"gallerybox\" style=\"width: 155px\">\n<div style=\"width: 155px\">\n<div class=\"thumb\" style=\"width: 150px;\">\n<div style=\"margin:35px auto;\"><a href=\"\/Datei:Gcg_Fotos_(6).JPG\" class=\"image\"><img loading=\"lazy\" alt=\"Gcg Fotos (6).JPG\" src=\"\/images\/thumb\/b\/be\/Gcg_Fotos_%286%29.JPG\/120px-Gcg_Fotos_%286%29.JPG\" decoding=\"async\" width=\"120\" height=\"80\" srcset=\"\/images\/thumb\/b\/be\/Gcg_Fotos_%286%29.JPG\/180px-Gcg_Fotos_%286%29.JPG 1.5x, \/images\/thumb\/b\/be\/Gcg_Fotos_%286%29.JPG\/240px-Gcg_Fotos_%286%29.JPG 2x\" \/><\/a><\/div>\n<\/div>\n<div class=\"gallerytext\">\n\t\t\t<\/div>\n<\/p><\/div>\n<\/li>\n<li class=\"gallerybox\" style=\"width: 155px\">\n<div style=\"width: 155px\">\n<div class=\"thumb\" style=\"width: 150px;\">\n<div style=\"margin:35px auto;\"><a href=\"\/Datei:Gcg_Fotos_(7).JPG\" class=\"image\"><img loading=\"lazy\" alt=\"Gcg Fotos (7).JPG\" src=\"\/images\/thumb\/3\/3c\/Gcg_Fotos_%287%29.JPG\/120px-Gcg_Fotos_%287%29.JPG\" decoding=\"async\" width=\"120\" height=\"80\" srcset=\"\/images\/thumb\/3\/3c\/Gcg_Fotos_%287%29.JPG\/180px-Gcg_Fotos_%287%29.JPG 1.5x, \/images\/thumb\/3\/3c\/Gcg_Fotos_%287%29.JPG\/240px-Gcg_Fotos_%287%29.JPG 2x\" \/><\/a><\/div>\n<\/div>\n<div class=\"gallerytext\">\n\t\t\t<\/div>\n<\/p><\/div>\n<\/li>\n<\/ul>\n<h2><span class=\"mw-headline\" id=\"Stimmen_zum_Spiel\">Stimmen zum Spiel<\/span><a href=\"\/index.php?title=FC_Salzburg_gegen_Dinamo_Zagreb_(2016)&amp;action=edit&amp;section=4\" title=\"Abschnitt bearbeiten: Stimmen zum Spiel\">Bearbeiten<\/a><span class=\"mw-editsection-bracket\">]<\/span><\/span><\/h2>\n<p><b>Oscar Garcia:<\/b> Wir hatten einige klare M\u00f6glichkeiten, sie hingegen nur eine, aber sie haben getroffen. Der Fu\u00dfball war heute unfair mit uns, da wir in der ersten Halbzeit fantastisch gespielt haben. Ich bin sehr stolz auf meine Spieler. Wir waren die bessere Mannschaft und hatten die besseren Chancen, aber sie haben zwei tolle Angreifer vorne gehabt und haben ihre Chancen gen\u00fctzt.\n<\/p>\n<p><b>Valentino Lazaro:<\/b> Das Spiel hat gut angefangen, und ich bin froh, dass ich unser Team durch meinen Treffer in F\u00fchrung bringen habe k\u00f6nnen. Von drau\u00dfen war es dann hart, zuzusehen, dass es nicht gereicht hat.\n<\/p>\n<\/div>\n","protected":false},"excerpt":{"rendered":"<p>FaktenBearbeiten] FC Salzburg gegen GNK Dinamo Zagreb, 1:2 n. V. Spieltag Championsleague-Qualifikation Play-off, R\u00fcckspiel Datum 24. August 2016 Anpfiff 20.45 Uhr Aufstellung Tor Alexander Walke Verteidigung Christian Schwegler &#8211; Duje Caleta-Car &#8211; Martin Hinteregger &#8211; Andreas Ulmer Mittelfeld Konrad Laimer &#8211; Bernardo &#8211; Valon Berisha &#8211; Wanderson &#8211; Valentino Lazaro Sturm Jonathan Soriano Wechsel Wechsel [&hellip;]<\/p>\n","protected":false},"author":1,"featured_media":0,"parent":0,"menu_order":0,"comment_status":"closed","ping_status":"closed","template":"","meta":{"footnotes":""},"class_list":["post-4293","page","type-page","status-publish","hentry"],"_links":{"self":[{"href":"https:\/\/wiki.s12.at\/index.php\/wp-json\/wp\/v2\/pages\/4293","targetHints":{"allow":["GET"]}}],"collection":[{"href":"https:\/\/wiki.s12.at\/index.php\/wp-json\/wp\/v2\/pages"}],"about":[{"href":"https:\/\/wiki.s12.at\/index.php\/wp-json\/wp\/v2\/types\/page"}],"author":[{"embeddable":true,"href":"https:\/\/wiki.s12.at\/index.php\/wp-json\/wp\/v2\/users\/1"}],"replies":[{"embeddable":true,"href":"https:\/\/wiki.s12.at\/index.php\/wp-json\/wp\/v2\/comments?post=4293"}],"version-history":[{"count":0,"href":"https:\/\/wiki.s12.at\/index.php\/wp-json\/wp\/v2\/pages\/4293\/revisions"}],"wp:attachment":[{"href":"https:\/\/wiki.s12.at\/index.php\/wp-json\/wp\/v2\/media?parent=4293"}],"curies":[{"name":"wp","href":"https:\/\/api.w.org\/{rel}","templated":true}]}}