{"id":4274,"date":"2026-05-06T15:39:39","date_gmt":"2026-05-06T13:39:39","guid":{"rendered":"https:\/\/wiki.s12.at\/index.php\/fc-salzburg-u19-gegen-trabzonspor-u19\/"},"modified":"2026-05-06T15:39:39","modified_gmt":"2026-05-06T13:39:39","slug":"fc-salzburg-u19-gegen-trabzonspor-u19","status":"publish","type":"page","link":"https:\/\/wiki.s12.at\/index.php\/fc-salzburg-u19-gegen-trabzonspor-u19\/","title":{"rendered":"FC Salzburg U19 gegen Trabzonspor U19"},"content":{"rendered":"<div class=\"mw-parser-output\">\n<table class=\"toptextcells toccolours\">\n<tbody>\n<tr>\n<th colspan=\"2\" style=\"text-align: center; vertical-align: top; padding: 0.3em 0.8em; font-size: 125%; background-color: lightsteelblue;\">FC Salzburg U19 gegen Trabzonspor U19, 1:2\n<\/th>\n<\/tr>\n<tr>\n<th style=\"text-align:left;\"><b>Spieltag<\/b>\n<\/th>\n<th style=\"text-align:left;\">UEFA Youth League\n<\/th>\n<\/tr>\n<tr>\n<th style=\"text-align:left;\"><b>Datum<\/b>\n<\/th>\n<th style=\"text-align:left;\">25. April 2025\n<\/th>\n<\/tr>\n<tr>\n<th style=\"text-align:left;\"><b>Anpfiff<\/b>\n<\/th>\n<th style=\"text-align:left;\">14 Uhr\n<\/th>\n<\/tr>\n<tr>\n<td colspan=\"2\" style=\"text-align:center;\" bgcolor=\"lightgray\"><b>Aufstellung<\/b>\n<\/td>\n<\/tr>\n<tr>\n<th style=\"text-align:left;\"><b>Tor<\/b>\n<\/th>\n<th><a href=\"\/Christian_Zawieschitzky\" title=\"Christian Zawieschitzky\">Christian Zawieschitzky<\/a>\n<\/th>\n<\/tr>\n<tr>\n<th style=\"text-align:left;\"><b>Verteidigung<\/b>\n<\/th>\n<th><a href=\"\/Julian_Hussauf\" title=\"Julian Hussauf\">Julian Hussauf<\/a> &#8211; <a href=\"\/Jannik_Schuster\" title=\"Jannik Schuster\">Jannik Schuster<\/a>  &#8211; <a href=\"\/John_Mellberg\" title=\"John Mellberg\">John Mellberg<\/a> &#8211; <a href=\"\/Rocco_Zikovic\" title=\"Rocco Zikovic\">Rocco Zikovic<\/a>&#8211; <a href=\"\/Jakob_Brandtner\" title=\"Jakob Brandtner\">Jakob Brandtner<\/a>\n<\/th>\n<\/tr>\n<tr>\n<th style=\"text-align:left;\"><b>Mittelfeld<\/b>\n<\/th>\n<th><a href=\"\/Johannes_Moser\" title=\"Johannes Moser\">Johannes Moser<\/a> &#8211; <a href=\"\/Oliver_Lukic\" title=\"Oliver Lukic\">Oliver Lukic<\/a> &#8211; <a href=\"\/Tim_Paumgartner\" title=\"Tim Paumgartner\">Tim Paumgartner<\/a>\n<\/th>\n<\/tr>\n<tr>\n<th style=\"text-align:left;\"><b>Sturm<\/b>\n<\/th>\n<th><a href=\"\/Aboubacar_Camara\" class=\"mw-redirect\" title=\"Aboubacar Camara\">Aboubacar Camara<\/a>&#8211;   <a href=\"\/Alexander_Murillo\" title=\"Alexander Murillo\">Alexander Murillo<\/a>\n<\/th>\n<\/tr>\n<tr>\n<td colspan=\"2\" style=\"text-align:center;\" bgcolor=\"lightgray\"><b>Wechsel<\/b>\n<\/td>\n<\/tr>\n<tr>\n<th style=\"text-align:left;\"><b>Wechsel<\/b>\n<\/th>\n<th style=\"text-align:left;\"><a href=\"\/Nikolas_Freund\" title=\"Nikolas Freund\">Nikolas Freund<\/a> f\u00fcr Camara (71.),  <a href=\"\/Dominik_Dobis\" title=\"Dominik Dobis\">Dominik Dobis<\/a> f\u00fcr Murillo (71.), <a href=\"\/Kristjan_Bendra\" title=\"Kristjan Bendra\">Kristjan Bendra<\/a> f\u00fcr Paumgartner (88.), <br \/> <a href=\"\/Valentin_Zabransky\" title=\"Valentin Zabransky\">Valentin Zabransky<\/a> f\u00fcr Hussauf (90.)\n<\/th>\n<\/tr>\n<tr>\n<td colspan=\"2\" style=\"text-align:center;\" bgcolor=\"lightgray\"><b>Statistik<\/b>\n<\/td>\n<\/tr>\n<tr>\n<th style=\"text-align:left;\"><b>Endstand<\/b>\n<\/th>\n<th style=\"text-align:left;\">1:2 (0:0)\n<\/th>\n<\/tr>\n<tr>\n<th style=\"text-align:left;\"><b>Torsch\u00fctzen<\/b>\n<\/th>\n<th style=\"text-align:left;\">Mellberg (85.); Turan (73.), Baskan (89.)\n<\/th>\n<\/tr>\n<tr>\n<th style=\"text-align:left;\"><b>Gelbe Karten<\/b>\n<\/th>\n<th style=\"text-align:left;\">Tibuko\u011flu  (16.), Ba\u015fkan  (90.), Turan  (91.), Y\u0131lmaz (92.)\n<\/th>\n<\/tr>\n<tr>\n<th style=\"text-align:left;\"><b>Rote Karten<\/b>\n<\/th>\n<th style=\"text-align:left;\">\n<\/th>\n<\/tr>\n<tr>\n<th style=\"text-align:left;\"><b>Schiedsrichter<\/b>\n<\/th>\n<th style=\"text-align:left;\">Jasper Vergoote (BEL)\n<\/th>\n<\/tr>\n<tr>\n<th style=\"text-align:left;\"><b>Stadion<\/b>\n<\/th>\n<th style=\"text-align:left;\">Centre sportif de Colovray, Nyon\n<\/th>\n<\/tr>\n<tr>\n<th style=\"text-align:left;\"><b>Zuschauer<\/b>\n<\/th>\n<th style=\"text-align:left;\">2.485\n<\/th>\n<\/tr>\n<\/tbody>\n<\/table>\n<h2><span class=\"mw-headline\" id=\"Spielbericht\">Spielbericht<\/span><a href=\"\/index.php?title=FC_Salzburg_U19_gegen_Trabzonspor_U19&amp;action=edit&amp;section=1\" title=\"Abschnitt bearbeiten: Spielbericht\">Bearbeiten<\/a><span class=\"mw-editsection-bracket\">]<\/span><\/span><\/h2>\n<p><a rel=\"nofollow\" class=\"external text\" href=\"https:\/\/www.redbullsalzburg.at\/de\/uefa-youth-league\/2024-2025\/spielplan-u19\/youth-league-halbfinale-fc-salzburg-u19-vs-trabzonspor-u19#spielbericht\">Spielbericht Vereinshomepage<\/a>\n<\/p>\n<h2><span class=\"mw-headline\" id=\"Stimmen_zum_Spiel\">Stimmen zum Spiel<\/span><a href=\"\/index.php?title=FC_Salzburg_U19_gegen_Trabzonspor_U19&amp;action=edit&amp;section=2\" title=\"Abschnitt bearbeiten: Stimmen zum Spiel\">Bearbeiten<\/a><span class=\"mw-editsection-bracket\">]<\/span><\/span><\/h2>\n<p><b>Daniel Beichler:<\/b> Wir m\u00fcssen es akzeptieren, weil es einfach Fakt ist. Es steht au\u00dfer Frage, dass wir \u00fcber die ganze Spieldauer die bessere Mannschaft waren, aber so ist der Fu\u00dfball: Sie schie\u00dfen zwei Mal aufs Tor und das eben richtig gut! Wir haben aus unserer \u00dcberlegenheit und den zahlreichen M\u00f6glichkeiten in der gegnerischen Box leider nichts machen k\u00f6nnen, und das war am Ende der Unterschied. Die Jungs sind alle wie wir im Trainerteam brutal entt\u00e4uscht und es wird schon etwas brauchen, um das heute zu verdauen. Es war eine richtig starke Youth Leage-Saison von uns und eine besondere Reise, die leider ein Spiel zu fr\u00fch aufgeh\u00f6rt hat.\n<\/p>\n<p><b>Rocco Zikovic:<\/b> Wir sind sehr entt\u00e4uscht. Wir haben alles gegeben, haben wirklich gut gespielt. Es ist schwierig, jetzt etwas Kluges zu sagen \u2013 wir hatten unsere Chancen. Wir haben gezeigt, wer wir sind und wie wir spielen k\u00f6nnen. Aber die Gegentore waren etwas ungl\u00fccklich, schlie\u00dflich kamen die beiden Sch\u00fcsse von weit au\u00dferhalb des Strafraums.\n<\/p>\n<\/div>\n","protected":false},"excerpt":{"rendered":"<p>FC Salzburg U19 gegen Trabzonspor U19, 1:2 Spieltag UEFA Youth League Datum 25. April 2025 Anpfiff 14 Uhr Aufstellung Tor Christian Zawieschitzky Verteidigung Julian Hussauf &#8211; Jannik Schuster &#8211; John Mellberg &#8211; Rocco Zikovic&#8211; Jakob Brandtner Mittelfeld Johannes Moser &#8211; Oliver Lukic &#8211; Tim Paumgartner Sturm Aboubacar Camara&#8211; Alexander Murillo Wechsel Wechsel Nikolas Freund f\u00fcr [&hellip;]<\/p>\n","protected":false},"author":1,"featured_media":0,"parent":0,"menu_order":0,"comment_status":"closed","ping_status":"closed","template":"","meta":{"footnotes":""},"class_list":["post-4274","page","type-page","status-publish","hentry"],"_links":{"self":[{"href":"https:\/\/wiki.s12.at\/index.php\/wp-json\/wp\/v2\/pages\/4274","targetHints":{"allow":["GET"]}}],"collection":[{"href":"https:\/\/wiki.s12.at\/index.php\/wp-json\/wp\/v2\/pages"}],"about":[{"href":"https:\/\/wiki.s12.at\/index.php\/wp-json\/wp\/v2\/types\/page"}],"author":[{"embeddable":true,"href":"https:\/\/wiki.s12.at\/index.php\/wp-json\/wp\/v2\/users\/1"}],"replies":[{"embeddable":true,"href":"https:\/\/wiki.s12.at\/index.php\/wp-json\/wp\/v2\/comments?post=4274"}],"version-history":[{"count":0,"href":"https:\/\/wiki.s12.at\/index.php\/wp-json\/wp\/v2\/pages\/4274\/revisions"}],"wp:attachment":[{"href":"https:\/\/wiki.s12.at\/index.php\/wp-json\/wp\/v2\/media?parent=4274"}],"curies":[{"name":"wp","href":"https:\/\/api.w.org\/{rel}","templated":true}]}}