{"id":4234,"date":"2026-05-06T15:36:45","date_gmt":"2026-05-06T13:36:45","guid":{"rendered":"https:\/\/wiki.s12.at\/index.php\/fc-red-bull-salzburg-gegen-wuerzburger-kickers\/"},"modified":"2026-05-06T15:36:45","modified_gmt":"2026-05-06T13:36:45","slug":"fc-red-bull-salzburg-gegen-wuerzburger-kickers","status":"publish","type":"page","link":"https:\/\/wiki.s12.at\/index.php\/fc-red-bull-salzburg-gegen-wuerzburger-kickers\/","title":{"rendered":"FC Red Bull Salzburg gegen W\u00fcrzburger Kickers"},"content":{"rendered":"<div class=\"mw-parser-output\">\n<h2><span class=\"mw-headline\" id=\"Fakten\">Fakten<\/span><a href=\"\/index.php?title=FC_Red_Bull_Salzburg_gegen_W%C3%BCrzburger_Kickers&amp;action=edit&amp;section=1\" title=\"Abschnitt bearbeiten: Fakten\">Bearbeiten<\/a><span class=\"mw-editsection-bracket\">]<\/span><\/span><\/h2>\n<table class=\"toptextcells toccolours\">\n<tbody>\n<tr>\n<th colspan=\"2\" style=\"text-align: center; vertical-align: top; padding: 0.3em 0.8em; font-size: 125%; background-color: lightsteelblue;\">FC Red Bull Salzburg gegen W\u00fcrzburger Kickers, 4:1\n<\/th>\n<\/tr>\n<tr>\n<th style=\"text-align:left;\"><b>Spieltag<\/b>\n<\/th>\n<th style=\"text-align:left;\">Testspiel\n<\/th>\n<\/tr>\n<tr>\n<th style=\"text-align:left;\"><b>Datum<\/b>\n<\/th>\n<th style=\"text-align:left;\">6. Juli 2016\n<\/th>\n<\/tr>\n<tr>\n<th style=\"text-align:left;\"><b>Anpfiff<\/b>\n<\/th>\n<th style=\"text-align:left;\">18.30 Uhr\n<\/th>\n<\/tr>\n<tr>\n<td colspan=\"2\" style=\"text-align:center;\" bgcolor=\"lightgray\"><b>Aufstellung<\/b>\n<\/td>\n<\/tr>\n<tr>\n<th style=\"text-align:left;\"><b>Tor<\/b>\n<\/th>\n<th><a href=\"\/Cican_Stankovic\" title=\"Cican Stankovic\">Cican Stankovic<\/a>\n<\/th>\n<\/tr>\n<tr>\n<th style=\"text-align:left;\"><b>Verteidigung<\/b>\n<\/th>\n<th><a href=\"\/Christian_Schwegler\" title=\"Christian Schwegler\">Christian Schwegler<\/a> &#8211; <a href=\"\/Martin_Hinteregger\" title=\"Martin Hinteregger\">Martin Hinteregger<\/a> &#8211; <a href=\"\/Duje_Caleta-Car\" title=\"Duje Caleta-Car\">Duje Caleta-Car<\/a> &#8211; <a href=\"\/Stefan_Lainer\" title=\"Stefan Lainer\">Stefan Lainer<\/a>\n<\/th>\n<\/tr>\n<tr>\n<th style=\"text-align:left;\"><b>Mittelfeld<\/b>\n<\/th>\n<th><a href=\"\/Dayot_Upamecano\" title=\"Dayot Upamecano\">Dayot Upamecano<\/a> &#8211; <a href=\"\/Konrad_Laimer\" title=\"Konrad Laimer\">Konrad Laimer<\/a> &#8211; <a href=\"\/Valon_Berisha\" title=\"Valon Berisha\">Valon Berisha<\/a> &#8211; <a href=\"\/Valentino_Lazaro\" title=\"Valentino Lazaro\">Valentino Lazaro<\/a>\n<\/th>\n<\/tr>\n<tr>\n<th style=\"text-align:left;\"><b>Sturm<\/b>\n<\/th>\n<th><a href=\"\/Munas_Dabbur\" title=\"Munas Dabbur\">Munas Dabbur<\/a> &#8211; <a href=\"\/Jonatan_Soriano\" title=\"Jonatan Soriano\">Jonatan Soriano<\/a>\n<\/th>\n<\/tr>\n<tr>\n<td colspan=\"2\" style=\"text-align:center;\" bgcolor=\"lightgray\"><b>Wechsel<\/b>\n<\/td>\n<\/tr>\n<tr>\n<th style=\"text-align:left;\"><b>Wechsel<\/b>\n<\/th>\n<th style=\"text-align:left;\"><a href=\"\/Airton\" title=\"Airton\">Airton<\/a> f\u00fcr Stankovic (46.), <a href=\"\/Bernardo\" title=\"Bernardo\">Bernardo<\/a> f\u00fcr Laimer (63.),<a href=\"\/Marc_Rzatkowski\" title=\"Marc Rzatkowski\">Marc Rzatkowski <\/a> f\u00fcr Upamecano (66.),<br \/> <a href=\"\/Christoph_Leitgeb\" title=\"Christoph Leitgeb\">Christoph Leitgeb<\/a> f\u00fcr Berisha (75.), <a href=\"\/Yordy_Reyna\" title=\"Yordy Reyna\">Yordy Reyna<\/a> f\u00fcr Lazaro (75.), <a href=\"\/Fredrik_Gulbrandsen\" title=\"Fredrik Gulbrandsen\">Fredrik Gulbrandsen<\/a> f\u00fcr Dabur (75.),\n<\/th>\n<\/tr>\n<tr>\n<td colspan=\"2\" style=\"text-align:center;\" bgcolor=\"lightgray\"><b>Statistik<\/b>\n<\/td>\n<\/tr>\n<tr>\n<th style=\"text-align:left;\"><b>Endstand<\/b>\n<\/th>\n<th style=\"text-align:left;\">4:1 (4:1)\n<\/th>\n<\/tr>\n<tr>\n<th style=\"text-align:left;\"><b>Torsch\u00fctzen<\/b>\n<\/th>\n<th style=\"text-align:left;\">Dabbur (4., 15.), Lazaro (33.), Soriano (37.); Hinteregger (14.\/ET)\n<\/th>\n<\/tr>\n<tr>\n<th style=\"text-align:left;\"><b>Gelbe Karten<\/b>\n<\/th>\n<th style=\"text-align:left;\">Neumann (60.)\n<\/th>\n<\/tr>\n<tr>\n<th style=\"text-align:left;\"><b>Rote Karten<\/b>\n<\/th>\n<th style=\"text-align:left;\">\n<\/th>\n<\/tr>\n<tr>\n<th style=\"text-align:left;\"><b>Schiedsrichter<\/b>\n<\/th>\n<th style=\"text-align:left;\">\n<\/th>\n<\/tr>\n<tr>\n<th style=\"text-align:left;\"><b>Stadion<\/b>\n<\/th>\n<th style=\"text-align:left;\">Jakob-Schaumaier-Sportpark, Traunstein\n<\/th>\n<\/tr>\n<tr>\n<th style=\"text-align:left;\"><b>Zuschauer<\/b>\n<\/th>\n<th style=\"text-align:left;\">600\n<\/th>\n<\/tr>\n<\/tbody>\n<\/table>\n<p><a href=\"\/Christoph_Leitgeb\" title=\"Christoph Leitgeb\">Christoph Leitgeb<\/a> bestritt nach einer einj\u00e4hrigen Verletzungspause sein erstes Spiel f\u00fcr den FC Red Bull Salzburg\n<\/p>\n<h2><span class=\"mw-headline\" id=\"Weblinks\">Weblinks<\/span><a href=\"\/index.php?title=FC_Red_Bull_Salzburg_gegen_W%C3%BCrzburger_Kickers&amp;action=edit&amp;section=2\" title=\"Abschnitt bearbeiten: Weblinks\">Bearbeiten<\/a><span class=\"mw-editsection-bracket\">]<\/span><\/span><\/h2>\n<p><a rel=\"nofollow\" class=\"external text\" href=\"http:\/\/www.redbullsalzburg.at\/de\/fc-red-bull-salzburg\/news\/saison_2016_17\/rote-bullen-gewinnen-testspiel-gegen-wuerzburg.html\">Spielbericht Homepage<\/a>\n<\/p>\n<h2><span class=\"mw-headline\" id=\"Bilder\">Bilder<\/span><a href=\"\/index.php?title=FC_Red_Bull_Salzburg_gegen_W%C3%BCrzburger_Kickers&amp;action=edit&amp;section=3\" title=\"Abschnitt bearbeiten: Bilder\">Bearbeiten<\/a><span class=\"mw-editsection-bracket\">]<\/span><\/span><\/h2>\n<ul class=\"gallery mw-gallery-traditional\">\n<li class=\"gallerybox\" style=\"width: 155px\">\n<div style=\"width: 155px\">\n<div class=\"thumb\" style=\"width: 150px;\">\n<div style=\"margin:15px auto;\"><a href=\"\/Datei:FC_Red_Bull_Salzburg_gegen_Kickers_W%C3%BCrzburg_(testspiel)_15.jpg\" class=\"image\"><img alt=\"FC Red Bull Salzburg gegen Kickers W\u00fcrzburg (testspiel) 15.jpg\" src=\"\/images\/thumb\/c\/cd\/FC_Red_Bull_Salzburg_gegen_Kickers_W%C3%BCrzburg_%28testspiel%29_15.jpg\/120px-FC_Red_Bull_Salzburg_gegen_Kickers_W%C3%BCrzburg_%28testspiel%29_15.jpg%3Futm_source%3Dcommons.wikimedia.org%26utm_campaign%3Dimageinfo%26utm_content%3Dthumbnail\" decoding=\"async\" width=\"69\" height=\"120\" srcset=\"\/images\/thumb\/c\/cd\/FC_Red_Bull_Salzburg_gegen_Kickers_W%C3%BCrzburg_%28testspiel%29_15.jpg\/250px-FC_Red_Bull_Salzburg_gegen_Kickers_W%C3%BCrzburg_%28testspiel%29_15.jpg%3Futm_source%3Dcommons.wikimedia.org%26utm_campaign%3Dimageinfo%26utm_content%3Dthumbnail 2x\" \/><\/a><\/div>\n<\/div>\n<div class=\"gallerytext\">\n\t\t\t<\/div>\n<\/p><\/div>\n<\/li>\n<li class=\"gallerybox\" style=\"width: 155px\">\n<div style=\"width: 155px\">\n<div class=\"thumb\" style=\"width: 150px;\">\n<div style=\"margin:15px auto;\"><a href=\"\/Datei:FC_Red_Bull_Salzburg_gegen_Kickers_W%C3%BCrzburg_(testspiel)_25.jpg\" class=\"image\"><img alt=\"FC Red Bull Salzburg gegen Kickers W\u00fcrzburg (testspiel) 25.jpg\" src=\"\/images\/thumb\/d\/d6\/FC_Red_Bull_Salzburg_gegen_Kickers_W%C3%BCrzburg_%28testspiel%29_25.jpg\/120px-FC_Red_Bull_Salzburg_gegen_Kickers_W%C3%BCrzburg_%28testspiel%29_25.jpg%3Futm_source%3Dcommons.wikimedia.org%26utm_campaign%3Dimageinfo%26utm_content%3Dthumbnail\" decoding=\"async\" width=\"109\" height=\"120\" srcset=\"\/images\/thumb\/d\/d6\/FC_Red_Bull_Salzburg_gegen_Kickers_W%C3%BCrzburg_%28testspiel%29_25.jpg\/250px-FC_Red_Bull_Salzburg_gegen_Kickers_W%C3%BCrzburg_%28testspiel%29_25.jpg%3Futm_source%3Dcommons.wikimedia.org%26utm_campaign%3Dimageinfo%26utm_content%3Dthumbnail 1.5x\" \/><\/a><\/div>\n<\/div>\n<div class=\"gallerytext\">\n\t\t\t<\/div>\n<\/p><\/div>\n<\/li>\n<li class=\"gallerybox\" style=\"width: 155px\">\n<div style=\"width: 155px\">\n<div class=\"thumb\" style=\"width: 150px;\">\n<div style=\"margin:15px auto;\"><a href=\"\/Datei:FC_Salzburg_gegen_Kickers_W%C3%BCrzburg_(Testspiel)_45.jpg\" class=\"image\"><img alt=\"FC Salzburg gegen Kickers W\u00fcrzburg (Testspiel) 45.jpg\" src=\"\/images\/thumb\/2\/27\/FC_Salzburg_gegen_Kickers_W%C3%BCrzburg_%28Testspiel%29_45.jpg\/120px-FC_Salzburg_gegen_Kickers_W%C3%BCrzburg_%28Testspiel%29_45.jpg%3Futm_source%3Dcommons.wikimedia.org%26utm_campaign%3Dimageinfo%26utm_content%3Dthumbnail\" decoding=\"async\" width=\"114\" height=\"120\" srcset=\"\/images\/thumb\/2\/27\/FC_Salzburg_gegen_Kickers_W%C3%BCrzburg_%28Testspiel%29_45.jpg\/250px-FC_Salzburg_gegen_Kickers_W%C3%BCrzburg_%28Testspiel%29_45.jpg%3Futm_source%3Dcommons.wikimedia.org%26utm_campaign%3Dimageinfo%26utm_content%3Dthumbnail 1.5x\" \/><\/a><\/div>\n<\/div>\n<div class=\"gallerytext\">\n\t\t\t<\/div>\n<\/p><\/div>\n<\/li>\n<li class=\"gallerybox\" style=\"width: 155px\">\n<div style=\"width: 155px\">\n<div class=\"thumb\" style=\"width: 150px;\">\n<div style=\"margin:32.5px auto;\"><a href=\"\/Datei:FC_Salzburg_gegen_Kickers_W%C3%BCrzburg_(Testspiel)_31.jpg\" class=\"image\"><img loading=\"lazy\" alt=\"FC Salzburg gegen Kickers W\u00fcrzburg (Testspiel) 31.jpg\" src=\"\/images\/thumb\/8\/8e\/FC_Salzburg_gegen_Kickers_W%C3%BCrzburg_%28Testspiel%29_31.jpg\/120px-FC_Salzburg_gegen_Kickers_W%C3%BCrzburg_%28Testspiel%29_31.jpg%3Futm_source%3Dcommons.wikimedia.org%26utm_campaign%3Dimageinfo%26utm_content%3Dthumbnail\" decoding=\"async\" width=\"120\" height=\"85\" srcset=\"\/images\/thumb\/8\/8e\/FC_Salzburg_gegen_Kickers_W%C3%BCrzburg_%28Testspiel%29_31.jpg\/250px-FC_Salzburg_gegen_Kickers_W%C3%BCrzburg_%28Testspiel%29_31.jpg%3Futm_source%3Dcommons.wikimedia.org%26utm_campaign%3Dimageinfo%26utm_content%3Dthumbnail 1.5x\" \/><\/a><\/div>\n<\/div>\n<div class=\"gallerytext\">\n\t\t\t<\/div>\n<\/p><\/div>\n<\/li>\n<\/ul>\n<p><img loading=\"lazy\" alt=\"\" src=\"\/images\/thumb\/4\/4a\/Commons-logo.svg\/langde-20px-Commons-logo.svg.png%3Futm_source%3Dcommons.wikimedia.org%26utm_campaign%3Dimageinfo%26utm_content%3Dthumbnail\" decoding=\"async\" title=\"Commons\" width=\"12\" height=\"16\" srcset=\"\/images\/thumb\/4\/4a\/Commons-logo.svg\/langde-40px-Commons-logo.svg.png%3Futm_source%3Dcommons.wikimedia.org%26utm_campaign%3Dimageinfo%26utm_content%3Dthumbnail 2x\" \/>&#160;<b><a href=\"http:\/\/commons.wikimedia.org\/wiki\/Category:FC_Red_Bull_Salzburg_gegen_W%C3%BCrzburger_Kickers_(Testspiel)\" class=\"extiw\" title=\"commons:Category:FC Red Bull Salzburg gegen W\u00fcrzburger Kickers (Testspiel)\">FC Red Bull Salzburg gegen W\u00fcrzburger Kickers<\/a><\/b>&#160;\u2013 Sammlung von Bildern, Videos und Audiodateien auf <a href=\"\/Wikimedia_Commons\" title=\"Wikimedia Commons\">Wikimedia Commons<\/a>\n<\/p>\n<h2><span class=\"mw-headline\" id=\"Stimmen_zum_Spiel\">Stimmen zum Spiel<\/span><a href=\"\/index.php?title=FC_Red_Bull_Salzburg_gegen_W%C3%BCrzburger_Kickers&amp;action=edit&amp;section=4\" title=\"Abschnitt bearbeiten: Stimmen zum Spiel\">Bearbeiten<\/a><span class=\"mw-editsection-bracket\">]<\/span><\/span><\/h2>\n<p><b>Oscar Garcia:<\/b> Wir haben heute wieder sehr gut gespielt, und ich denke, dass wir f\u00fcr n\u00e4chsten Dienstag bereit sind. Nat\u00fcrlich k\u00f6nnen wir aufgrund des intensiven Trainings noch nicht bei 100 Prozent sein. Aber wir haben viele gute Spieler, die gezeigt haben, was sie k\u00f6nnen und vor allem in der ersten Halbzeit stark gespielt haben.\n<\/p>\n<p>Ich freue mich sehr, dass Christoph Leitgeb heute nach so langer Zeit wieder spielen konnte und gratuliere ihm dazu. Er hat sehr lange und sehr hart gearbeitet, damit er wieder spielen kann, und ich hoffe, dass es nur das erste von vielen weiteren Spielen f\u00fcr Red Bull Salzburg war\n<\/p>\n<p><b>Christoph Leitgeb:<\/b> Das letzte Mal bin ich f\u00fcr den FC Red Bull Salzburg letztes Jahr im August am Platz gestanden, es ist also schon ein Zeiterl her. F\u00fcr mich war es heute ein tolles Gef\u00fchl, wieder mit den Jungs am Platz zu stehen, es hat richtig Spa\u00df gemacht. Aber ich brauche noch ein wenig Zeit, bin momentan bei rund 70 Prozent. Aber ich f\u00fchle mich gut, und der Weg stimmt.\n<\/p>\n<\/div>\n","protected":false},"excerpt":{"rendered":"<p>FaktenBearbeiten] FC Red Bull Salzburg gegen W\u00fcrzburger Kickers, 4:1 Spieltag Testspiel Datum 6. Juli 2016 Anpfiff 18.30 Uhr Aufstellung Tor Cican Stankovic Verteidigung Christian Schwegler &#8211; Martin Hinteregger &#8211; Duje Caleta-Car &#8211; Stefan Lainer Mittelfeld Dayot Upamecano &#8211; Konrad Laimer &#8211; Valon Berisha &#8211; Valentino Lazaro Sturm Munas Dabbur &#8211; Jonatan Soriano Wechsel Wechsel Airton [&hellip;]<\/p>\n","protected":false},"author":1,"featured_media":0,"parent":0,"menu_order":0,"comment_status":"closed","ping_status":"closed","template":"","meta":{"footnotes":""},"class_list":["post-4234","page","type-page","status-publish","hentry"],"_links":{"self":[{"href":"https:\/\/wiki.s12.at\/index.php\/wp-json\/wp\/v2\/pages\/4234","targetHints":{"allow":["GET"]}}],"collection":[{"href":"https:\/\/wiki.s12.at\/index.php\/wp-json\/wp\/v2\/pages"}],"about":[{"href":"https:\/\/wiki.s12.at\/index.php\/wp-json\/wp\/v2\/types\/page"}],"author":[{"embeddable":true,"href":"https:\/\/wiki.s12.at\/index.php\/wp-json\/wp\/v2\/users\/1"}],"replies":[{"embeddable":true,"href":"https:\/\/wiki.s12.at\/index.php\/wp-json\/wp\/v2\/comments?post=4234"}],"version-history":[{"count":0,"href":"https:\/\/wiki.s12.at\/index.php\/wp-json\/wp\/v2\/pages\/4234\/revisions"}],"wp:attachment":[{"href":"https:\/\/wiki.s12.at\/index.php\/wp-json\/wp\/v2\/media?parent=4234"}],"curies":[{"name":"wp","href":"https:\/\/api.w.org\/{rel}","templated":true}]}}