{"id":4231,"date":"2026-05-06T15:36:17","date_gmt":"2026-05-06T13:36:17","guid":{"rendered":"https:\/\/wiki.s12.at\/index.php\/fc-red-bull-salzburg-gegen-west-bromwich-albion\/"},"modified":"2026-05-06T15:36:17","modified_gmt":"2026-05-06T13:36:17","slug":"fc-red-bull-salzburg-gegen-west-bromwich-albion","status":"publish","type":"page","link":"https:\/\/wiki.s12.at\/index.php\/fc-red-bull-salzburg-gegen-west-bromwich-albion\/","title":{"rendered":"FC Red Bull Salzburg gegen West Bromwich Albion"},"content":{"rendered":"<div class=\"mw-parser-output\">\n<h2><span class=\"mw-headline\" id=\"Fakten\">Fakten<\/span><a href=\"\/index.php?title=FC_Red_Bull_Salzburg_gegen_West_Bromwich_Albion&amp;action=edit&amp;section=1\" title=\"Abschnitt bearbeiten: Fakten\">Bearbeiten<\/a><span class=\"mw-editsection-bracket\">]<\/span><\/span><\/h2>\n<table class=\"toptextcells toccolours\">\n<tbody>\n<tr>\n<th colspan=\"2\" style=\"text-align: center; vertical-align: top; padding: 0.3em 0.8em; font-size: 125%; background-color: lightsteelblue;\">FC Red Bull Salzburg gegen West Bromwich Albion, 3:1\n<\/th>\n<\/tr>\n<tr>\n<th style=\"text-align:left;\"><b>Spieltag<\/b>\n<\/th>\n<th style=\"text-align:left;\">Testspiel\n<\/th>\n<\/tr>\n<tr>\n<th style=\"text-align:left;\"><b>Datum<\/b>\n<\/th>\n<th style=\"text-align:left;\">8. Juli 2015\n<\/th>\n<\/tr>\n<tr>\n<th style=\"text-align:left;\"><b>Anpfiff<\/b>\n<\/th>\n<th style=\"text-align:left;\">19 Uhr\n<\/th>\n<\/tr>\n<tr>\n<td colspan=\"2\" style=\"text-align:center;\" bgcolor=\"lightgray\"><b>Aufstellung<\/b>\n<\/td>\n<\/tr>\n<tr>\n<th style=\"text-align:left;\"><b>Tor<\/b>\n<\/th>\n<th><a href=\"\/Cican_Stankovic\" title=\"Cican Stankovic\">Cican Stankovic<\/a>\n<\/th>\n<\/tr>\n<tr>\n<th style=\"text-align:left;\"><b>Verteidigung<\/b>\n<\/th>\n<th><a href=\"\/Benno_Schmitz\" title=\"Benno Schmitz\">Benno Schmitz<\/a> &#8211; <a href=\"\/Martin_Hinteregger\" title=\"Martin Hinteregger\">Martin Hinteregger<\/a> &#8211; <a href=\"\/Paulo_Miranda\" title=\"Paulo Miranda\">Paulo Miranda<\/a> &#8211; <a href=\"\/Andreas_Ulmer\" title=\"Andreas Ulmer\">Andreas Ulmer<\/a>\n<\/th>\n<\/tr>\n<tr>\n<th style=\"text-align:left;\"><b>Mittelfeld<\/b>\n<\/th>\n<th><a href=\"\/Havard_Nielsen\" title=\"Havard Nielsen\">Havard Nielsen<\/a> &#8211; <a href=\"\/Valon_Berisha\" title=\"Valon Berisha\">Valon Berisha<\/a> &#8211; <a href=\"\/Christoph_Leitgeb\" title=\"Christoph Leitgeb\">Christoph Leitgeb<\/a> &#8211; <a href=\"\/Naby_Keita\" title=\"Naby Keita\">Naby Keita<\/a>\n<\/th>\n<\/tr>\n<tr>\n<th style=\"text-align:left;\"><b>Sturm<\/b>\n<\/th>\n<th><a href=\"\/Jonatan_Soriano\" title=\"Jonatan Soriano\">Jonatan Soriano<\/a> &#8211; <a href=\"\/Marco_Djuricin\" title=\"Marco Djuricin\">Marco Djuricin<\/a>\n<\/th>\n<\/tr>\n<tr>\n<td colspan=\"2\" style=\"text-align:center;\" bgcolor=\"lightgray\"><b>Wechsel<\/b>\n<\/td>\n<\/tr>\n<tr>\n<th style=\"text-align:left;\"><b>Wechsel<\/b>\n<\/th>\n<th style=\"text-align:left;\">\n<\/th>\n<\/tr>\n<tr>\n<td colspan=\"2\" style=\"text-align:center;\" bgcolor=\"lightgray\"><b>Statistik<\/b>\n<\/td>\n<\/tr>\n<tr>\n<th style=\"text-align:left;\"><b>Endstand<\/b>\n<\/th>\n<th style=\"text-align:left;\">3:1 (2:0)\n<\/th>\n<\/tr>\n<tr>\n<th style=\"text-align:left;\"><b>Torsch\u00fctzen<\/b>\n<\/th>\n<th style=\"text-align:left;\">Djuricin (32.), Soriano (39.), Minamino (64.); Nabi (67.)\n<\/th>\n<\/tr>\n<tr>\n<th style=\"text-align:left;\"><b>Gelbe Karten<\/b>\n<\/th>\n<th style=\"text-align:left;\">\n<\/th>\n<\/tr>\n<tr>\n<th style=\"text-align:left;\"><b>Rote Karten<\/b>\n<\/th>\n<th style=\"text-align:left;\">\n<\/th>\n<\/tr>\n<tr>\n<th style=\"text-align:left;\"><b>Schiedsrichter<\/b>\n<\/th>\n<th style=\"text-align:left;\">Rene Eisner\n<\/th>\n<\/tr>\n<tr>\n<th style=\"text-align:left;\"><b>Stadion<\/b>\n<\/th>\n<th style=\"text-align:left;\">Athletic Area, Schladming\n<\/th>\n<\/tr>\n<tr>\n<th style=\"text-align:left;\"><b>Zuschauer<\/b>\n<\/th>\n<th style=\"text-align:left;\">1 000\n<\/th>\n<\/tr>\n<\/tbody>\n<\/table>\n<p>Aufstellung 2. Halbzeit:\n<\/p>\n<ul>\n<li>Alexander Walke<\/li>\n<li>Stefan  Lainer, Duje Caleta-Car, Daniel Raischl, Michael Brandner<\/li>\n<li>Takumi Minamino,Reinhold Yabo, Konrad Laimer, Felipe Pires; Dimitri Oberlin, Smail Prevljak (72. S\u00f6rensen)<\/li>\n<\/ul>\n<h2><span class=\"mw-headline\" id=\"Bilder\">Bilder<\/span><a href=\"\/index.php?title=FC_Red_Bull_Salzburg_gegen_West_Bromwich_Albion&amp;action=edit&amp;section=2\" title=\"Abschnitt bearbeiten: Bilder\">Bearbeiten<\/a><span class=\"mw-editsection-bracket\">]<\/span><\/span><\/h2>\n<ul>\n<li>Wikimedia Commons<\/li>\n<\/ul>\n<ul class=\"gallery mw-gallery-traditional\">\n<li class=\"gallerybox\" style=\"width: 155px\">\n<div style=\"width: 155px\">\n<div class=\"thumb\" style=\"width: 150px;\">\n<div style=\"margin:19px auto;\"><a href=\"\/Datei:FC_Red_Bull_Salzburg_gegen_West_Bromwich_Albions_07.JPG\" class=\"image\"><img alt=\"FC Red Bull Salzburg gegen West Bromwich Albions 07.JPG\" src=\"\/images\/thumb\/b\/ba\/FC_Red_Bull_Salzburg_gegen_West_Bromwich_Albions_07.JPG\/120px-FC_Red_Bull_Salzburg_gegen_West_Bromwich_Albions_07.JPG%3Futm_source%3Dcommons.wikimedia.org%26utm_campaign%3Dimageinfo%26utm_content%3Dthumbnail\" decoding=\"async\" width=\"120\" height=\"112\" srcset=\"\/images\/thumb\/b\/ba\/FC_Red_Bull_Salzburg_gegen_West_Bromwich_Albions_07.JPG\/250px-FC_Red_Bull_Salzburg_gegen_West_Bromwich_Albions_07.JPG%3Futm_source%3Dcommons.wikimedia.org%26utm_campaign%3Dimageinfo%26utm_content%3Dthumbnail 1.5x\" \/><\/a><\/div>\n<\/div>\n<div class=\"gallerytext\">\n\t\t\t<\/div>\n<\/p><\/div>\n<\/li>\n<li class=\"gallerybox\" style=\"width: 155px\">\n<div style=\"width: 155px\">\n<div class=\"thumb\" style=\"width: 150px;\">\n<div style=\"margin:23px auto;\"><a href=\"\/Datei:FC_Red_Bull_Salzburg_gegen_West_Bromwich_Albions_18.JPG\" class=\"image\"><img alt=\"FC Red Bull Salzburg gegen West Bromwich Albions 18.JPG\" src=\"\/images\/thumb\/7\/72\/FC_Red_Bull_Salzburg_gegen_West_Bromwich_Albions_18.JPG\/120px-FC_Red_Bull_Salzburg_gegen_West_Bromwich_Albions_18.JPG%3Futm_source%3Dcommons.wikimedia.org%26utm_campaign%3Dimageinfo%26utm_content%3Dthumbnail\" decoding=\"async\" width=\"120\" height=\"104\" srcset=\"\/images\/thumb\/7\/72\/FC_Red_Bull_Salzburg_gegen_West_Bromwich_Albions_18.JPG\/250px-FC_Red_Bull_Salzburg_gegen_West_Bromwich_Albions_18.JPG%3Futm_source%3Dcommons.wikimedia.org%26utm_campaign%3Dimageinfo%26utm_content%3Dthumbnail 1.5x\" \/><\/a><\/div>\n<\/div>\n<div class=\"gallerytext\">\n\t\t\t<\/div>\n<\/p><\/div>\n<\/li>\n<li class=\"gallerybox\" style=\"width: 155px\">\n<div style=\"width: 155px\">\n<div class=\"thumb\" style=\"width: 150px;\">\n<div style=\"margin:20px auto;\"><a href=\"\/Datei:FC_Red_Bull_Salzburg_gegen_West_Bromwich_Albions_16.JPG\" class=\"image\"><img alt=\"FC Red Bull Salzburg gegen West Bromwich Albions 16.JPG\" src=\"\/images\/thumb\/e\/ee\/FC_Red_Bull_Salzburg_gegen_West_Bromwich_Albions_16.JPG\/120px-FC_Red_Bull_Salzburg_gegen_West_Bromwich_Albions_16.JPG%3Futm_source%3Dcommons.wikimedia.org%26utm_campaign%3Dimageinfo%26utm_content%3Dthumbnail\" decoding=\"async\" width=\"120\" height=\"110\" srcset=\"\/images\/thumb\/e\/ee\/FC_Red_Bull_Salzburg_gegen_West_Bromwich_Albions_16.JPG\/250px-FC_Red_Bull_Salzburg_gegen_West_Bromwich_Albions_16.JPG%3Futm_source%3Dcommons.wikimedia.org%26utm_campaign%3Dimageinfo%26utm_content%3Dthumbnail 1.5x\" \/><\/a><\/div>\n<\/div>\n<div class=\"gallerytext\">\n\t\t\t<\/div>\n<\/p><\/div>\n<\/li>\n<li class=\"gallerybox\" style=\"width: 155px\">\n<div style=\"width: 155px\">\n<div class=\"thumb\" style=\"width: 150px;\">\n<div style=\"margin:15px auto;\"><a href=\"\/Datei:FC_Red_Bull_Salzburg_gegen_West_Bromwich_Albions_28.JPG\" class=\"image\"><img loading=\"lazy\" alt=\"FC Red Bull Salzburg gegen West Bromwich Albions 28.JPG\" src=\"\/images\/thumb\/b\/ba\/FC_Red_Bull_Salzburg_gegen_West_Bromwich_Albions_28.JPG\/120px-FC_Red_Bull_Salzburg_gegen_West_Bromwich_Albions_28.JPG%3Futm_source%3Dcommons.wikimedia.org%26utm_campaign%3Dimageinfo%26utm_content%3Dthumbnail\" decoding=\"async\" width=\"118\" height=\"120\" srcset=\"\/images\/thumb\/b\/ba\/FC_Red_Bull_Salzburg_gegen_West_Bromwich_Albions_28.JPG\/250px-FC_Red_Bull_Salzburg_gegen_West_Bromwich_Albions_28.JPG%3Futm_source%3Dcommons.wikimedia.org%26utm_campaign%3Dimageinfo%26utm_content%3Dthumbnail 1.5x\" \/><\/a><\/div>\n<\/div>\n<div class=\"gallerytext\">\n\t\t\t<\/div>\n<\/p><\/div>\n<\/li>\n<li class=\"gallerybox\" style=\"width: 155px\">\n<div style=\"width: 155px\">\n<div class=\"thumb\" style=\"width: 150px;\">\n<div style=\"margin:18.5px auto;\"><a href=\"\/Datei:FC_Red_Bull_Salzburg_gegen_West_Bromwich_Albions_39.JPG\" class=\"image\"><img loading=\"lazy\" alt=\"FC Red Bull Salzburg gegen West Bromwich Albions 39.JPG\" src=\"\/images\/thumb\/5\/5a\/FC_Red_Bull_Salzburg_gegen_West_Bromwich_Albions_39.JPG\/120px-FC_Red_Bull_Salzburg_gegen_West_Bromwich_Albions_39.JPG%3Futm_source%3Dcommons.wikimedia.org%26utm_campaign%3Dimageinfo%26utm_content%3Dthumbnail\" decoding=\"async\" width=\"120\" height=\"113\" srcset=\"\/images\/thumb\/5\/5a\/FC_Red_Bull_Salzburg_gegen_West_Bromwich_Albions_39.JPG\/250px-FC_Red_Bull_Salzburg_gegen_West_Bromwich_Albions_39.JPG%3Futm_source%3Dcommons.wikimedia.org%26utm_campaign%3Dimageinfo%26utm_content%3Dthumbnail 1.5x\" \/><\/a><\/div>\n<\/div>\n<div class=\"gallerytext\">\n\t\t\t<\/div>\n<\/p><\/div>\n<\/li>\n<\/ul>\n<h2><span class=\"mw-headline\" id=\"Weblinks\">Weblinks<\/span><a href=\"\/index.php?title=FC_Red_Bull_Salzburg_gegen_West_Bromwich_Albion&amp;action=edit&amp;section=3\" title=\"Abschnitt bearbeiten: Weblinks\">Bearbeiten<\/a><span class=\"mw-editsection-bracket\">]<\/span><\/span><\/h2>\n<ul>\n<li><a rel=\"nofollow\" class=\"external text\" href=\"http:\/\/www.redbullsalzburg.at\/de\/fc-red-bull-salzburg\/news\/saison_2015_16\/rote-bullen-gewinnen-test-gegen-west-bromwich-albion.html\">Spielbericht Vereinshomepage<\/a><\/li>\n<\/ul>\n<h2><span class=\"mw-headline\" id=\"Stimmen_zum_Spiel\">Stimmen zum Spiel<\/span><a href=\"\/index.php?title=FC_Red_Bull_Salzburg_gegen_West_Bromwich_Albion&amp;action=edit&amp;section=4\" title=\"Abschnitt bearbeiten: Stimmen zum Spiel\">Bearbeiten<\/a><span class=\"mw-editsection-bracket\">]<\/span><\/span><\/h2>\n<p><b>Peter Zeidler:<\/b> \u201eWir sind durchaus zufrieden mit dem, was wir heute gespielt haben. Ein wichtiges Ziel von uns war es, gemeinsam zu agieren und gut gegen den Ball zu arbeiten. Das haben wir sehr gut gemacht. Die neuen Spieler haben sich sehr gut eingef\u00fcgt, bekommen aber auch von denen, die schon bisher hier waren, sehr viel Unterst\u00fctzung. Wir freuen uns \u00fcber das heutige Spiel, k\u00f6nnen es aber schon richtig einordnen.\u201c\n<\/p>\n<p><b>Ray Yabo:<\/b> \u201eIch denke, wir k\u00f6nnen heute mit der Leistung in beiden Halbzeiten zufrieden sein, wir haben die Vorgaben vom Trainer sehr gut umgesetzt. Vor allem wenn man bedenkt, dass unsere Mannschaft nach der Pause einen Altersschnitt von 20,5 Jahren hatte. Wir haben in dieser Trainingswoche schon einiges erreicht, aber wenn man so ein Offensivpressing wie wir spielt, gibt es noch viel zu tun.\u201c\n<\/p>\n<\/div>\n","protected":false},"excerpt":{"rendered":"<p>FaktenBearbeiten] FC Red Bull Salzburg gegen West Bromwich Albion, 3:1 Spieltag Testspiel Datum 8. Juli 2015 Anpfiff 19 Uhr Aufstellung Tor Cican Stankovic Verteidigung Benno Schmitz &#8211; Martin Hinteregger &#8211; Paulo Miranda &#8211; Andreas Ulmer Mittelfeld Havard Nielsen &#8211; Valon Berisha &#8211; Christoph Leitgeb &#8211; Naby Keita Sturm Jonatan Soriano &#8211; Marco Djuricin Wechsel Wechsel [&hellip;]<\/p>\n","protected":false},"author":1,"featured_media":0,"parent":0,"menu_order":0,"comment_status":"closed","ping_status":"closed","template":"","meta":{"footnotes":""},"class_list":["post-4231","page","type-page","status-publish","hentry"],"_links":{"self":[{"href":"https:\/\/wiki.s12.at\/index.php\/wp-json\/wp\/v2\/pages\/4231","targetHints":{"allow":["GET"]}}],"collection":[{"href":"https:\/\/wiki.s12.at\/index.php\/wp-json\/wp\/v2\/pages"}],"about":[{"href":"https:\/\/wiki.s12.at\/index.php\/wp-json\/wp\/v2\/types\/page"}],"author":[{"embeddable":true,"href":"https:\/\/wiki.s12.at\/index.php\/wp-json\/wp\/v2\/users\/1"}],"replies":[{"embeddable":true,"href":"https:\/\/wiki.s12.at\/index.php\/wp-json\/wp\/v2\/comments?post=4231"}],"version-history":[{"count":0,"href":"https:\/\/wiki.s12.at\/index.php\/wp-json\/wp\/v2\/pages\/4231\/revisions"}],"wp:attachment":[{"href":"https:\/\/wiki.s12.at\/index.php\/wp-json\/wp\/v2\/media?parent=4231"}],"curies":[{"name":"wp","href":"https:\/\/api.w.org\/{rel}","templated":true}]}}