{"id":4206,"date":"2026-05-06T15:34:08","date_gmt":"2026-05-06T13:34:08","guid":{"rendered":"https:\/\/wiki.s12.at\/index.php\/fc-red-bull-salzburg-gegen-sk-vorwaerts-steyr\/"},"modified":"2026-05-06T15:34:08","modified_gmt":"2026-05-06T13:34:08","slug":"fc-red-bull-salzburg-gegen-sk-vorwaerts-steyr","status":"publish","type":"page","link":"https:\/\/wiki.s12.at\/index.php\/fc-red-bull-salzburg-gegen-sk-vorwaerts-steyr\/","title":{"rendered":"FC Red Bull Salzburg gegen SK Vorw\u00e4rts Steyr"},"content":{"rendered":"<div class=\"mw-parser-output\">\n<h2><span class=\"mw-headline\" id=\"Fakten\">Fakten<\/span><a href=\"\/index.php?title=FC_Red_Bull_Salzburg_gegen_SK_Vorw%C3%A4rts_Steyr&amp;action=edit&amp;section=1\" title=\"Abschnitt bearbeiten: Fakten\">Bearbeiten<\/a><span class=\"mw-editsection-bracket\">]<\/span><\/span><\/h2>\n<table class=\"toptextcells toccolours\">\n<tbody>\n<tr>\n<th colspan=\"2\" style=\"text-align: center; vertical-align: top; padding: 0.3em 0.8em; font-size: 125%; background-color: lightsteelblue;\">FC Red Bull Salzburg gegen SK Vorw\u00e4rts Steyr, 3:2\n<\/th>\n<\/tr>\n<tr>\n<th style=\"text-align:left;\"><b>Spieltag<\/b>\n<\/th>\n<th style=\"text-align:left;\">Testspiel\n<\/th>\n<\/tr>\n<tr>\n<th style=\"text-align:left;\"><b>Datum<\/b>\n<\/th>\n<th style=\"text-align:left;\">8. Februar 2019\n<\/th>\n<\/tr>\n<tr>\n<th style=\"text-align:left;\"><b>Anpfiff<\/b>\n<\/th>\n<th style=\"text-align:left;\">17 Uhr\n<\/th>\n<\/tr>\n<tr>\n<td colspan=\"2\" style=\"text-align:center;\" bgcolor=\"lightgray\"><b>Aufstellung<\/b>\n<\/td>\n<\/tr>\n<tr>\n<th style=\"text-align:left;\"><b>Tor<\/b>\n<\/th>\n<th><a href=\"\/Philipp_K%C3%B6hn\" title=\"Philipp K\u00f6hn\">Philipp K\u00f6hn<\/a>\n<\/th>\n<\/tr>\n<tr>\n<th style=\"text-align:left;\"><b>Verteidigung<\/b>\n<\/th>\n<th><a href=\"\/Kilian_Ludewig\" title=\"Kilian Ludewig\">Kilian Ludewig<\/a> &#8211; <a href=\"\/Albert_Vallci\" title=\"Albert Vallci\">Albert Vallci<\/a> &#8211; <a href=\"\/Andre_Ramalho\" class=\"mw-redirect\" title=\"Andre Ramalho\">Andre Ramalho<\/a> &#8211; <a href=\"\/Darko_Todorovic\" title=\"Darko Todorovic\">Darko Todorovic<\/a>\n<\/th>\n<\/tr>\n<tr>\n<th style=\"text-align:left;\"><b>Mittelfeld<\/b>\n<\/th>\n<th><a href=\"\/Enock_Mwepu\" title=\"Enock Mwepu\">Enock Mwepu<\/a> &#8211; <a href=\"\/Christoph_Leitgeb\" title=\"Christoph Leitgeb\">Christoph Leitgeb<\/a> &#8211; <a href=\"\/Dominik_Szoboszlai\" title=\"Dominik Szoboszlai\">Dominik Szoboszlai<\/a>\n<\/th>\n<\/tr>\n<tr>\n<th style=\"text-align:left;\"><b>Sturm<\/b>\n<\/th>\n<th><a href=\"\/Smail_Prevljak\" title=\"Smail Prevljak\">Smail Prevljak<\/a> &#8211; <a href=\"\/Alexander_Schmidt\" title=\"Alexander Schmidt\">Alexander Schmidt<\/a>&#8211; <a href=\"\/Erling_Haaland\" class=\"mw-redirect\" title=\"Erling Haaland\">Erling Haaland<\/a>\n<\/th>\n<\/tr>\n<tr>\n<td colspan=\"2\" style=\"text-align:center;\" bgcolor=\"lightgray\"><b>Wechsel<\/b>\n<\/td>\n<\/tr>\n<tr>\n<th style=\"text-align:left;\"><b>Wechsel<\/b>\n<\/th>\n<th style=\"text-align:left;\"><a href=\"\/Forson_Amankwah\" class=\"mw-redirect\" title=\"Forson Amankwah\">Forson Amankwah<\/a> f\u00fcr Ludewig (61.), <a href=\"\/Felix_Strauss\" title=\"Felix Strauss\">Felix Strauss<\/a> f\u00fcr Todorovic (82.),<br \/> <a href=\"\/Patrick_Farkas\" title=\"Patrick Farkas\">Patrick Farkas<\/a> f\u00fcr Schmidt (30.), <a href=\"\/David_Affengruber\" title=\"David Affengruber\">David Affengruber<\/a> f\u00fcr Haaland (82.)\n<\/th>\n<\/tr>\n<tr>\n<td colspan=\"2\" style=\"text-align:center;\" bgcolor=\"lightgray\"><b>Statistik<\/b>\n<\/td>\n<\/tr>\n<tr>\n<th style=\"text-align:left;\"><b>Endstand<\/b>\n<\/th>\n<th style=\"text-align:left;\">3:2 (2:2)\n<\/th>\n<\/tr>\n<tr>\n<th style=\"text-align:left;\"><b>Torsch\u00fctzen<\/b>\n<\/th>\n<th style=\"text-align:left;\">Mwepu (16.), Leitgeb (35.), Prevljak (74.); Gasperlmair (6.), Lichtenberger (23.)\n<\/th>\n<\/tr>\n<tr>\n<th style=\"text-align:left;\"><b>Gelbe Karten<\/b>\n<\/th>\n<th style=\"text-align:left;\">\n<\/th>\n<\/tr>\n<tr>\n<th style=\"text-align:left;\"><b>Rote Karten<\/b>\n<\/th>\n<th style=\"text-align:left;\">\n<\/th>\n<\/tr>\n<tr>\n<th style=\"text-align:left;\"><b>Schiedsrichter<\/b>\n<\/th>\n<th style=\"text-align:left;\">Christopher J\u00e4ger\n<\/th>\n<\/tr>\n<tr>\n<th style=\"text-align:left;\"><b>Stadion<\/b>\n<\/th>\n<th style=\"text-align:left;\">Trainingsgel\u00e4nde Taxham\n<\/th>\n<\/tr>\n<tr>\n<th style=\"text-align:left;\"><b>Zuschauer<\/b>\n<\/th>\n<th style=\"text-align:left;\">\n<\/th>\n<\/tr>\n<\/tbody>\n<\/table>\n<h2><span class=\"mw-headline\" id=\"Weblinks\">Weblinks<\/span><a href=\"\/index.php?title=FC_Red_Bull_Salzburg_gegen_SK_Vorw%C3%A4rts_Steyr&amp;action=edit&amp;section=2\" title=\"Abschnitt bearbeiten: Weblinks\">Bearbeiten<\/a><span class=\"mw-editsection-bracket\">]<\/span><\/span><\/h2>\n<p><a rel=\"nofollow\" class=\"external text\" href=\"https:\/\/www.redbullsalzburg.at\/de\/fc-red-bull-salzburg\/news\/saison_2018_19\/sieg-im-letzten-test.html\">Spielbericht Vereinshomepage<\/a>\n<\/p>\n<h2><span class=\"mw-headline\" id=\"Stimmen_zum_Spiel\">Stimmen zum Spiel<\/span><a href=\"\/index.php?title=FC_Red_Bull_Salzburg_gegen_SK_Vorw%C3%A4rts_Steyr&amp;action=edit&amp;section=3\" title=\"Abschnitt bearbeiten: Stimmen zum Spiel\">Bearbeiten<\/a><span class=\"mw-editsection-bracket\">]<\/span><\/span><\/h2>\n<ul>\n<li><b>Marco Rose:<\/b> Wir haben das Spiel wieder gewonnen, obwohl wir zwei Mal in R\u00fcckstand lagen und zwei einfache Gegentreffer erhalten haben. F\u00fcr uns war es wieder ein guter Test. Einige Spieler konnten wir heute \u00fcber 90 Minuten spielen lassen, das hei\u00dft, dass wir in dieser Woche fast den gesamten Kader ausbelasten konnten. Auch wenn wir bislang noch kein Pflichtspiel in den Beinen hatten, werden wir die Situation n\u00e4chste Woche am Donnerstag positiv annehmen, wollen diese Partie in Br\u00fcgge positiv gestalten und alle Energie reinlegen.<\/li>\n<li><b>Andre Ramalho:<\/b> Wir haben in der ersten H\u00e4lfte zwei bl\u00f6de Gegentore bekommen, da m\u00fcssen wir besser verteidigen. Man hat gesehen, dass oftmals Kleinigkeiten den Unterschied ausmachen, das wird auch in den n\u00e4chsten Partien entscheidend sein. In Durchgang zwei haben wir unsere Sache besser gemacht. Wir wissen, um was es n\u00e4chste Woche geht und werden uns gut vorbereiten.<\/li>\n<\/ul>\n<\/div>\n","protected":false},"excerpt":{"rendered":"<p>FaktenBearbeiten] FC Red Bull Salzburg gegen SK Vorw\u00e4rts Steyr, 3:2 Spieltag Testspiel Datum 8. Februar 2019 Anpfiff 17 Uhr Aufstellung Tor Philipp K\u00f6hn Verteidigung Kilian Ludewig &#8211; Albert Vallci &#8211; Andre Ramalho &#8211; Darko Todorovic Mittelfeld Enock Mwepu &#8211; Christoph Leitgeb &#8211; Dominik Szoboszlai Sturm Smail Prevljak &#8211; Alexander Schmidt&#8211; Erling Haaland Wechsel Wechsel Forson [&hellip;]<\/p>\n","protected":false},"author":1,"featured_media":0,"parent":0,"menu_order":0,"comment_status":"closed","ping_status":"closed","template":"","meta":{"footnotes":""},"class_list":["post-4206","page","type-page","status-publish","hentry"],"_links":{"self":[{"href":"https:\/\/wiki.s12.at\/index.php\/wp-json\/wp\/v2\/pages\/4206","targetHints":{"allow":["GET"]}}],"collection":[{"href":"https:\/\/wiki.s12.at\/index.php\/wp-json\/wp\/v2\/pages"}],"about":[{"href":"https:\/\/wiki.s12.at\/index.php\/wp-json\/wp\/v2\/types\/page"}],"author":[{"embeddable":true,"href":"https:\/\/wiki.s12.at\/index.php\/wp-json\/wp\/v2\/users\/1"}],"replies":[{"embeddable":true,"href":"https:\/\/wiki.s12.at\/index.php\/wp-json\/wp\/v2\/comments?post=4206"}],"version-history":[{"count":0,"href":"https:\/\/wiki.s12.at\/index.php\/wp-json\/wp\/v2\/pages\/4206\/revisions"}],"wp:attachment":[{"href":"https:\/\/wiki.s12.at\/index.php\/wp-json\/wp\/v2\/media?parent=4206"}],"curies":[{"name":"wp","href":"https:\/\/api.w.org\/{rel}","templated":true}]}}