{"id":4114,"date":"2026-05-06T15:30:06","date_gmt":"2026-05-06T13:30:06","guid":{"rendered":"https:\/\/wiki.s12.at\/index.php\/fc-red-bull-salzburg-u20w-gegen-scr-altach\/"},"modified":"2026-05-06T15:30:06","modified_gmt":"2026-05-06T13:30:06","slug":"fc-red-bull-salzburg-u20w-gegen-scr-altach","status":"publish","type":"page","link":"https:\/\/wiki.s12.at\/index.php\/fc-red-bull-salzburg-u20w-gegen-scr-altach\/","title":{"rendered":"FC Red Bull Salzburg U20w gegen SCR Altach"},"content":{"rendered":"<div class=\"mw-parser-output\">\n<table class=\"toptextcells toccolours\">\n<tbody>\n<tr>\n<th colspan=\"2\" style=\"text-align: center; vertical-align: top; padding: 0.3em 0.8em; font-size: 125%; background-color: lightsteelblue;\">FC Red Bull Salzburg U20w gegen SCR Altach, 3:1\n<\/th>\n<\/tr>\n<tr>\n<th style=\"text-align:left;\"><b>Spieltag<\/b>\n<\/th>\n<th style=\"text-align:left;\">Frauen Future League &#8211; 10. Runde\n<\/th>\n<\/tr>\n<tr>\n<th style=\"text-align:left;\"><b>Datum<\/b>\n<\/th>\n<th style=\"text-align:left;\">9. November 2024\n<\/th>\n<\/tr>\n<tr>\n<th style=\"text-align:left;\"><b>Anpfiff<\/b>\n<\/th>\n<th style=\"text-align:left;\">15.15 Uhr\n<\/th>\n<\/tr>\n<tr>\n<td colspan=\"2\" style=\"text-align:center;\" bgcolor=\"lightgray\"><b>Aufstellung<\/b>\n<\/td>\n<\/tr>\n<tr>\n<th style=\"text-align:left;\"><b>Tor<\/b>\n<\/th>\n<th><a href=\"\/Marlene_La%C3%9Fl\" title=\"Marlene La\u00dfl\">Marlene La\u00dfl<\/a>\n<\/th>\n<\/tr>\n<tr>\n<th style=\"text-align:left;\"><b>Verteidigung<\/b>\n<\/th>\n<th><a href=\"\/Tamaya_Baumann\" title=\"Tamaya Baumann\">Tamaya Baumann<\/a>  &#8211;  <a href=\"\/Carolina_Aichhorn\" title=\"Carolina Aichhorn\">Carolina Aichhorn<\/a>  &#8211; <a href=\"\/Maria_Ganisl\" title=\"Maria Ganisl\">Maria Ganisl<\/a> &#8211;  <a href=\"\/Neele_St%C3%B6hr\" title=\"Neele St\u00f6hr\">Neele St\u00f6hr<\/a>\n<\/th>\n<\/tr>\n<tr>\n<th style=\"text-align:left;\"><b>Mittelfeld<\/b>\n<\/th>\n<th><a href=\"\/Julia_Gr%C3%BCnwald\" title=\"Julia Gr\u00fcnwald\">Julia Gr\u00fcnwald<\/a>&#8211;  <a href=\"\/Nina_Fernsebner\" title=\"Nina Fernsebner\">Nina Fernsebner<\/a>  &#8211;  <a href=\"\/Carina_Leitner\" title=\"Carina Leitner\">Carina Leitner<\/a>\n<\/th>\n<\/tr>\n<tr>\n<th style=\"text-align:left;\"><b>Sturm<\/b>\n<\/th>\n<th><a href=\"\/Aldina_Hamzic\" title=\"Aldina Hamzic\">Aldina Hamzic<\/a> &#8211;  <a href=\"\/Mia_Rose\" title=\"Mia Rose\">Mia Rose<\/a> &#8211; <a href=\"\/Emma_Remich\" title=\"Emma Remich\">Emma Remich<\/a>\n<\/th>\n<\/tr>\n<tr>\n<td colspan=\"2\" style=\"text-align:center;\" bgcolor=\"lightgray\"><b>Wechsel<\/b>\n<\/td>\n<\/tr>\n<tr>\n<th style=\"text-align:left;\"><b>Wechsel<\/b>\n<\/th>\n<th style=\"text-align:left;\"><a href=\"\/Valentina_Akrap\" title=\"Valentina Akrap\">Valentina Akrap<\/a> f\u00fcr Leitner (46.), <a href=\"\/Kelly_Scholz\" title=\"Kelly Scholz\">Kelly Scholz<\/a> f\u00fcr Ganisl (58.),  <a href=\"\/Marlene_Egger\" title=\"Marlene Egger\">Marlene Egger<\/a> f\u00fcr Fernsebner (58.),<br \/> <a href=\"\/Christina_Maierhofer\" title=\"Christina Maierhofer\">Christina Maierhofer<\/a> f\u00fcr Baumann (67.),  <a href=\"\/Kiara-Sonea_Pachinger\" class=\"mw-redirect\" title=\"Kiara-Sonea Pachinger\">Kiara-Sonea Pachinger<\/a> f\u00fcr Rose (79.)\n<\/th>\n<\/tr>\n<tr>\n<td colspan=\"2\" style=\"text-align:center;\" bgcolor=\"lightgray\"><b>Statistik<\/b>\n<\/td>\n<\/tr>\n<tr>\n<th style=\"text-align:left;\"><b>Endstand<\/b>\n<\/th>\n<th style=\"text-align:left;\">3:1 (2:0)\n<\/th>\n<\/tr>\n<tr>\n<th style=\"text-align:left;\"><b>Torsch\u00fctzen<\/b>\n<\/th>\n<th style=\"text-align:left;\">Gr\u00fcnwald (9., E.), Ganisl (33.), Pachinger (94.); Keckeis  (73., E.)\n<\/th>\n<\/tr>\n<tr>\n<th style=\"text-align:left;\"><b>Gelbe Karten<\/b>\n<\/th>\n<th style=\"text-align:left;\">Gr\u00fcnwald (65.),  St\u00f6hr (87.)\n<\/th>\n<\/tr>\n<tr>\n<th style=\"text-align:left;\"><b>Rote Karten<\/b>\n<\/th>\n<th style=\"text-align:left;\">Strohmeier (66.)\n<\/th>\n<\/tr>\n<tr>\n<th style=\"text-align:left;\"><b>Schiedsrichter<\/b>\n<\/th>\n<th style=\"text-align:left;\">Mark H\u00f6glinger\n<\/th>\n<\/tr>\n<tr>\n<th style=\"text-align:left;\"><b>Stadion<\/b>\n<\/th>\n<th style=\"text-align:left;\">Sportanlage, Bergheim\n<\/th>\n<\/tr>\n<tr>\n<th style=\"text-align:left;\"><b>Zuschauer<\/b>\n<\/th>\n<th style=\"text-align:left;\">50\n<\/th>\n<\/tr>\n<\/tbody>\n<\/table>\n<h2><span class=\"mw-headline\" id=\"Spielbericht\">Spielbericht<\/span><a href=\"\/index.php?title=FC_Red_Bull_Salzburg_U20w_gegen_SCR_Altach&amp;action=edit&amp;section=1\" title=\"Abschnitt bearbeiten: Spielbericht\">Bearbeiten<\/a><span class=\"mw-editsection-bracket\">]<\/span><\/span><\/h2>\n<p><a rel=\"nofollow\" class=\"external text\" href=\"https:\/\/www.oefb.at\/oefb\/Spiel\/Spielbericht\/3651496\/?FC-Red-Bull-Salzburg-U20w-vs-AKA-Vorarlberg-%E2%80%93-SCR-Altach\">Spielbericht \u00d6FB<\/a>\n<\/p>\n<\/div>\n","protected":false},"excerpt":{"rendered":"<p>FC Red Bull Salzburg U20w gegen SCR Altach, 3:1 Spieltag Frauen Future League &#8211; 10. Runde Datum 9. November 2024 Anpfiff 15.15 Uhr Aufstellung Tor Marlene La\u00dfl Verteidigung Tamaya Baumann &#8211; Carolina Aichhorn &#8211; Maria Ganisl &#8211; Neele St\u00f6hr Mittelfeld Julia Gr\u00fcnwald&#8211; Nina Fernsebner &#8211; Carina Leitner Sturm Aldina Hamzic &#8211; Mia Rose &#8211; Emma [&hellip;]<\/p>\n","protected":false},"author":1,"featured_media":0,"parent":0,"menu_order":0,"comment_status":"closed","ping_status":"closed","template":"","meta":{"footnotes":""},"class_list":["post-4114","page","type-page","status-publish","hentry"],"_links":{"self":[{"href":"https:\/\/wiki.s12.at\/index.php\/wp-json\/wp\/v2\/pages\/4114","targetHints":{"allow":["GET"]}}],"collection":[{"href":"https:\/\/wiki.s12.at\/index.php\/wp-json\/wp\/v2\/pages"}],"about":[{"href":"https:\/\/wiki.s12.at\/index.php\/wp-json\/wp\/v2\/types\/page"}],"author":[{"embeddable":true,"href":"https:\/\/wiki.s12.at\/index.php\/wp-json\/wp\/v2\/users\/1"}],"replies":[{"embeddable":true,"href":"https:\/\/wiki.s12.at\/index.php\/wp-json\/wp\/v2\/comments?post=4114"}],"version-history":[{"count":0,"href":"https:\/\/wiki.s12.at\/index.php\/wp-json\/wp\/v2\/pages\/4114\/revisions"}],"wp:attachment":[{"href":"https:\/\/wiki.s12.at\/index.php\/wp-json\/wp\/v2\/media?parent=4114"}],"curies":[{"name":"wp","href":"https:\/\/api.w.org\/{rel}","templated":true}]}}