{"id":4098,"date":"2026-05-06T15:29:31","date_gmt":"2026-05-06T13:29:31","guid":{"rendered":"https:\/\/wiki.s12.at\/index.php\/fc-red-bull-salzburg-u16w-gegen-tsv-st-johann\/"},"modified":"2026-05-06T15:29:31","modified_gmt":"2026-05-06T13:29:31","slug":"fc-red-bull-salzburg-u16w-gegen-tsv-st-johann","status":"publish","type":"page","link":"https:\/\/wiki.s12.at\/index.php\/fc-red-bull-salzburg-u16w-gegen-tsv-st-johann\/","title":{"rendered":"FC Red Bull Salzburg U16w gegen TSV St. Johann"},"content":{"rendered":"<div class=\"mw-parser-output\">\n<table class=\"toptextcells toccolours\">\n<tbody>\n<tr>\n<th colspan=\"2\" style=\"text-align: center; vertical-align: top; padding: 0.3em 0.8em; font-size: 125%; background-color: lightsteelblue;\">FC Red Bull Salzburg U16w gegen TSV St. Johann, 2:0\n<\/th>\n<\/tr>\n<tr>\n<th style=\"text-align:left;\"><b>Spieltag<\/b>\n<\/th>\n<th style=\"text-align:left;\">U-14 &#8211; 1. Sparkassenliga\n<\/th>\n<\/tr>\n<tr>\n<th style=\"text-align:left;\"><b>Datum<\/b>\n<\/th>\n<th style=\"text-align:left;\">20. September 2023\n<\/th>\n<\/tr>\n<tr>\n<th style=\"text-align:left;\"><b>Anpfiff<\/b>\n<\/th>\n<th style=\"text-align:left;\">18 Uhr\n<\/th>\n<\/tr>\n<tr>\n<td colspan=\"2\" style=\"text-align:center;\" bgcolor=\"lightgray\"><b>Aufstellung<\/b>\n<\/td>\n<\/tr>\n<tr>\n<th style=\"text-align:left;\"><b>Tor<\/b>\n<\/th>\n<th><a href=\"\/Marlene_La%C3%9Fl\" title=\"Marlene La\u00dfl\">Marlene La\u00dfl<\/a>\n<\/th>\n<\/tr>\n<tr>\n<th style=\"text-align:left;\"><b>Verteidigung<\/b>\n<\/th>\n<th><a href=\"\/Tamaya_Baumann\" title=\"Tamaya Baumann\">Tamaya Baumann<\/a> &#8211; <a href=\"\/Carolina_Aichhorn\" title=\"Carolina Aichhorn\">Carolina Aichhorn<\/a> &#8211; <a href=\"\/Neele_St%C3%B6hr\" title=\"Neele St\u00f6hr\">Neele St\u00f6hr<\/a> &#8211; <a href=\"\/Louisa_Toferer\" title=\"Louisa Toferer\">Louisa Toferer<\/a>\n<\/th>\n<\/tr>\n<tr>\n<th style=\"text-align:left;\"><b>Mittelfeld<\/b>\n<\/th>\n<th><a href=\"\/Valentina_Lutz\" title=\"Valentina Lutz\">Valentina Lutz<\/a> &#8211; <a href=\"\/Valentina_Akrap\" title=\"Valentina Akrap\">Valentina Akrap<\/a> &#8211; <a href=\"\/Julia_Gr%C3%BCnwald\" title=\"Julia Gr\u00fcnwald\">Julia Gr\u00fcnwald<\/a> &#8211; <a href=\"\/Sara_Grabovac\" title=\"Sara Grabovac\">Sara Grabovac<\/a>\n<\/th>\n<\/tr>\n<tr>\n<th style=\"text-align:left;\"><b>Sturm<\/b>\n<\/th>\n<th><a href=\"\/Alessia_Pamminger\" title=\"Alessia Pamminger\">Alessia Pamminger<\/a> &#8211; <a href=\"\/Christina_Maierhofer\" title=\"Christina Maierhofer\">Christina Maierhofer<\/a>\n<\/th>\n<\/tr>\n<tr>\n<td colspan=\"2\" style=\"text-align:center;\" bgcolor=\"lightgray\"><b>Wechsel<\/b>\n<\/td>\n<\/tr>\n<tr>\n<th style=\"text-align:left;\"><b>Wechsel<\/b>\n<\/th>\n<th style=\"text-align:left;\"><a href=\"\/Carina_Leitner\" title=\"Carina Leitner\">Carina Leitner<\/a> f\u00fcr <a href=\"\/Louisa_Toferer\" title=\"Louisa Toferer\">Louisa Toferer<\/a> (26.), <a href=\"\/Annika_Huber\" title=\"Annika Huber\">Annika Huber<\/a> f\u00fcr <a href=\"\/Julia_Gr%C3%BCnwald\" title=\"Julia Gr\u00fcnwald\">Julia Gr\u00fcnwald<\/a> (26.), <br \/><a href=\"\/Kiara-Sonea_Pachinger\" class=\"mw-redirect\" title=\"Kiara-Sonea Pachinger\">Kiara-Sonea Pachinger<\/a> f\u00fcr <a href=\"\/Carina_Leitner\" title=\"Carina Leitner\">Carina Leitner<\/a> (46.), <a href=\"\/Alina_Schuh\" title=\"Alina Schuh\">Alina Schuh<\/a> f\u00fcr <a href=\"\/Carolina_Aichhorn\" title=\"Carolina Aichhorn\">Carolina Aichhorn<\/a> (65.)\n<\/th>\n<\/tr>\n<tr>\n<td colspan=\"2\" style=\"text-align:center;\" bgcolor=\"lightgray\"><b>Statistik<\/b>\n<\/td>\n<\/tr>\n<tr>\n<th style=\"text-align:left;\"><b>Endstand<\/b>\n<\/th>\n<th style=\"text-align:left;\">2:0 (1:0)\n<\/th>\n<\/tr>\n<tr>\n<th style=\"text-align:left;\"><b>Torsch\u00fctzen<\/b>\n<\/th>\n<th style=\"text-align:left;\">Pamminger (26., E.), Huber (56.)\n<\/th>\n<\/tr>\n<tr>\n<th style=\"text-align:left;\"><b>Gelbe Karten<\/b>\n<\/th>\n<th style=\"text-align:left;\">\n<\/th>\n<\/tr>\n<tr>\n<th style=\"text-align:left;\"><b>Rote Karten<\/b>\n<\/th>\n<th style=\"text-align:left;\">\n<\/th>\n<\/tr>\n<tr>\n<th style=\"text-align:left;\"><b>Schiedsrichter<\/b>\n<\/th>\n<th style=\"text-align:left;\">Michael Kaps\n<\/th>\n<\/tr>\n<tr>\n<th style=\"text-align:left;\"><b>Stadion<\/b>\n<\/th>\n<th style=\"text-align:left;\">Sportplatz, Bergheim\n<\/th>\n<\/tr>\n<tr>\n<th style=\"text-align:left;\"><b>Zuschauer<\/b>\n<\/th>\n<th style=\"text-align:left;\">150\n<\/th>\n<\/tr>\n<\/tbody>\n<\/table>\n<\/div>\n","protected":false},"excerpt":{"rendered":"<p>FC Red Bull Salzburg U16w gegen TSV St. Johann, 2:0 Spieltag U-14 &#8211; 1. Sparkassenliga Datum 20. September 2023 Anpfiff 18 Uhr Aufstellung Tor Marlene La\u00dfl Verteidigung Tamaya Baumann &#8211; Carolina Aichhorn &#8211; Neele St\u00f6hr &#8211; Louisa Toferer Mittelfeld Valentina Lutz &#8211; Valentina Akrap &#8211; Julia Gr\u00fcnwald &#8211; Sara Grabovac Sturm Alessia Pamminger &#8211; Christina [&hellip;]<\/p>\n","protected":false},"author":1,"featured_media":0,"parent":0,"menu_order":0,"comment_status":"closed","ping_status":"closed","template":"","meta":{"footnotes":""},"class_list":["post-4098","page","type-page","status-publish","hentry"],"_links":{"self":[{"href":"https:\/\/wiki.s12.at\/index.php\/wp-json\/wp\/v2\/pages\/4098","targetHints":{"allow":["GET"]}}],"collection":[{"href":"https:\/\/wiki.s12.at\/index.php\/wp-json\/wp\/v2\/pages"}],"about":[{"href":"https:\/\/wiki.s12.at\/index.php\/wp-json\/wp\/v2\/types\/page"}],"author":[{"embeddable":true,"href":"https:\/\/wiki.s12.at\/index.php\/wp-json\/wp\/v2\/users\/1"}],"replies":[{"embeddable":true,"href":"https:\/\/wiki.s12.at\/index.php\/wp-json\/wp\/v2\/comments?post=4098"}],"version-history":[{"count":0,"href":"https:\/\/wiki.s12.at\/index.php\/wp-json\/wp\/v2\/pages\/4098\/revisions"}],"wp:attachment":[{"href":"https:\/\/wiki.s12.at\/index.php\/wp-json\/wp\/v2\/media?parent=4098"}],"curies":[{"name":"wp","href":"https:\/\/api.w.org\/{rel}","templated":true}]}}