{"id":4084,"date":"2026-05-06T15:29:20","date_gmt":"2026-05-06T13:29:20","guid":{"rendered":"https:\/\/wiki.s12.at\/index.php\/fc-red-bull-salzburg-u16w-u14-gegen-oefb-frauen-akademie-u17\/"},"modified":"2026-05-06T15:29:20","modified_gmt":"2026-05-06T13:29:20","slug":"fc-red-bull-salzburg-u16w-u14-gegen-oefb-frauen-akademie-u17","status":"publish","type":"page","link":"https:\/\/wiki.s12.at\/index.php\/fc-red-bull-salzburg-u16w-u14-gegen-oefb-frauen-akademie-u17\/","title":{"rendered":"FC Red Bull Salzburg U16w U14 gegen \u00d6FB Frauen-Akademie U17"},"content":{"rendered":"<div class=\"mw-parser-output\">\n<table class=\"toptextcells toccolours\">\n<tbody>\n<tr>\n<th colspan=\"2\" style=\"text-align: center; vertical-align: top; padding: 0.3em 0.8em; font-size: 125%; background-color: lightsteelblue;\">FC Red Bull Salzburg U16w U14 vs. \u00d6FB Frauen-Akademie U17, 0:0\n<\/th>\n<\/tr>\n<tr>\n<th style=\"text-align:left;\"><b>Spieltag<\/b>\n<\/th>\n<th style=\"text-align:left;\">Testspiel\n<\/th>\n<\/tr>\n<tr>\n<th style=\"text-align:left;\"><b>Datum<\/b>\n<\/th>\n<th style=\"text-align:left;\">26. J\u00e4nner 2024\n<\/th>\n<\/tr>\n<tr>\n<th style=\"text-align:left;\"><b>Anpfiff<\/b>\n<\/th>\n<th style=\"text-align:left;\">17 Uhr\n<\/th>\n<\/tr>\n<tr>\n<td colspan=\"2\" style=\"text-align:center;\" bgcolor=\"lightgray\"><b>Aufstellung<\/b>\n<\/td>\n<\/tr>\n<tr>\n<th style=\"text-align:left;\"><b>Tor<\/b>\n<\/th>\n<th><a href=\"\/Franzisca_Graf\" title=\"Franzisca Graf\">Franzisca Graf<\/a>\n<\/th>\n<\/tr>\n<tr>\n<th style=\"text-align:left;\"><b>Verteidigung<\/b>\n<\/th>\n<th><a href=\"\/Neele_St%C3%B6hr\" title=\"Neele St\u00f6hr\">Neele St\u00f6hr<\/a> &#8211; <a href=\"\/Celina_Geist\" title=\"Celina Geist\">Celina Geist<\/a> &#8211; <a href=\"\/Ajlina_Berisha\" title=\"Ajlina Berisha\">Ajlina Berisha<\/a> &#8211; <a href=\"\/Lilia_Krammer\" title=\"Lilia Krammer\">Lilia Krammer<\/a>\n<\/th>\n<\/tr>\n<tr>\n<th style=\"text-align:left;\"><b>Mittelfeld<\/b>\n<\/th>\n<th><a href=\"\/Valentina_Lutz\" title=\"Valentina Lutz\">Valentina Lutz<\/a> &#8211; <a href=\"\/Valentina_Akrap\" title=\"Valentina Akrap\">Valentina Akrap<\/a> &#8211; <a href=\"\/Julia_Gr%C3%BCnwald\" title=\"Julia Gr\u00fcnwald\">Julia Gr\u00fcnwald<\/a> &#8211; <a href=\"\/Sara_Grabovac\" title=\"Sara Grabovac\">Sara Grabovac<\/a>\n<\/th>\n<\/tr>\n<tr>\n<th style=\"text-align:left;\"><b>Sturm<\/b>\n<\/th>\n<th><a href=\"\/Annika_Huber\" title=\"Annika Huber\">Annika Huber<\/a> &#8211; <a href=\"\/Alessia_Pamminger\" title=\"Alessia Pamminger\">Alessia Pamminger<\/a>\n<\/th>\n<\/tr>\n<tr>\n<td colspan=\"2\" style=\"text-align:center;\" bgcolor=\"lightgray\"><b>Wechsel<\/b>\n<\/td>\n<\/tr>\n<tr>\n<th style=\"text-align:left;\"><b>Wechsel<\/b>\n<\/th>\n<th style=\"text-align:left;\">\n<\/th>\n<\/tr>\n<tr>\n<td colspan=\"2\" style=\"text-align:center;\" bgcolor=\"lightgray\"><b>Statistik<\/b>\n<\/td>\n<\/tr>\n<tr>\n<th style=\"text-align:left;\"><b>Endstand<\/b>\n<\/th>\n<th style=\"text-align:left;\">0:0\n<\/th>\n<\/tr>\n<tr>\n<th style=\"text-align:left;\"><b>Torsch\u00fctzen<\/b>\n<\/th>\n<th style=\"text-align:left;\">\n<\/th>\n<\/tr>\n<tr>\n<th style=\"text-align:left;\"><b>Gelbe Karten<\/b>\n<\/th>\n<th style=\"text-align:left;\">\n<\/th>\n<\/tr>\n<tr>\n<th style=\"text-align:left;\"><b>Rote Karten<\/b>\n<\/th>\n<th style=\"text-align:left;\">\n<\/th>\n<\/tr>\n<tr>\n<th style=\"text-align:left;\"><b>Schiedsrichter<\/b>\n<\/th>\n<th style=\"text-align:left;\">Silke Hohenauer\n<\/th>\n<\/tr>\n<tr>\n<th style=\"text-align:left;\"><b>Stadion<\/b>\n<\/th>\n<th style=\"text-align:left;\">Akademie Liefering\n<\/th>\n<\/tr>\n<tr>\n<th style=\"text-align:left;\"><b>Zuschauer<\/b>\n<\/th>\n<th style=\"text-align:left;\">30\n<\/th>\n<\/tr>\n<\/tbody>\n<\/table>\n<\/div>\n","protected":false},"excerpt":{"rendered":"<p>FC Red Bull Salzburg U16w U14 vs. \u00d6FB Frauen-Akademie U17, 0:0 Spieltag Testspiel Datum 26. J\u00e4nner 2024 Anpfiff 17 Uhr Aufstellung Tor Franzisca Graf Verteidigung Neele St\u00f6hr &#8211; Celina Geist &#8211; Ajlina Berisha &#8211; Lilia Krammer Mittelfeld Valentina Lutz &#8211; Valentina Akrap &#8211; Julia Gr\u00fcnwald &#8211; Sara Grabovac Sturm Annika Huber &#8211; Alessia Pamminger Wechsel [&hellip;]<\/p>\n","protected":false},"author":1,"featured_media":0,"parent":0,"menu_order":0,"comment_status":"closed","ping_status":"closed","template":"","meta":{"footnotes":""},"class_list":["post-4084","page","type-page","status-publish","hentry"],"_links":{"self":[{"href":"https:\/\/wiki.s12.at\/index.php\/wp-json\/wp\/v2\/pages\/4084","targetHints":{"allow":["GET"]}}],"collection":[{"href":"https:\/\/wiki.s12.at\/index.php\/wp-json\/wp\/v2\/pages"}],"about":[{"href":"https:\/\/wiki.s12.at\/index.php\/wp-json\/wp\/v2\/types\/page"}],"author":[{"embeddable":true,"href":"https:\/\/wiki.s12.at\/index.php\/wp-json\/wp\/v2\/users\/1"}],"replies":[{"embeddable":true,"href":"https:\/\/wiki.s12.at\/index.php\/wp-json\/wp\/v2\/comments?post=4084"}],"version-history":[{"count":0,"href":"https:\/\/wiki.s12.at\/index.php\/wp-json\/wp\/v2\/pages\/4084\/revisions"}],"wp:attachment":[{"href":"https:\/\/wiki.s12.at\/index.php\/wp-json\/wp\/v2\/media?parent=4084"}],"curies":[{"name":"wp","href":"https:\/\/api.w.org\/{rel}","templated":true}]}}