{"id":4078,"date":"2026-05-06T15:29:17","date_gmt":"2026-05-06T13:29:17","guid":{"rendered":"https:\/\/wiki.s12.at\/index.php\/fc-red-bull-salzburg-u16w-u14-gegen-fk-austria-wien-u16\/"},"modified":"2026-05-06T15:29:17","modified_gmt":"2026-05-06T13:29:17","slug":"fc-red-bull-salzburg-u16w-u14-gegen-fk-austria-wien-u16","status":"publish","type":"page","link":"https:\/\/wiki.s12.at\/index.php\/fc-red-bull-salzburg-u16w-u14-gegen-fk-austria-wien-u16\/","title":{"rendered":"FC Red Bull Salzburg U16w U14 gegen FK Austria Wien U16"},"content":{"rendered":"<div class=\"mw-parser-output\">\n<table class=\"toptextcells toccolours\">\n<tbody>\n<tr>\n<th colspan=\"2\" style=\"text-align: center; vertical-align: top; padding: 0.3em 0.8em; font-size: 125%; background-color: lightsteelblue;\">FC Red Bull Salzburg U16w U14 vs. FK Austria Wien U16, 11:0\n<\/th>\n<\/tr>\n<tr>\n<th style=\"text-align:left;\"><b>Spieltag<\/b>\n<\/th>\n<th style=\"text-align:left;\">Testspiel\n<\/th>\n<\/tr>\n<tr>\n<th style=\"text-align:left;\"><b>Datum<\/b>\n<\/th>\n<th style=\"text-align:left;\">24. Februar 2024\n<\/th>\n<\/tr>\n<tr>\n<th style=\"text-align:left;\"><b>Anpfiff<\/b>\n<\/th>\n<th style=\"text-align:left;\">15.00 Uhr\n<\/th>\n<\/tr>\n<tr>\n<td colspan=\"2\" style=\"text-align:center;\" bgcolor=\"lightgray\"><b>Aufstellung<\/b>\n<\/td>\n<\/tr>\n<tr>\n<th style=\"text-align:left;\"><b>Tor<\/b>\n<\/th>\n<th><a href=\"\/Marlene_La%C3%9Fl\" title=\"Marlene La\u00dfl\">Marlene La\u00dfl<\/a>\n<\/th>\n<\/tr>\n<tr>\n<th style=\"text-align:left;\"><b>Verteidigung<\/b>\n<\/th>\n<th><a href=\"\/Tamaya_Baumann\" title=\"Tamaya Baumann\">Tamaya Baumann<\/a> &#8211; <a href=\"\/Carolina_Aichhorn\" title=\"Carolina Aichhorn\">Carolina Aichhorn<\/a> &#8211; <a href=\"\/Neele_St%C3%B6hr\" title=\"Neele St\u00f6hr\">Neele St\u00f6hr<\/a> &#8211; <a href=\"\/Christina_Maierhofer\" title=\"Christina Maierhofer\">Christina Maierhofer<\/a> &#8211; <a href=\"\/Celina_Geist\" title=\"Celina Geist\">Celina Geist<\/a>\n<\/th>\n<\/tr>\n<tr>\n<th style=\"text-align:left;\"><b>Mittelfeld<\/b>\n<\/th>\n<th><a href=\"\/Ajlina_Berisha\" title=\"Ajlina Berisha\">Ajlina Berisha<\/a> &#8211; <a href=\"\/Valentina_Akrap\" title=\"Valentina Akrap\">Valentina Akrap<\/a> &#8211; <a href=\"\/Julia_Gr%C3%BCnwald\" title=\"Julia Gr\u00fcnwald\">Julia Gr\u00fcnwald<\/a> &#8211; <a href=\"\/Sara_Grabovac\" title=\"Sara Grabovac\">Sara Grabovac<\/a>\n<\/th>\n<\/tr>\n<tr>\n<th style=\"text-align:left;\"><b>Sturm<\/b>\n<\/th>\n<th><a href=\"\/Annika_Huber\" title=\"Annika Huber\">Annika Huber<\/a>\n<\/th>\n<\/tr>\n<tr>\n<td colspan=\"2\" style=\"text-align:center;\" bgcolor=\"lightgray\"><b>Wechsel<\/b>\n<\/td>\n<\/tr>\n<tr>\n<th style=\"text-align:left;\"><b>Wechsel<\/b>\n<\/th>\n<th style=\"text-align:left;\"><a href=\"\/Lena_Hafner\" title=\"Lena Hafner\">Lena Hafner<\/a>, <a href=\"\/Alina_Schuh\" title=\"Alina Schuh\">Alina Schuh<\/a>, <a href=\"\/Mia_Rose\" title=\"Mia Rose\">Mia Rose<\/a>\n<\/th>\n<\/tr>\n<tr>\n<td colspan=\"2\" style=\"text-align:center;\" bgcolor=\"lightgray\"><b>Statistik<\/b>\n<\/td>\n<\/tr>\n<tr>\n<th style=\"text-align:left;\"><b>Endstand<\/b>\n<\/th>\n<th style=\"text-align:left;\">11:0\n<\/th>\n<\/tr>\n<tr>\n<th style=\"text-align:left;\"><b>Torsch\u00fctzen<\/b>\n<\/th>\n<th style=\"text-align:left;\">\n<\/th>\n<\/tr>\n<tr>\n<th style=\"text-align:left;\"><b>Gelbe Karten<\/b>\n<\/th>\n<th style=\"text-align:left;\">\n<\/th>\n<\/tr>\n<tr>\n<th style=\"text-align:left;\"><b>Rote Karten<\/b>\n<\/th>\n<th style=\"text-align:left;\">\n<\/th>\n<\/tr>\n<tr>\n<th style=\"text-align:left;\"><b>Schiedsrichter<\/b>\n<\/th>\n<th style=\"text-align:left;\">Ermin Talic\n<\/th>\n<\/tr>\n<tr>\n<th style=\"text-align:left;\"><b>Stadion<\/b>\n<\/th>\n<th style=\"text-align:left;\">Akademie Liefering\n<\/th>\n<\/tr>\n<tr>\n<th style=\"text-align:left;\"><b>Zuschauer<\/b>\n<\/th>\n<th style=\"text-align:left;\">\n<\/th>\n<\/tr>\n<\/tbody>\n<\/table>\n<\/div>\n","protected":false},"excerpt":{"rendered":"<p>FC Red Bull Salzburg U16w U14 vs. FK Austria Wien U16, 11:0 Spieltag Testspiel Datum 24. Februar 2024 Anpfiff 15.00 Uhr Aufstellung Tor Marlene La\u00dfl Verteidigung Tamaya Baumann &#8211; Carolina Aichhorn &#8211; Neele St\u00f6hr &#8211; Christina Maierhofer &#8211; Celina Geist Mittelfeld Ajlina Berisha &#8211; Valentina Akrap &#8211; Julia Gr\u00fcnwald &#8211; Sara Grabovac Sturm Annika Huber [&hellip;]<\/p>\n","protected":false},"author":1,"featured_media":0,"parent":0,"menu_order":0,"comment_status":"closed","ping_status":"closed","template":"","meta":{"footnotes":""},"class_list":["post-4078","page","type-page","status-publish","hentry"],"_links":{"self":[{"href":"https:\/\/wiki.s12.at\/index.php\/wp-json\/wp\/v2\/pages\/4078","targetHints":{"allow":["GET"]}}],"collection":[{"href":"https:\/\/wiki.s12.at\/index.php\/wp-json\/wp\/v2\/pages"}],"about":[{"href":"https:\/\/wiki.s12.at\/index.php\/wp-json\/wp\/v2\/types\/page"}],"author":[{"embeddable":true,"href":"https:\/\/wiki.s12.at\/index.php\/wp-json\/wp\/v2\/users\/1"}],"replies":[{"embeddable":true,"href":"https:\/\/wiki.s12.at\/index.php\/wp-json\/wp\/v2\/comments?post=4078"}],"version-history":[{"count":0,"href":"https:\/\/wiki.s12.at\/index.php\/wp-json\/wp\/v2\/pages\/4078\/revisions"}],"wp:attachment":[{"href":"https:\/\/wiki.s12.at\/index.php\/wp-json\/wp\/v2\/media?parent=4078"}],"curies":[{"name":"wp","href":"https:\/\/api.w.org\/{rel}","templated":true}]}}