{"id":3977,"date":"2026-05-06T15:27:24","date_gmt":"2026-05-06T13:27:24","guid":{"rendered":"https:\/\/wiki.s12.at\/index.php\/fc-liefering-gegen-sv-wals-gruenau\/"},"modified":"2026-05-06T15:27:24","modified_gmt":"2026-05-06T13:27:24","slug":"fc-liefering-gegen-sv-wals-gruenau","status":"publish","type":"page","link":"https:\/\/wiki.s12.at\/index.php\/fc-liefering-gegen-sv-wals-gruenau\/","title":{"rendered":"FC Liefering gegen SV Wals-Gr\u00fcnau"},"content":{"rendered":"<div class=\"mw-parser-output\">\n<table class=\"toptextcells toccolours\">\n<tbody>\n<tr>\n<th colspan=\"2\" style=\"text-align: center; vertical-align: top; padding: 0.3em 0.8em; font-size: 125%; background-color: lightsteelblue;\">FC Liefering gegen SV Wals-Gr\u00fcnau, 1:0\n<\/th>\n<\/tr>\n<tr>\n<th style=\"text-align:left;\"><b>Spieltag<\/b>\n<\/th>\n<th style=\"text-align:left;\">Testspiel\n<\/th>\n<\/tr>\n<tr>\n<th style=\"text-align:left;\"><b>Datum<\/b>\n<\/th>\n<th style=\"text-align:left;\">15. Juli 2025\n<\/th>\n<\/tr>\n<tr>\n<th style=\"text-align:left;\"><b>Anpfiff<\/b>\n<\/th>\n<th style=\"text-align:left;\">17 Uhr\n<\/th>\n<\/tr>\n<tr>\n<td colspan=\"2\" style=\"text-align:center;\" bgcolor=\"lightgray\"><b>Aufstellung<\/b>\n<\/td>\n<\/tr>\n<tr>\n<th style=\"text-align:left;\"><b>Tor<\/b>\n<\/th>\n<th><a href=\"\/Nikola_Sarcevic\" title=\"Nikola Sarcevic\">Nikola Sarcevic<\/a>\n<\/th>\n<\/tr>\n<tr>\n<th style=\"text-align:left;\"><b>Verteidigung<\/b>\n<\/th>\n<th><a href=\"\/Tobias_Rohrmoser\" title=\"Tobias Rohrmoser\">Tobias Rohrmoser<\/a> &#8211;  <a href=\"\/Amel_Avdic\" title=\"Amel Avdic\">Amel Avdic<\/a> &#8211; <a href=\"\/Seong-bin_Jung\" title=\"Seong-bin Jung\">Seong-bin Jung<\/a> &#8211;  <a href=\"\/Lassina_Traore\" title=\"Lassina Traore\">Lassina Traore<\/a>\n<\/th>\n<\/tr>\n<tr>\n<th style=\"text-align:left;\"><b>Mittelfeld<\/b>\n<\/th>\n<th><a href=\"\/Ilia_Ivanschitz\" title=\"Ilia Ivanschitz\">Ilia Ivanschitz<\/a>\u2013  <a href=\"\/Nikolas_Freund\" title=\"Nikolas Freund\">Nikolas Freund<\/a>&#8211;  <a href=\"\/Jakob_Zangerl\" title=\"Jakob Zangerl\">Jakob Zangerl<\/a>&#8211; <a href=\"\/Marco_Brandt\" title=\"Marco Brandt\">Marco Brandt<\/a>\n<\/th>\n<\/tr>\n<tr>\n<th style=\"text-align:left;\"><b>Sturm<\/b>\n<\/th>\n<th><a href=\"\/Federico_Crescenti\" class=\"mw-redirect\" title=\"Federico Crescenti\">Federico Crescenti<\/a>&#8211; <a href=\"\/Alexander_Murillo\" title=\"Alexander Murillo\">Alexander Murillo<\/a>\n<\/th>\n<\/tr>\n<tr>\n<td colspan=\"2\" style=\"text-align:center;\" bgcolor=\"lightgray\"><b>Wechsel<\/b>\n<\/td>\n<\/tr>\n<tr>\n<th style=\"text-align:left;\"><b>Wechsel<\/b>\n<\/th>\n<th style=\"text-align:left;\"><a href=\"\/Jonas_Winklhofer\" title=\"Jonas Winklhofer\">Jonas Winklhofer<\/a> f\u00fcr Sarcevic (46.), <a href=\"\/David_Mendes\" title=\"David Mendes\">David Mendes<\/a> f\u00fcr Jung (46.), <a href=\"\/Johannes_Moser\" title=\"Johannes Moser\">Johannes Moser<\/a> f\u00fcr Ivanschitz (46.), <br \/> <a href=\"\/Aboubacar_Camara\" class=\"mw-redirect\" title=\"Aboubacar Camara\">Aboubacar Camara<\/a> f\u00fcr Crescenti (46.),  <a href=\"\/Benedict_Scharner\" title=\"Benedict Scharner\">Benedict Scharner<\/a> f\u00fcr Brandt (61.),, <a href=\"\/Marc_Striednig\" title=\"Marc Striednig\">Marc Striednig<\/a> f\u00fcr Rohrmoser (71.)\n<\/th>\n<\/tr>\n<tr>\n<td colspan=\"2\" style=\"text-align:center;\" bgcolor=\"lightgray\"><b>Statistik<\/b>\n<\/td>\n<\/tr>\n<tr>\n<th style=\"text-align:left;\"><b>Endstand<\/b>\n<\/th>\n<th style=\"text-align:left;\">1:0 (0:0)\n<\/th>\n<\/tr>\n<tr>\n<th style=\"text-align:left;\"><b>Torsch\u00fctzen<\/b>\n<\/th>\n<th style=\"text-align:left;\">Camara (86.)\n<\/th>\n<\/tr>\n<tr>\n<th style=\"text-align:left;\"><b>Gelbe Karten<\/b>\n<\/th>\n<th style=\"text-align:left;\">Striednig (71.)\n<\/th>\n<\/tr>\n<tr>\n<th style=\"text-align:left;\"><b>Rote Karten<\/b>\n<\/th>\n<th style=\"text-align:left;\">\n<\/th>\n<\/tr>\n<tr>\n<th style=\"text-align:left;\"><b>Schiedsrichter<\/b>\n<\/th>\n<th style=\"text-align:left;\">Marina Zechner\n<\/th>\n<\/tr>\n<tr>\n<th style=\"text-align:left;\"><b>Stadion<\/b>\n<\/th>\n<th style=\"text-align:left;\">Akademie Liefering\n<\/th>\n<\/tr>\n<tr>\n<th style=\"text-align:left;\"><b>Zuschauer<\/b>\n<\/th>\n<th style=\"text-align:left;\">\n<\/th>\n<\/tr>\n<\/tbody>\n<\/table>\n<h2><span class=\"mw-headline\" id=\"Spielbericht\">Spielbericht<\/span><a href=\"\/index.php?title=FC_Liefering_gegen_SV_Wals-Gr%C3%BCnau&amp;action=edit&amp;section=1\" title=\"Abschnitt bearbeiten: Spielbericht\">Bearbeiten<\/a><span class=\"mw-editsection-bracket\">]<\/span><\/span><\/h2>\n<p><a rel=\"nofollow\" class=\"external text\" href=\"https:\/\/www.fc-liefering.at\/de\/fc-liefering\/news\/saison_2025_26\/testspiel-wals-gruenau.html\">Spielbericht Vereinshomepage<\/a>\n<\/p>\n<h2><span class=\"mw-headline\" id=\"Stimmen_zum_Spiel\">Stimmen zum Spiel<\/span><a href=\"\/index.php?title=FC_Liefering_gegen_SV_Wals-Gr%C3%BCnau&amp;action=edit&amp;section=2\" title=\"Abschnitt bearbeiten: Stimmen zum Spiel\">Bearbeiten<\/a><span class=\"mw-editsection-bracket\">]<\/span><\/span><\/h2>\n<p><b>Daniel Beichler:<\/b>  Wir sind mit viel Gl\u00fcck mit dem Unentschieden in die Pause gegangen, Wals-Gr\u00fcnau hatte drei richtig gro\u00dfe M\u00f6glichkeiten. Eigentlich haben wir ordentlich angefangen, aber sind dann mit jeder Minute schlechter im Spiel gewesen \u2013 beginnend mit unserem Pressing, wo die Abst\u00e4nde zu gro\u00df waren, wir waren nicht mutig genug und haben nicht die notwendige Intensit\u00e4t an den Tag gelegt. Und speziell mit dem Ball waren wir viel zu ausrechenbar. Der Auftritt war in der zweiten Halbzeit besser \u2013 nicht gut, aber okay \u2013, und hintenraus haben wir dann auch die eine oder andere Chance vorgefunden. Am Ende war es ein gl\u00fccklicher Sieg, der Test hat den Aufschluss gegeben, dass wir noch eine Menge zu tun haben. Gleichzeitig kann er trotzdem sehr wertvoll sein, um gewisse Erkenntnisse mitzunehmen.\n<\/p>\n<\/div>\n","protected":false},"excerpt":{"rendered":"<p>FC Liefering gegen SV Wals-Gr\u00fcnau, 1:0 Spieltag Testspiel Datum 15. Juli 2025 Anpfiff 17 Uhr Aufstellung Tor Nikola Sarcevic Verteidigung Tobias Rohrmoser &#8211; Amel Avdic &#8211; Seong-bin Jung &#8211; Lassina Traore Mittelfeld Ilia Ivanschitz\u2013 Nikolas Freund&#8211; Jakob Zangerl&#8211; Marco Brandt Sturm Federico Crescenti&#8211; Alexander Murillo Wechsel Wechsel Jonas Winklhofer f\u00fcr Sarcevic (46.), David Mendes f\u00fcr [&hellip;]<\/p>\n","protected":false},"author":1,"featured_media":0,"parent":0,"menu_order":0,"comment_status":"closed","ping_status":"closed","template":"","meta":{"footnotes":""},"class_list":["post-3977","page","type-page","status-publish","hentry"],"_links":{"self":[{"href":"https:\/\/wiki.s12.at\/index.php\/wp-json\/wp\/v2\/pages\/3977","targetHints":{"allow":["GET"]}}],"collection":[{"href":"https:\/\/wiki.s12.at\/index.php\/wp-json\/wp\/v2\/pages"}],"about":[{"href":"https:\/\/wiki.s12.at\/index.php\/wp-json\/wp\/v2\/types\/page"}],"author":[{"embeddable":true,"href":"https:\/\/wiki.s12.at\/index.php\/wp-json\/wp\/v2\/users\/1"}],"replies":[{"embeddable":true,"href":"https:\/\/wiki.s12.at\/index.php\/wp-json\/wp\/v2\/comments?post=3977"}],"version-history":[{"count":0,"href":"https:\/\/wiki.s12.at\/index.php\/wp-json\/wp\/v2\/pages\/3977\/revisions"}],"wp:attachment":[{"href":"https:\/\/wiki.s12.at\/index.php\/wp-json\/wp\/v2\/media?parent=3977"}],"curies":[{"name":"wp","href":"https:\/\/api.w.org\/{rel}","templated":true}]}}