{"id":3925,"date":"2026-05-06T15:26:50","date_gmt":"2026-05-06T13:26:50","guid":{"rendered":"https:\/\/wiki.s12.at\/index.php\/fc-liefering-gegen-fc-wacker-innsbruck\/"},"modified":"2026-05-06T15:26:50","modified_gmt":"2026-05-06T13:26:50","slug":"fc-liefering-gegen-fc-wacker-innsbruck","status":"publish","type":"page","link":"https:\/\/wiki.s12.at\/index.php\/fc-liefering-gegen-fc-wacker-innsbruck\/","title":{"rendered":"FC Liefering gegen FC Wacker Innsbruck"},"content":{"rendered":"<div class=\"mw-parser-output\">\n<h3><span class=\"mw-headline\" id=\"Fakten\">Fakten<\/span><a href=\"\/index.php?title=FC_Liefering_gegen_FC_Wacker_Innsbruck&amp;action=edit&amp;section=1\" title=\"Abschnitt bearbeiten: Fakten\">Bearbeiten<\/a><span class=\"mw-editsection-bracket\">]<\/span><\/span><\/h3>\n<p><b>Testspiel, 1. Februar 2014, 15 Uhr<\/b><br \/>\n\n<\/p>\n<table class=\"wikitable\">\n<caption><big> <b>FC Liefering gegen FC Wacker Innsbruck, 1:3<\/b><\/big><br \/>\n<\/caption>\n<tbody>\n<tr>\n<td>Aufstellung:<\/td>\n<td><a href=\"\/Thomas_D%C3%A4hne\" title=\"Thomas D\u00e4hne\">Thomas D\u00e4hne <\/a>\n<\/td>\n<\/tr>\n<tr>\n<td><\/td>\n<td><a href=\"\/Stefan_Lainer\" title=\"Stefan Lainer\">Stefan Lainer<\/a> <a href=\"\/Rene_Aufhauser\" class=\"mw-redirect\" title=\"Rene Aufhauser\">Rene Aufhauser<\/a> <a href=\"\/Philipp_Wiesinger\" title=\"Philipp Wiesinger\">Philipp Wiesinger<\/a> <a href=\"\/Christos_Papadimitriou\" title=\"Christos Papadimitriou\">Christos Papadimitriou<\/a>\n<\/td>\n<\/tr>\n<tr>\n<td><\/td>\n<td><a href=\"\/Martin_Rasner\" title=\"Martin Rasner\">Martin Rasner<\/a> <a href=\"\/Ante_Roguljic\" class=\"mw-redirect\" title=\"Ante Roguljic\">Ante Roguljic<\/a> <a href=\"\/Nikola_Dovedan\" title=\"Nikola Dovedan\">Nikola Dovedan<\/a> <a href=\"\/Robert_V%C3%B6lkl\" title=\"Robert V\u00f6lkl\">Robert V\u00f6lkl<\/a> <a href=\"\/Sandro_Djuric\" title=\"Sandro Djuric\">Sandro Djuric<\/a>\n<\/td>\n<\/tr>\n<tr>\n<td><\/td>\n<td><a href=\"\/Nils_Quaschner\" title=\"Nils Quaschner\">Nils Quaschner<\/a>  <a href=\"\/Andreas_Bammer\" title=\"Andreas Bammer\">Andreas Bammer<\/a>\n<\/td>\n<\/tr>\n<tr>\n<td>Wechsel:<\/td>\n<td><a href=\"\/Manuel_Haas\" title=\"Manuel Haas\">Manuel Haas<\/a> f\u00fcr Papadimitriou, <a href=\"\/Michael_Brandner\" title=\"Michael Brandner\">Michael Brandner<\/a> f\u00fcr Rasner, <a href=\"\/Konrad_Laimer\" title=\"Konrad Laimer\">Konrad Laimer<\/a> f\u00fcr V\u00f6lkl, Sandro Djuric f\u00fcr V\u00f6lkl, <a href=\"\/Wolfgang_Mair\" title=\"Wolfgang Mair\">Wolfgang Mair<\/a> f\u00fcr Dovedan, <a href=\"\/Daniel_Ripic\" title=\"Daniel Ripic\">Daniel Ripic<\/a> f\u00fcr Bammer, <a href=\"\/Stefan_Savic\" title=\"Stefan Savic\">Stefan Savic<\/a> f\u00fcr Quaschner (alle 46.), <a href=\"\/Nikola_Dovedan\" title=\"Nikola Dovedan\">Nikola Dovedan<\/a> f\u00fcr Lainer (76.)\n<\/td>\n<\/tr>\n<tr>\n<td>Endstand:<\/td>\n<td>1:3 (0:0)\n<\/td>\n<\/tr>\n<tr>\n<td>Torsch\u00fctzen:<\/td>\n<td>Savic (63.); Wernitznig (46.), Milosevic (81.), Sch\u00fctz (89.)\n<\/td>\n<\/tr>\n<tr>\n<td>Gelbe Karten:<\/td>\n<td>\n<\/td>\n<\/tr>\n<tr>\n<td>Gelb-rote Karten:<\/td>\n<td>\n<\/td>\n<\/tr>\n<tr>\n<td>Rote Karten:<\/td>\n<td>\n<\/td>\n<\/tr>\n<tr>\n<td>Schiedsrichter:<\/td>\n<td>\n<\/td>\n<\/tr>\n<tr>\n<td>Stadion:<\/td>\n<td>Akademie Liefering\n<\/td>\n<\/tr>\n<tr>\n<td>Zuschauer:<\/td>\n<td>\n<\/td>\n<\/tr>\n<\/tbody>\n<\/table>\n<h2><span class=\"mw-headline\" id=\"Stimmen_zum_Spiel\">Stimmen zum Spiel<\/span><a href=\"\/index.php?title=FC_Liefering_gegen_FC_Wacker_Innsbruck&amp;action=edit&amp;section=2\" title=\"Abschnitt bearbeiten: Stimmen zum Spiel\">Bearbeiten<\/a><span class=\"mw-editsection-bracket\">]<\/span><\/span><\/h2>\n<p><b>Peter Zeidler:<\/b> \u201eWir haben heute \u00fcber weite Strecken eine vielversprechende Leistung gebracht und phasenweise sogar dominiert. Nat\u00fcrlich verliert man trotzdem nicht gerne. Wir sind noch nicht hundertprozentig dort, wo wir hingeh\u00f6ren, aber unser Weg stimmt. Jetzt machen wir nach einer anstrengenden Woche eineinhalb Tage frei, und werden dann im Trainingslager intensiv arbeiten.\u201c\n<\/p>\n<\/div>\n","protected":false},"excerpt":{"rendered":"<p>FaktenBearbeiten] Testspiel, 1. Februar 2014, 15 Uhr FC Liefering gegen FC Wacker Innsbruck, 1:3 Aufstellung: Thomas D\u00e4hne Stefan Lainer Rene Aufhauser Philipp Wiesinger Christos Papadimitriou Martin Rasner Ante Roguljic Nikola Dovedan Robert V\u00f6lkl Sandro Djuric Nils Quaschner Andreas Bammer Wechsel: Manuel Haas f\u00fcr Papadimitriou, Michael Brandner f\u00fcr Rasner, Konrad Laimer f\u00fcr V\u00f6lkl, Sandro Djuric f\u00fcr [&hellip;]<\/p>\n","protected":false},"author":1,"featured_media":0,"parent":0,"menu_order":0,"comment_status":"closed","ping_status":"closed","template":"","meta":{"footnotes":""},"class_list":["post-3925","page","type-page","status-publish","hentry"],"_links":{"self":[{"href":"https:\/\/wiki.s12.at\/index.php\/wp-json\/wp\/v2\/pages\/3925","targetHints":{"allow":["GET"]}}],"collection":[{"href":"https:\/\/wiki.s12.at\/index.php\/wp-json\/wp\/v2\/pages"}],"about":[{"href":"https:\/\/wiki.s12.at\/index.php\/wp-json\/wp\/v2\/types\/page"}],"author":[{"embeddable":true,"href":"https:\/\/wiki.s12.at\/index.php\/wp-json\/wp\/v2\/users\/1"}],"replies":[{"embeddable":true,"href":"https:\/\/wiki.s12.at\/index.php\/wp-json\/wp\/v2\/comments?post=3925"}],"version-history":[{"count":0,"href":"https:\/\/wiki.s12.at\/index.php\/wp-json\/wp\/v2\/pages\/3925\/revisions"}],"wp:attachment":[{"href":"https:\/\/wiki.s12.at\/index.php\/wp-json\/wp\/v2\/media?parent=3925"}],"curies":[{"name":"wp","href":"https:\/\/api.w.org\/{rel}","templated":true}]}}