{"id":3911,"date":"2026-05-06T15:26:43","date_gmt":"2026-05-06T13:26:43","guid":{"rendered":"https:\/\/wiki.s12.at\/index.php\/fc-liefering-gegen-fc-chelsea-u21\/"},"modified":"2026-05-06T15:26:43","modified_gmt":"2026-05-06T13:26:43","slug":"fc-liefering-gegen-fc-chelsea-u21","status":"publish","type":"page","link":"https:\/\/wiki.s12.at\/index.php\/fc-liefering-gegen-fc-chelsea-u21\/","title":{"rendered":"FC Liefering gegen FC Chelsea U21"},"content":{"rendered":"<div class=\"mw-parser-output\">\n<h2><span class=\"mw-headline\" id=\"Fakten\">Fakten<\/span><a href=\"\/index.php?title=FC_Liefering_gegen_FC_Chelsea_U21&amp;action=edit&amp;section=1\" title=\"Abschnitt bearbeiten: Fakten\">Bearbeiten<\/a><span class=\"mw-editsection-bracket\">]<\/span><\/span><\/h2>\n<table class=\"toptextcells toccolours\">\n<tbody>\n<tr>\n<th colspan=\"2\" style=\"text-align: center; vertical-align: top; padding: 0.3em 0.8em; font-size: 125%; background-color: lightsteelblue;\">FC Liefering gegen FC Chelsea U21, 3:3\n<\/th>\n<\/tr>\n<tr>\n<th style=\"text-align:left;\"><b>Spieltag<\/b>\n<\/th>\n<th style=\"text-align:left;\">Testspiel\n<\/th>\n<\/tr>\n<tr>\n<th style=\"text-align:left;\"><b>Datum<\/b>\n<\/th>\n<th style=\"text-align:left;\">29. Juli 2014\n<\/th>\n<\/tr>\n<tr>\n<th style=\"text-align:left;\"><b>Anpfiff<\/b>\n<\/th>\n<th style=\"text-align:left;\">18.30 Uhr\n<\/th>\n<\/tr>\n<tr>\n<td colspan=\"2\" style=\"text-align:center;\" bgcolor=\"lightgray\"><b>Aufstellung<\/b>\n<\/td>\n<\/tr>\n<tr>\n<th style=\"text-align:left;\"><b>Tor<\/b>\n<\/th>\n<th><a href=\"\/Michael_H%C3%B6fler\" title=\"Michael H\u00f6fler\">Michael H\u00f6fler<\/a>\n<\/th>\n<\/tr>\n<tr>\n<th style=\"text-align:left;\"><b>Verteidigung<\/b>\n<\/th>\n<th><a href=\"\/Stefan_Petrovic\" title=\"Stefan Petrovic\">Stefan Petrovic<\/a> <a href=\"\/Felix_Adjei\" title=\"Felix Adjei\">Felix Adjei<\/a>  <a href=\"\/Duje_Caleta-Car\" title=\"Duje Caleta-Car\">Duje Caleta-Car<\/a> <a href=\"\/Stefan_Peric\" title=\"Stefan Peric\">Stefan Peric<\/a>\n<\/th>\n<\/tr>\n<tr>\n<th style=\"text-align:left;\"><b>Mittelfeld<\/b>\n<\/th>\n<th><a href=\"\/Benno_Schmitz\" title=\"Benno Schmitz\">Benno Schmitz<\/a> <a href=\"\/Ante_Roguljic\" class=\"mw-redirect\" title=\"Ante Roguljic\">Ante Roguljic<\/a> <a href=\"\/David_Atanga\" title=\"David Atanga\">David Atanga<\/a>\n<\/th>\n<\/tr>\n<tr>\n<th style=\"text-align:left;\"><b>Sturm<\/b>\n<\/th>\n<th><a href=\"\/Felipe_Pires\" title=\"Felipe Pires\">Felipe Pires <\/a> <a href=\"\/Lucas_Venuto\" title=\"Lucas Venuto\">Lucas Venuto<\/a> <a href=\"\/Daniel_Ripic\" title=\"Daniel Ripic\">Daniel Ripic<\/a>\n<\/th>\n<\/tr>\n<tr>\n<td colspan=\"2\" style=\"text-align:center;\" bgcolor=\"lightgray\"><b>Wechsel<\/b>\n<\/td>\n<\/tr>\n<tr>\n<th style=\"text-align:left;\"><b>Wechsel<\/b>\n<\/th>\n<th style=\"text-align:left;\"><a href=\"\/Keith_Cardona\" title=\"Keith Cardona\">Keith Cardona<\/a> f\u00fcr H\u00f6fler (46.), <a href=\"\/Philipp_Wiesinger\" title=\"Philipp Wiesinger\">Philipp Wiesinger<\/a> f\u00fcr Caleta-Car (46.), <a href=\"\/Stefan_Savic\" title=\"Stefan Savic\">Stefan Savic<\/a> f\u00fcr Roguljic (46.), <a href=\"\/Nikola_Dovedan\" title=\"Nikola Dovedan\">Nikola Dovedan<\/a> f\u00fcr Venuto (46.), <br \/><a href=\"\/Manuel_Haas\" title=\"Manuel Haas\">Manuel Haas<\/a> f\u00fcr Adjei (58.), <a href=\"\/Adel_Halilovic\" title=\"Adel Halilovic\">Adel Halilovic<\/a> f\u00fcr Petrovic (58.), <a href=\"\/Mathias_Honsak\" title=\"Mathias Honsak\">Mathias Honsak<\/a> f\u00fcr Schmitz (58.), <a href=\"\/Marco_H%C3%B6dl\" title=\"Marco H\u00f6dl\">Marco H\u00f6dl<\/a> f\u00fcr Ripic (58.),<br \/> <a href=\"\/index.php?title=Leenon_Langui-Koffi&amp;action=edit&amp;redlink=1\" class=\"new\" title=\"Leenon Langui-Koffi (Seite nicht vorhanden)\">Leenon Langui-Koffi<\/a> f\u00fcr Pires (58.), <a href=\"\/Duje_Caleta-Car\" title=\"Duje Caleta-Car\">Duje Caleta-Car<\/a> f\u00fcr Peric (79.)\n<\/th>\n<\/tr>\n<tr>\n<td colspan=\"2\" style=\"text-align:center;\" bgcolor=\"lightgray\"><b>Statistik<\/b>\n<\/td>\n<\/tr>\n<tr>\n<th style=\"text-align:left;\"><b>Endstand<\/b>\n<\/th>\n<th style=\"text-align:left;\">3:3 (1:2)\n<\/th>\n<\/tr>\n<tr>\n<th style=\"text-align:left;\"><b>Torsch\u00fctzen<\/b>\n<\/th>\n<th style=\"text-align:left;\">Roguljic (13.), Dovedan (47., 56.); Musonda (1.), Kiwomya (17.), Palmer (64.)\n<\/th>\n<\/tr>\n<tr>\n<th style=\"text-align:left;\"><b>Gelbe Karten<\/b>\n<\/th>\n<th style=\"text-align:left;\">\n<\/th>\n<\/tr>\n<tr>\n<th style=\"text-align:left;\"><b>Rote Karten<\/b>\n<\/th>\n<th style=\"text-align:left;\">\n<\/th>\n<\/tr>\n<tr>\n<th style=\"text-align:left;\"><b>Schiedsrichter<\/b>\n<\/th>\n<th style=\"text-align:left;\">Christopher J\u00e4ger\n<\/th>\n<\/tr>\n<tr>\n<th style=\"text-align:left;\"><b>Stadion<\/b>\n<\/th>\n<th style=\"text-align:left;\">Akademie Liefering\n<\/th>\n<\/tr>\n<tr>\n<th style=\"text-align:left;\"><b>Zuschauer<\/b>\n<\/th>\n<th style=\"text-align:left;\">412\n<\/th>\n<\/tr>\n<\/tbody>\n<\/table>\n<h2><span class=\"mw-headline\" id=\"Weblinks\">Weblinks<\/span><a href=\"\/index.php?title=FC_Liefering_gegen_FC_Chelsea_U21&amp;action=edit&amp;section=2\" title=\"Abschnitt bearbeiten: Weblinks\">Bearbeiten<\/a><span class=\"mw-editsection-bracket\">]<\/span><\/span><\/h2>\n<p><a rel=\"nofollow\" class=\"external text\" href=\"http:\/\/www.redbulls.com\/de\/fc-liefering\/news\/saison_2014_15\/gelungener-test-gegen-chelsea-u21.html\">Spielbericht Vereinshomepage<\/a>\n<\/p>\n<h2><span class=\"mw-headline\" id=\"Stimmen_zum_Spiel\">Stimmen zum Spiel<\/span><a href=\"\/index.php?title=FC_Liefering_gegen_FC_Chelsea_U21&amp;action=edit&amp;section=3\" title=\"Abschnitt bearbeiten: Stimmen zum Spiel\">Bearbeiten<\/a><span class=\"mw-editsection-bracket\">]<\/span><\/span><\/h2>\n<p><b>Peter Zeidler:<\/b> &#8222;Es war ein sehr interessantes und intensives Testspiel f\u00fcr uns. Es ist toll, wenn man hin und wieder Spiele gegen solche Gegner absolvieren kann. Ich bin mit der Leistung aller Spieler sehr zufrieden. Jetzt gilt der Fokus aber bereits wieder der Partie am Freitag gegen Lustenau.&#8220;\n<\/p>\n<\/div>\n","protected":false},"excerpt":{"rendered":"<p>FaktenBearbeiten] FC Liefering gegen FC Chelsea U21, 3:3 Spieltag Testspiel Datum 29. Juli 2014 Anpfiff 18.30 Uhr Aufstellung Tor Michael H\u00f6fler Verteidigung Stefan Petrovic Felix Adjei Duje Caleta-Car Stefan Peric Mittelfeld Benno Schmitz Ante Roguljic David Atanga Sturm Felipe Pires Lucas Venuto Daniel Ripic Wechsel Wechsel Keith Cardona f\u00fcr H\u00f6fler (46.), Philipp Wiesinger f\u00fcr Caleta-Car [&hellip;]<\/p>\n","protected":false},"author":1,"featured_media":0,"parent":0,"menu_order":0,"comment_status":"closed","ping_status":"closed","template":"","meta":{"footnotes":""},"class_list":["post-3911","page","type-page","status-publish","hentry"],"_links":{"self":[{"href":"https:\/\/wiki.s12.at\/index.php\/wp-json\/wp\/v2\/pages\/3911","targetHints":{"allow":["GET"]}}],"collection":[{"href":"https:\/\/wiki.s12.at\/index.php\/wp-json\/wp\/v2\/pages"}],"about":[{"href":"https:\/\/wiki.s12.at\/index.php\/wp-json\/wp\/v2\/types\/page"}],"author":[{"embeddable":true,"href":"https:\/\/wiki.s12.at\/index.php\/wp-json\/wp\/v2\/users\/1"}],"replies":[{"embeddable":true,"href":"https:\/\/wiki.s12.at\/index.php\/wp-json\/wp\/v2\/comments?post=3911"}],"version-history":[{"count":0,"href":"https:\/\/wiki.s12.at\/index.php\/wp-json\/wp\/v2\/pages\/3911\/revisions"}],"wp:attachment":[{"href":"https:\/\/wiki.s12.at\/index.php\/wp-json\/wp\/v2\/media?parent=3911"}],"curies":[{"name":"wp","href":"https:\/\/api.w.org\/{rel}","templated":true}]}}