{"id":3850,"date":"2026-05-06T15:25:18","date_gmt":"2026-05-06T13:25:18","guid":{"rendered":"https:\/\/wiki.s12.at\/index.php\/fc-feldkirch-gegen-red-bull-juniors\/"},"modified":"2026-05-06T15:25:18","modified_gmt":"2026-05-06T13:25:18","slug":"fc-feldkirch-gegen-red-bull-juniors","status":"publish","type":"page","link":"https:\/\/wiki.s12.at\/index.php\/fc-feldkirch-gegen-red-bull-juniors\/","title":{"rendered":"FC Feldkirch gegen Red Bull Juniors"},"content":{"rendered":"<div class=\"mw-parser-output\">\n<p><b>Regionalliga West -&#160;?. Spieltag, 3. Juni 2006, 17 Uhr<br \/><\/b><br \/>\n\n<\/p>\n<table class=\"wikitable\">\n<caption><b><big>FC Feldkirch gegen Red Bull Juniors, 0:4<\/big><\/b><br \/>\n<\/caption>\n<tbody>\n<tr>\n<td>Aufstellung:<\/td>\n<td><a href=\"\/Martin_Eisl\" title=\"Martin Eisl\">Martin Eisl<\/a> <a href=\"\/Johann_Eder\" title=\"Johann Eder\">Johann Eder<\/a> <a href=\"\/Maximilian_Karner\" title=\"Maximilian Karner\">Maximilian Karner<\/a> <a href=\"\/Adolf_H%C3%BCtter\" title=\"Adolf H\u00fctter\">Adolf H\u00fctter<\/a>  <a href=\"\/Michael_Obermair\" title=\"Michael Obermair\">Michael Obermair<\/a> <a href=\"\/Pa_Ousman_Sonko\" title=\"Pa Ousman Sonko\">Pa Ousman Sonko<\/a> <a href=\"\/Ingo_Enzenberger\" title=\"Ingo Enzenberger\">Ingo Enzenberger<\/a>  <a href=\"\/Stefan_Ilsanker\" title=\"Stefan Ilsanker\">Stefan Ilsanker <\/a> <a href=\"\/Erwin_Keil\" title=\"Erwin Keil\">Erwin Keil<\/a> <a href=\"\/Richard_Kitzbichler\" title=\"Richard Kitzbichler\">Richard Kitzbichler<\/a> <a href=\"\/Peter_Orosz\" title=\"Peter Orosz\">Peter Orosz<\/a>\n<\/td>\n<\/tr>\n<tr>\n<td>Wechsel:<\/td>\n<td><a href=\"\/Cem_Emem\" title=\"Cem Emem\">Cem Emem<\/a> f\u00fcr Keil (62.), <a href=\"\/Dominik_Borozni\" title=\"Dominik Borozni\">Dominik Borozni<\/a> f\u00fcr Obermair (89.), <a href=\"\/Georg_Seidl\" title=\"Georg Seidl\">Georg Seidl<\/a> f\u00fcr Enzenberger (90.)\n<\/td>\n<\/tr>\n<tr>\n<td>Endstand:<\/td>\n<td>0:4 (0:2)\n<\/td>\n<\/tr>\n<tr>\n<td>Torsch\u00fctzen:<\/td>\n<td>\n<\/td>\n<\/tr>\n<tr>\n<td>Gelbe Karten:<\/td>\n<td>Barandun (34.), Z\u00f6hrer (86.); Eder (21.), Ilsanker (70.), Kitzbichler (83.)\n<\/td>\n<\/tr>\n<tr>\n<td>Gelb-rote Karten:<\/td>\n<td>\n<\/td>\n<\/tr>\n<tr>\n<td>Rote Karten:<\/td>\n<td>\n<\/td>\n<\/tr>\n<tr>\n<td>Schiedsrichter:<\/td>\n<td>Okay \u00d6zuyer\n<\/td>\n<\/tr>\n<tr>\n<td>Stadion:<\/td>\n<td>Feldkirch\n<\/td>\n<\/tr>\n<tr>\n<td>Zuschauer:<\/td>\n<td>\n<\/td>\n<\/tr>\n<\/tbody>\n<\/table>\n<\/div>\n","protected":false},"excerpt":{"rendered":"<p>Regionalliga West -&#160;?. Spieltag, 3. Juni 2006, 17 Uhr FC Feldkirch gegen Red Bull Juniors, 0:4 Aufstellung: Martin Eisl Johann Eder Maximilian Karner Adolf H\u00fctter Michael Obermair Pa Ousman Sonko Ingo Enzenberger Stefan Ilsanker Erwin Keil Richard Kitzbichler Peter Orosz Wechsel: Cem Emem f\u00fcr Keil (62.), Dominik Borozni f\u00fcr Obermair (89.), Georg Seidl f\u00fcr Enzenberger [&hellip;]<\/p>\n","protected":false},"author":1,"featured_media":0,"parent":0,"menu_order":0,"comment_status":"closed","ping_status":"closed","template":"","meta":{"footnotes":""},"class_list":["post-3850","page","type-page","status-publish","hentry"],"_links":{"self":[{"href":"https:\/\/wiki.s12.at\/index.php\/wp-json\/wp\/v2\/pages\/3850","targetHints":{"allow":["GET"]}}],"collection":[{"href":"https:\/\/wiki.s12.at\/index.php\/wp-json\/wp\/v2\/pages"}],"about":[{"href":"https:\/\/wiki.s12.at\/index.php\/wp-json\/wp\/v2\/types\/page"}],"author":[{"embeddable":true,"href":"https:\/\/wiki.s12.at\/index.php\/wp-json\/wp\/v2\/users\/1"}],"replies":[{"embeddable":true,"href":"https:\/\/wiki.s12.at\/index.php\/wp-json\/wp\/v2\/comments?post=3850"}],"version-history":[{"count":0,"href":"https:\/\/wiki.s12.at\/index.php\/wp-json\/wp\/v2\/pages\/3850\/revisions"}],"wp:attachment":[{"href":"https:\/\/wiki.s12.at\/index.php\/wp-json\/wp\/v2\/media?parent=3850"}],"curies":[{"name":"wp","href":"https:\/\/api.w.org\/{rel}","templated":true}]}}