{"id":3716,"date":"2026-05-06T15:23:13","date_gmt":"2026-05-06T13:23:13","guid":{"rendered":"https:\/\/wiki.s12.at\/index.php\/enrique-aguilar\/"},"modified":"2026-05-06T15:23:13","modified_gmt":"2026-05-06T13:23:13","slug":"enrique-aguilar","status":"publish","type":"page","link":"https:\/\/wiki.s12.at\/index.php\/enrique-aguilar\/","title":{"rendered":"Enrique Aguilar"},"content":{"rendered":"<div class=\"mw-parser-output\">\n<div class=\"thumb tright\">\n<div class=\"thumbinner\" style=\"width:302px;\"><a href=\"\/Datei:FC_Liefering_gegen_SV_Ried_(2025-03-09_Zweite_Liga)_46.jpg\" class=\"image\"><img fetchpriority=\"high\" alt=\"FC Liefering gegen SV Ried (2025-03-09 Zweite Liga) 46.jpg\" src=\"\/images\/thumb\/c\/ca\/FC_Liefering_gegen_SV_Ried_%282025-03-09_Zweite_Liga%29_46.jpg\/330px-FC_Liefering_gegen_SV_Ried_%282025-03-09_Zweite_Liga%29_46.jpg%3Futm_source%3Dcommons.wikimedia.org%26utm_campaign%3Dimageinfo%26utm_content%3Dthumbnail\" decoding=\"async\" width=\"300\" height=\"299\" class=\"thumbimage\" srcset=\"\/images\/thumb\/c\/ca\/FC_Liefering_gegen_SV_Ried_%282025-03-09_Zweite_Liga%29_46.jpg\/500px-FC_Liefering_gegen_SV_Ried_%282025-03-09_Zweite_Liga%29_46.jpg%3Futm_source%3Dcommons.wikimedia.org%26utm_campaign%3Dimageinfo%26utm_content%3Dthumbnail 1.5x, \/images\/thumb\/c\/ca\/FC_Liefering_gegen_SV_Ried_%282025-03-09_Zweite_Liga%29_46.jpg\/960px-FC_Liefering_gegen_SV_Ried_%282025-03-09_Zweite_Liga%29_46.jpg%3Futm_source%3Dcommons.wikimedia.org%26utm_campaign%3Dimageinfo%26utm_content%3Dthumbnail 2x\" \/><\/a>  <\/p>\n<div class=\"thumbcaption\">\n<div class=\"magnify\"><a href=\"\/Datei:FC_Liefering_gegen_SV_Ried_(2025-03-09_Zweite_Liga)_46.jpg\" class=\"internal\" title=\"vergr\u00f6\u00dfern\"><\/a><\/div>\n<\/div>\n<\/div>\n<\/div>\n<ul>\n<li>Name: <b>Enrique Aguilar<\/b><\/li>\n<li>Geburtstag:  27. J\u00e4nner 2007<\/li>\n<li>Geburtsort:<\/li>\n<li>Geburtsland: Schweiz<\/li>\n<li>Nationalit\u00e4t:Schweizer<\/li>\n<li>Gr\u00f6\u00dfe:183 cm<\/li>\n<li>Position: St\u00fcrmer<\/li>\n<li>Nationalmannschaft: Schweiz U 16, U17<\/li>\n<\/ul>\n<h2><span class=\"mw-headline\" id=\"Stationen\">Stationen<\/span><a href=\"\/index.php?title=Enrique_Aguilar&amp;action=edit&amp;section=1\" title=\"Abschnitt bearbeiten: Stationen\">Bearbeiten<\/a><span class=\"mw-editsection-bracket\">]<\/span><\/span><\/h2>\n<ul>\n<li>FC Basel (Jugend)<\/li>\n<li>FC Basel (U16)<\/li>\n<li>Red Bull Salzburg (AKA U18)<\/li>\n<li>FC Liefering<\/li>\n<\/ul>\n<\/div>\n","protected":false},"excerpt":{"rendered":"<p>Name: Enrique Aguilar Geburtstag: 27. J\u00e4nner 2007 Geburtsort: Geburtsland: Schweiz Nationalit\u00e4t:Schweizer Gr\u00f6\u00dfe:183 cm Position: St\u00fcrmer Nationalmannschaft: Schweiz U 16, U17 StationenBearbeiten] FC Basel (Jugend) FC Basel (U16) Red Bull Salzburg (AKA U18) FC Liefering<\/p>\n","protected":false},"author":1,"featured_media":0,"parent":0,"menu_order":0,"comment_status":"closed","ping_status":"closed","template":"","meta":{"footnotes":""},"class_list":["post-3716","page","type-page","status-publish","hentry"],"_links":{"self":[{"href":"https:\/\/wiki.s12.at\/index.php\/wp-json\/wp\/v2\/pages\/3716","targetHints":{"allow":["GET"]}}],"collection":[{"href":"https:\/\/wiki.s12.at\/index.php\/wp-json\/wp\/v2\/pages"}],"about":[{"href":"https:\/\/wiki.s12.at\/index.php\/wp-json\/wp\/v2\/types\/page"}],"author":[{"embeddable":true,"href":"https:\/\/wiki.s12.at\/index.php\/wp-json\/wp\/v2\/users\/1"}],"replies":[{"embeddable":true,"href":"https:\/\/wiki.s12.at\/index.php\/wp-json\/wp\/v2\/comments?post=3716"}],"version-history":[{"count":0,"href":"https:\/\/wiki.s12.at\/index.php\/wp-json\/wp\/v2\/pages\/3716\/revisions"}],"wp:attachment":[{"href":"https:\/\/wiki.s12.at\/index.php\/wp-json\/wp\/v2\/media?parent=3716"}],"curies":[{"name":"wp","href":"https:\/\/api.w.org\/{rel}","templated":true}]}}