{"id":3704,"date":"2026-05-06T15:23:05","date_gmt":"2026-05-06T13:23:05","guid":{"rendered":"https:\/\/wiki.s12.at\/index.php\/elias-havel\/"},"modified":"2026-05-06T15:23:05","modified_gmt":"2026-05-06T13:23:05","slug":"elias-havel","status":"publish","type":"page","link":"https:\/\/wiki.s12.at\/index.php\/elias-havel\/","title":{"rendered":"Elias Havel"},"content":{"rendered":"<div class=\"mw-parser-output\">\n<div class=\"thumb tright\">\n<div class=\"thumbinner\" style=\"width:302px;\"><a href=\"\/Datei:FC_Liefering_gegen_SKN_St._P%C3%B6lten_(30._Juli_2021)_55.jpg\" class=\"image\"><img fetchpriority=\"high\" alt=\"FC Liefering gegen SKN St. P\u00f6lten (30. Juli 2021) 55.jpg\" src=\"\/images\/thumb\/b\/b2\/FC_Liefering_gegen_SKN_St._P%C3%B6lten_%2830._Juli_2021%29_55.jpg\/330px-FC_Liefering_gegen_SKN_St._P%C3%B6lten_%2830._Juli_2021%29_55.jpg%3Futm_source%3Dcommons.wikimedia.org%26utm_campaign%3Dimageinfo%26utm_content%3Dthumbnail\" decoding=\"async\" width=\"300\" height=\"277\" class=\"thumbimage\" srcset=\"\/images\/thumb\/b\/b2\/FC_Liefering_gegen_SKN_St._P%C3%B6lten_%2830._Juli_2021%29_55.jpg\/500px-FC_Liefering_gegen_SKN_St._P%C3%B6lten_%2830._Juli_2021%29_55.jpg%3Futm_source%3Dcommons.wikimedia.org%26utm_campaign%3Dimageinfo%26utm_content%3Dthumbnail 1.5x, \/images\/thumb\/b\/b2\/FC_Liefering_gegen_SKN_St._P%C3%B6lten_%2830._Juli_2021%29_55.jpg\/960px-FC_Liefering_gegen_SKN_St._P%C3%B6lten_%2830._Juli_2021%29_55.jpg%3Futm_source%3Dcommons.wikimedia.org%26utm_campaign%3Dimageinfo%26utm_content%3Dthumbnail 2x\" \/><\/a>  <\/p>\n<div class=\"thumbcaption\">\n<div class=\"magnify\"><a href=\"\/Datei:FC_Liefering_gegen_SKN_St._P%C3%B6lten_(30._Juli_2021)_55.jpg\" class=\"internal\" title=\"vergr\u00f6\u00dfern\"><\/a><\/div>\n<\/div>\n<\/div>\n<\/div>\n<ul>\n<li>Name: <b>Elias Havel<\/b><\/li>\n<li>Geburtstag: 16. April 2003<\/li>\n<li>Geburtsort:<\/li>\n<li>Geburtsland: \u00d6sterreich<\/li>\n<li>Gr\u00f6\u00dfe: 176 cm<\/li>\n<li>Position: Sturm<\/li>\n<\/ul>\n<h2><span class=\"mw-headline\" id=\"Nationalmannschaft\">Nationalmannschaft<\/span><a href=\"\/index.php?title=Elias_Havel&amp;action=edit&amp;section=1\" title=\"Abschnitt bearbeiten: Nationalmannschaft\">Bearbeiten<\/a><span class=\"mw-editsection-bracket\">]<\/span><\/span><\/h2>\n<ul>\n<li>\u00d6sterreich (U15, U17)<\/li>\n<\/ul>\n<h2><span class=\"mw-headline\" id=\"Stationen\">Stationen<\/span><a href=\"\/index.php?title=Elias_Havel&amp;action=edit&amp;section=2\" title=\"Abschnitt bearbeiten: Stationen\">Bearbeiten<\/a><span class=\"mw-editsection-bracket\">]<\/span><\/span><\/h2>\n<ul>\n<li>Jugend:SC Simmering, Vienna, FK Austria Wien<\/li>\n<li>FC Red Bull Salzburg Jugend<\/li>\n<li>Akademie RB Salzburg<\/li>\n<li>FC Liefering<\/li>\n<li>LASK<\/li>\n<li>TSV Hartberg (Leihe)<\/li>\n<\/ul>\n<h2><span class=\"mw-headline\" id=\"Bilder\">Bilder<\/span><a href=\"\/index.php?title=Elias_Havel&amp;action=edit&amp;section=3\" title=\"Abschnitt bearbeiten: Bilder\">Bearbeiten<\/a><span class=\"mw-editsection-bracket\">]<\/span><\/span><\/h2>\n<p><img alt=\"\" src=\"\/images\/thumb\/4\/4a\/Commons-logo.svg\/langde-20px-Commons-logo.svg.png%3Futm_source%3Dcommons.wikimedia.org%26utm_campaign%3Dimageinfo%26utm_content%3Dthumbnail\" decoding=\"async\" title=\"Commons\" width=\"12\" height=\"16\" srcset=\"\/images\/thumb\/4\/4a\/Commons-logo.svg\/langde-40px-Commons-logo.svg.png%3Futm_source%3Dcommons.wikimedia.org%26utm_campaign%3Dimageinfo%26utm_content%3Dthumbnail 2x\" \/>&#160;<b><a href=\"http:\/\/commons.wikimedia.org\/wiki\/Category:Elias_Havel\" class=\"extiw\" title=\"commons:Category:Elias Havel\">Elias Havel<\/a><\/b>&#160;\u2013 Sammlung von Bildern, Videos und Audiodateien auf <a href=\"\/Wikimedia_Commons\" title=\"Wikimedia Commons\">Wikimedia Commons<\/a>\n<\/p>\n<\/div>\n","protected":false},"excerpt":{"rendered":"<p>Name: Elias Havel Geburtstag: 16. April 2003 Geburtsort: Geburtsland: \u00d6sterreich Gr\u00f6\u00dfe: 176 cm Position: Sturm NationalmannschaftBearbeiten] \u00d6sterreich (U15, U17) StationenBearbeiten] Jugend:SC Simmering, Vienna, FK Austria Wien FC Red Bull Salzburg Jugend Akademie RB Salzburg FC Liefering LASK TSV Hartberg (Leihe) BilderBearbeiten] &#160;Elias Havel&#160;\u2013 Sammlung von Bildern, Videos und Audiodateien auf Wikimedia Commons<\/p>\n","protected":false},"author":1,"featured_media":0,"parent":0,"menu_order":0,"comment_status":"closed","ping_status":"closed","template":"","meta":{"footnotes":""},"class_list":["post-3704","page","type-page","status-publish","hentry"],"_links":{"self":[{"href":"https:\/\/wiki.s12.at\/index.php\/wp-json\/wp\/v2\/pages\/3704","targetHints":{"allow":["GET"]}}],"collection":[{"href":"https:\/\/wiki.s12.at\/index.php\/wp-json\/wp\/v2\/pages"}],"about":[{"href":"https:\/\/wiki.s12.at\/index.php\/wp-json\/wp\/v2\/types\/page"}],"author":[{"embeddable":true,"href":"https:\/\/wiki.s12.at\/index.php\/wp-json\/wp\/v2\/users\/1"}],"replies":[{"embeddable":true,"href":"https:\/\/wiki.s12.at\/index.php\/wp-json\/wp\/v2\/comments?post=3704"}],"version-history":[{"count":0,"href":"https:\/\/wiki.s12.at\/index.php\/wp-json\/wp\/v2\/pages\/3704\/revisions"}],"wp:attachment":[{"href":"https:\/\/wiki.s12.at\/index.php\/wp-json\/wp\/v2\/media?parent=3704"}],"curies":[{"name":"wp","href":"https:\/\/api.w.org\/{rel}","templated":true}]}}