{"id":3699,"date":"2026-05-06T15:23:03","date_gmt":"2026-05-06T13:23:03","guid":{"rendered":"https:\/\/wiki.s12.at\/index.php\/eintracht-frankfurt-gegen-fc-salzburg\/"},"modified":"2026-05-06T15:23:03","modified_gmt":"2026-05-06T13:23:03","slug":"eintracht-frankfurt-gegen-fc-salzburg","status":"publish","type":"page","link":"https:\/\/wiki.s12.at\/index.php\/eintracht-frankfurt-gegen-fc-salzburg\/","title":{"rendered":"Eintracht Frankfurt gegen FC Salzburg"},"content":{"rendered":"<div class=\"mw-parser-output\">\n<h2><span class=\"mw-headline\" id=\"Fakten\">Fakten<\/span><a href=\"\/index.php?title=Eintracht_Frankfurt_gegen_FC_Salzburg&amp;action=edit&amp;section=1\" title=\"Abschnitt bearbeiten: Fakten\">Bearbeiten<\/a><span class=\"mw-editsection-bracket\">]<\/span><\/span><\/h2>\n<table class=\"toptextcells toccolours\">\n<tbody>\n<tr>\n<th colspan=\"2\" style=\"text-align: center; vertical-align: top; padding: 0.3em 0.8em; font-size: 125%; background-color: lightsteelblue;\">Eintracht Frankfurt gegen FC Salzburg, 4:1\n<\/th>\n<\/tr>\n<tr>\n<th style=\"text-align:left;\"><b>Spieltag<\/b>\n<\/th>\n<th style=\"text-align:left;\">UEFA Euro-League, Sechzehntelfinale Hinspiel\n<\/th>\n<\/tr>\n<tr>\n<th style=\"text-align:left;\"><b>Datum<\/b>\n<\/th>\n<th style=\"text-align:left;\">20. Februar 2020\n<\/th>\n<\/tr>\n<tr>\n<th style=\"text-align:left;\"><b>Anpfiff<\/b>\n<\/th>\n<th style=\"text-align:left;\">18.55 Uhr\n<\/th>\n<\/tr>\n<tr>\n<td colspan=\"2\" style=\"text-align:center;\" bgcolor=\"lightgray\"><b>Aufstellung<\/b>\n<\/td>\n<\/tr>\n<tr>\n<th style=\"text-align:left;\"><b>Tor<\/b>\n<\/th>\n<th><a href=\"\/Cican_Stankovic\" title=\"Cican Stankovic\">Cican Stankovic<\/a>\n<\/th>\n<\/tr>\n<tr>\n<th style=\"text-align:left;\"><b>Verteidigung<\/b>\n<\/th>\n<th><a href=\"\/Patrick_Farkas\" title=\"Patrick Farkas\">Patrick Farkas<\/a> &#8211; <a href=\"\/Jerome_Onguene\" title=\"Jerome Onguene\">Jerome Onguene<\/a> &#8211; <a href=\"\/Maximilian_W%C3%B6ber\" title=\"Maximilian W\u00f6ber\">Maximilian W\u00f6ber<\/a> &#8211; <a href=\"\/Andreas_Ulmer\" title=\"Andreas Ulmer\">Andreas Ulmer<\/a>\n<\/th>\n<\/tr>\n<tr>\n<th style=\"text-align:left;\"><b>Mittelfeld<\/b>\n<\/th>\n<th><a href=\"\/Enock_Mwepu\" title=\"Enock Mwepu\">Enock Mwepu <\/a> &#8211; <a href=\"\/Zlatko_Junuzovic\" title=\"Zlatko Junuzovic\">Zlatko Junuzovic<\/a> &#8211; <a href=\"\/Masaya_Okugawa\" title=\"Masaya Okugawa\">Masaya Okugawa<\/a> &#8211; <a href=\"\/Dominik_Szoboszlai\" title=\"Dominik Szoboszlai\">Dominik Szoboszlai<\/a>\n<\/th>\n<\/tr>\n<tr>\n<th style=\"text-align:left;\"><b>Sturm<\/b>\n<\/th>\n<th><a href=\"\/Hee-Chan_Hwang\" title=\"Hee-Chan Hwang\">Hee-Chan Hwang<\/a> &#8211; <a href=\"\/Patson_Daka\" title=\"Patson Daka\">Patson Daka<\/a>\n<\/th>\n<\/tr>\n<tr>\n<td colspan=\"2\" style=\"text-align:center;\" bgcolor=\"lightgray\"><b>Wechsel<\/b>\n<\/td>\n<\/tr>\n<tr>\n<th style=\"text-align:left;\"><b>Wechsel<\/b>\n<\/th>\n<th style=\"text-align:left;\"><a href=\"\/Karim_Adeyemi\" title=\"Karim Adeyemi\">Karim Adeyemi<\/a> f\u00fcr Daka (46.), <a href=\"\/Sekou_Koita\" title=\"Sekou Koita\">Sekou Koita<\/a> f\u00fcr Okugawa (46.), <a href=\"\/Mohamed_Camara\" title=\"Mohamed Camara\">Mohamed Camara<\/a> f\u00fcr Szoboszlai (71.)\n<\/th>\n<\/tr>\n<tr>\n<td colspan=\"2\" style=\"text-align:center;\" bgcolor=\"lightgray\"><b>Statistik<\/b>\n<\/td>\n<\/tr>\n<tr>\n<th style=\"text-align:left;\"><b>Endstand<\/b>\n<\/th>\n<th style=\"text-align:left;\">4:1 (2:0)\n<\/th>\n<\/tr>\n<tr>\n<th style=\"text-align:left;\"><b>Torsch\u00fctzen<\/b>\n<\/th>\n<th style=\"text-align:left;\">Kamada (12., 43., 53.), Kostic (56.);  Hwang (85., E.)\n<\/th>\n<\/tr>\n<tr>\n<th style=\"text-align:left;\"><b>Gelbe Karten<\/b>\n<\/th>\n<th style=\"text-align:left;\">Adeyemi (54.)\n<\/th>\n<\/tr>\n<tr>\n<th style=\"text-align:left;\"><b>Rote Karten<\/b>\n<\/th>\n<th style=\"text-align:left;\">\n<\/th>\n<\/tr>\n<tr>\n<th style=\"text-align:left;\"><b>Schiedsrichter<\/b>\n<\/th>\n<th style=\"text-align:left;\">Ali Palab\u0131y\u0131k (TUR)\n<\/th>\n<\/tr>\n<tr>\n<th style=\"text-align:left;\"><b>Stadion<\/b>\n<\/th>\n<th style=\"text-align:left;\">Commerzbankrena\n<\/th>\n<\/tr>\n<tr>\n<th style=\"text-align:left;\"><b>Zuschauer<\/b>\n<\/th>\n<th style=\"text-align:left;\">47 000\n<\/th>\n<\/tr>\n<\/tbody>\n<\/table>\n<h2><span class=\"mw-headline\" id=\"Weblinks\">Weblinks<\/span><a href=\"\/index.php?title=Eintracht_Frankfurt_gegen_FC_Salzburg&amp;action=edit&amp;section=2\" title=\"Abschnitt bearbeiten: Weblinks\">Bearbeiten<\/a><span class=\"mw-editsection-bracket\">]<\/span><\/span><\/h2>\n<ul>\n<li><a rel=\"nofollow\" class=\"external text\" href=\"https:\/\/www.redbullsalzburg.at\/de\/fc-red-bull-salzburg\/news\/saison_2019_20\/auweia.html\">Spielbericht Vereinshomepage<\/a><\/li>\n<\/ul>\n<h2><span class=\"mw-headline\" id=\"Stimmen_zum_Spiel\">Stimmen zum Spiel<\/span><a href=\"\/index.php?title=Eintracht_Frankfurt_gegen_FC_Salzburg&amp;action=edit&amp;section=3\" title=\"Abschnitt bearbeiten: Stimmen zum Spiel\">Bearbeiten<\/a><span class=\"mw-editsection-bracket\">]<\/span><\/span><\/h2>\n<ul>\n<li><b>Jesse Marsch:<\/b> Wir haben unseren Matchplan nicht gut umgesetzt. Ich muss auch \u00fcberlegen, was ich besser machen kann. Ich bin auch mit mir selbst nicht zufrieden. Im R\u00fcckspiel m\u00fcssen wir mutiger sein.<\/li>\n<\/ul>\n<ul>\n<li><b>Adi H\u00fctter:<\/b> Es war eine Leistung, bei der mir phasenweise warm ums Herz geworden ist. Wir waren geschlossen \u00fcberzeugend. Auch Salzburg war nicht ungew\u00f6hnlich schwach. Wir waren einfach von der ersten Minute da, und das mussten wir auch, weil Salzburg nie zu spielen aufh\u00f6rt und bis zur letzten Minute angreift.<\/li>\n<\/ul>\n<\/div>\n","protected":false},"excerpt":{"rendered":"<p>FaktenBearbeiten] Eintracht Frankfurt gegen FC Salzburg, 4:1 Spieltag UEFA Euro-League, Sechzehntelfinale Hinspiel Datum 20. Februar 2020 Anpfiff 18.55 Uhr Aufstellung Tor Cican Stankovic Verteidigung Patrick Farkas &#8211; Jerome Onguene &#8211; Maximilian W\u00f6ber &#8211; Andreas Ulmer Mittelfeld Enock Mwepu &#8211; Zlatko Junuzovic &#8211; Masaya Okugawa &#8211; Dominik Szoboszlai Sturm Hee-Chan Hwang &#8211; Patson Daka Wechsel Wechsel [&hellip;]<\/p>\n","protected":false},"author":1,"featured_media":0,"parent":0,"menu_order":0,"comment_status":"closed","ping_status":"closed","template":"","meta":{"footnotes":""},"class_list":["post-3699","page","type-page","status-publish","hentry"],"_links":{"self":[{"href":"https:\/\/wiki.s12.at\/index.php\/wp-json\/wp\/v2\/pages\/3699","targetHints":{"allow":["GET"]}}],"collection":[{"href":"https:\/\/wiki.s12.at\/index.php\/wp-json\/wp\/v2\/pages"}],"about":[{"href":"https:\/\/wiki.s12.at\/index.php\/wp-json\/wp\/v2\/types\/page"}],"author":[{"embeddable":true,"href":"https:\/\/wiki.s12.at\/index.php\/wp-json\/wp\/v2\/users\/1"}],"replies":[{"embeddable":true,"href":"https:\/\/wiki.s12.at\/index.php\/wp-json\/wp\/v2\/comments?post=3699"}],"version-history":[{"count":0,"href":"https:\/\/wiki.s12.at\/index.php\/wp-json\/wp\/v2\/pages\/3699\/revisions"}],"wp:attachment":[{"href":"https:\/\/wiki.s12.at\/index.php\/wp-json\/wp\/v2\/media?parent=3699"}],"curies":[{"name":"wp","href":"https:\/\/api.w.org\/{rel}","templated":true}]}}