{"id":3692,"date":"2026-05-06T15:22:56","date_gmt":"2026-05-06T13:22:56","guid":{"rendered":"https:\/\/wiki.s12.at\/index.php\/eduard-glieder\/"},"modified":"2026-05-06T15:22:56","modified_gmt":"2026-05-06T13:22:56","slug":"eduard-glieder","status":"publish","type":"page","link":"https:\/\/wiki.s12.at\/index.php\/eduard-glieder\/","title":{"rendered":"Eduard Glieder"},"content":{"rendered":"<div class=\"mw-parser-output\">\n<div class=\"thumb tright\">\n<div class=\"thumbinner\" style=\"width:302px;\"><a href=\"\/Datei:SC_Wiener_Neustadt_vs._SV_Gr%C3%B6dig_2013-11-23_(31).jpg\" class=\"image\"><img fetchpriority=\"high\" alt=\"\" src=\"\/images\/thumb\/d\/de\/SC_Wiener_Neustadt_vs._SV_Gr%C3%B6dig_2013-11-23_%2831%29.jpg\/330px-SC_Wiener_Neustadt_vs._SV_Gr%C3%B6dig_2013-11-23_%2831%29.jpg%3Futm_source%3Dcommons.wikimedia.org%26utm_campaign%3Dimageinfo%26utm_content%3Dthumbnail\" decoding=\"async\" width=\"300\" height=\"450\" class=\"thumbimage\" srcset=\"\/images\/thumb\/d\/de\/SC_Wiener_Neustadt_vs._SV_Gr%C3%B6dig_2013-11-23_%2831%29.jpg\/500px-SC_Wiener_Neustadt_vs._SV_Gr%C3%B6dig_2013-11-23_%2831%29.jpg%3Futm_source%3Dcommons.wikimedia.org%26utm_campaign%3Dimageinfo%26utm_content%3Dthumbnail 1.5x, \/images\/thumb\/d\/de\/SC_Wiener_Neustadt_vs._SV_Gr%C3%B6dig_2013-11-23_%2831%29.jpg\/960px-SC_Wiener_Neustadt_vs._SV_Gr%C3%B6dig_2013-11-23_%2831%29.jpg%3Futm_source%3Dcommons.wikimedia.org%26utm_campaign%3Dimageinfo%26utm_content%3Dthumbnail 2x\" \/><\/a>  <\/p>\n<div class=\"thumbcaption\">\n<div class=\"magnify\"><a href=\"\/Datei:SC_Wiener_Neustadt_vs._SV_Gr%C3%B6dig_2013-11-23_(31).jpg\" class=\"internal\" title=\"vergr\u00f6\u00dfern\"><\/a><\/div>\n<p>als Trainer des SV Gr\u00f6dig<\/p><\/div>\n<\/div>\n<\/div>\n<ul>\n<li>Name: <b>Eduard &#8222;Edi&#8220; Glieder<\/b><\/li>\n<li>Geburtstag:  28. J\u00e4nner 1969<\/li>\n<li>Geburtsort: Graz<\/li>\n<li>Geburtsland: \u00d6sterreich<\/li>\n<li>Nationalit\u00e4t: \u00d6sterreicher <a href=\"\/Datei:Flag_of_Austria.svg\" class=\"image\" title=\"\u00d6sterreicher\"><img alt=\"\u00d6sterreicher\" src=\"\/images\/thumb\/4\/41\/Flag_of_Austria.svg\/langde-20px-Flag_of_Austria.svg.png%3Futm_source%3Dcommons.wikimedia.org%26utm_campaign%3Dimageinfo%26utm_content%3Dthumbnail\" decoding=\"async\" width=\"20\" height=\"13\" srcset=\"\/images\/thumb\/4\/41\/Flag_of_Austria.svg\/langde-40px-Flag_of_Austria.svg.png%3Futm_source%3Dcommons.wikimedia.org%26utm_campaign%3Dimageinfo%26utm_content%3Dthumbnail 1.5x\" \/><\/a><\/li>\n<li>Gr\u00f6\u00dfe: 180 cm<\/li>\n<li>Position: St\u00fcrmer<\/li>\n<li>Spiele f\u00fcr Salzburg: 138 Spiele (44 Tore)<\/li>\n<li>Nationalmannschaft: 11 Spiele (4 Tore) f\u00fcr \u00d6sterreich<\/li>\n<\/ul>\n<h2><span class=\"mw-headline\" id=\"Stationen\">Stationen<\/span><a href=\"\/index.php?title=Eduard_Glieder&amp;action=edit&amp;section=1\" title=\"Abschnitt bearbeiten: Stationen\">Bearbeiten<\/a><span class=\"mw-editsection-bracket\">]<\/span><\/span><\/h2>\n<ul>\n<li>Grazer AK<\/li>\n<li>SV Austria Salzburg  (1994-1995)<\/li>\n<li>Grazer AK<\/li>\n<li>SV Austria Salzburg (1996-1999)<\/li>\n<li>FC Tirol Innsbruck<\/li>\n<li>SV Pasching<\/li>\n<li>FC Schalke 04<\/li>\n<li>SV Pasching<\/li>\n<li>FC K\u00e4rnten<\/li>\n<li>SV Gr\u00f6dig<\/li>\n<li>FC Pasching<\/li>\n<\/ul>\n<h3><span class=\"mw-headline\" id=\"als_Trainer\">als Trainer<\/span><a href=\"\/index.php?title=Eduard_Glieder&amp;action=edit&amp;section=2\" title=\"Abschnitt bearbeiten: als Trainer\">Bearbeiten<\/a><span class=\"mw-editsection-bracket\">]<\/span><\/span><\/h3>\n<ul>\n<li>SV Gr\u00f6dig<\/li>\n<li>SK Vorw\u00e4rts Steyr<\/li>\n<li>SV Gr\u00f6dig (Co-Trainer)<\/li>\n<li>SV Wals-Gr\u00fcnau<\/li>\n<\/ul>\n<h2><span class=\"mw-headline\" id=\"Erfolge\">Erfolge<\/span><a href=\"\/index.php?title=Eduard_Glieder&amp;action=edit&amp;section=3\" title=\"Abschnitt bearbeiten: Erfolge\">Bearbeiten<\/a><span class=\"mw-editsection-bracket\">]<\/span><\/span><\/h2>\n<ul>\n<li>5x \u00d6sterreichischer Meister: 1995, 1997 (Austria Salzburg), 2000, 2001, 2002 (FC Tirol Innsbruck)<\/li>\n<li>2x Supercupsieger: 1995, 1997 (Austria Salzburg)<\/li>\n<li>1x \u00d6sterreichischer Torsch\u00fctzenk\u00f6nig: 1999 mit 22 Toren f\u00fcr Austria Salzburg<\/li>\n<\/ul>\n<\/div>\n","protected":false},"excerpt":{"rendered":"<p>als Trainer des SV Gr\u00f6dig Name: Eduard &#8222;Edi&#8220; Glieder Geburtstag: 28. J\u00e4nner 1969 Geburtsort: Graz Geburtsland: \u00d6sterreich Nationalit\u00e4t: \u00d6sterreicher Gr\u00f6\u00dfe: 180 cm Position: St\u00fcrmer Spiele f\u00fcr Salzburg: 138 Spiele (44 Tore) Nationalmannschaft: 11 Spiele (4 Tore) f\u00fcr \u00d6sterreich StationenBearbeiten] Grazer AK SV Austria Salzburg (1994-1995) Grazer AK SV Austria Salzburg (1996-1999) FC Tirol Innsbruck SV [&hellip;]<\/p>\n","protected":false},"author":1,"featured_media":0,"parent":0,"menu_order":0,"comment_status":"closed","ping_status":"closed","template":"","meta":{"footnotes":""},"class_list":["post-3692","page","type-page","status-publish","hentry"],"_links":{"self":[{"href":"https:\/\/wiki.s12.at\/index.php\/wp-json\/wp\/v2\/pages\/3692","targetHints":{"allow":["GET"]}}],"collection":[{"href":"https:\/\/wiki.s12.at\/index.php\/wp-json\/wp\/v2\/pages"}],"about":[{"href":"https:\/\/wiki.s12.at\/index.php\/wp-json\/wp\/v2\/types\/page"}],"author":[{"embeddable":true,"href":"https:\/\/wiki.s12.at\/index.php\/wp-json\/wp\/v2\/users\/1"}],"replies":[{"embeddable":true,"href":"https:\/\/wiki.s12.at\/index.php\/wp-json\/wp\/v2\/comments?post=3692"}],"version-history":[{"count":0,"href":"https:\/\/wiki.s12.at\/index.php\/wp-json\/wp\/v2\/pages\/3692\/revisions"}],"wp:attachment":[{"href":"https:\/\/wiki.s12.at\/index.php\/wp-json\/wp\/v2\/media?parent=3692"}],"curies":[{"name":"wp","href":"https:\/\/api.w.org\/{rel}","templated":true}]}}