{"id":3661,"date":"2026-05-06T15:22:28","date_gmt":"2026-05-06T13:22:28","guid":{"rendered":"https:\/\/wiki.s12.at\/index.php\/el-gruppenphase-2010-fc-red-bull-salzburg-manchester-city\/"},"modified":"2026-05-06T15:22:28","modified_gmt":"2026-05-06T13:22:28","slug":"el-gruppenphase-2010-fc-red-bull-salzburg-manchester-city","status":"publish","type":"page","link":"https:\/\/wiki.s12.at\/index.php\/el-gruppenphase-2010-fc-red-bull-salzburg-manchester-city\/","title":{"rendered":"EL Gruppenphase, 2010, FC Red Bull Salzburg- Manchester City"},"content":{"rendered":"<div class=\"mw-parser-output\">\n<p><b>Europa League, Gruppenphase 2010, 16.September 2010<\/b>\n<\/p>\n<table class=\"wikitable\">\n<caption>FC Salzburg-Manchester City 0:2<br \/>\n<\/caption>\n<tbody>\n<tr>\n<td>Aufstellung:<\/td>\n<td><a href=\"\/Gerhard_Tremmel\" title=\"Gerhard Tremmel\">Gerhard Tremmel<\/a>, <a href=\"\/Christian_Schwegler\" title=\"Christian Schwegler\">Christian Schwegler<\/a>, <a href=\"\/Rabiu_Afolabi\" title=\"Rabiu Afolabi\">Rabiu Afolabi<\/a>, <a href=\"\/Ibrahim_Sekagya\" title=\"Ibrahim Sekagya\">Ibrahim Sekagya<\/a>, <a href=\"\/Dusan_Svento\" class=\"mw-redirect\" title=\"Dusan Svento\">Dusan Svento<\/a>, <a href=\"\/Franz_Schiemer\" title=\"Franz Schiemer\">Franz Schiemer<\/a>, <a href=\"\/Nikola_Pokrivac\" class=\"mw-redirect\" title=\"Nikola Pokrivac\">Nikola Pokrivac<\/a>, <a href=\"\/Gonzalo_Zarate\" title=\"Gonzalo Zarate\">Gonzalo Zarate<\/a>, <a href=\"\/Christoph_Leitgeb\" title=\"Christoph Leitgeb\">Christoph Leitgeb<\/a>, <a href=\"\/David_Mendes\" title=\"David Mendes\">David Mendes<\/a>, <a href=\"\/Joaquin_Boghossian\" title=\"Joaquin Boghossian\">Joaquin Boghossian<\/a>\n<\/td>\n<\/tr>\n<tr>\n<td>Wechsel:<\/td>\n<td><a href=\"\/Jakob_Jantscher\" title=\"Jakob Jantscher\">Jakob Jantscher<\/a> f\u00fcr Nikola Pokrivac (54.), <a href=\"\/Roman_Wallner\" title=\"Roman Wallner\">Roman Wallner<\/a> f\u00fcr Joaquin Boghossian (55.),  <a href=\"\/Thomas_Augustinussen\" title=\"Thomas Augustinussen\">Thomas Augustinussen<\/a> f\u00fcr David Mendes (74.\n<\/td>\n<\/tr>\n<tr>\n<td>Endstand:<\/td>\n<td>0:2\n<\/td>\n<\/tr>\n<tr>\n<td>Torsch\u00fctzen:<\/td>\n<td>Silva (8.), J\u00f3 (63.)\n<\/td>\n<\/tr>\n<tr>\n<td>Gelbe Karten:<\/td>\n<td>Wallner (90.), K. Toure (47.)\n<\/td>\n<\/tr>\n<tr>\n<td>Rote Karten:<\/td>\n<td>\n<\/td>\n<\/tr>\n<tr>\n<td>Schiedsrichter:<\/td>\n<td>Georgio Daloukas (GRE)\n<\/td>\n<\/tr>\n<tr>\n<td>Stadion:<\/td>\n<td>Red Bull Arena, Salzburg\n<\/td>\n<\/tr>\n<tr>\n<td>Zuschauer:<\/td>\n<td>25 100\n<\/td>\n<\/tr>\n<\/tbody>\n<\/table>\n<\/div>\n","protected":false},"excerpt":{"rendered":"<p>Europa League, Gruppenphase 2010, 16.September 2010 FC Salzburg-Manchester City 0:2 Aufstellung: Gerhard Tremmel, Christian Schwegler, Rabiu Afolabi, Ibrahim Sekagya, Dusan Svento, Franz Schiemer, Nikola Pokrivac, Gonzalo Zarate, Christoph Leitgeb, David Mendes, Joaquin Boghossian Wechsel: Jakob Jantscher f\u00fcr Nikola Pokrivac (54.), Roman Wallner f\u00fcr Joaquin Boghossian (55.), Thomas Augustinussen f\u00fcr David Mendes (74. Endstand: 0:2 Torsch\u00fctzen: [&hellip;]<\/p>\n","protected":false},"author":1,"featured_media":0,"parent":0,"menu_order":0,"comment_status":"closed","ping_status":"closed","template":"","meta":{"footnotes":""},"class_list":["post-3661","page","type-page","status-publish","hentry"],"_links":{"self":[{"href":"https:\/\/wiki.s12.at\/index.php\/wp-json\/wp\/v2\/pages\/3661","targetHints":{"allow":["GET"]}}],"collection":[{"href":"https:\/\/wiki.s12.at\/index.php\/wp-json\/wp\/v2\/pages"}],"about":[{"href":"https:\/\/wiki.s12.at\/index.php\/wp-json\/wp\/v2\/types\/page"}],"author":[{"embeddable":true,"href":"https:\/\/wiki.s12.at\/index.php\/wp-json\/wp\/v2\/users\/1"}],"replies":[{"embeddable":true,"href":"https:\/\/wiki.s12.at\/index.php\/wp-json\/wp\/v2\/comments?post=3661"}],"version-history":[{"count":0,"href":"https:\/\/wiki.s12.at\/index.php\/wp-json\/wp\/v2\/pages\/3661\/revisions"}],"wp:attachment":[{"href":"https:\/\/wiki.s12.at\/index.php\/wp-json\/wp\/v2\/media?parent=3661"}],"curies":[{"name":"wp","href":"https:\/\/api.w.org\/{rel}","templated":true}]}}