{"id":3660,"date":"2026-05-06T15:22:28","date_gmt":"2026-05-06T13:22:28","guid":{"rendered":"https:\/\/wiki.s12.at\/index.php\/el-gruppenphase-2010-fc-red-bull-salzburg-lech-posen\/"},"modified":"2026-05-06T15:22:28","modified_gmt":"2026-05-06T13:22:28","slug":"el-gruppenphase-2010-fc-red-bull-salzburg-lech-posen","status":"publish","type":"page","link":"https:\/\/wiki.s12.at\/index.php\/el-gruppenphase-2010-fc-red-bull-salzburg-lech-posen\/","title":{"rendered":"EL Gruppenphase, 2010, FC Red Bull Salzburg- Lech Posen"},"content":{"rendered":"<div class=\"mw-parser-output\">\n<p><b>Europa League, Gruppenphase 2010, 16. Dezember 2010, 19 Uhr<\/b> \n<\/p>\n<table class=\"wikitable\">\n<caption><big> FC Salzburg-Lech Posen,0:1<\/big><br \/>\n<\/caption>\n<tbody>\n<tr>\n<td>Aufstellung:<\/td>\n<td><a href=\"\/Alexander_Walke\" title=\"Alexander Walke\">Alexander Walke<\/a>, <a href=\"\/Christian_Schwegler\" title=\"Christian Schwegler\">Christian Schwegler<\/a>, <a href=\"\/Rabiu_Afolabi\" title=\"Rabiu Afolabi\">Rabiu Afolabi<\/a>, <a href=\"\/Ibrahim_Sekagya\" title=\"Ibrahim Sekagya\">Ibrahim Sekagya<\/a>, <a href=\"\/Franz_Schiemer\" title=\"Franz Schiemer\">Franz Schiemer<\/a>, <a href=\"\/Simon_Cziommer\" title=\"Simon Cziommer\">Simon Cziommer<\/a>, <a href=\"\/Daniel_Offenbacher\" title=\"Daniel Offenbacher\">Daniel Offenbacher<\/a>, <a href=\"\/Jakob_Jantscher\" title=\"Jakob Jantscher\">Jakob Jantscher<\/a>, <a href=\"\/Gonzalo_Zarate\" title=\"Gonzalo Zarate\">Gonzalo Zarate<\/a>, <a href=\"\/David_Mendes\" title=\"David Mendes\">David Mendes<\/a>, <a href=\"\/Joaquin_Boghossian\" title=\"Joaquin Boghossian\">Joaquin Boghossian<\/a>\n<\/td>\n<\/tr>\n<tr>\n<td>Wechsel:<\/td>\n<td><a href=\"\/Alan\" title=\"Alan\">Alan<\/a> f\u00fcr Offenbacher (58.), <a href=\"\/Stefan_Hierl%C3%A4nder\" title=\"Stefan Hierl\u00e4nder\">Stefan Hierl\u00e4nder<\/a> f\u00fcr Jantscher (68.),  <a href=\"\/Roman_Wallner\" title=\"Roman Wallner\">Roman Wallner<\/a> f\u00fcr Boghossian (74.)\n<\/td>\n<\/tr>\n<tr>\n<td>Endstand:<\/td>\n<td>0:1 (0:1)\n<\/td>\n<\/tr>\n<tr>\n<td>Torsch\u00fctzen:<\/td>\n<td>\u0160tili\u0107 (30.)\n<\/td>\n<\/tr>\n<tr>\n<td>Gelbe Karten:<\/td>\n<td>Zarate (32.), Cziommer(90.); Henriquez (20.), Wilk (88.)\n<\/td>\n<\/tr>\n<tr>\n<td>Rote Karten:<\/td>\n<td>\n<\/td>\n<\/tr>\n<tr>\n<td>Schiedsrichter:<\/td>\n<td>Maksim Layushkin (RUS)\n<\/td>\n<\/tr>\n<tr>\n<td>Stadion:<\/td>\n<td>Red Bull Arena, Salzburg\n<\/td>\n<\/tr>\n<tr>\n<td>Zuschauer:<\/td>\n<td>5 300\n<\/td>\n<\/tr>\n<\/tbody>\n<\/table>\n<\/div>\n","protected":false},"excerpt":{"rendered":"<p>Europa League, Gruppenphase 2010, 16. Dezember 2010, 19 Uhr FC Salzburg-Lech Posen,0:1 Aufstellung: Alexander Walke, Christian Schwegler, Rabiu Afolabi, Ibrahim Sekagya, Franz Schiemer, Simon Cziommer, Daniel Offenbacher, Jakob Jantscher, Gonzalo Zarate, David Mendes, Joaquin Boghossian Wechsel: Alan f\u00fcr Offenbacher (58.), Stefan Hierl\u00e4nder f\u00fcr Jantscher (68.), Roman Wallner f\u00fcr Boghossian (74.) Endstand: 0:1 (0:1) Torsch\u00fctzen: \u0160tili\u0107 [&hellip;]<\/p>\n","protected":false},"author":1,"featured_media":0,"parent":0,"menu_order":0,"comment_status":"closed","ping_status":"closed","template":"","meta":{"footnotes":""},"class_list":["post-3660","page","type-page","status-publish","hentry"],"_links":{"self":[{"href":"https:\/\/wiki.s12.at\/index.php\/wp-json\/wp\/v2\/pages\/3660","targetHints":{"allow":["GET"]}}],"collection":[{"href":"https:\/\/wiki.s12.at\/index.php\/wp-json\/wp\/v2\/pages"}],"about":[{"href":"https:\/\/wiki.s12.at\/index.php\/wp-json\/wp\/v2\/types\/page"}],"author":[{"embeddable":true,"href":"https:\/\/wiki.s12.at\/index.php\/wp-json\/wp\/v2\/users\/1"}],"replies":[{"embeddable":true,"href":"https:\/\/wiki.s12.at\/index.php\/wp-json\/wp\/v2\/comments?post=3660"}],"version-history":[{"count":0,"href":"https:\/\/wiki.s12.at\/index.php\/wp-json\/wp\/v2\/pages\/3660\/revisions"}],"wp:attachment":[{"href":"https:\/\/wiki.s12.at\/index.php\/wp-json\/wp\/v2\/media?parent=3660"}],"curies":[{"name":"wp","href":"https:\/\/api.w.org\/{rel}","templated":true}]}}