{"id":3648,"date":"2026-05-06T15:22:09","date_gmt":"2026-05-06T13:22:09","guid":{"rendered":"https:\/\/wiki.s12.at\/index.php\/duje-caleta-car\/"},"modified":"2026-05-06T15:22:09","modified_gmt":"2026-05-06T13:22:09","slug":"duje-caleta-car","status":"publish","type":"page","link":"https:\/\/wiki.s12.at\/index.php\/duje-caleta-car\/","title":{"rendered":"Duje Caleta-Car"},"content":{"rendered":"<div class=\"mw-parser-output\">\n<div class=\"thumb tright\">\n<div class=\"thumbinner\" style=\"width:302px;\"><a href=\"\/Datei:FC_Red_Bull_Salzburg_gegen_DAC_Dunajsk%C3%A1_Streda_(1._Juli_2017_Testspiel)_23.jpg\" class=\"image\"><img fetchpriority=\"high\" alt=\"FC Red Bull Salzburg gegen DAC Dunajsk\u00e1 Streda (1. Juli 2017 Testspiel) 23.jpg\" src=\"\/images\/thumb\/4\/45\/FC_Red_Bull_Salzburg_gegen_DAC_Dunajsk%C3%A1_Streda_%281._Juli_2017_Testspiel%29_23.jpg\/330px-FC_Red_Bull_Salzburg_gegen_DAC_Dunajsk%C3%A1_Streda_%281._Juli_2017_Testspiel%29_23.jpg%3Futm_source%3Dcommons.wikimedia.org%26utm_campaign%3Dimageinfo%26utm_content%3Dthumbnail\" decoding=\"async\" width=\"300\" height=\"364\" class=\"thumbimage\" srcset=\"\/images\/thumb\/4\/45\/FC_Red_Bull_Salzburg_gegen_DAC_Dunajsk%C3%A1_Streda_%281._Juli_2017_Testspiel%29_23.jpg\/500px-FC_Red_Bull_Salzburg_gegen_DAC_Dunajsk%C3%A1_Streda_%281._Juli_2017_Testspiel%29_23.jpg%3Futm_source%3Dcommons.wikimedia.org%26utm_campaign%3Dimageinfo%26utm_content%3Dthumbnail 1.5x, \/images\/thumb\/4\/45\/FC_Red_Bull_Salzburg_gegen_DAC_Dunajsk%C3%A1_Streda_%281._Juli_2017_Testspiel%29_23.jpg\/960px-FC_Red_Bull_Salzburg_gegen_DAC_Dunajsk%C3%A1_Streda_%281._Juli_2017_Testspiel%29_23.jpg%3Futm_source%3Dcommons.wikimedia.org%26utm_campaign%3Dimageinfo%26utm_content%3Dthumbnail 2x\" \/><\/a>  <\/p>\n<div class=\"thumbcaption\">\n<div class=\"magnify\"><a href=\"\/Datei:FC_Red_Bull_Salzburg_gegen_DAC_Dunajsk%C3%A1_Streda_(1._Juli_2017_Testspiel)_23.jpg\" class=\"internal\" title=\"vergr\u00f6\u00dfern\"><\/a><\/div>\n<\/div>\n<\/div>\n<\/div>\n<ul>\n<li>Name: <b>Duje Caleta-Car<\/b><\/li>\n<li>Geburtstag: 17. September 1996<\/li>\n<li>Geburtsort:  \t\u0160ibenik, Kroatien<\/li>\n<li>Nationalit\u00e4t: Kroate <a href=\"\/Datei:Flag_of_Croatia.svg\" class=\"image\" title=\"Kroate\"><img alt=\"Kroate\" src=\"\/images\/thumb\/1\/1b\/Flag_of_Croatia.svg\/langde-20px-Flag_of_Croatia.svg.png%3Futm_source%3Dcommons.wikimedia.org%26utm_campaign%3Dimageinfo%26utm_content%3Dthumbnail\" decoding=\"async\" width=\"20\" height=\"10\" srcset=\"\/images\/thumb\/1\/1b\/Flag_of_Croatia.svg\/langde-40px-Flag_of_Croatia.svg.png%3Futm_source%3Dcommons.wikimedia.org%26utm_campaign%3Dimageinfo%26utm_content%3Dthumbnail 1.5x\" \/><\/a><\/li>\n<li>Gr\u00f6\u00dfe:188 cm<\/li>\n<li>Position: Verteidiger<\/li>\n<li>R\u00fcckennummer: 45<\/li>\n<li>Nationalmannschaft:Kroatien U17 (9 Spiele\/1Tor), U18 (2 Spiele\/0 Tore), U19 (10 Spiele\/2 Tore), U21 (7 Spiele\/2 Tore)<\/li>\n<\/ul>\n<h2><span class=\"mw-headline\" id=\"Stationen\">Stationen<\/span><a href=\"\/index.php?title=Duje_Caleta-Car&amp;action=edit&amp;section=1\" title=\"Abschnitt bearbeiten: Stationen\">Bearbeiten<\/a><span class=\"mw-editsection-bracket\">]<\/span><\/span><\/h2>\n<ul>\n<li>Jugend:HNK \u0160ibenik<\/li>\n<li>FC Pasching<\/li>\n<li>FC Liefering<\/li>\n<li>FC Red Bull Salzburg<\/li>\n<li>Olympique Marseille<\/li>\n<\/ul>\n<h2><span class=\"mw-headline\" id=\"Erfolge\">Erfolge<\/span><a href=\"\/index.php?title=Duje_Caleta-Car&amp;action=edit&amp;section=2\" title=\"Abschnitt bearbeiten: Erfolge\">Bearbeiten<\/a><span class=\"mw-editsection-bracket\">]<\/span><\/span><\/h2>\n<ul>\n<li>\u00d6sterreichischer Meister: 2015,2016,2017, 2018<\/li>\n<li>\u00d6sterreichischer Cupsieger: 2015,2016,2017<\/li>\n<li>Weltmeisterschaft: Vizeweltmeister 2018<\/li>\n<\/ul>\n<h2><span class=\"mw-headline\" id=\"Besonderes\">Besonderes<\/span><a href=\"\/index.php?title=Duje_Caleta-Car&amp;action=edit&amp;section=3\" title=\"Abschnitt bearbeiten: Besonderes\">Bearbeiten<\/a><span class=\"mw-editsection-bracket\">]<\/span><\/span><\/h2>\n<p>Beim 5:0 Sieg gegen den SCR Altach am 23. August 2014 stand er zum ersten Mal im Kader der Kampfmannschaft. Sein Startelfdeb\u00fct gab er beim Europa-League Spiel gegen Astra Giurgiu.\n<\/p>\n<\/div>\n","protected":false},"excerpt":{"rendered":"<p>Name: Duje Caleta-Car Geburtstag: 17. September 1996 Geburtsort: \u0160ibenik, Kroatien Nationalit\u00e4t: Kroate Gr\u00f6\u00dfe:188 cm Position: Verteidiger R\u00fcckennummer: 45 Nationalmannschaft:Kroatien U17 (9 Spiele\/1Tor), U18 (2 Spiele\/0 Tore), U19 (10 Spiele\/2 Tore), U21 (7 Spiele\/2 Tore) StationenBearbeiten] Jugend:HNK \u0160ibenik FC Pasching FC Liefering FC Red Bull Salzburg Olympique Marseille ErfolgeBearbeiten] \u00d6sterreichischer Meister: 2015,2016,2017, 2018 \u00d6sterreichischer Cupsieger: 2015,2016,2017 [&hellip;]<\/p>\n","protected":false},"author":1,"featured_media":0,"parent":0,"menu_order":0,"comment_status":"closed","ping_status":"closed","template":"","meta":{"footnotes":""},"class_list":["post-3648","page","type-page","status-publish","hentry"],"_links":{"self":[{"href":"https:\/\/wiki.s12.at\/index.php\/wp-json\/wp\/v2\/pages\/3648","targetHints":{"allow":["GET"]}}],"collection":[{"href":"https:\/\/wiki.s12.at\/index.php\/wp-json\/wp\/v2\/pages"}],"about":[{"href":"https:\/\/wiki.s12.at\/index.php\/wp-json\/wp\/v2\/types\/page"}],"author":[{"embeddable":true,"href":"https:\/\/wiki.s12.at\/index.php\/wp-json\/wp\/v2\/users\/1"}],"replies":[{"embeddable":true,"href":"https:\/\/wiki.s12.at\/index.php\/wp-json\/wp\/v2\/comments?post=3648"}],"version-history":[{"count":0,"href":"https:\/\/wiki.s12.at\/index.php\/wp-json\/wp\/v2\/pages\/3648\/revisions"}],"wp:attachment":[{"href":"https:\/\/wiki.s12.at\/index.php\/wp-json\/wp\/v2\/media?parent=3648"}],"curies":[{"name":"wp","href":"https:\/\/api.w.org\/{rel}","templated":true}]}}