{"id":3633,"date":"2026-05-06T15:21:59","date_gmt":"2026-05-06T13:21:59","guid":{"rendered":"https:\/\/wiki.s12.at\/index.php\/dominik-lechner\/"},"modified":"2026-05-06T15:21:59","modified_gmt":"2026-05-06T13:21:59","slug":"dominik-lechner","status":"publish","type":"page","link":"https:\/\/wiki.s12.at\/index.php\/dominik-lechner\/","title":{"rendered":"Dominik Lechner"},"content":{"rendered":"<div class=\"mw-parser-output\">\n<div class=\"thumb tright\">\n<div class=\"thumbinner\" style=\"width:302px;\"><a href=\"\/Datei:FC_Red_Bull_Salzburg_gegen_FC_Nordsjaelland_(Testspiel_2023-07-08)_26.jpg\" class=\"image\"><img fetchpriority=\"high\" alt=\"FC Red Bull Salzburg gegen FC Nordsjaelland (Testspiel 2023-07-08) 26.jpg\" src=\"\/images\/thumb\/2\/29\/FC_Red_Bull_Salzburg_gegen_FC_Nordsjaelland_%28Testspiel_2023-07-08%29_26.jpg\/330px-FC_Red_Bull_Salzburg_gegen_FC_Nordsjaelland_%28Testspiel_2023-07-08%29_26.jpg%3Futm_source%3Dcommons.wikimedia.org%26utm_campaign%3Dimageinfo%26utm_content%3Dthumbnail\" decoding=\"async\" width=\"300\" height=\"288\" class=\"thumbimage\" srcset=\"\/images\/thumb\/2\/29\/FC_Red_Bull_Salzburg_gegen_FC_Nordsjaelland_%28Testspiel_2023-07-08%29_26.jpg\/500px-FC_Red_Bull_Salzburg_gegen_FC_Nordsjaelland_%28Testspiel_2023-07-08%29_26.jpg%3Futm_source%3Dcommons.wikimedia.org%26utm_campaign%3Dimageinfo%26utm_content%3Dthumbnail 1.5x, \/images\/thumb\/2\/29\/FC_Red_Bull_Salzburg_gegen_FC_Nordsjaelland_%28Testspiel_2023-07-08%29_26.jpg\/960px-FC_Red_Bull_Salzburg_gegen_FC_Nordsjaelland_%28Testspiel_2023-07-08%29_26.jpg%3Futm_source%3Dcommons.wikimedia.org%26utm_campaign%3Dimageinfo%26utm_content%3Dthumbnail 2x\" \/><\/a>  <\/p>\n<div class=\"thumbcaption\">\n<div class=\"magnify\"><a href=\"\/Datei:FC_Red_Bull_Salzburg_gegen_FC_Nordsjaelland_(Testspiel_2023-07-08)_26.jpg\" class=\"internal\" title=\"vergr\u00f6\u00dfern\"><\/a><\/div>\n<\/div>\n<\/div>\n<\/div>\n<ul>\n<li>Name: <b>Dominik Lechner<\/b><\/li>\n<li>Geburtstag: 1. April 2005<\/li>\n<li>Nationalit\u00e4t: \u00d6sterreicher <a href=\"\/Datei:Flag_of_Austria.svg\" class=\"image\" title=\"\u00d6sterreicher\"><img alt=\"\u00d6sterreicher\" src=\"\/images\/thumb\/4\/41\/Flag_of_Austria.svg\/langde-20px-Flag_of_Austria.svg.png%3Futm_source%3Dcommons.wikimedia.org%26utm_campaign%3Dimageinfo%26utm_content%3Dthumbnail\" decoding=\"async\" width=\"20\" height=\"13\" srcset=\"\/images\/thumb\/4\/41\/Flag_of_Austria.svg\/langde-40px-Flag_of_Austria.svg.png%3Futm_source%3Dcommons.wikimedia.org%26utm_campaign%3Dimageinfo%26utm_content%3Dthumbnail 1.5x\" \/><\/a><\/li>\n<li>Position: St\u00fcrmer<\/li>\n<\/ul>\n<h2><span class=\"mw-headline\" id=\"Stationen\">Stationen<\/span><a href=\"\/index.php?title=Dominik_Lechner&amp;action=edit&amp;section=1\" title=\"Abschnitt bearbeiten: Stationen\">Bearbeiten<\/a><span class=\"mw-editsection-bracket\">]<\/span><\/span><\/h2>\n<ul>\n<li>SV Kuchl Jugend, Salzburg (Jugend)<\/li>\n<li>Akademie Red Bull Salzburg (U15, U16, U18)<\/li>\n<li>FC Liefering<\/li>\n<li>FC Lugano<\/li>\n<\/ul>\n<\/div>\n","protected":false},"excerpt":{"rendered":"<p>Name: Dominik Lechner Geburtstag: 1. April 2005 Nationalit\u00e4t: \u00d6sterreicher Position: St\u00fcrmer StationenBearbeiten] SV Kuchl Jugend, Salzburg (Jugend) Akademie Red Bull Salzburg (U15, U16, U18) FC Liefering FC Lugano<\/p>\n","protected":false},"author":1,"featured_media":0,"parent":0,"menu_order":0,"comment_status":"closed","ping_status":"closed","template":"","meta":{"footnotes":""},"class_list":["post-3633","page","type-page","status-publish","hentry"],"_links":{"self":[{"href":"https:\/\/wiki.s12.at\/index.php\/wp-json\/wp\/v2\/pages\/3633","targetHints":{"allow":["GET"]}}],"collection":[{"href":"https:\/\/wiki.s12.at\/index.php\/wp-json\/wp\/v2\/pages"}],"about":[{"href":"https:\/\/wiki.s12.at\/index.php\/wp-json\/wp\/v2\/types\/page"}],"author":[{"embeddable":true,"href":"https:\/\/wiki.s12.at\/index.php\/wp-json\/wp\/v2\/users\/1"}],"replies":[{"embeddable":true,"href":"https:\/\/wiki.s12.at\/index.php\/wp-json\/wp\/v2\/comments?post=3633"}],"version-history":[{"count":0,"href":"https:\/\/wiki.s12.at\/index.php\/wp-json\/wp\/v2\/pages\/3633\/revisions"}],"wp:attachment":[{"href":"https:\/\/wiki.s12.at\/index.php\/wp-json\/wp\/v2\/media?parent=3633"}],"curies":[{"name":"wp","href":"https:\/\/api.w.org\/{rel}","templated":true}]}}