{"id":3620,"date":"2026-05-06T15:21:49","date_gmt":"2026-05-06T13:21:49","guid":{"rendered":"https:\/\/wiki.s12.at\/index.php\/dinamo-zagreb-gegen-fc-salzburg-2016\/"},"modified":"2026-05-06T15:21:49","modified_gmt":"2026-05-06T13:21:49","slug":"dinamo-zagreb-gegen-fc-salzburg-2016","status":"publish","type":"page","link":"https:\/\/wiki.s12.at\/index.php\/dinamo-zagreb-gegen-fc-salzburg-2016\/","title":{"rendered":"Dinamo Zagreb gegen FC Salzburg (2016)"},"content":{"rendered":"<div class=\"mw-parser-output\">\n<h2><span class=\"mw-headline\" id=\"Fakten\">Fakten<\/span><a href=\"\/index.php?title=Dinamo_Zagreb_gegen_FC_Salzburg_(2016)&amp;action=edit&amp;section=1\" title=\"Abschnitt bearbeiten: Fakten\">Bearbeiten<\/a><span class=\"mw-editsection-bracket\">]<\/span><\/span><\/h2>\n<table class=\"toptextcells toccolours\">\n<tbody>\n<tr>\n<th colspan=\"2\" style=\"text-align: center; vertical-align: top; padding: 0.3em 0.8em; font-size: 125%; background-color: lightsteelblue;\">GNK Dinamo Zagreb gegen FC Salzburg, 1:1\n<\/th>\n<\/tr>\n<tr>\n<th style=\"text-align:left;\"><b>Spieltag<\/b>\n<\/th>\n<th style=\"text-align:left;\">Championsleague-Qualifikation Play-off, Hinspiel\n<\/th>\n<\/tr>\n<tr>\n<th style=\"text-align:left;\"><b>Datum<\/b>\n<\/th>\n<th style=\"text-align:left;\">16. August 2016\n<\/th>\n<\/tr>\n<tr>\n<th style=\"text-align:left;\"><b>Anpfiff<\/b>\n<\/th>\n<th style=\"text-align:left;\">20.45 Uhr\n<\/th>\n<\/tr>\n<tr>\n<td colspan=\"2\" style=\"text-align:center;\" bgcolor=\"lightgray\"><b>Aufstellung<\/b>\n<\/td>\n<\/tr>\n<tr>\n<th style=\"text-align:left;\"><b>Tor<\/b>\n<\/th>\n<th><a href=\"\/Alexander_Walke\" title=\"Alexander Walke\">Alexander Walke<\/a>\n<\/th>\n<\/tr>\n<tr>\n<th style=\"text-align:left;\"><b>Verteidigung<\/b>\n<\/th>\n<th><a href=\"\/Christian_Schwegler\" title=\"Christian Schwegler\">Christian Schwegler<\/a> &#8211; <a href=\"\/Duje_Caleta-Car\" title=\"Duje Caleta-Car\">Duje Caleta-Car<\/a> &#8211; <a href=\"\/Martin_Hinteregger\" title=\"Martin Hinteregger\">Martin Hinteregger<\/a> &#8211; <a href=\"\/Andreas_Ulmer\" title=\"Andreas Ulmer\">Andreas Ulmer<\/a>\n<\/th>\n<\/tr>\n<tr>\n<th style=\"text-align:left;\"><b>Mittelfeld<\/b>\n<\/th>\n<th><a href=\"\/Konrad_Laimer\" title=\"Konrad Laimer\">Konrad Laimer<\/a> &#8211; <a href=\"\/Bernardo\" title=\"Bernardo\">Bernardo<\/a> &#8211; <a href=\"\/Valon_Berisha\" title=\"Valon Berisha\">Valon Berisha<\/a> &#8211; <a href=\"\/Wanderson\" title=\"Wanderson\">Wanderson<\/a> &#8211; <a href=\"\/Valentino_Lazaro\" title=\"Valentino Lazaro\">Valentino Lazaro<\/a>\n<\/th>\n<\/tr>\n<tr>\n<th style=\"text-align:left;\"><b>Sturm<\/b>\n<\/th>\n<th><a href=\"\/Jonathan_Soriano\" class=\"mw-redirect\" title=\"Jonathan Soriano\">Jonathan Soriano<\/a>\n<\/th>\n<\/tr>\n<tr>\n<td colspan=\"2\" style=\"text-align:center;\" bgcolor=\"lightgray\"><b>Wechsel<\/b>\n<\/td>\n<\/tr>\n<tr>\n<th style=\"text-align:left;\"><b>Wechsel<\/b>\n<\/th>\n<th style=\"text-align:left;\"><a href=\"\/Fredrik_Gulbrandsen\" title=\"Fredrik Gulbrandsen\">Fredrik Gulbrandsen<\/a> f\u00fcr Soriano (62.),  <a href=\"\/Stefan_Lainer\" title=\"Stefan Lainer\">Stefan Lainer<\/a> f\u00fcr Wanderson (69.)\n<\/th>\n<\/tr>\n<tr>\n<td colspan=\"2\" style=\"text-align:center;\" bgcolor=\"lightgray\"><b>Statistik<\/b>\n<\/td>\n<\/tr>\n<tr>\n<th style=\"text-align:left;\"><b>Endstand<\/b>\n<\/th>\n<th style=\"text-align:left;\">1:1 (0:0)\n<\/th>\n<\/tr>\n<tr>\n<th style=\"text-align:left;\"><b>Torsch\u00fctzen<\/b>\n<\/th>\n<th style=\"text-align:left;\">Rog (76.,E.); Lazaro (59.)\n<\/th>\n<\/tr>\n<tr>\n<th style=\"text-align:left;\"><b>Gelbe Karten<\/b>\n<\/th>\n<th style=\"text-align:left;\">Sigali (37.); Caleta-Car (27.), Hinteregger (73.)\n<\/th>\n<\/tr>\n<tr>\n<th style=\"text-align:left;\"><b>Rote Karten<\/b>\n<\/th>\n<th style=\"text-align:left;\">\n<\/th>\n<\/tr>\n<tr>\n<th style=\"text-align:left;\"><b>Schiedsrichter<\/b>\n<\/th>\n<th style=\"text-align:left;\">Tasos Sidiropoulos  (GRE)\n<\/th>\n<\/tr>\n<tr>\n<th style=\"text-align:left;\"><b>Stadion<\/b>\n<\/th>\n<th style=\"text-align:left;\">Maksimir, Zagreb\n<\/th>\n<\/tr>\n<tr>\n<th style=\"text-align:left;\"><b>Zuschauer<\/b>\n<\/th>\n<th style=\"text-align:left;\">12 000\n<\/th>\n<\/tr>\n<\/tbody>\n<\/table>\n<h2><span class=\"mw-headline\" id=\"Weblinks\">Weblinks<\/span><a href=\"\/index.php?title=Dinamo_Zagreb_gegen_FC_Salzburg_(2016)&amp;action=edit&amp;section=2\" title=\"Abschnitt bearbeiten: Weblinks\">Bearbeiten<\/a><span class=\"mw-editsection-bracket\">]<\/span><\/span><\/h2>\n<p><a rel=\"nofollow\" class=\"external text\" href=\"http:\/\/www.redbullsalzburg.at\/de\/fc-red-bull-salzburg\/news\/saison_2016_17\/rote-bullen-und-dinamo-zagreb-trennen-sich-mit-1-1.html\">Spielbericht Vereinshomepage<\/a>\n<\/p>\n<p><a rel=\"nofollow\" class=\"external text\" href=\"https:\/\/www.salzburg12.at\/2016\/08\/der-fc-salzburg-remisiert-in-zagreb-und-erzielt-wichtiges-auswaertstor\/\">Spielbericht salzburg12.at<\/a>\n<\/p>\n<p>&lt;youtube&gt;OKR_8zYD5mk&lt;\/youtube&gt;\n<\/p>\n<h2><span class=\"mw-headline\" id=\"Bilder\">Bilder<\/span><a href=\"\/index.php?title=Dinamo_Zagreb_gegen_FC_Salzburg_(2016)&amp;action=edit&amp;section=3\" title=\"Abschnitt bearbeiten: Bilder\">Bearbeiten<\/a><span class=\"mw-editsection-bracket\">]<\/span><\/span><\/h2>\n<ul>\n<li>(c)FC Red Bull Salzburg Abschlusstraining<\/li>\n<\/ul>\n<ul class=\"gallery mw-gallery-traditional\">\n<li class=\"gallerybox\" style=\"width: 155px\">\n<div style=\"width: 155px\">\n<div class=\"thumb\" style=\"width: 150px;\">\n<div style=\"margin:38.5px auto;\"><a href=\"\/Datei:Bschlusstraining_Zagreb_(3).jpg\" class=\"image\"><img alt=\"Bschlusstraining Zagreb (3).jpg\" src=\"\/images\/thumb\/3\/3e\/Bschlusstraining_Zagreb_%283%29.jpg\/120px-Bschlusstraining_Zagreb_%283%29.jpg\" decoding=\"async\" width=\"120\" height=\"73\" srcset=\"\/images\/thumb\/3\/3e\/Bschlusstraining_Zagreb_%283%29.jpg\/180px-Bschlusstraining_Zagreb_%283%29.jpg 1.5x, \/images\/thumb\/3\/3e\/Bschlusstraining_Zagreb_%283%29.jpg\/240px-Bschlusstraining_Zagreb_%283%29.jpg 2x\" \/><\/a><\/div>\n<\/div>\n<div class=\"gallerytext\">\n\t\t\t<\/div>\n<\/p><\/div>\n<\/li>\n<li class=\"gallerybox\" style=\"width: 155px\">\n<div style=\"width: 155px\">\n<div class=\"thumb\" style=\"width: 150px;\">\n<div style=\"margin:30.5px auto;\"><a href=\"\/Datei:Abschlusstraining_Zagreb_(1).jpg\" class=\"image\"><img alt=\"Abschlusstraining Zagreb (1).jpg\" src=\"\/images\/thumb\/1\/13\/Abschlusstraining_Zagreb_%281%29.jpg\/120px-Abschlusstraining_Zagreb_%281%29.jpg\" decoding=\"async\" width=\"120\" height=\"89\" srcset=\"\/images\/thumb\/1\/13\/Abschlusstraining_Zagreb_%281%29.jpg\/180px-Abschlusstraining_Zagreb_%281%29.jpg 1.5x, \/images\/thumb\/1\/13\/Abschlusstraining_Zagreb_%281%29.jpg\/240px-Abschlusstraining_Zagreb_%281%29.jpg 2x\" \/><\/a><\/div>\n<\/div>\n<div class=\"gallerytext\">\n\t\t\t<\/div>\n<\/p><\/div>\n<\/li>\n<li class=\"gallerybox\" style=\"width: 155px\">\n<div style=\"width: 155px\">\n<div class=\"thumb\" style=\"width: 150px;\">\n<div style=\"margin:36.5px auto;\"><a href=\"\/Datei:Abschlusstraining_Zagreb_(2).jpg\" class=\"image\"><img alt=\"Abschlusstraining Zagreb (2).jpg\" src=\"\/images\/thumb\/9\/99\/Abschlusstraining_Zagreb_%282%29.jpg\/120px-Abschlusstraining_Zagreb_%282%29.jpg\" decoding=\"async\" width=\"120\" height=\"77\" srcset=\"\/images\/thumb\/9\/99\/Abschlusstraining_Zagreb_%282%29.jpg\/180px-Abschlusstraining_Zagreb_%282%29.jpg 1.5x, \/images\/thumb\/9\/99\/Abschlusstraining_Zagreb_%282%29.jpg\/240px-Abschlusstraining_Zagreb_%282%29.jpg 2x\" \/><\/a><\/div>\n<\/div>\n<div class=\"gallerytext\">\n\t\t\t<\/div>\n<\/p><\/div>\n<\/li>\n<li class=\"gallerybox\" style=\"width: 155px\">\n<div style=\"width: 155px\">\n<div class=\"thumb\" style=\"width: 150px;\">\n<div style=\"margin:35px auto;\"><a href=\"\/Datei:Abschlusstraining_Zagreb_(3).jpg\" class=\"image\"><img loading=\"lazy\" alt=\"Abschlusstraining Zagreb (3).jpg\" src=\"\/images\/thumb\/2\/23\/Abschlusstraining_Zagreb_%283%29.jpg\/120px-Abschlusstraining_Zagreb_%283%29.jpg\" decoding=\"async\" width=\"120\" height=\"80\" srcset=\"\/images\/thumb\/2\/23\/Abschlusstraining_Zagreb_%283%29.jpg\/180px-Abschlusstraining_Zagreb_%283%29.jpg 1.5x, \/images\/thumb\/2\/23\/Abschlusstraining_Zagreb_%283%29.jpg\/240px-Abschlusstraining_Zagreb_%283%29.jpg 2x\" \/><\/a><\/div>\n<\/div>\n<div class=\"gallerytext\">\n\t\t\t<\/div>\n<\/p><\/div>\n<\/li>\n<\/ul>\n<ul>\n<li>(c)FC Red Bull Salzburg<\/li>\n<\/ul>\n<ul class=\"gallery mw-gallery-traditional\">\n<li class=\"gallerybox\" style=\"width: 155px\">\n<div style=\"width: 155px\">\n<div class=\"thumb\" style=\"width: 150px;\">\n<div style=\"margin:35px auto;\"><a href=\"\/Datei:CL_Quali_Zagreb2.jpg\" class=\"image\"><img loading=\"lazy\" alt=\"CL Quali Zagreb2.jpg\" src=\"\/images\/thumb\/8\/8a\/CL_Quali_Zagreb2.jpg\/120px-CL_Quali_Zagreb2.jpg\" decoding=\"async\" width=\"120\" height=\"80\" srcset=\"\/images\/thumb\/8\/8a\/CL_Quali_Zagreb2.jpg\/180px-CL_Quali_Zagreb2.jpg 1.5x, \/images\/thumb\/8\/8a\/CL_Quali_Zagreb2.jpg\/240px-CL_Quali_Zagreb2.jpg 2x\" \/><\/a><\/div>\n<\/div>\n<div class=\"gallerytext\">\n\t\t\t<\/div>\n<\/p><\/div>\n<\/li>\n<li class=\"gallerybox\" style=\"width: 155px\">\n<div style=\"width: 155px\">\n<div class=\"thumb\" style=\"width: 150px;\">\n<div style=\"margin:34.5px auto;\"><a href=\"\/Datei:CL_Quali_Zagreb.PNG\" class=\"image\"><img loading=\"lazy\" alt=\"CL Quali Zagreb.PNG\" src=\"\/images\/thumb\/3\/30\/CL_Quali_Zagreb.PNG\/120px-CL_Quali_Zagreb.PNG\" decoding=\"async\" width=\"120\" height=\"81\" srcset=\"\/images\/thumb\/3\/30\/CL_Quali_Zagreb.PNG\/180px-CL_Quali_Zagreb.PNG 1.5x, \/images\/thumb\/3\/30\/CL_Quali_Zagreb.PNG\/240px-CL_Quali_Zagreb.PNG 2x\" \/><\/a><\/div>\n<\/div>\n<div class=\"gallerytext\">\n\t\t\t<\/div>\n<\/p><\/div>\n<\/li>\n<li class=\"gallerybox\" style=\"width: 155px\">\n<div style=\"width: 155px\">\n<div class=\"thumb\" style=\"width: 150px;\">\n<div style=\"margin:30.5px auto;\"><a href=\"\/Datei:CL_Quali_Zagreb1.jpg\" class=\"image\"><img loading=\"lazy\" alt=\"CL Quali Zagreb1.jpg\" src=\"\/images\/thumb\/9\/9e\/CL_Quali_Zagreb1.jpg\/120px-CL_Quali_Zagreb1.jpg\" decoding=\"async\" width=\"120\" height=\"89\" srcset=\"\/images\/thumb\/9\/9e\/CL_Quali_Zagreb1.jpg\/180px-CL_Quali_Zagreb1.jpg 1.5x, \/images\/thumb\/9\/9e\/CL_Quali_Zagreb1.jpg\/240px-CL_Quali_Zagreb1.jpg 2x\" \/><\/a><\/div>\n<\/div>\n<div class=\"gallerytext\">\n\t\t\t<\/div>\n<\/p><\/div>\n<\/li>\n<li class=\"gallerybox\" style=\"width: 155px\">\n<div style=\"width: 155px\">\n<div class=\"thumb\" style=\"width: 150px;\">\n<div style=\"margin:32px auto;\"><a href=\"\/Datei:CL_Quali_Zagreb3.jpg\" class=\"image\"><img loading=\"lazy\" alt=\"CL Quali Zagreb3.jpg\" src=\"\/images\/thumb\/e\/e1\/CL_Quali_Zagreb3.jpg\/120px-CL_Quali_Zagreb3.jpg\" decoding=\"async\" width=\"120\" height=\"86\" srcset=\"\/images\/thumb\/e\/e1\/CL_Quali_Zagreb3.jpg\/180px-CL_Quali_Zagreb3.jpg 1.5x, \/images\/thumb\/e\/e1\/CL_Quali_Zagreb3.jpg\/240px-CL_Quali_Zagreb3.jpg 2x\" \/><\/a><\/div>\n<\/div>\n<div class=\"gallerytext\">\n\t\t\t<\/div>\n<\/p><\/div>\n<\/li>\n<li class=\"gallerybox\" style=\"width: 155px\">\n<div style=\"width: 155px\">\n<div class=\"thumb\" style=\"width: 150px;\">\n<div style=\"margin:34.5px auto;\"><a href=\"\/Datei:CL_Quali_Zagreb4.jpg\" class=\"image\"><img loading=\"lazy\" alt=\"CL Quali Zagreb4.jpg\" src=\"\/images\/thumb\/6\/6e\/CL_Quali_Zagreb4.jpg\/120px-CL_Quali_Zagreb4.jpg\" decoding=\"async\" width=\"120\" height=\"81\" srcset=\"\/images\/thumb\/6\/6e\/CL_Quali_Zagreb4.jpg\/180px-CL_Quali_Zagreb4.jpg 1.5x, \/images\/thumb\/6\/6e\/CL_Quali_Zagreb4.jpg\/240px-CL_Quali_Zagreb4.jpg 2x\" \/><\/a><\/div>\n<\/div>\n<div class=\"gallerytext\">\n\t\t\t<\/div>\n<\/p><\/div>\n<\/li>\n<\/ul>\n<ul>\n<li>Fanfotos<\/li>\n<\/ul>\n<ul class=\"gallery mw-gallery-traditional\">\n<li class=\"gallerybox\" style=\"width: 155px\">\n<div style=\"width: 155px\">\n<div class=\"thumb\" style=\"width: 150px;\">\n<div style=\"margin:41.5px auto;\"><a href=\"\/Datei:Fanfotos_GNK_(2).jpg\" class=\"image\"><img loading=\"lazy\" alt=\"Fanfotos GNK (2).jpg\" src=\"\/images\/thumb\/1\/18\/Fanfotos_GNK_%282%29.jpg\/120px-Fanfotos_GNK_%282%29.jpg\" decoding=\"async\" width=\"120\" height=\"67\" srcset=\"\/images\/thumb\/1\/18\/Fanfotos_GNK_%282%29.jpg\/180px-Fanfotos_GNK_%282%29.jpg 1.5x, \/images\/thumb\/1\/18\/Fanfotos_GNK_%282%29.jpg\/240px-Fanfotos_GNK_%282%29.jpg 2x\" \/><\/a><\/div>\n<\/div>\n<div class=\"gallerytext\">\n\t\t\t<\/div>\n<\/p><\/div>\n<\/li>\n<li class=\"gallerybox\" style=\"width: 155px\">\n<div style=\"width: 155px\">\n<div class=\"thumb\" style=\"width: 150px;\">\n<div style=\"margin:65px auto;\"><a href=\"\/Datei:Fanfotos_GNK_(1).jpg\" class=\"image\"><img loading=\"lazy\" alt=\"Fanfotos GNK (1).jpg\" src=\"\/images\/thumb\/5\/5f\/Fanfotos_GNK_%281%29.jpg\/120px-Fanfotos_GNK_%281%29.jpg\" decoding=\"async\" width=\"120\" height=\"20\" srcset=\"\/images\/thumb\/5\/5f\/Fanfotos_GNK_%281%29.jpg\/180px-Fanfotos_GNK_%281%29.jpg 1.5x, \/images\/thumb\/5\/5f\/Fanfotos_GNK_%281%29.jpg\/240px-Fanfotos_GNK_%281%29.jpg 2x\" \/><\/a><\/div>\n<\/div>\n<div class=\"gallerytext\">\n\t\t\t<\/div>\n<\/p><\/div>\n<\/li>\n<\/ul>\n<h2><span class=\"mw-headline\" id=\"Stimmen_zum_Spiel\">Stimmen zum Spiel<\/span><a href=\"\/index.php?title=Dinamo_Zagreb_gegen_FC_Salzburg_(2016)&amp;action=edit&amp;section=4\" title=\"Abschnitt bearbeiten: Stimmen zum Spiel\">Bearbeiten<\/a><span class=\"mw-editsection-bracket\">]<\/span><\/span><\/h2>\n<p><b>Oscar Garcia:<\/b> Ich bin stolz auf meine Mannschaft und darauf, wie sie heute gespielt hat.\n<\/p>\n<p><b>Valentino Laazaro:<\/b> F\u00fcr mich z\u00e4hlt in erster Linie das Ergebnis, aber ich freue mich, dass ich mit meinem Tor der Mannschaft helfen konnte. Schade, dass wir dann noch das Elfmeter-Tor bekommen haben. Wir wussten, dass Zagreb ein gute Qualit\u00e4t im Team hat, speziell im Mittelfeld haben sie eine sehr gute und individuelle Klasse, aber durch das Ausw\u00e4rtstor haben wir einen klaren Vorteil im R\u00fcckspiel.\n<\/p>\n<\/div>\n","protected":false},"excerpt":{"rendered":"<p>FaktenBearbeiten] GNK Dinamo Zagreb gegen FC Salzburg, 1:1 Spieltag Championsleague-Qualifikation Play-off, Hinspiel Datum 16. August 2016 Anpfiff 20.45 Uhr Aufstellung Tor Alexander Walke Verteidigung Christian Schwegler &#8211; Duje Caleta-Car &#8211; Martin Hinteregger &#8211; Andreas Ulmer Mittelfeld Konrad Laimer &#8211; Bernardo &#8211; Valon Berisha &#8211; Wanderson &#8211; Valentino Lazaro Sturm Jonathan Soriano Wechsel Wechsel Fredrik Gulbrandsen [&hellip;]<\/p>\n","protected":false},"author":1,"featured_media":0,"parent":0,"menu_order":0,"comment_status":"closed","ping_status":"closed","template":"","meta":{"footnotes":""},"class_list":["post-3620","page","type-page","status-publish","hentry"],"_links":{"self":[{"href":"https:\/\/wiki.s12.at\/index.php\/wp-json\/wp\/v2\/pages\/3620","targetHints":{"allow":["GET"]}}],"collection":[{"href":"https:\/\/wiki.s12.at\/index.php\/wp-json\/wp\/v2\/pages"}],"about":[{"href":"https:\/\/wiki.s12.at\/index.php\/wp-json\/wp\/v2\/types\/page"}],"author":[{"embeddable":true,"href":"https:\/\/wiki.s12.at\/index.php\/wp-json\/wp\/v2\/users\/1"}],"replies":[{"embeddable":true,"href":"https:\/\/wiki.s12.at\/index.php\/wp-json\/wp\/v2\/comments?post=3620"}],"version-history":[{"count":0,"href":"https:\/\/wiki.s12.at\/index.php\/wp-json\/wp\/v2\/pages\/3620\/revisions"}],"wp:attachment":[{"href":"https:\/\/wiki.s12.at\/index.php\/wp-json\/wp\/v2\/media?parent=3620"}],"curies":[{"name":"wp","href":"https:\/\/api.w.org\/{rel}","templated":true}]}}