{"id":3598,"date":"2026-05-06T15:21:13","date_gmt":"2026-05-06T13:21:13","guid":{"rendered":"https:\/\/wiki.s12.at\/index.php\/dayot-upamecano\/"},"modified":"2026-05-06T15:21:13","modified_gmt":"2026-05-06T13:21:13","slug":"dayot-upamecano","status":"publish","type":"page","link":"https:\/\/wiki.s12.at\/index.php\/dayot-upamecano\/","title":{"rendered":"Dayot Upamecano"},"content":{"rendered":"<div class=\"mw-parser-output\">\n<div class=\"thumb tright\">\n<div class=\"thumbinner\" style=\"width:302px;\"><a href=\"\/Datei:FC_Liefering_gegen_SV_Austria_Salzburg_(M%C3%A4rz_2016)_22.JPG\" class=\"image\"><img fetchpriority=\"high\" alt=\"FC Liefering gegen SV Austria Salzburg (M\u00e4rz 2016) 22.JPG\" src=\"\/images\/thumb\/b\/b8\/FC_Liefering_gegen_SV_Austria_Salzburg_%28M%C3%A4rz_2016%29_22.JPG\/330px-FC_Liefering_gegen_SV_Austria_Salzburg_%28M%C3%A4rz_2016%29_22.JPG%3Futm_source%3Dcommons.wikimedia.org%26utm_campaign%3Dimageinfo%26utm_content%3Dthumbnail\" decoding=\"async\" width=\"300\" height=\"248\" class=\"thumbimage\" srcset=\"\/images\/thumb\/b\/b8\/FC_Liefering_gegen_SV_Austria_Salzburg_%28M%C3%A4rz_2016%29_22.JPG\/500px-FC_Liefering_gegen_SV_Austria_Salzburg_%28M%C3%A4rz_2016%29_22.JPG%3Futm_source%3Dcommons.wikimedia.org%26utm_campaign%3Dimageinfo%26utm_content%3Dthumbnail 1.5x, \/images\/thumb\/b\/b8\/FC_Liefering_gegen_SV_Austria_Salzburg_%28M%C3%A4rz_2016%29_22.JPG\/960px-FC_Liefering_gegen_SV_Austria_Salzburg_%28M%C3%A4rz_2016%29_22.JPG%3Futm_source%3Dcommons.wikimedia.org%26utm_campaign%3Dimageinfo%26utm_content%3Dthumbnail 2x\" \/><\/a>  <\/p>\n<div class=\"thumbcaption\">\n<div class=\"magnify\"><a href=\"\/Datei:FC_Liefering_gegen_SV_Austria_Salzburg_(M%C3%A4rz_2016)_22.JPG\" class=\"internal\" title=\"vergr\u00f6\u00dfern\"><\/a><\/div>\n<\/div>\n<\/div>\n<\/div>\n<ul>\n<li>Name: <b>Dayot Upamecano<\/b><\/li>\n<li>Voller Name:Dayotchanculle Upamecano<\/li>\n<li>Geburtstag: 27. Oktober 1998<\/li>\n<li>Geburtsort: Evreux<\/li>\n<li>Geburtsland:Frankreich<\/li>\n<li>2. Staatsb\u00fcrgerschaft:Guinea-Bissau<\/li>\n<li>Gr\u00f6\u00dfe:185 cm<\/li>\n<li>Position: Innenverteidiger<\/li>\n<li>Nationalmannschaft: Frankreich U17, U18, U19, U21, Frankreich<\/li>\n<\/ul>\n<p>\n<\/p>\n<h2><span class=\"mw-headline\" id=\"Stationen\">Stationen<\/span><a href=\"\/index.php?title=Dayot_Upamecano&amp;action=edit&amp;section=1\" title=\"Abschnitt bearbeiten: Stationen\">Bearbeiten<\/a><span class=\"mw-editsection-bracket\">]<\/span><\/span><\/h2>\n<ul>\n<li>Valencienne U19 (- 2015)<\/li>\n<li>FC Red Bull Salzburg (2015-2016 )<\/li>\n<li>FC Liefering (2015-2016 )<\/li>\n<li>Rasenballsport Leipzig (2017- 2021 )<\/li>\n<li>FC Bayern M\u00fcnchen (2021- )<\/li>\n<\/ul>\n<h2><span class=\"mw-headline\" id=\"Bilder\">Bilder<\/span><a href=\"\/index.php?title=Dayot_Upamecano&amp;action=edit&amp;section=2\" title=\"Abschnitt bearbeiten: Bilder\">Bearbeiten<\/a><span class=\"mw-editsection-bracket\">]<\/span><\/span><\/h2>\n<p><img alt=\"\" src=\"\/images\/thumb\/4\/4a\/Commons-logo.svg\/langde-20px-Commons-logo.svg.png%3Futm_source%3Dcommons.wikimedia.org%26utm_campaign%3Dimageinfo%26utm_content%3Dthumbnail\" decoding=\"async\" title=\"Commons\" width=\"12\" height=\"16\" srcset=\"\/images\/thumb\/4\/4a\/Commons-logo.svg\/langde-40px-Commons-logo.svg.png%3Futm_source%3Dcommons.wikimedia.org%26utm_campaign%3Dimageinfo%26utm_content%3Dthumbnail 2x\" \/>&#160;<b><a href=\"http:\/\/commons.wikimedia.org\/wiki\/Category:Dayot_Upamecano\" class=\"extiw\" title=\"commons:Category:Dayot Upamecano\">Dayot Upamecano<\/a><\/b>&#160;\u2013 Sammlung von Bildern, Videos und Audiodateien auf <a href=\"\/Wikimedia_Commons\" title=\"Wikimedia Commons\">Wikimedia Commons<\/a>\n<\/p>\n<\/div>\n","protected":false},"excerpt":{"rendered":"<p>Name: Dayot Upamecano Voller Name:Dayotchanculle Upamecano Geburtstag: 27. Oktober 1998 Geburtsort: Evreux Geburtsland:Frankreich 2. Staatsb\u00fcrgerschaft:Guinea-Bissau Gr\u00f6\u00dfe:185 cm Position: Innenverteidiger Nationalmannschaft: Frankreich U17, U18, U19, U21, Frankreich StationenBearbeiten] Valencienne U19 (- 2015) FC Red Bull Salzburg (2015-2016 ) FC Liefering (2015-2016 ) Rasenballsport Leipzig (2017- 2021 ) FC Bayern M\u00fcnchen (2021- ) BilderBearbeiten] &#160;Dayot Upamecano&#160;\u2013 Sammlung [&hellip;]<\/p>\n","protected":false},"author":1,"featured_media":0,"parent":0,"menu_order":0,"comment_status":"closed","ping_status":"closed","template":"","meta":{"footnotes":""},"class_list":["post-3598","page","type-page","status-publish","hentry"],"_links":{"self":[{"href":"https:\/\/wiki.s12.at\/index.php\/wp-json\/wp\/v2\/pages\/3598","targetHints":{"allow":["GET"]}}],"collection":[{"href":"https:\/\/wiki.s12.at\/index.php\/wp-json\/wp\/v2\/pages"}],"about":[{"href":"https:\/\/wiki.s12.at\/index.php\/wp-json\/wp\/v2\/types\/page"}],"author":[{"embeddable":true,"href":"https:\/\/wiki.s12.at\/index.php\/wp-json\/wp\/v2\/users\/1"}],"replies":[{"embeddable":true,"href":"https:\/\/wiki.s12.at\/index.php\/wp-json\/wp\/v2\/comments?post=3598"}],"version-history":[{"count":0,"href":"https:\/\/wiki.s12.at\/index.php\/wp-json\/wp\/v2\/pages\/3598\/revisions"}],"wp:attachment":[{"href":"https:\/\/wiki.s12.at\/index.php\/wp-json\/wp\/v2\/media?parent=3598"}],"curies":[{"name":"wp","href":"https:\/\/api.w.org\/{rel}","templated":true}]}}