{"id":3596,"date":"2026-05-06T15:21:11","date_gmt":"2026-05-06T13:21:11","guid":{"rendered":"https:\/\/wiki.s12.at\/index.php\/david-schnegg\/"},"modified":"2026-05-06T15:21:11","modified_gmt":"2026-05-06T13:21:11","slug":"david-schnegg","status":"publish","type":"page","link":"https:\/\/wiki.s12.at\/index.php\/david-schnegg\/","title":{"rendered":"David Schnegg"},"content":{"rendered":"<div class=\"mw-parser-output\">\n<div class=\"thumb tright\">\n<div class=\"thumbinner\" style=\"width:302px;\"><a href=\"\/Datei:FC_Liefering_gegen_SK_Vorw%C3%A4rts_Steyr_(3._August_2018)_23.jpg\" class=\"image\"><img fetchpriority=\"high\" alt=\"FC Liefering gegen SK Vorw\u00e4rts Steyr (3. August 2018) 23.jpg\" src=\"\/images\/thumb\/7\/7d\/FC_Liefering_gegen_SK_Vorw%C3%A4rts_Steyr_%283._August_2018%29_23.jpg\/330px-FC_Liefering_gegen_SK_Vorw%C3%A4rts_Steyr_%283._August_2018%29_23.jpg%3Futm_source%3Dcommons.wikimedia.org%26utm_campaign%3Dimageinfo%26utm_content%3Dthumbnail\" decoding=\"async\" width=\"300\" height=\"337\" class=\"thumbimage\" srcset=\"\/images\/thumb\/7\/7d\/FC_Liefering_gegen_SK_Vorw%C3%A4rts_Steyr_%283._August_2018%29_23.jpg\/500px-FC_Liefering_gegen_SK_Vorw%C3%A4rts_Steyr_%283._August_2018%29_23.jpg%3Futm_source%3Dcommons.wikimedia.org%26utm_campaign%3Dimageinfo%26utm_content%3Dthumbnail 1.5x, \/images\/thumb\/7\/7d\/FC_Liefering_gegen_SK_Vorw%C3%A4rts_Steyr_%283._August_2018%29_23.jpg\/960px-FC_Liefering_gegen_SK_Vorw%C3%A4rts_Steyr_%283._August_2018%29_23.jpg%3Futm_source%3Dcommons.wikimedia.org%26utm_campaign%3Dimageinfo%26utm_content%3Dthumbnail 2x\" \/><\/a>  <\/p>\n<div class=\"thumbcaption\">\n<div class=\"magnify\"><a href=\"\/Datei:FC_Liefering_gegen_SK_Vorw%C3%A4rts_Steyr_(3._August_2018)_23.jpg\" class=\"internal\" title=\"vergr\u00f6\u00dfern\"><\/a><\/div>\n<\/div>\n<\/div>\n<\/div>\n<ul>\n<li>Name: <b> David Schnegg <\/b><\/li>\n<li>Geburtstag: 29. September 1998<\/li>\n<li>Geburtsland: \u00d6sterreich<\/li>\n<li>Position: St\u00fcrmer<\/li>\n<\/ul>\n<h2><span class=\"mw-headline\" id=\"Stationen\">Stationen<\/span><a href=\"\/index.php?title=David_Schnegg&amp;action=edit&amp;section=1\" title=\"Abschnitt bearbeiten: Stationen\">Bearbeiten<\/a><span class=\"mw-editsection-bracket\">]<\/span><\/span><\/h2>\n<ul>\n<li>FG Sch\u00f6nwies\/Mils<\/li>\n<li>SC Imst<\/li>\n<li>WSG Wattens<\/li>\n<li>FC Liefering (2018-2019 )<\/li>\n<li>LASK (2019- 2021)<\/li>\n<li>WSG Tirol (Leihe 2021)<\/li>\n<li>Venezia FC (2021-)<\/li>\n<\/ul>\n<h2><span class=\"mw-headline\" id=\"Bilder\">Bilder<\/span><a href=\"\/index.php?title=David_Schnegg&amp;action=edit&amp;section=2\" title=\"Abschnitt bearbeiten: Bilder\">Bearbeiten<\/a><span class=\"mw-editsection-bracket\">]<\/span><\/span><\/h2>\n<p><img alt=\"\" src=\"\/images\/thumb\/4\/4a\/Commons-logo.svg\/langde-20px-Commons-logo.svg.png%3Futm_source%3Dcommons.wikimedia.org%26utm_campaign%3Dimageinfo%26utm_content%3Dthumbnail\" decoding=\"async\" title=\"Commons\" width=\"12\" height=\"16\" srcset=\"\/images\/thumb\/4\/4a\/Commons-logo.svg\/langde-40px-Commons-logo.svg.png%3Futm_source%3Dcommons.wikimedia.org%26utm_campaign%3Dimageinfo%26utm_content%3Dthumbnail 2x\" \/>&#160;<b><a href=\"http:\/\/commons.wikimedia.org\/wiki\/Category:David_Schnegg\" class=\"extiw\" title=\"commons:Category:David Schnegg\">David Schnegg<\/a><\/b>&#160;\u2013 Sammlung von Bildern, Videos und Audiodateien auf <a href=\"\/Wikimedia_Commons\" title=\"Wikimedia Commons\">Wikimedia Commons<\/a>\n<\/p>\n<\/div>\n","protected":false},"excerpt":{"rendered":"<p>Name: David Schnegg Geburtstag: 29. September 1998 Geburtsland: \u00d6sterreich Position: St\u00fcrmer StationenBearbeiten] FG Sch\u00f6nwies\/Mils SC Imst WSG Wattens FC Liefering (2018-2019 ) LASK (2019- 2021) WSG Tirol (Leihe 2021) Venezia FC (2021-) BilderBearbeiten] &#160;David Schnegg&#160;\u2013 Sammlung von Bildern, Videos und Audiodateien auf Wikimedia Commons<\/p>\n","protected":false},"author":1,"featured_media":0,"parent":0,"menu_order":0,"comment_status":"closed","ping_status":"closed","template":"","meta":{"footnotes":""},"class_list":["post-3596","page","type-page","status-publish","hentry"],"_links":{"self":[{"href":"https:\/\/wiki.s12.at\/index.php\/wp-json\/wp\/v2\/pages\/3596","targetHints":{"allow":["GET"]}}],"collection":[{"href":"https:\/\/wiki.s12.at\/index.php\/wp-json\/wp\/v2\/pages"}],"about":[{"href":"https:\/\/wiki.s12.at\/index.php\/wp-json\/wp\/v2\/types\/page"}],"author":[{"embeddable":true,"href":"https:\/\/wiki.s12.at\/index.php\/wp-json\/wp\/v2\/users\/1"}],"replies":[{"embeddable":true,"href":"https:\/\/wiki.s12.at\/index.php\/wp-json\/wp\/v2\/comments?post=3596"}],"version-history":[{"count":0,"href":"https:\/\/wiki.s12.at\/index.php\/wp-json\/wp\/v2\/pages\/3596\/revisions"}],"wp:attachment":[{"href":"https:\/\/wiki.s12.at\/index.php\/wp-json\/wp\/v2\/media?parent=3596"}],"curies":[{"name":"wp","href":"https:\/\/api.w.org\/{rel}","templated":true}]}}