{"id":3584,"date":"2026-05-06T15:19:15","date_gmt":"2026-05-06T13:19:15","guid":{"rendered":"https:\/\/wiki.s12.at\/index.php\/daniel-krenn\/"},"modified":"2026-05-06T15:19:15","modified_gmt":"2026-05-06T13:19:15","slug":"daniel-krenn","status":"publish","type":"page","link":"https:\/\/wiki.s12.at\/index.php\/daniel-krenn\/","title":{"rendered":"Daniel Krenn"},"content":{"rendered":"<div class=\"mw-parser-output\">\n<div class=\"thumb tright\">\n<div class=\"thumbinner\" style=\"width:302px;\"><a href=\"\/Datei:Daniel_Krenn.jpg\" class=\"image\"><img fetchpriority=\"high\" alt=\"Daniel Krenn.jpg\" src=\"\/images\/thumb\/6\/6b\/Daniel_Krenn.jpg\/330px-Daniel_Krenn.jpg%3Futm_source%3Dcommons.wikimedia.org%26utm_campaign%3Dimageinfo%26utm_content%3Dthumbnail\" decoding=\"async\" width=\"300\" height=\"348\" class=\"thumbimage\" srcset=\"\/images\/thumb\/6\/6b\/Daniel_Krenn.jpg\/500px-Daniel_Krenn.jpg%3Futm_source%3Dcommons.wikimedia.org%26utm_campaign%3Dimageinfo%26utm_content%3Dthumbnail 1.5x, \/images\/thumb\/6\/6b\/Daniel_Krenn.jpg\/960px-Daniel_Krenn.jpg%3Futm_source%3Dcommons.wikimedia.org%26utm_campaign%3Dimageinfo%26utm_content%3Dthumbnail 2x\" \/><\/a>  <\/p>\n<div class=\"thumbcaption\">\n<div class=\"magnify\"><a href=\"\/Datei:Daniel_Krenn.jpg\" class=\"internal\" title=\"vergr\u00f6\u00dfern\"><\/a><\/div>\n<\/div>\n<\/div>\n<\/div>\n<ul>\n<li>Name: <b>Daniel Krenn<\/b><\/li>\n<li>Geburtstag: 5. J\u00e4nner 1993<\/li>\n<li>Geburtsort: Dpornbirn<\/li>\n<li>Geburtsland: \u00d6sterreich<\/li>\n<li>Position: Mittelfeldspieler<\/li>\n<li>Spiele f\u00fcr RB Juniors: 12 Spiele (1 Tor)<\/li>\n<\/ul>\n<h2><span class=\"mw-headline\" id=\"Stationen\">Stationen<\/span><a href=\"\/index.php?title=Daniel_Krenn&amp;action=edit&amp;section=1\" title=\"Abschnitt bearbeiten: Stationen\">Bearbeiten<\/a><span class=\"mw-editsection-bracket\">]<\/span><\/span><\/h2>\n<ul>\n<li>FC Dornbirn<\/li>\n<li>Red Bull Juniors<\/li>\n<li>FC Pasching (Leihe)<\/li>\n<li>FC Liefering<\/li>\n<li>SCR Altach<\/li>\n<li>SV Wildon<\/li>\n<\/ul>\n<h2><span class=\"mw-headline\" id=\"Weblinks\">Weblinks<\/span><a href=\"\/index.php?title=Daniel_Krenn&amp;action=edit&amp;section=2\" title=\"Abschnitt bearbeiten: Weblinks\">Bearbeiten<\/a><span class=\"mw-editsection-bracket\">]<\/span><\/span><\/h2>\n<ul>\n<li><a rel=\"nofollow\" class=\"external text\" href=\"http:\/\/redbulls.com\/soccer\/salzburg\/de\/jungbullen-news-detail_6606.html\">Daniel Krenn im Kader f\u00fcr die U19 Nationalmannschaft<\/a><\/li>\n<\/ul>\n<\/div>\n","protected":false},"excerpt":{"rendered":"<p>Name: Daniel Krenn Geburtstag: 5. J\u00e4nner 1993 Geburtsort: Dpornbirn Geburtsland: \u00d6sterreich Position: Mittelfeldspieler Spiele f\u00fcr RB Juniors: 12 Spiele (1 Tor) StationenBearbeiten] FC Dornbirn Red Bull Juniors FC Pasching (Leihe) FC Liefering SCR Altach SV Wildon WeblinksBearbeiten] Daniel Krenn im Kader f\u00fcr die U19 Nationalmannschaft<\/p>\n","protected":false},"author":1,"featured_media":0,"parent":0,"menu_order":0,"comment_status":"closed","ping_status":"closed","template":"","meta":{"footnotes":""},"class_list":["post-3584","page","type-page","status-publish","hentry"],"_links":{"self":[{"href":"https:\/\/wiki.s12.at\/index.php\/wp-json\/wp\/v2\/pages\/3584","targetHints":{"allow":["GET"]}}],"collection":[{"href":"https:\/\/wiki.s12.at\/index.php\/wp-json\/wp\/v2\/pages"}],"about":[{"href":"https:\/\/wiki.s12.at\/index.php\/wp-json\/wp\/v2\/types\/page"}],"author":[{"embeddable":true,"href":"https:\/\/wiki.s12.at\/index.php\/wp-json\/wp\/v2\/users\/1"}],"replies":[{"embeddable":true,"href":"https:\/\/wiki.s12.at\/index.php\/wp-json\/wp\/v2\/comments?post=3584"}],"version-history":[{"count":0,"href":"https:\/\/wiki.s12.at\/index.php\/wp-json\/wp\/v2\/pages\/3584\/revisions"}],"wp:attachment":[{"href":"https:\/\/wiki.s12.at\/index.php\/wp-json\/wp\/v2\/media?parent=3584"}],"curies":[{"name":"wp","href":"https:\/\/api.w.org\/{rel}","templated":true}]}}