{"id":3559,"date":"2026-05-06T15:18:48","date_gmt":"2026-05-06T13:18:48","guid":{"rendered":"https:\/\/wiki.s12.at\/index.php\/cristiano-da-silva\/"},"modified":"2026-05-06T15:18:48","modified_gmt":"2026-05-06T13:18:48","slug":"cristiano-da-silva","status":"publish","type":"page","link":"https:\/\/wiki.s12.at\/index.php\/cristiano-da-silva\/","title":{"rendered":"Cristiano da Silva"},"content":{"rendered":"<div class=\"mw-parser-output\">\n<div class=\"thumb tright\">\n<div class=\"thumbinner\" style=\"width:302px;\"><a href=\"\/Datei:Cristiano6.JPG\" class=\"image\"><img fetchpriority=\"high\" alt=\"Cristiano6.JPG\" src=\"\/images\/thumb\/4\/48\/Cristiano6.JPG\/330px-Cristiano6.JPG%3Futm_source%3Dcommons.wikimedia.org%26utm_campaign%3Dimageinfo%26utm_content%3Dthumbnail\" decoding=\"async\" width=\"300\" height=\"337\" class=\"thumbimage\" srcset=\"\/images\/thumb\/4\/48\/Cristiano6.JPG\/500px-Cristiano6.JPG%3Futm_source%3Dcommons.wikimedia.org%26utm_campaign%3Dimageinfo%26utm_content%3Dthumbnail 1.5x, \/images\/thumb\/4\/48\/Cristiano6.JPG\/960px-Cristiano6.JPG%3Futm_source%3Dcommons.wikimedia.org%26utm_campaign%3Dimageinfo%26utm_content%3Dthumbnail 2x\" \/><\/a>  <\/p>\n<div class=\"thumbcaption\">\n<div class=\"magnify\"><a href=\"\/Datei:Cristiano6.JPG\" class=\"internal\" title=\"vergr\u00f6\u00dfern\"><\/a><\/div>\n<\/div>\n<\/div>\n<\/div>\n<ul>\n<li>Name: <b>Cristiano<\/b><\/li>\n<li>Langname: Cristiano da Silva<\/li>\n<li>Geburtstag: 12. Januar 1987<\/li>\n<li>Geburtsort: Campo Mour\u00e3o<\/li>\n<li>Geburtsland: Brasilien<\/li>\n<li>Nationalit\u00e4t: Brasilianer <a href=\"\/Datei:Flag_of_Brazil.svg\" class=\"image\" title=\"Brasilianer\"><img alt=\"Brasilianer\" src=\"\/images\/thumb\/0\/05\/Flag_of_Brazil.svg\/langde-20px-Flag_of_Brazil.svg.png%3Futm_source%3Dcommons.wikimedia.org%26utm_campaign%3Dimageinfo%26utm_content%3Dthumbnail\" decoding=\"async\" width=\"20\" height=\"14\" srcset=\"\/images\/thumb\/0\/05\/Flag_of_Brazil.svg\/langde-40px-Flag_of_Brazil.svg.png%3Futm_source%3Dcommons.wikimedia.org%26utm_campaign%3Dimageinfo%26utm_content%3Dthumbnail 1.5x\" \/><\/a><\/li>\n<li>Gr\u00f6\u00dfe: 182 cm<\/li>\n<li>Position: Offensives Mittelfeld \/ H\u00e4ngende Spitze<\/li>\n<li>Starker Fu\u00df: Rechts<\/li>\n<li>R\u00fcckennummer: 10<\/li>\n<li>Bundesligaspiele f\u00fcr Salzburg: 15 Spiele (3 Tore)<\/li>\n<\/ul>\n<h2><span class=\"mw-headline\" id=\"Stationen\">Stationen<\/span><a href=\"\/index.php?title=Cristiano_da_Silva&amp;action=edit&amp;section=1\" title=\"Abschnitt bearbeiten: Stationen\">Bearbeiten<\/a><span class=\"mw-editsection-bracket\">]<\/span><\/span><\/h2>\n<ul>\n<li>Coritiba FC (2005\u20132006)<\/li>\n<li>Toledo Col\u00f4nia Work (2006\u20132007)<\/li>\n<li>Adap Galo Maring\u00e1 FC (2008)<\/li>\n<li>Clube N\u00e1utico Marc\u00edlio Dias (2008)<\/li>\n<li>Rio Claro FC (2009)<\/li>\n<li>CA Metropolitano (2009\u20132011)<\/li>\n<li>Associa\u00e7\u00e3o Chapecoense <i>&#8222;Leihe&#8220;<\/i> (2009)<\/li>\n<li>EC Juventude <i>&#8222;Leihe&#8220;<\/i> (2010\u20132011)<\/li>\n<li>Red Bull Salzburg (seit 2012)<\/li>\n<li>Tochigi SC <i>&#8222;Leihe&#8220;<\/i> (2012- 2014)<\/li>\n<li>Ventforet Kofu (2014- )<\/li>\n<\/ul>\n<h2><span id=\"Titel_.26_Erfolge\"><\/span><span class=\"mw-headline\" id=\"Titel_&amp;_Erfolge\">Titel &amp; Erfolge<\/span><a href=\"\/index.php?title=Cristiano_da_Silva&amp;action=edit&amp;section=2\" title=\"Abschnitt bearbeiten: Titel &amp; Erfolge\">Bearbeiten<\/a><span class=\"mw-editsection-bracket\">]<\/span><\/span><\/h2>\n<ul>\n<li>\u00d6sterreichischer Meister: 2012<\/li>\n<li>\u00d6sterreichischer Cupsieger: 2012<\/li>\n<\/ul>\n<h2><span class=\"mw-headline\" id=\"Bilder\">Bilder<\/span><a href=\"\/index.php?title=Cristiano_da_Silva&amp;action=edit&amp;section=3\" title=\"Abschnitt bearbeiten: Bilder\">Bearbeiten<\/a><span class=\"mw-editsection-bracket\">]<\/span><\/span><\/h2>\n<ul class=\"gallery mw-gallery-traditional\">\n<li class=\"gallerybox\" style=\"width: 155px\">\n<div style=\"width: 155px\">\n<div class=\"thumb\" style=\"width: 150px;\">\n<div style=\"margin:15px auto;\"><a href=\"\/Datei:Cristiano.JPG\" class=\"image\"><img alt=\"Cristiano.JPG\" src=\"\/images\/thumb\/8\/8d\/Cristiano.JPG\/120px-Cristiano.JPG%3Futm_source%3Dcommons.wikimedia.org%26utm_campaign%3Dimageinfo%26utm_content%3Dthumbnail\" decoding=\"async\" width=\"102\" height=\"120\" srcset=\"\/images\/thumb\/8\/8d\/Cristiano.JPG\/250px-Cristiano.JPG%3Futm_source%3Dcommons.wikimedia.org%26utm_campaign%3Dimageinfo%26utm_content%3Dthumbnail 1.5x\" \/><\/a><\/div>\n<\/div>\n<div class=\"gallerytext\">\n\t\t\t<\/div>\n<\/p><\/div>\n<\/li>\n<li class=\"gallerybox\" style=\"width: 155px\">\n<div style=\"width: 155px\">\n<div class=\"thumb\" style=\"width: 150px;\">\n<div style=\"margin:15px auto;\"><a href=\"\/Datei:Cristiano62.JPG\" class=\"image\"><img loading=\"lazy\" alt=\"Cristiano62.JPG\" src=\"\/images\/thumb\/c\/c7\/Cristiano62.JPG\/120px-Cristiano62.JPG%3Futm_source%3Dcommons.wikimedia.org%26utm_campaign%3Dimageinfo%26utm_content%3Dthumbnail\" decoding=\"async\" width=\"81\" height=\"120\" srcset=\"\/images\/thumb\/c\/c7\/Cristiano62.JPG\/250px-Cristiano62.JPG%3Futm_source%3Dcommons.wikimedia.org%26utm_campaign%3Dimageinfo%26utm_content%3Dthumbnail 1.5x\" \/><\/a><\/div>\n<\/div>\n<div class=\"gallerytext\">\n\t\t\t<\/div>\n<\/p><\/div>\n<\/li>\n<li class=\"gallerybox\" style=\"width: 155px\">\n<div style=\"width: 155px\">\n<div class=\"thumb\" style=\"width: 150px;\">\n<div style=\"margin:15px auto;\"><a href=\"\/Datei:Testspiel44.JPG\" class=\"image\"><img loading=\"lazy\" alt=\"Testspiel44.JPG\" src=\"\/images\/thumb\/a\/aa\/Testspiel44.JPG\/120px-Testspiel44.JPG%3Futm_source%3Dcommons.wikimedia.org%26utm_campaign%3Dimageinfo%26utm_content%3Dthumbnail\" decoding=\"async\" width=\"108\" height=\"120\" srcset=\"\/images\/thumb\/a\/aa\/Testspiel44.JPG\/250px-Testspiel44.JPG%3Futm_source%3Dcommons.wikimedia.org%26utm_campaign%3Dimageinfo%26utm_content%3Dthumbnail 1.5x\" \/><\/a><\/div>\n<\/div>\n<div class=\"gallerytext\">\n\t\t\t<\/div>\n<\/p><\/div>\n<\/li>\n<\/ul>\n<\/div>\n","protected":false},"excerpt":{"rendered":"<p>Name: Cristiano Langname: Cristiano da Silva Geburtstag: 12. Januar 1987 Geburtsort: Campo Mour\u00e3o Geburtsland: Brasilien Nationalit\u00e4t: Brasilianer Gr\u00f6\u00dfe: 182 cm Position: Offensives Mittelfeld \/ H\u00e4ngende Spitze Starker Fu\u00df: Rechts R\u00fcckennummer: 10 Bundesligaspiele f\u00fcr Salzburg: 15 Spiele (3 Tore) StationenBearbeiten] Coritiba FC (2005\u20132006) Toledo Col\u00f4nia Work (2006\u20132007) Adap Galo Maring\u00e1 FC (2008) Clube N\u00e1utico Marc\u00edlio Dias [&hellip;]<\/p>\n","protected":false},"author":1,"featured_media":0,"parent":0,"menu_order":0,"comment_status":"closed","ping_status":"closed","template":"","meta":{"footnotes":""},"class_list":["post-3559","page","type-page","status-publish","hentry"],"_links":{"self":[{"href":"https:\/\/wiki.s12.at\/index.php\/wp-json\/wp\/v2\/pages\/3559","targetHints":{"allow":["GET"]}}],"collection":[{"href":"https:\/\/wiki.s12.at\/index.php\/wp-json\/wp\/v2\/pages"}],"about":[{"href":"https:\/\/wiki.s12.at\/index.php\/wp-json\/wp\/v2\/types\/page"}],"author":[{"embeddable":true,"href":"https:\/\/wiki.s12.at\/index.php\/wp-json\/wp\/v2\/users\/1"}],"replies":[{"embeddable":true,"href":"https:\/\/wiki.s12.at\/index.php\/wp-json\/wp\/v2\/comments?post=3559"}],"version-history":[{"count":0,"href":"https:\/\/wiki.s12.at\/index.php\/wp-json\/wp\/v2\/pages\/3559\/revisions"}],"wp:attachment":[{"href":"https:\/\/wiki.s12.at\/index.php\/wp-json\/wp\/v2\/media?parent=3559"}],"curies":[{"name":"wp","href":"https:\/\/api.w.org\/{rel}","templated":true}]}}