{"id":3551,"date":"2026-05-06T15:18:39","date_gmt":"2026-05-06T13:18:39","guid":{"rendered":"https:\/\/wiki.s12.at\/index.php\/collectivo\/"},"modified":"2026-05-06T15:18:39","modified_gmt":"2026-05-06T13:18:39","slug":"collectivo","status":"publish","type":"page","link":"https:\/\/wiki.s12.at\/index.php\/collectivo\/","title":{"rendered":"Collectivo"},"content":{"rendered":"<div class=\"mw-parser-output\">\n<div class=\"thumb tright\">\n<div class=\"thumbinner\" style=\"width:302px;\"><a href=\"\/Datei:283326_245465772150019_8031569_n.jpg\" class=\"image\"><img fetchpriority=\"high\" alt=\"283326 245465772150019 8031569 n.jpg\" src=\"\/images\/thumb\/f\/f6\/283326_245465772150019_8031569_n.jpg\/300px-283326_245465772150019_8031569_n.jpg\" decoding=\"async\" width=\"300\" height=\"239\" class=\"thumbimage\" srcset=\"\/images\/thumb\/f\/f6\/283326_245465772150019_8031569_n.jpg\/450px-283326_245465772150019_8031569_n.jpg 1.5x, \/images\/f\/f6\/283326_245465772150019_8031569_n.jpg 2x\" \/><\/a>  <\/p>\n<div class=\"thumbcaption\">\n<div class=\"magnify\"><a href=\"\/Datei:283326_245465772150019_8031569_n.jpg\" class=\"internal\" title=\"vergr\u00f6\u00dfern\"><\/a><\/div>\n<\/div>\n<\/div>\n<\/div>\n<p><b>Collectivo<\/b> (<i>Collectivo Salzburg<\/i>, <i>CS11<\/i>) ist ein im Sommer 2011 gegr\u00fcndeter Fanclub von ehemaligen Salzburg Patriots Mitgliedern und diversen FC-losen. Der Fanclub engagiert sich besonders bei Choreographien und dem Dauersupport f\u00fcr die Mannschaft.<br \/>\nDerzeit z\u00e4hlt Collectivo ca. 25 Mitglieder.\n<\/p>\n<h2><span id=\"Selbstverst.C3.A4ndnis\"><\/span><span class=\"mw-headline\" id=\"Selbstverst\u00e4ndnis\">Selbstverst\u00e4ndnis<\/span><a href=\"\/index.php?title=Collectivo&amp;action=edit&amp;section=1\" title=\"Abschnitt bearbeiten: Selbstverst\u00e4ndnis\">Bearbeiten<\/a><span class=\"mw-editsection-bracket\">]<\/span><\/span><\/h2>\n<p>Collectivo pflegt folgenden Ansichten:\n<\/p>\n<ul>\n<li>Wir stehen zu 100% hinter dem Verein und der Mannschaft von FC Red Bull Salzburg<\/li>\n<li>Wir stehen zu Rot\/Wei\u00df und sind f\u00fcr die Erhaltung von Violett in der Fankurve!<\/li>\n<li>Wir stehen zum Gr\u00fcndungsdatum 13. September 1933!<\/li>\n<li>Wir sind f\u00fcr eine Gemeinsame und starke S\u00fcd!<\/li>\n<li>Wir sind gegen Politik im Stadion!<\/li>\n<li>Wir verherrlichen keine Gewaltbereitschaft!<\/li>\n<\/ul>\n<h2><span class=\"mw-headline\" id=\"Herkunft_des_Namens\">Herkunft des Namens<\/span><a href=\"\/index.php?title=Collectivo&amp;action=edit&amp;section=2\" title=\"Abschnitt bearbeiten: Herkunft des Namens\">Bearbeiten<\/a><span class=\"mw-editsection-bracket\">]<\/span><\/span><\/h2>\n<p>Der Name <i>Collectivo<\/i> kommt aus dem spanischen und steht f\u00fcr Gemeinschaft und Zusammenhalt bzw das Kollektiv. In Mexico werden unteranderem gemeinsame Fahrten als Collectivo bezeichnet.\n<\/p>\n<h2><span class=\"mw-headline\" id=\"Besonderes\">Besonderes<\/span><a href=\"\/index.php?title=Collectivo&amp;action=edit&amp;section=3\" title=\"Abschnitt bearbeiten: Besonderes\">Bearbeiten<\/a><span class=\"mw-editsection-bracket\">]<\/span><\/span><\/h2>\n<p>Der Fanclub pflegt Kontakte nach Italien (Friaul-Julisch Venetien) und Portugal (Lissabon) und finanziert sich durch den Verkauf von eigenen Fanclubutensilien (Schals, Sticker, etc.)\n<\/p>\n<h2><span class=\"mw-headline\" id=\"Bilder\">Bilder<\/span><a href=\"\/index.php?title=Collectivo&amp;action=edit&amp;section=4\" title=\"Abschnitt bearbeiten: Bilder\">Bearbeiten<\/a><span class=\"mw-editsection-bracket\">]<\/span><\/span><\/h2>\n<p>Fotos:Wikimedia Commons\n<\/p>\n<ul class=\"gallery mw-gallery-traditional\">\n<li class=\"gallerybox\" style=\"width: 155px\">\n<div style=\"width: 155px\">\n<div class=\"thumb\" style=\"width: 150px;\">\n<div style=\"margin:40.5px auto;\"><a href=\"\/Datei:Supporters_FC_Red_Bull_Salzburg_Away_08.JPG\" class=\"image\"><img alt=\"Supporters FC Red Bull Salzburg Away 08.JPG\" src=\"\/images\/thumb\/3\/30\/Supporters_FC_Red_Bull_Salzburg_Away_08.JPG\/120px-Supporters_FC_Red_Bull_Salzburg_Away_08.JPG%3Futm_source%3Dcommons.wikimedia.org%26utm_campaign%3Dimageinfo%26utm_content%3Dthumbnail\" decoding=\"async\" width=\"120\" height=\"69\" srcset=\"\/images\/thumb\/3\/30\/Supporters_FC_Red_Bull_Salzburg_Away_08.JPG\/250px-Supporters_FC_Red_Bull_Salzburg_Away_08.JPG%3Futm_source%3Dcommons.wikimedia.org%26utm_campaign%3Dimageinfo%26utm_content%3Dthumbnail 1.5x\" \/><\/a><\/div>\n<\/div>\n<div class=\"gallerytext\">\n\t\t\t<\/div>\n<\/p><\/div>\n<\/li>\n<li class=\"gallerybox\" style=\"width: 155px\">\n<div style=\"width: 155px\">\n<div class=\"thumb\" style=\"width: 150px;\">\n<div style=\"margin:18px auto;\"><a href=\"\/Datei:Supporters_FC_Red_Bull_Salzburg_Away_16.JPG\" class=\"image\"><img alt=\"Supporters FC Red Bull Salzburg Away 16.JPG\" src=\"\/images\/thumb\/3\/3e\/Supporters_FC_Red_Bull_Salzburg_Away_16.JPG\/120px-Supporters_FC_Red_Bull_Salzburg_Away_16.JPG%3Futm_source%3Dcommons.wikimedia.org%26utm_campaign%3Dimageinfo%26utm_content%3Dthumbnail\" decoding=\"async\" width=\"120\" height=\"114\" srcset=\"\/images\/thumb\/3\/3e\/Supporters_FC_Red_Bull_Salzburg_Away_16.JPG\/250px-Supporters_FC_Red_Bull_Salzburg_Away_16.JPG%3Futm_source%3Dcommons.wikimedia.org%26utm_campaign%3Dimageinfo%26utm_content%3Dthumbnail 1.5x\" \/><\/a><\/div>\n<\/div>\n<div class=\"gallerytext\">\n\t\t\t<\/div>\n<\/p><\/div>\n<\/li>\n<li class=\"gallerybox\" style=\"width: 155px\">\n<div style=\"width: 155px\">\n<div class=\"thumb\" style=\"width: 150px;\">\n<div style=\"margin:43.5px auto;\"><a href=\"\/Datei:Supporters_FC_Red_Bull_Salzburg_Away_46.JPG\" class=\"image\"><img loading=\"lazy\" alt=\"Supporters FC Red Bull Salzburg Away 46.JPG\" src=\"\/images\/thumb\/5\/5a\/Supporters_FC_Red_Bull_Salzburg_Away_46.JPG\/120px-Supporters_FC_Red_Bull_Salzburg_Away_46.JPG%3Futm_source%3Dcommons.wikimedia.org%26utm_campaign%3Dimageinfo%26utm_content%3Dthumbnail\" decoding=\"async\" width=\"120\" height=\"63\" srcset=\"\/images\/thumb\/5\/5a\/Supporters_FC_Red_Bull_Salzburg_Away_46.JPG\/250px-Supporters_FC_Red_Bull_Salzburg_Away_46.JPG%3Futm_source%3Dcommons.wikimedia.org%26utm_campaign%3Dimageinfo%26utm_content%3Dthumbnail 1.5x\" \/><\/a><\/div>\n<\/div>\n<div class=\"gallerytext\">\n\t\t\t<\/div>\n<\/p><\/div>\n<\/li>\n<li class=\"gallerybox\" style=\"width: 155px\">\n<div style=\"width: 155px\">\n<div class=\"thumb\" style=\"width: 150px;\">\n<div style=\"margin:35px auto;\"><a href=\"\/Datei:FC_Red_Bull_Salzburg_gegen_SK_Rapid_Wien_(19._Juli_2014)_46.JPG\" class=\"image\"><img loading=\"lazy\" alt=\"FC Red Bull Salzburg gegen SK Rapid Wien (19. Juli 2014) 46.JPG\" src=\"\/images\/thumb\/3\/38\/FC_Red_Bull_Salzburg_gegen_SK_Rapid_Wien_%2819._Juli_2014%29_46.JPG\/120px-FC_Red_Bull_Salzburg_gegen_SK_Rapid_Wien_%2819._Juli_2014%29_46.JPG%3Futm_source%3Dcommons.wikimedia.org%26utm_campaign%3Dimageinfo%26utm_content%3Dthumbnail\" decoding=\"async\" width=\"120\" height=\"80\" srcset=\"\/images\/thumb\/3\/38\/FC_Red_Bull_Salzburg_gegen_SK_Rapid_Wien_%2819._Juli_2014%29_46.JPG\/250px-FC_Red_Bull_Salzburg_gegen_SK_Rapid_Wien_%2819._Juli_2014%29_46.JPG%3Futm_source%3Dcommons.wikimedia.org%26utm_campaign%3Dimageinfo%26utm_content%3Dthumbnail 1.5x\" \/><\/a><\/div>\n<\/div>\n<div class=\"gallerytext\">\n\t\t\t<\/div>\n<\/p><\/div>\n<\/li>\n<li class=\"gallerybox\" style=\"width: 155px\">\n<div style=\"width: 155px\">\n<div class=\"thumb\" style=\"width: 150px;\">\n<div style=\"margin:20.5px auto;\"><a href=\"\/Datei:Red_Bull_Salzburg_gegen_Admira_Wacker_M%C3%B6dling_22.JPG\" class=\"image\"><img loading=\"lazy\" alt=\"Red Bull Salzburg gegen Admira Wacker M\u00f6dling 22.JPG\" src=\"\/images\/thumb\/d\/d3\/Red_Bull_Salzburg_gegen_Admira_Wacker_M%C3%B6dling_22.JPG\/120px-Red_Bull_Salzburg_gegen_Admira_Wacker_M%C3%B6dling_22.JPG%3Futm_source%3Dcommons.wikimedia.org%26utm_campaign%3Dimageinfo%26utm_content%3Dthumbnail\" decoding=\"async\" width=\"120\" height=\"109\" srcset=\"\/images\/thumb\/d\/d3\/Red_Bull_Salzburg_gegen_Admira_Wacker_M%C3%B6dling_22.JPG\/250px-Red_Bull_Salzburg_gegen_Admira_Wacker_M%C3%B6dling_22.JPG%3Futm_source%3Dcommons.wikimedia.org%26utm_campaign%3Dimageinfo%26utm_content%3Dthumbnail 1.5x\" \/><\/a><\/div>\n<\/div>\n<div class=\"gallerytext\">\n\t\t\t<\/div>\n<\/p><\/div>\n<\/li>\n<li class=\"gallerybox\" style=\"width: 155px\">\n<div style=\"width: 155px\">\n<div class=\"thumb\" style=\"width: 150px;\">\n<div style=\"margin:21px auto;\"><a href=\"\/Datei:SCR_Altach_gegen_FC_Red_Bull_Salzburg_09.JPG\" class=\"image\"><img loading=\"lazy\" alt=\"SCR Altach gegen FC Red Bull Salzburg 09.JPG\" src=\"\/images\/thumb\/f\/fc\/SCR_Altach_gegen_FC_Red_Bull_Salzburg_09.JPG\/120px-SCR_Altach_gegen_FC_Red_Bull_Salzburg_09.JPG%3Futm_source%3Dcommons.wikimedia.org%26utm_campaign%3Dimageinfo%26utm_content%3Dthumbnail\" decoding=\"async\" width=\"120\" height=\"108\" srcset=\"\/images\/thumb\/f\/fc\/SCR_Altach_gegen_FC_Red_Bull_Salzburg_09.JPG\/250px-SCR_Altach_gegen_FC_Red_Bull_Salzburg_09.JPG%3Futm_source%3Dcommons.wikimedia.org%26utm_campaign%3Dimageinfo%26utm_content%3Dthumbnail 1.5x\" \/><\/a><\/div>\n<\/div>\n<div class=\"gallerytext\">\n\t\t\t<\/div>\n<\/p><\/div>\n<\/li>\n<li class=\"gallerybox\" style=\"width: 155px\">\n<div style=\"width: 155px\">\n<div class=\"thumb\" style=\"width: 150px;\">\n<div style=\"margin:35px auto;\"><a href=\"\/Datei:SV_Gr%C3%B6dig_gegen_FC_Red_Bull_Salzburg_01.JPG\" class=\"image\"><img loading=\"lazy\" alt=\"SV Gr\u00f6dig gegen FC Red Bull Salzburg 01.JPG\" src=\"\/images\/thumb\/3\/35\/SV_Gr%C3%B6dig_gegen_FC_Red_Bull_Salzburg_01.JPG\/120px-SV_Gr%C3%B6dig_gegen_FC_Red_Bull_Salzburg_01.JPG%3Futm_source%3Dcommons.wikimedia.org%26utm_campaign%3Dimageinfo%26utm_content%3Dthumbnail\" decoding=\"async\" width=\"120\" height=\"80\" srcset=\"\/images\/thumb\/3\/35\/SV_Gr%C3%B6dig_gegen_FC_Red_Bull_Salzburg_01.JPG\/250px-SV_Gr%C3%B6dig_gegen_FC_Red_Bull_Salzburg_01.JPG%3Futm_source%3Dcommons.wikimedia.org%26utm_campaign%3Dimageinfo%26utm_content%3Dthumbnail 1.5x\" \/><\/a><\/div>\n<\/div>\n<div class=\"gallerytext\">\n\t\t\t<\/div>\n<\/p><\/div>\n<\/li>\n<li class=\"gallerybox\" style=\"width: 155px\">\n<div style=\"width: 155px\">\n<div class=\"thumb\" style=\"width: 150px;\">\n<div style=\"margin:41.5px auto;\"><a href=\"\/Datei:SV_Ried_gegen_FC_Red_Bull_Salzburg_24.JPG\" class=\"image\"><img loading=\"lazy\" alt=\"SV Ried gegen FC Red Bull Salzburg 24.JPG\" src=\"\/images\/thumb\/c\/cd\/SV_Ried_gegen_FC_Red_Bull_Salzburg_24.JPG\/120px-SV_Ried_gegen_FC_Red_Bull_Salzburg_24.JPG%3Futm_source%3Dcommons.wikimedia.org%26utm_campaign%3Dimageinfo%26utm_content%3Dthumbnail\" decoding=\"async\" width=\"120\" height=\"67\" srcset=\"\/images\/thumb\/c\/cd\/SV_Ried_gegen_FC_Red_Bull_Salzburg_24.JPG\/250px-SV_Ried_gegen_FC_Red_Bull_Salzburg_24.JPG%3Futm_source%3Dcommons.wikimedia.org%26utm_campaign%3Dimageinfo%26utm_content%3Dthumbnail 1.5x\" \/><\/a><\/div>\n<\/div>\n<div class=\"gallerytext\">\n\t\t\t<\/div>\n<\/p><\/div>\n<\/li>\n<\/ul>\n<h2><span class=\"mw-headline\" id=\"Weblinks\">Weblinks<\/span><a href=\"\/index.php?title=Collectivo&amp;action=edit&amp;section=5\" title=\"Abschnitt bearbeiten: Weblinks\">Bearbeiten<\/a><span class=\"mw-editsection-bracket\">]<\/span><\/span><\/h2>\n<ul>\n<li><a rel=\"nofollow\" class=\"external text\" href=\"http:\/\/www.facebook.com\/pages\/Collectivo\/234578506561500\">Collectivo auf Facebook<\/a>*<\/li>\n<\/ul>\n<\/div>\n","protected":false},"excerpt":{"rendered":"<p>Collectivo (Collectivo Salzburg, CS11) ist ein im Sommer 2011 gegr\u00fcndeter Fanclub von ehemaligen Salzburg Patriots Mitgliedern und diversen FC-losen. Der Fanclub engagiert sich besonders bei Choreographien und dem Dauersupport f\u00fcr die Mannschaft. Derzeit z\u00e4hlt Collectivo ca. 25 Mitglieder. Selbstverst\u00e4ndnisBearbeiten] Collectivo pflegt folgenden Ansichten: Wir stehen zu 100% hinter dem Verein und der Mannschaft von FC [&hellip;]<\/p>\n","protected":false},"author":1,"featured_media":0,"parent":0,"menu_order":0,"comment_status":"closed","ping_status":"closed","template":"","meta":{"footnotes":""},"class_list":["post-3551","page","type-page","status-publish","hentry"],"_links":{"self":[{"href":"https:\/\/wiki.s12.at\/index.php\/wp-json\/wp\/v2\/pages\/3551","targetHints":{"allow":["GET"]}}],"collection":[{"href":"https:\/\/wiki.s12.at\/index.php\/wp-json\/wp\/v2\/pages"}],"about":[{"href":"https:\/\/wiki.s12.at\/index.php\/wp-json\/wp\/v2\/types\/page"}],"author":[{"embeddable":true,"href":"https:\/\/wiki.s12.at\/index.php\/wp-json\/wp\/v2\/users\/1"}],"replies":[{"embeddable":true,"href":"https:\/\/wiki.s12.at\/index.php\/wp-json\/wp\/v2\/comments?post=3551"}],"version-history":[{"count":0,"href":"https:\/\/wiki.s12.at\/index.php\/wp-json\/wp\/v2\/pages\/3551\/revisions"}],"wp:attachment":[{"href":"https:\/\/wiki.s12.at\/index.php\/wp-json\/wp\/v2\/media?parent=3551"}],"curies":[{"name":"wp","href":"https:\/\/api.w.org\/{rel}","templated":true}]}}