{"id":3531,"date":"2026-05-06T15:18:00","date_gmt":"2026-05-06T13:18:00","guid":{"rendered":"https:\/\/wiki.s12.at\/index.php\/christoph-kroepfl\/"},"modified":"2026-05-06T15:18:00","modified_gmt":"2026-05-06T13:18:00","slug":"christoph-kroepfl","status":"publish","type":"page","link":"https:\/\/wiki.s12.at\/index.php\/christoph-kroepfl\/","title":{"rendered":"Christoph Kr\u00f6pfl"},"content":{"rendered":"<div class=\"mw-parser-output\">\n<div class=\"thumb tright\">\n<div class=\"thumbinner\" style=\"width:232px;\"><a href=\"\/Datei:Christoph_Kr%C3%B6pfl_(Kapfenberger_SV)_-_%C3%96sterreich_U-21_(01).jpg\" class=\"image\"><img fetchpriority=\"high\" alt=\"\" src=\"\/images\/thumb\/d\/df\/Christoph_Kr%C3%B6pfl_%28Kapfenberger_SV%29_-_%C3%96sterreich_U-21_%2801%29.jpg\/250px-Christoph_Kr%C3%B6pfl_%28Kapfenberger_SV%29_-_%C3%96sterreich_U-21_%2801%29.jpg%3Futm_source%3Dcommons.wikimedia.org%26utm_campaign%3Dimageinfo%26utm_content%3Dthumbnail\" decoding=\"async\" width=\"230\" height=\"345\" class=\"thumbimage\" srcset=\"\/images\/thumb\/d\/df\/Christoph_Kr%C3%B6pfl_%28Kapfenberger_SV%29_-_%C3%96sterreich_U-21_%2801%29.jpg\/500px-Christoph_Kr%C3%B6pfl_%28Kapfenberger_SV%29_-_%C3%96sterreich_U-21_%2801%29.jpg%3Futm_source%3Dcommons.wikimedia.org%26utm_campaign%3Dimageinfo%26utm_content%3Dthumbnail 1.5x\" \/><\/a>  <\/p>\n<div class=\"thumbcaption\">\n<div class=\"magnify\"><a href=\"\/Datei:Christoph_Kr%C3%B6pfl_(Kapfenberger_SV)_-_%C3%96sterreich_U-21_(01).jpg\" class=\"internal\" title=\"vergr\u00f6\u00dfern\"><\/a><\/div>\n<p>Christoph Kr\u00f6pfl<\/p><\/div>\n<\/div>\n<\/div>\n<ul>\n<li>Name: <b>Christoph Kr\u00f6pfl<\/b><\/li>\n<li>Geburtstag: 4. Mai 1990<\/li>\n<li>Geburtsort: Graz<\/li>\n<li>Geburtsland: \u00d6sterreich<\/li>\n<li>Nationalit\u00e4t: \u00d6sterreicher <a href=\"\/Datei:Flag_of_Austria.svg\" class=\"image\" title=\"\u00d6sterreicher\"><img alt=\"\u00d6sterreicher\" src=\"\/images\/thumb\/4\/41\/Flag_of_Austria.svg\/langde-20px-Flag_of_Austria.svg.png%3Futm_source%3Dcommons.wikimedia.org%26utm_campaign%3Dimageinfo%26utm_content%3Dthumbnail\" decoding=\"async\" width=\"20\" height=\"13\" srcset=\"\/images\/thumb\/4\/41\/Flag_of_Austria.svg\/langde-40px-Flag_of_Austria.svg.png%3Futm_source%3Dcommons.wikimedia.org%26utm_campaign%3Dimageinfo%26utm_content%3Dthumbnail 1.5x\" \/><\/a><\/li>\n<li>Gr\u00f6\u00dfe: 170 cm<\/li>\n<li>Position: Mittelfeld<\/li>\n<li>Starker Fu\u00df: Rechts<\/li>\n<li>R\u00fcckennummer: 2<\/li>\n<li>Bundesligaspiele f\u00fcr Salzburg: 1 Spiele (0 Tore)<\/li>\n<\/ul>\n<h2><span class=\"mw-headline\" id=\"Stationen\">Stationen<\/span><a href=\"\/index.php?title=Christoph_Kr%C3%B6pfl&amp;action=edit&amp;section=1\" title=\"Abschnitt bearbeiten: Stationen\">Bearbeiten<\/a><span class=\"mw-editsection-bracket\">]<\/span><\/span><\/h2>\n<ul>\n<li>ESV Austria Graz (1997\u20132001)<\/li>\n<li>SK Sturm Graz (2001\u20132009)<\/li>\n<li>Red Bull Juniors (2009\u20132010)<\/li>\n<li>Red Bull Salzburg (2010)<\/li>\n<li>Kapfenberger SV (2010-2012)<\/li>\n<li>SK Sturm Graz (2012- )<\/li>\n<\/ul>\n<h2><span class=\"mw-headline\" id=\"Erfolge\">Erfolge<\/span><a href=\"\/index.php?title=Christoph_Kr%C3%B6pfl&amp;action=edit&amp;section=2\" title=\"Abschnitt bearbeiten: Erfolge\">Bearbeiten<\/a><span class=\"mw-editsection-bracket\">]<\/span><\/span><\/h2>\n<ul>\n<li>13 Spiele (1 Tor) f\u00fcr \u00d6sterreichische Nachwuchs-Nationalmannschaften<\/li>\n<\/ul>\n<h2><span class=\"mw-headline\" id=\"Besonders\">Besonders<\/span><a href=\"\/index.php?title=Christoph_Kr%C3%B6pfl&amp;action=edit&amp;section=3\" title=\"Abschnitt bearbeiten: Besonders\">Bearbeiten<\/a><span class=\"mw-editsection-bracket\">]<\/span><\/span><\/h2>\n<p>Im Herbst 2011 zog sicher Christoph Kr\u00f6pfl bei einer n\u00e4chtlichen Tour einen Bruch des Lendenwirbels zu und viel f\u00fcr rund 4 Monate aus. Er balancierte auf einer Mauer und fiel hinunter. Der Kapfenberger SV, bei denen er einen Vetrag bis 2013 besa\u00df, l\u00f6ste mit sofortiger Wirkung den Vertrag des Spieler auf.\n<\/p>\n<\/div>\n","protected":false},"excerpt":{"rendered":"<p>Christoph Kr\u00f6pfl Name: Christoph Kr\u00f6pfl Geburtstag: 4. Mai 1990 Geburtsort: Graz Geburtsland: \u00d6sterreich Nationalit\u00e4t: \u00d6sterreicher Gr\u00f6\u00dfe: 170 cm Position: Mittelfeld Starker Fu\u00df: Rechts R\u00fcckennummer: 2 Bundesligaspiele f\u00fcr Salzburg: 1 Spiele (0 Tore) StationenBearbeiten] ESV Austria Graz (1997\u20132001) SK Sturm Graz (2001\u20132009) Red Bull Juniors (2009\u20132010) Red Bull Salzburg (2010) Kapfenberger SV (2010-2012) SK Sturm Graz [&hellip;]<\/p>\n","protected":false},"author":1,"featured_media":0,"parent":0,"menu_order":0,"comment_status":"closed","ping_status":"closed","template":"","meta":{"footnotes":""},"class_list":["post-3531","page","type-page","status-publish","hentry"],"_links":{"self":[{"href":"https:\/\/wiki.s12.at\/index.php\/wp-json\/wp\/v2\/pages\/3531","targetHints":{"allow":["GET"]}}],"collection":[{"href":"https:\/\/wiki.s12.at\/index.php\/wp-json\/wp\/v2\/pages"}],"about":[{"href":"https:\/\/wiki.s12.at\/index.php\/wp-json\/wp\/v2\/types\/page"}],"author":[{"embeddable":true,"href":"https:\/\/wiki.s12.at\/index.php\/wp-json\/wp\/v2\/users\/1"}],"replies":[{"embeddable":true,"href":"https:\/\/wiki.s12.at\/index.php\/wp-json\/wp\/v2\/comments?post=3531"}],"version-history":[{"count":0,"href":"https:\/\/wiki.s12.at\/index.php\/wp-json\/wp\/v2\/pages\/3531\/revisions"}],"wp:attachment":[{"href":"https:\/\/wiki.s12.at\/index.php\/wp-json\/wp\/v2\/media?parent=3531"}],"curies":[{"name":"wp","href":"https:\/\/api.w.org\/{rel}","templated":true}]}}