{"id":3504,"date":"2026-05-06T15:17:09","date_gmt":"2026-05-06T13:17:09","guid":{"rendered":"https:\/\/wiki.s12.at\/index.php\/chikwubuike-adamu\/"},"modified":"2026-05-06T15:17:09","modified_gmt":"2026-05-06T13:17:09","slug":"chikwubuike-adamu","status":"publish","type":"page","link":"https:\/\/wiki.s12.at\/index.php\/chikwubuike-adamu\/","title":{"rendered":"Chikwubuike Adamu"},"content":{"rendered":"<div class=\"mw-parser-output\">\n<div class=\"thumb tright\">\n<div class=\"thumbinner\" style=\"width:302px;\"><a href=\"\/Datei:FC_Liefering_gegen_Blau_Wei%C3%9F_Linz_(22._September_2017)_13.jpg\" class=\"image\"><img fetchpriority=\"high\" alt=\"FC Liefering gegen Blau Wei\u00df Linz (22. September 2017) 13.jpg\" src=\"\/images\/thumb\/8\/83\/FC_Liefering_gegen_Blau_Wei%C3%9F_Linz_%2822._September_2017%29_13.jpg\/330px-FC_Liefering_gegen_Blau_Wei%C3%9F_Linz_%2822._September_2017%29_13.jpg%3Futm_source%3Dcommons.wikimedia.org%26utm_campaign%3Dimageinfo%26utm_content%3Dthumbnail\" decoding=\"async\" width=\"300\" height=\"374\" class=\"thumbimage\" srcset=\"\/images\/thumb\/8\/83\/FC_Liefering_gegen_Blau_Wei%C3%9F_Linz_%2822._September_2017%29_13.jpg\/500px-FC_Liefering_gegen_Blau_Wei%C3%9F_Linz_%2822._September_2017%29_13.jpg%3Futm_source%3Dcommons.wikimedia.org%26utm_campaign%3Dimageinfo%26utm_content%3Dthumbnail 1.5x, \/images\/thumb\/8\/83\/FC_Liefering_gegen_Blau_Wei%C3%9F_Linz_%2822._September_2017%29_13.jpg\/960px-FC_Liefering_gegen_Blau_Wei%C3%9F_Linz_%2822._September_2017%29_13.jpg%3Futm_source%3Dcommons.wikimedia.org%26utm_campaign%3Dimageinfo%26utm_content%3Dthumbnail 2x\" \/><\/a>  <\/p>\n<div class=\"thumbcaption\">\n<div class=\"magnify\"><a href=\"\/Datei:FC_Liefering_gegen_Blau_Wei%C3%9F_Linz_(22._September_2017)_13.jpg\" class=\"internal\" title=\"vergr\u00f6\u00dfern\"><\/a><\/div>\n<\/div>\n<\/div>\n<\/div>\n<ul>\n<li>Name: <b>Chikwubuike Adamu<\/b><\/li>\n<li>Vollst\u00e4ndiger Name:  Junior Chikwubuike Adamu<\/li>\n<li>Geburtstag: 6. Juni 2001<\/li>\n<li>Geburtsort: Kano<\/li>\n<li>Geburtsland: Nigeria<\/li>\n<li>Gr\u00f6\u00dfe:<\/li>\n<li>Position: St\u00fcrmer<\/li>\n<li>R\u00fcckennummer: 9<\/li>\n<li>Nationalmannschaft:\u00d6sterreich U18, U19, U21, \u00d6sterreich<\/li>\n<\/ul>\n<h2><span class=\"mw-headline\" id=\"Stationen\">Stationen<\/span><a href=\"\/index.php?title=Chikwubuike_Adamu&amp;action=edit&amp;section=1\" title=\"Abschnitt bearbeiten: Stationen\">Bearbeiten<\/a><span class=\"mw-editsection-bracket\">]<\/span><\/span><\/h2>\n<ul>\n<li>GSV Wacker Jugend<\/li>\n<li>GAK Jugend<\/li>\n<li>Akademie Red Bull Salzburg (U15, U16, U18)<\/li>\n<li>FC Liefering<\/li>\n<li>FC Red Bull Salzburg<\/li>\n<li>FC St. Gallen (Leihe)<\/li>\n<li>SC Freiburg<\/li>\n<\/ul>\n<h2><span class=\"mw-headline\" id=\"Erfolge\">Erfolge<\/span><a href=\"\/index.php?title=Chikwubuike_Adamu&amp;action=edit&amp;section=2\" title=\"Abschnitt bearbeiten: Erfolge\">Bearbeiten<\/a><span class=\"mw-editsection-bracket\">]<\/span><\/span><\/h2>\n<ul>\n<li>\u00d6sterreichischer Meister: 2022, 2023<\/li>\n<li>\u00d6sterreichischer Cup: 2022<\/li>\n<\/ul>\n<h2><span class=\"mw-headline\" id=\"Bilder\">Bilder<\/span><a href=\"\/index.php?title=Chikwubuike_Adamu&amp;action=edit&amp;section=3\" title=\"Abschnitt bearbeiten: Bilder\">Bearbeiten<\/a><span class=\"mw-editsection-bracket\">]<\/span><\/span><\/h2>\n<p><img alt=\"\" src=\"\/images\/thumb\/4\/4a\/Commons-logo.svg\/langde-20px-Commons-logo.svg.png%3Futm_source%3Dcommons.wikimedia.org%26utm_campaign%3Dimageinfo%26utm_content%3Dthumbnail\" decoding=\"async\" title=\"Commons\" width=\"12\" height=\"16\" srcset=\"\/images\/thumb\/4\/4a\/Commons-logo.svg\/langde-40px-Commons-logo.svg.png%3Futm_source%3Dcommons.wikimedia.org%26utm_campaign%3Dimageinfo%26utm_content%3Dthumbnail 2x\" \/>&#160;<b><a href=\"http:\/\/commons.wikimedia.org\/wiki\/Category:Chikwubuike_Adamu\" class=\"extiw\" title=\"commons:Category:Chikwubuike Adamu\">Chikwubuike Adamu<\/a><\/b>&#160;\u2013 Sammlung von Bildern, Videos und Audiodateien auf <a href=\"\/Wikimedia_Commons\" title=\"Wikimedia Commons\">Wikimedia Commons<\/a>\n<\/p>\n<\/div>\n","protected":false},"excerpt":{"rendered":"<p>Name: Chikwubuike Adamu Vollst\u00e4ndiger Name: Junior Chikwubuike Adamu Geburtstag: 6. Juni 2001 Geburtsort: Kano Geburtsland: Nigeria Gr\u00f6\u00dfe: Position: St\u00fcrmer R\u00fcckennummer: 9 Nationalmannschaft:\u00d6sterreich U18, U19, U21, \u00d6sterreich StationenBearbeiten] GSV Wacker Jugend GAK Jugend Akademie Red Bull Salzburg (U15, U16, U18) FC Liefering FC Red Bull Salzburg FC St. Gallen (Leihe) SC Freiburg ErfolgeBearbeiten] \u00d6sterreichischer Meister: 2022, [&hellip;]<\/p>\n","protected":false},"author":1,"featured_media":0,"parent":0,"menu_order":0,"comment_status":"closed","ping_status":"closed","template":"","meta":{"footnotes":""},"class_list":["post-3504","page","type-page","status-publish","hentry"],"_links":{"self":[{"href":"https:\/\/wiki.s12.at\/index.php\/wp-json\/wp\/v2\/pages\/3504","targetHints":{"allow":["GET"]}}],"collection":[{"href":"https:\/\/wiki.s12.at\/index.php\/wp-json\/wp\/v2\/pages"}],"about":[{"href":"https:\/\/wiki.s12.at\/index.php\/wp-json\/wp\/v2\/types\/page"}],"author":[{"embeddable":true,"href":"https:\/\/wiki.s12.at\/index.php\/wp-json\/wp\/v2\/users\/1"}],"replies":[{"embeddable":true,"href":"https:\/\/wiki.s12.at\/index.php\/wp-json\/wp\/v2\/comments?post=3504"}],"version-history":[{"count":0,"href":"https:\/\/wiki.s12.at\/index.php\/wp-json\/wp\/v2\/pages\/3504\/revisions"}],"wp:attachment":[{"href":"https:\/\/wiki.s12.at\/index.php\/wp-json\/wp\/v2\/media?parent=3504"}],"curies":[{"name":"wp","href":"https:\/\/api.w.org\/{rel}","templated":true}]}}