{"id":3486,"date":"2026-05-06T15:16:24","date_gmt":"2026-05-06T13:16:24","guid":{"rendered":"https:\/\/wiki.s12.at\/index.php\/carolin-groessinger\/"},"modified":"2026-05-06T15:16:24","modified_gmt":"2026-05-06T13:16:24","slug":"carolin-groessinger","status":"publish","type":"page","link":"https:\/\/wiki.s12.at\/index.php\/carolin-groessinger\/","title":{"rendered":"Carolin Gr\u00f6ssinger"},"content":{"rendered":"<div class=\"mw-parser-output\">\n<div class=\"thumb tright\">\n<div class=\"thumbinner\" style=\"width:302px;\"><a href=\"\/Datei:Frauen-Fu%C3%9Fballnationalmannschaft_%C3%96sterreich_EM_2017_Empfang_Bundespr%C3%A4sident_39_Carolin_Gr%C3%B6%C3%9Finger_crop.jpg\" class=\"image\"><img fetchpriority=\"high\" alt=\"Frauen-Fu\u00dfballnationalmannschaft \u00d6sterreich EM 2017 Empfang Bundespr\u00e4sident 39 Carolin Gr\u00f6\u00dfinger crop.jpg\" src=\"\/images\/thumb\/5\/56\/Frauen-Fu%C3%9Fballnationalmannschaft_%C3%96sterreich_EM_2017_Empfang_Bundespr%C3%A4sident_39_Carolin_Gr%C3%B6%C3%9Finger_crop.jpg\/330px-Frauen-Fu%C3%9Fballnationalmannschaft_%C3%96sterreich_EM_2017_Empfang_Bundespr%C3%A4sident_39_Carolin_Gr%C3%B6%C3%9Finger_crop.jpg%3Futm_source%3Dcommons.wikimedia.org%26utm_campaign%3Dimageinfo%26utm_content%3Dthumbnail\" decoding=\"async\" width=\"300\" height=\"420\" class=\"thumbimage\" srcset=\"\/images\/thumb\/5\/56\/Frauen-Fu%C3%9Fballnationalmannschaft_%C3%96sterreich_EM_2017_Empfang_Bundespr%C3%A4sident_39_Carolin_Gr%C3%B6%C3%9Finger_crop.jpg\/500px-Frauen-Fu%C3%9Fballnationalmannschaft_%C3%96sterreich_EM_2017_Empfang_Bundespr%C3%A4sident_39_Carolin_Gr%C3%B6%C3%9Finger_crop.jpg%3Futm_source%3Dcommons.wikimedia.org%26utm_campaign%3Dimageinfo%26utm_content%3Dthumbnail 1.5x, \/images\/thumb\/5\/56\/Frauen-Fu%C3%9Fballnationalmannschaft_%C3%96sterreich_EM_2017_Empfang_Bundespr%C3%A4sident_39_Carolin_Gr%C3%B6%C3%9Finger_crop.jpg\/960px-Frauen-Fu%C3%9Fballnationalmannschaft_%C3%96sterreich_EM_2017_Empfang_Bundespr%C3%A4sident_39_Carolin_Gr%C3%B6%C3%9Finger_crop.jpg%3Futm_source%3Dcommons.wikimedia.org%26utm_campaign%3Dimageinfo%26utm_content%3Dthumbnail 2x\" \/><\/a>  <\/p>\n<div class=\"thumbcaption\">\n<div class=\"magnify\"><a href=\"\/Datei:Frauen-Fu%C3%9Fballnationalmannschaft_%C3%96sterreich_EM_2017_Empfang_Bundespr%C3%A4sident_39_Carolin_Gr%C3%B6%C3%9Finger_crop.jpg\" class=\"internal\" title=\"vergr\u00f6\u00dfern\"><\/a><\/div>\n<\/div>\n<\/div>\n<\/div>\n<ul>\n<li>Name: <b>Carolin Gr\u00f6ssinger<\/b><\/li>\n<li>Geburtstag: 10. Mai 1997<\/li>\n<li>Geburtsort: Salzburg<\/li>\n<li>Geburtsland: \u00d6sterreich<\/li>\n<li>Nationalit\u00e4t: \u00d6sterreicherin <a href=\"\/Datei:Flag_of_Austria.svg\" class=\"image\" title=\"\u00d6sterreicher\"><img alt=\"\u00d6sterreicher\" src=\"\/images\/thumb\/4\/41\/Flag_of_Austria.svg\/langde-20px-Flag_of_Austria.svg.png%3Futm_source%3Dcommons.wikimedia.org%26utm_campaign%3Dimageinfo%26utm_content%3Dthumbnail\" decoding=\"async\" width=\"20\" height=\"13\" srcset=\"\/images\/thumb\/4\/41\/Flag_of_Austria.svg\/langde-40px-Flag_of_Austria.svg.png%3Futm_source%3Dcommons.wikimedia.org%26utm_campaign%3Dimageinfo%26utm_content%3Dthumbnail 1.5x\" \/><\/a><\/li>\n<li>Gr\u00f6\u00dfe: 174 cm<\/li>\n<\/ul>\n<h2><span class=\"mw-headline\" id=\"Stationen\">Stationen<\/span><a href=\"\/index.php?title=Carolin_Gr%C3%B6ssinger&amp;action=edit&amp;section=1\" title=\"Abschnitt bearbeiten: Stationen\">Bearbeiten<\/a><span class=\"mw-editsection-bracket\">]<\/span><\/span><\/h2>\n<ul>\n<li>SG Bergheim\/Hof<\/li>\n<li>FSK St. P\u00f6lten<\/li>\n<li>Union Kleinm\u00fcnchen<\/li>\n<li>Bayer 04 Leverkusen<\/li>\n<li>FC Bergheim<\/li>\n<li>FC Wacker Innsbruck<\/li>\n<li>SKN St. P\u00f6lten<\/li>\n<\/ul>\n<h2><span class=\"mw-headline\" id=\"Trainerin\">Trainerin<\/span><a href=\"\/index.php?title=Carolin_Gr%C3%B6ssinger&amp;action=edit&amp;section=2\" title=\"Abschnitt bearbeiten: Trainerin\">Bearbeiten<\/a><span class=\"mw-editsection-bracket\">]<\/span><\/span><\/h2>\n<ul>\n<li>FC Red Bull Salzburg U16w (Torfrautrainerin)<\/li>\n<\/ul>\n<\/div>\n","protected":false},"excerpt":{"rendered":"<p>Name: Carolin Gr\u00f6ssinger Geburtstag: 10. Mai 1997 Geburtsort: Salzburg Geburtsland: \u00d6sterreich Nationalit\u00e4t: \u00d6sterreicherin Gr\u00f6\u00dfe: 174 cm StationenBearbeiten] SG Bergheim\/Hof FSK St. P\u00f6lten Union Kleinm\u00fcnchen Bayer 04 Leverkusen FC Bergheim FC Wacker Innsbruck SKN St. P\u00f6lten TrainerinBearbeiten] FC Red Bull Salzburg U16w (Torfrautrainerin)<\/p>\n","protected":false},"author":1,"featured_media":0,"parent":0,"menu_order":0,"comment_status":"closed","ping_status":"closed","template":"","meta":{"footnotes":""},"class_list":["post-3486","page","type-page","status-publish","hentry"],"_links":{"self":[{"href":"https:\/\/wiki.s12.at\/index.php\/wp-json\/wp\/v2\/pages\/3486","targetHints":{"allow":["GET"]}}],"collection":[{"href":"https:\/\/wiki.s12.at\/index.php\/wp-json\/wp\/v2\/pages"}],"about":[{"href":"https:\/\/wiki.s12.at\/index.php\/wp-json\/wp\/v2\/types\/page"}],"author":[{"embeddable":true,"href":"https:\/\/wiki.s12.at\/index.php\/wp-json\/wp\/v2\/users\/1"}],"replies":[{"embeddable":true,"href":"https:\/\/wiki.s12.at\/index.php\/wp-json\/wp\/v2\/comments?post=3486"}],"version-history":[{"count":0,"href":"https:\/\/wiki.s12.at\/index.php\/wp-json\/wp\/v2\/pages\/3486\/revisions"}],"wp:attachment":[{"href":"https:\/\/wiki.s12.at\/index.php\/wp-json\/wp\/v2\/media?parent=3486"}],"curies":[{"name":"wp","href":"https:\/\/api.w.org\/{rel}","templated":true}]}}