{"id":3474,"date":"2026-05-06T15:16:04","date_gmt":"2026-05-06T13:16:04","guid":{"rendered":"https:\/\/wiki.s12.at\/index.php\/cl-qualifikation-2010-hb-torshaven-vs-rbs\/"},"modified":"2026-05-06T15:16:04","modified_gmt":"2026-05-06T13:16:04","slug":"cl-qualifikation-2010-hb-torshaven-vs-rbs","status":"publish","type":"page","link":"https:\/\/wiki.s12.at\/index.php\/cl-qualifikation-2010-hb-torshaven-vs-rbs\/","title":{"rendered":"CL Qualifikation 2010 HB T\u00f3rshaven vs RBS"},"content":{"rendered":"<div class=\"mw-parser-output\">\n<p><b>Champions League 2010, Qualifikation- 2. Runde; 20.Juli 2010, R\u00fcckspiel<br \/><\/b>\n<\/p>\n<table class=\"wikitable\">\n<caption>HB T\u00f3rshaven &#8211; FC Salzburg- 1:0<br \/>\n<\/caption>\n<tbody>\n<tr>\n<td>Aufstellung:<\/td>\n<td><a href=\"\/Alexander_Walke\" title=\"Alexander Walke\">Alexander Walke<\/a>, <a href=\"\/Christian_Schwegler\" title=\"Christian Schwegler\">Christian Schwegler<\/a> , <a href=\"\/Milan_Dudic\" class=\"mw-redirect\" title=\"Milan Dudic\">Milan Dudic<\/a> ,<a href=\"\/Ibrahim_Sekagya\" title=\"Ibrahim Sekagya\">Ibrahim Sekagya<\/a> ,<a href=\"\/Andreas_Ulmer\" title=\"Andreas Ulmer\">Andreas Ulmer<\/a> , <a href=\"\/David_Mendes\" title=\"David Mendes\">David Mendes<\/a> ,<a href=\"\/Gonzalo_Zarate\" title=\"Gonzalo Zarate\">Gonzalo Zarate<\/a> , <a href=\"\/Simon_Cziommer\" title=\"Simon Cziommer\">Simon Cziommer<\/a>, <a href=\"\/Christoph_Leitgeb\" title=\"Christoph Leitgeb\">Christoph Leitgeb<\/a> , <a href=\"\/Jakob_Jantscher\" title=\"Jakob Jantscher\">Jakob Jantscher<\/a> , <a href=\"\/Stefan_Hierl%C3%A4nder\" title=\"Stefan Hierl\u00e4nder\">Stefan Hierl\u00e4nder<\/a>\n<\/td>\n<\/tr>\n<tr>\n<td>Wechsel:<\/td>\n<td><a href=\"\/Nikola_Pokrivac\" class=\"mw-redirect\" title=\"Nikola Pokrivac\">Nikola Pokrivac<\/a> f\u00fcr David Mendes(34.), <a href=\"\/Dusan_Svento\" class=\"mw-redirect\" title=\"Dusan Svento\">Dusan Svento<\/a> f\u00fcr Simon Cziommer(46.), <a href=\"\/Louis_Ngwat-Mahop\" title=\"Louis Ngwat-Mahop\">Louis Ngwat-Mahop<\/a> f\u00fcr Jakob Jantscher (71.)\n<\/td>\n<\/tr>\n<tr>\n<td>Endstand:<\/td>\n<td>1:0 (0:0)\n<\/td>\n<\/tr>\n<tr>\n<td>Torsch\u00fctzen:<\/td>\n<td>Samuelsen (73.)\n<\/td>\n<\/tr>\n<tr>\n<td>Gelbe Karten:<\/td>\n<td>Christoph Leitgeb (92.)\n<\/td>\n<\/tr>\n<tr>\n<td>Rote Karten:<\/td>\n<td>\n<\/td>\n<\/tr>\n<tr>\n<td>Schiedsrichter:<\/td>\n<td>Tony Asumaa (FIN)\n<\/td>\n<\/tr>\n<tr>\n<td>Stadion:<\/td>\n<td>Gundadalur Stadion , T\u00f3rshaven\n<\/td>\n<\/tr>\n<tr>\n<td>Zuschauer:<\/td>\n<td>300\n<\/td>\n<\/tr>\n<\/tbody>\n<\/table>\n<\/div>\n","protected":false},"excerpt":{"rendered":"<p>Champions League 2010, Qualifikation- 2. Runde; 20.Juli 2010, R\u00fcckspiel HB T\u00f3rshaven &#8211; FC Salzburg- 1:0 Aufstellung: Alexander Walke, Christian Schwegler , Milan Dudic ,Ibrahim Sekagya ,Andreas Ulmer , David Mendes ,Gonzalo Zarate , Simon Cziommer, Christoph Leitgeb , Jakob Jantscher , Stefan Hierl\u00e4nder Wechsel: Nikola Pokrivac f\u00fcr David Mendes(34.), Dusan Svento f\u00fcr Simon Cziommer(46.), Louis [&hellip;]<\/p>\n","protected":false},"author":1,"featured_media":0,"parent":0,"menu_order":0,"comment_status":"closed","ping_status":"closed","template":"","meta":{"footnotes":""},"class_list":["post-3474","page","type-page","status-publish","hentry"],"_links":{"self":[{"href":"https:\/\/wiki.s12.at\/index.php\/wp-json\/wp\/v2\/pages\/3474","targetHints":{"allow":["GET"]}}],"collection":[{"href":"https:\/\/wiki.s12.at\/index.php\/wp-json\/wp\/v2\/pages"}],"about":[{"href":"https:\/\/wiki.s12.at\/index.php\/wp-json\/wp\/v2\/types\/page"}],"author":[{"embeddable":true,"href":"https:\/\/wiki.s12.at\/index.php\/wp-json\/wp\/v2\/users\/1"}],"replies":[{"embeddable":true,"href":"https:\/\/wiki.s12.at\/index.php\/wp-json\/wp\/v2\/comments?post=3474"}],"version-history":[{"count":0,"href":"https:\/\/wiki.s12.at\/index.php\/wp-json\/wp\/v2\/pages\/3474\/revisions"}],"wp:attachment":[{"href":"https:\/\/wiki.s12.at\/index.php\/wp-json\/wp\/v2\/media?parent=3474"}],"curies":[{"name":"wp","href":"https:\/\/api.w.org\/{rel}","templated":true}]}}