{"id":3358,"date":"2026-05-06T15:12:46","date_gmt":"2026-05-06T13:12:46","guid":{"rendered":"https:\/\/wiki.s12.at\/index.php\/besiktas-istanbul-gegen-fc-salzburg\/"},"modified":"2026-05-06T15:12:46","modified_gmt":"2026-05-06T13:12:46","slug":"besiktas-istanbul-gegen-fc-salzburg","status":"publish","type":"page","link":"https:\/\/wiki.s12.at\/index.php\/besiktas-istanbul-gegen-fc-salzburg\/","title":{"rendered":"Besiktas Istanbul gegen FC Salzburg"},"content":{"rendered":"<div class=\"mw-parser-output\">\n<h2><span class=\"mw-headline\" id=\"Fakten\">Fakten<\/span><a href=\"\/index.php?title=Besiktas_Istanbul_gegen_FC_Salzburg&amp;action=edit&amp;section=1\" title=\"Abschnitt bearbeiten: Fakten\">Bearbeiten<\/a><span class=\"mw-editsection-bracket\">]<\/span><\/span><\/h2>\n<table class=\"toptextcells toccolours\">\n<tbody>\n<tr>\n<th colspan=\"2\" style=\"text-align: center; vertical-align: top; padding: 0.3em 0.8em; font-size: 125%; background-color: lightsteelblue;\">Besiktas Istanbul gegen FC Salzburg , 1:0\n<\/th>\n<\/tr>\n<tr>\n<th style=\"text-align:left;\"><b>Spieltag<\/b>\n<\/th>\n<th style=\"text-align:left;\">Uefa-Youth-League 2. Runde Hinspiel\n<\/th>\n<\/tr>\n<tr>\n<th style=\"text-align:left;\"><b>Datum<\/b>\n<\/th>\n<th style=\"text-align:left;\">4. November 2015\n<\/th>\n<\/tr>\n<tr>\n<th style=\"text-align:left;\"><b>Anpfiff<\/b>\n<\/th>\n<th style=\"text-align:left;\">12 Uhr (MEZ)\n<\/th>\n<\/tr>\n<tr>\n<td colspan=\"2\" style=\"text-align:center;\" bgcolor=\"lightgray\"><b>Aufstellung<\/b>\n<\/td>\n<\/tr>\n<tr>\n<th style=\"text-align:left;\"><b>Tor<\/b>\n<\/th>\n<th><a href=\"\/Bartlomiej_Zynel\" class=\"mw-redirect\" title=\"Bartlomiej Zynel\">Bartlomiej Zynel<\/a>\n<\/th>\n<\/tr>\n<tr>\n<th style=\"text-align:left;\"><b>Verteidigung<\/b>\n<\/th>\n<th><a href=\"\/Sandro_Ingolitsch\" title=\"Sandro Ingolitsch\">Sandro Ingolitsch<\/a> <a href=\"\/Dayot_Upamecano\" title=\"Dayot Upamecano\">Dayot Upamecano<\/a> <a href=\"\/David_Gugganig\" title=\"David Gugganig\">David Gugganig<\/a> <a href=\"\/Michael_Switil\" title=\"Michael Switil\">Michael Switil<\/a>\n<\/th>\n<\/tr>\n<tr>\n<th style=\"text-align:left;\"><b>Mittelfeld<\/b>\n<\/th>\n<th><a href=\"\/Emir_Karic\" title=\"Emir Karic\">Emir Karic<\/a> <a href=\"\/Konrad_Laimer\" title=\"Konrad Laimer\">Konrad Laimer<\/a> <a href=\"\/Xaver_Schlager\" title=\"Xaver Schlager\">Xaver Schlager<\/a> <a href=\"\/Marco_H%C3%B6dl\" title=\"Marco H\u00f6dl\">Marco H\u00f6dl<\/a> <a href=\"\/Dmitri_Skopintchev\" title=\"Dmitri Skopintchev\">Dmitri Skopintchev<\/a>\n<\/th>\n<\/tr>\n<tr>\n<th style=\"text-align:left;\"><b>Sturm<\/b>\n<\/th>\n<th><a href=\"\/Dimitri_Oberlin\" title=\"Dimitri Oberlin\">Dimitri Oberlin<\/a>\n<\/th>\n<\/tr>\n<tr>\n<td colspan=\"2\" style=\"text-align:center;\" bgcolor=\"lightgray\"><b>Wechsel<\/b>\n<\/td>\n<\/tr>\n<tr>\n<th style=\"text-align:left;\"><b>Wechsel<\/b>\n<\/th>\n<th style=\"text-align:left;\"><a href=\"\/Mergim_Berisha\" title=\"Mergim Berisha\">Mergim Berisha <\/a> f\u00fcr Schlager (83.), <a href=\"\/Lorenz_Grabovac\" title=\"Lorenz Grabovac\">Lorenz Grabovac<\/a> f\u00fcr Skopintchev (85.), <a href=\"\/Maximilian_Schuster\" title=\"Maximilian Schuster\">Maximilian Schuster<\/a> f\u00fcr Laimer (88.)\n<\/th>\n<\/tr>\n<tr>\n<td colspan=\"2\" style=\"text-align:center;\" bgcolor=\"lightgray\"><b>Statistik<\/b>\n<\/td>\n<\/tr>\n<tr>\n<th style=\"text-align:left;\"><b>Endstand<\/b>\n<\/th>\n<th style=\"text-align:left;\">1:0 (0:0)\n<\/th>\n<\/tr>\n<tr>\n<th style=\"text-align:left;\"><b>Torsch\u00fctzen<\/b>\n<\/th>\n<th style=\"text-align:left;\">Basaran (69.)\n<\/th>\n<\/tr>\n<tr>\n<th style=\"text-align:left;\"><b>Gelbe Karten<\/b>\n<\/th>\n<th style=\"text-align:left;\">Aksoy (34.), Basaran (63.), Turan (71.); Laimer (40.), Upamecano (46.), Ingolitsch (89.)\n<\/th>\n<\/tr>\n<tr>\n<th style=\"text-align:left;\"><b>Rote Karten<\/b>\n<\/th>\n<th style=\"text-align:left;\">\n<\/th>\n<\/tr>\n<tr>\n<th style=\"text-align:left;\"><b>Schiedsrichter<\/b>\n<\/th>\n<th style=\"text-align:left;\">Dejan Jakimovski (MKD)\n<\/th>\n<\/tr>\n<tr>\n<th style=\"text-align:left;\"><b>Stadion<\/b>\n<\/th>\n<th style=\"text-align:left;\">Maltepe Stadion, Istanbul\n<\/th>\n<\/tr>\n<tr>\n<th style=\"text-align:left;\"><b>Zuschauer<\/b>\n<\/th>\n<th style=\"text-align:left;\">100\n<\/th>\n<\/tr>\n<\/tbody>\n<\/table>\n<p>\n<\/p>\n<h2><span class=\"mw-headline\" id=\"Weblinks\">Weblinks<\/span><a href=\"\/index.php?title=Besiktas_Istanbul_gegen_FC_Salzburg&amp;action=edit&amp;section=2\" title=\"Abschnitt bearbeiten: Weblinks\">Bearbeiten<\/a><span class=\"mw-editsection-bracket\">]<\/span><\/span><\/h2>\n<ul>\n<li><a rel=\"nofollow\" class=\"external text\" href=\"http:\/\/www.redbullsalzburg.at\/de\/fc-red-bull-salzburg\/news\/saison_2015_16\/jungbullen-kassieren-knappe-niederlage-in-istanbul.html\">Spielbericht Vereinshomepage<\/a><\/li>\n<li><a rel=\"nofollow\" class=\"external text\" href=\"http:\/\/de.uefa.com\/uefayouthleague\/season=2016\/matches\/round=2000702\/match=2018275\/index.html\">Spielbericht UEFA.com<\/a><\/li>\n<\/ul>\n<h2><span class=\"mw-headline\" id=\"Stimmen_zum_Spiel\">Stimmen zum Spiel<\/span><a href=\"\/index.php?title=Besiktas_Istanbul_gegen_FC_Salzburg&amp;action=edit&amp;section=3\" title=\"Abschnitt bearbeiten: Stimmen zum Spiel\">Bearbeiten<\/a><span class=\"mw-editsection-bracket\">]<\/span><\/span><\/h2>\n<p><b>Thomas Letsch:<\/b>Die Partie mit 0:1 zu verlieren, ist nat\u00fcrlich nicht die Ausgangsposition, die wir uns alle gew\u00fcnscht haben. Was mich aber sehr optimistisch stimmt, ist die Art und Weise, wie wir das Spiel dominiert haben. Leider konnten wir unsere M\u00f6glichkeiten nicht nutzen und uns nicht belohnen. Wir werden das Match nun schnell abhaken und uns gut auf das R\u00fcckspiel vorbereiten. Wenn wir \u00e4hnlich auftreten und in der Offensive effizienter sind, bin ich zuversichtlich, dass wir in die n\u00e4chste Runde aufsteigen k\u00f6nnen.\u201c\n<\/p>\n<\/div>\n","protected":false},"excerpt":{"rendered":"<p>FaktenBearbeiten] Besiktas Istanbul gegen FC Salzburg , 1:0 Spieltag Uefa-Youth-League 2. Runde Hinspiel Datum 4. November 2015 Anpfiff 12 Uhr (MEZ) Aufstellung Tor Bartlomiej Zynel Verteidigung Sandro Ingolitsch Dayot Upamecano David Gugganig Michael Switil Mittelfeld Emir Karic Konrad Laimer Xaver Schlager Marco H\u00f6dl Dmitri Skopintchev Sturm Dimitri Oberlin Wechsel Wechsel Mergim Berisha f\u00fcr Schlager (83.), [&hellip;]<\/p>\n","protected":false},"author":1,"featured_media":0,"parent":0,"menu_order":0,"comment_status":"closed","ping_status":"closed","template":"","meta":{"footnotes":""},"class_list":["post-3358","page","type-page","status-publish","hentry"],"_links":{"self":[{"href":"https:\/\/wiki.s12.at\/index.php\/wp-json\/wp\/v2\/pages\/3358","targetHints":{"allow":["GET"]}}],"collection":[{"href":"https:\/\/wiki.s12.at\/index.php\/wp-json\/wp\/v2\/pages"}],"about":[{"href":"https:\/\/wiki.s12.at\/index.php\/wp-json\/wp\/v2\/types\/page"}],"author":[{"embeddable":true,"href":"https:\/\/wiki.s12.at\/index.php\/wp-json\/wp\/v2\/users\/1"}],"replies":[{"embeddable":true,"href":"https:\/\/wiki.s12.at\/index.php\/wp-json\/wp\/v2\/comments?post=3358"}],"version-history":[{"count":0,"href":"https:\/\/wiki.s12.at\/index.php\/wp-json\/wp\/v2\/pages\/3358\/revisions"}],"wp:attachment":[{"href":"https:\/\/wiki.s12.at\/index.php\/wp-json\/wp\/v2\/media?parent=3358"}],"curies":[{"name":"wp","href":"https:\/\/api.w.org\/{rel}","templated":true}]}}