{"id":3320,"date":"2026-05-06T15:10:52","date_gmt":"2026-05-06T13:10:52","guid":{"rendered":"https:\/\/wiki.s12.at\/index.php\/balazs-toth\/"},"modified":"2026-05-06T15:10:52","modified_gmt":"2026-05-06T13:10:52","slug":"balazs-toth","status":"publish","type":"page","link":"https:\/\/wiki.s12.at\/index.php\/balazs-toth\/","title":{"rendered":"Balazs Toth"},"content":{"rendered":"<div class=\"mw-parser-output\">\n<div class=\"thumb tright\">\n<div class=\"thumbinner\" style=\"width:302px;\"><a href=\"\/Datei:FC_Liefering_gegen_Grazer_AK_(2022-04-29)_13.jpg\" class=\"image\"><img fetchpriority=\"high\" alt=\"FC Liefering gegen Grazer AK (2022-04-29) 13.jpg\" src=\"\/images\/thumb\/3\/39\/FC_Liefering_gegen_Grazer_AK_%282022-04-29%29_13.jpg\/330px-FC_Liefering_gegen_Grazer_AK_%282022-04-29%29_13.jpg%3Futm_source%3Dcommons.wikimedia.org%26utm_campaign%3Dimageinfo%26utm_content%3Dthumbnail\" decoding=\"async\" width=\"300\" height=\"349\" class=\"thumbimage\" srcset=\"\/images\/thumb\/3\/39\/FC_Liefering_gegen_Grazer_AK_%282022-04-29%29_13.jpg\/500px-FC_Liefering_gegen_Grazer_AK_%282022-04-29%29_13.jpg%3Futm_source%3Dcommons.wikimedia.org%26utm_campaign%3Dimageinfo%26utm_content%3Dthumbnail 1.5x, \/images\/thumb\/3\/39\/FC_Liefering_gegen_Grazer_AK_%282022-04-29%29_13.jpg\/960px-FC_Liefering_gegen_Grazer_AK_%282022-04-29%29_13.jpg%3Futm_source%3Dcommons.wikimedia.org%26utm_campaign%3Dimageinfo%26utm_content%3Dthumbnail 2x\" \/><\/a>  <\/p>\n<div class=\"thumbcaption\">\n<div class=\"magnify\"><a href=\"\/Datei:FC_Liefering_gegen_Grazer_AK_(2022-04-29)_13.jpg\" class=\"internal\" title=\"vergr\u00f6\u00dfern\"><\/a><\/div>\n<\/div>\n<\/div>\n<\/div>\n<ul>\n<li>Name: <b>Balazs Toth<\/b><\/li>\n<li>Geburtstag: 29. April 2004<\/li>\n<li>Nationalit\u00e4t: Ungarn<\/li>\n<li>Position: Torh\u00fcter<\/li>\n<li>Nationalmannschaft: Ungarn U16<\/li>\n<\/ul>\n<h2><span class=\"mw-headline\" id=\"Stationen\">Stationen<\/span><a href=\"\/index.php?title=Balazs_Toth&amp;action=edit&amp;section=1\" title=\"Abschnitt bearbeiten: Stationen\">Bearbeiten<\/a><span class=\"mw-editsection-bracket\">]<\/span><\/span><\/h2>\n<ul>\n<li>Ill\u00e9s Akad\u00e9mia (Halad\u00e1s Jugend)<\/li>\n<li>Akademie Red Bull Salzburg ( U18)<\/li>\n<li>FC Liefering<\/li>\n<\/ul>\n<h2><span class=\"mw-headline\" id=\"Bilder\">Bilder<\/span><a href=\"\/index.php?title=Balazs_Toth&amp;action=edit&amp;section=2\" title=\"Abschnitt bearbeiten: Bilder\">Bearbeiten<\/a><span class=\"mw-editsection-bracket\">]<\/span><\/span><\/h2>\n<p><img alt=\"\" src=\"\/images\/thumb\/4\/4a\/Commons-logo.svg\/langde-20px-Commons-logo.svg.png%3Futm_source%3Dcommons.wikimedia.org%26utm_campaign%3Dimageinfo%26utm_content%3Dthumbnail\" decoding=\"async\" title=\"Commons\" width=\"12\" height=\"16\" srcset=\"\/images\/thumb\/4\/4a\/Commons-logo.svg\/langde-40px-Commons-logo.svg.png%3Futm_source%3Dcommons.wikimedia.org%26utm_campaign%3Dimageinfo%26utm_content%3Dthumbnail 2x\" \/>&#160;<b><a href=\"http:\/\/commons.wikimedia.org\/wiki\/Category:Bal%C3%A1zs_T%C3%B3th_(footballer)\" class=\"extiw\" title=\"commons:Category:Bal\u00e1zs T\u00f3th (footballer)\">Balazs Toth<\/a><\/b>&#160;\u2013 Sammlung von Bildern, Videos und Audiodateien auf <a href=\"\/Wikimedia_Commons\" title=\"Wikimedia Commons\">Wikimedia Commons<\/a>\n<\/p>\n<\/div>\n","protected":false},"excerpt":{"rendered":"<p>Name: Balazs Toth Geburtstag: 29. April 2004 Nationalit\u00e4t: Ungarn Position: Torh\u00fcter Nationalmannschaft: Ungarn U16 StationenBearbeiten] Ill\u00e9s Akad\u00e9mia (Halad\u00e1s Jugend) Akademie Red Bull Salzburg ( U18) FC Liefering BilderBearbeiten] &#160;Balazs Toth&#160;\u2013 Sammlung von Bildern, Videos und Audiodateien auf Wikimedia Commons<\/p>\n","protected":false},"author":1,"featured_media":0,"parent":0,"menu_order":0,"comment_status":"closed","ping_status":"closed","template":"","meta":{"footnotes":""},"class_list":["post-3320","page","type-page","status-publish","hentry"],"_links":{"self":[{"href":"https:\/\/wiki.s12.at\/index.php\/wp-json\/wp\/v2\/pages\/3320","targetHints":{"allow":["GET"]}}],"collection":[{"href":"https:\/\/wiki.s12.at\/index.php\/wp-json\/wp\/v2\/pages"}],"about":[{"href":"https:\/\/wiki.s12.at\/index.php\/wp-json\/wp\/v2\/types\/page"}],"author":[{"embeddable":true,"href":"https:\/\/wiki.s12.at\/index.php\/wp-json\/wp\/v2\/users\/1"}],"replies":[{"embeddable":true,"href":"https:\/\/wiki.s12.at\/index.php\/wp-json\/wp\/v2\/comments?post=3320"}],"version-history":[{"count":0,"href":"https:\/\/wiki.s12.at\/index.php\/wp-json\/wp\/v2\/pages\/3320\/revisions"}],"wp:attachment":[{"href":"https:\/\/wiki.s12.at\/index.php\/wp-json\/wp\/v2\/media?parent=3320"}],"curies":[{"name":"wp","href":"https:\/\/api.w.org\/{rel}","templated":true}]}}