{"id":3222,"date":"2026-05-06T15:07:05","date_gmt":"2026-05-06T13:07:05","guid":{"rendered":"https:\/\/wiki.s12.at\/index.php\/austria-salzburg-rapid-wien\/"},"modified":"2026-05-06T15:07:05","modified_gmt":"2026-05-06T13:07:05","slug":"austria-salzburg-rapid-wien","status":"publish","type":"page","link":"https:\/\/wiki.s12.at\/index.php\/austria-salzburg-rapid-wien\/","title":{"rendered":"Austria Salzburg &#8211; Rapid Wien"},"content":{"rendered":"<div class=\"mw-parser-output\">\n<h3><span class=\"mw-headline\" id=\"Fakten\">Fakten<\/span><a href=\"\/index.php?title=Austria_Salzburg_-_Rapid_Wien&amp;action=edit&amp;section=1\" title=\"Abschnitt bearbeiten: Fakten\">Bearbeiten<\/a><span class=\"mw-editsection-bracket\">]<\/span><\/span><\/h3>\n<p><b>\u00d6FB-Cup 1972\/72, Achtelfinale: 8. Dezember 1972, 13.30 Uhr<\/b><br \/>\n\n<\/p>\n<table class=\"wikitable\">\n<caption><b><big>SV Austria Salzburg gegen SK Rapid Wien, 2:3<\/big><\/b><br \/>\n<\/caption>\n<tbody>\n<tr>\n<td>Aufstellung:<\/td>\n<td><a href=\"\/Wilhelm_Kaipel\" title=\"Wilhelm Kaipel\">Wilhelm Kaipel<\/a>; <a href=\"\/Gerhard_Filzmoser\" title=\"Gerhard Filzmoser\">Gerhard Filzmoser<\/a> (46. <a href=\"\/Kurt_Foka\" title=\"Kurt Foka\">Kurt Foka<\/a>); <a href=\"\/Artur_Kibler\" title=\"Artur Kibler\">Artur Kibler<\/a>, <a href=\"\/Gerhard_Mairhuber\" title=\"Gerhard Mairhuber\">Gerhard Mairhuber<\/a>, <a href=\"\/Franz_Bacher\" title=\"Franz Bacher\">Franz Bacher<\/a>;<br \/> <a href=\"\/Heinz_Libuda\" title=\"Heinz Libuda\">Heinz Libuda<\/a>, <a href=\"\/Bernd_Langgruber\" title=\"Bernd Langgruber\">Bernd Langgruber<\/a>, <a href=\"\/Peter_Grosser\" title=\"Peter Grosser\">Peter Grosser<\/a>; <a href=\"\/Alfred_Hala\" title=\"Alfred Hala\">Alfred Hala<\/a>, <a href=\"\/Hans-Dieter_Wei%C3%9F\" title=\"Hans-Dieter Wei\u00df\">Hans-Dieter Wei\u00df<\/a>, <a href=\"\/Adolf_Macek\" title=\"Adolf Macek\">Adolf Macek<\/a>\n<\/td>\n<\/tr>\n<tr>\n<td>Endstand:<\/td>\n<td>2:3 (2:2)\n<\/td>\n<\/tr>\n<tr>\n<td>Torsch\u00fctzen:<\/td>\n<td>Grosser (17.), Wei\u00df (29.); Gallos (39.), Hof (43.), Lorenz (83.)\n<\/td>\n<\/tr>\n<tr>\n<td>Gelbe Karten:<\/td>\n<td>Libuda\n<\/td>\n<\/tr>\n<tr>\n<td>Gelb-rote Karten:<\/td>\n<td>\n<\/td>\n<\/tr>\n<tr>\n<td>Rote Karten:<\/td>\n<td>\n<\/td>\n<\/tr>\n<tr>\n<td>Schiedsrichter:<\/td>\n<td>Josef Jegel\n<\/td>\n<\/tr>\n<tr>\n<td>Stadion:<\/td>\n<td>Lehener Stadion, Salzburg\n<\/td>\n<\/tr>\n<tr>\n<td>Zuschauer:<\/td>\n<td>6 500\n<\/td>\n<\/tr>\n<\/tbody>\n<\/table>\n<\/div>\n","protected":false},"excerpt":{"rendered":"<p>FaktenBearbeiten] \u00d6FB-Cup 1972\/72, Achtelfinale: 8. Dezember 1972, 13.30 Uhr SV Austria Salzburg gegen SK Rapid Wien, 2:3 Aufstellung: Wilhelm Kaipel; Gerhard Filzmoser (46. Kurt Foka); Artur Kibler, Gerhard Mairhuber, Franz Bacher; Heinz Libuda, Bernd Langgruber, Peter Grosser; Alfred Hala, Hans-Dieter Wei\u00df, Adolf Macek Endstand: 2:3 (2:2) Torsch\u00fctzen: Grosser (17.), Wei\u00df (29.); Gallos (39.), Hof (43.), [&hellip;]<\/p>\n","protected":false},"author":1,"featured_media":0,"parent":0,"menu_order":0,"comment_status":"closed","ping_status":"closed","template":"","meta":{"footnotes":""},"class_list":["post-3222","page","type-page","status-publish","hentry"],"_links":{"self":[{"href":"https:\/\/wiki.s12.at\/index.php\/wp-json\/wp\/v2\/pages\/3222","targetHints":{"allow":["GET"]}}],"collection":[{"href":"https:\/\/wiki.s12.at\/index.php\/wp-json\/wp\/v2\/pages"}],"about":[{"href":"https:\/\/wiki.s12.at\/index.php\/wp-json\/wp\/v2\/types\/page"}],"author":[{"embeddable":true,"href":"https:\/\/wiki.s12.at\/index.php\/wp-json\/wp\/v2\/users\/1"}],"replies":[{"embeddable":true,"href":"https:\/\/wiki.s12.at\/index.php\/wp-json\/wp\/v2\/comments?post=3222"}],"version-history":[{"count":0,"href":"https:\/\/wiki.s12.at\/index.php\/wp-json\/wp\/v2\/pages\/3222\/revisions"}],"wp:attachment":[{"href":"https:\/\/wiki.s12.at\/index.php\/wp-json\/wp\/v2\/media?parent=3222"}],"curies":[{"name":"wp","href":"https:\/\/api.w.org\/{rel}","templated":true}]}}