{"id":3112,"date":"2026-05-06T15:04:56","date_gmt":"2026-05-06T13:04:56","guid":{"rendered":"https:\/\/wiki.s12.at\/index.php\/asger-soerensen\/"},"modified":"2026-05-06T15:04:56","modified_gmt":"2026-05-06T13:04:56","slug":"asger-soerensen","status":"publish","type":"page","link":"https:\/\/wiki.s12.at\/index.php\/asger-soerensen\/","title":{"rendered":"Asger S\u00f6rensen"},"content":{"rendered":"<div class=\"mw-parser-output\">\n<div class=\"thumb tright\">\n<div class=\"thumbinner\" style=\"width:302px;\"><a href=\"\/Datei:Asger_S%C3%B8rensen_2014_FC_Liefering_v_First_Vienna_FC.jpg\" class=\"image\"><img fetchpriority=\"high\" alt=\"FC Liefering v First Vienna FC 02.JPG\" src=\"\/images\/thumb\/4\/42\/Asger_S%C3%B8rensen_2014_FC_Liefering_v_First_Vienna_FC.jpg\/330px-Asger_S%C3%B8rensen_2014_FC_Liefering_v_First_Vienna_FC.jpg%3Futm_source%3Dcommons.wikimedia.org%26utm_campaign%3Dimageinfo%26utm_content%3Dthumbnail\" decoding=\"async\" width=\"300\" height=\"386\" class=\"thumbimage\" srcset=\"\/images\/thumb\/4\/42\/Asger_S%C3%B8rensen_2014_FC_Liefering_v_First_Vienna_FC.jpg\/500px-Asger_S%C3%B8rensen_2014_FC_Liefering_v_First_Vienna_FC.jpg%3Futm_source%3Dcommons.wikimedia.org%26utm_campaign%3Dimageinfo%26utm_content%3Dthumbnail 1.5x, \/images\/thumb\/4\/42\/Asger_S%C3%B8rensen_2014_FC_Liefering_v_First_Vienna_FC.jpg\/960px-Asger_S%C3%B8rensen_2014_FC_Liefering_v_First_Vienna_FC.jpg%3Futm_source%3Dcommons.wikimedia.org%26utm_campaign%3Dimageinfo%26utm_content%3Dthumbnail 2x\" \/><\/a>  <\/p>\n<div class=\"thumbcaption\">\n<div class=\"magnify\"><a href=\"\/Datei:FC_Liefering_v_First_Vienna_FC_02.JPG\" class=\"internal\" title=\"vergr\u00f6\u00dfern\"><\/a><\/div>\n<\/div>\n<\/div>\n<\/div>\n<ul>\n<li>Name: <b> Asger S\u00f6rensen <\/b><\/li>\n<li>Geburtstag: 5. Juni 1996<\/li>\n<li>Geburtsort:<\/li>\n<li>Geburtsland: D\u00e4nemark<\/li>\n<li>Gr\u00f6\u00dfe: 191 cm<\/li>\n<li>Position: Verteidiger<\/li>\n<li>Nationalmannschaft: D\u00e4nemark (U16-U18)<\/li>\n<\/ul>\n<h2><span class=\"mw-headline\" id=\"Stationen\">Stationen<\/span><a href=\"\/index.php?title=Asger_S%C3%B6rensen&amp;action=edit&amp;section=1\" title=\"Abschnitt bearbeiten: Stationen\">Bearbeiten<\/a><span class=\"mw-editsection-bracket\">]<\/span><\/span><\/h2>\n<ul>\n<li>Midtjylland U19<\/li>\n<li>FC Red Bull Salzburg (2014-2019 )<\/li>\n<li>FC Liefering (2015- 2017)<\/li>\n<li>Jahn Regensburg (2017 &#8211; 2019 Leihe)<\/li>\n<li>1. FC N\u00fcrnberg (2019- )<\/li>\n<\/ul>\n<h2><span class=\"mw-headline\" id=\"Erfolge\">Erfolge<\/span><a href=\"\/index.php?title=Asger_S%C3%B6rensen&amp;action=edit&amp;section=2\" title=\"Abschnitt bearbeiten: Erfolge\">Bearbeiten<\/a><span class=\"mw-editsection-bracket\">]<\/span><\/span><\/h2>\n<ul>\n<li>\u00d6sterreichischer Meister: 2015, 2016, 2017<\/li>\n<li>\u00d6sterreichischer Cupsieger: 2015, 2016<\/li>\n<\/ul>\n<h2><span class=\"mw-headline\" id=\"Bilder\">Bilder<\/span><a href=\"\/index.php?title=Asger_S%C3%B6rensen&amp;action=edit&amp;section=3\" title=\"Abschnitt bearbeiten: Bilder\">Bearbeiten<\/a><span class=\"mw-editsection-bracket\">]<\/span><\/span><\/h2>\n<p><img alt=\"\" src=\"\/images\/thumb\/4\/4a\/Commons-logo.svg\/langde-20px-Commons-logo.svg.png%3Futm_source%3Dcommons.wikimedia.org%26utm_campaign%3Dimageinfo%26utm_content%3Dthumbnail\" decoding=\"async\" title=\"Commons\" width=\"12\" height=\"16\" srcset=\"\/images\/thumb\/4\/4a\/Commons-logo.svg\/langde-40px-Commons-logo.svg.png%3Futm_source%3Dcommons.wikimedia.org%26utm_campaign%3Dimageinfo%26utm_content%3Dthumbnail 2x\" \/>&#160;<b><a href=\"http:\/\/commons.wikimedia.org\/wiki\/Category:Asger_S%C3%B6rensen\" class=\"extiw\" title=\"commons:Category:Asger S\u00f6rensen\">Asger S\u00f6rensen<\/a><\/b>&#160;\u2013 Sammlung von Bildern, Videos und Audiodateien auf <a href=\"\/Wikimedia_Commons\" title=\"Wikimedia Commons\">Wikimedia Commons<\/a>\n<\/p>\n<h2><span class=\"mw-headline\" id=\"Besonderes\">Besonderes<\/span><a href=\"\/index.php?title=Asger_S%C3%B6rensen&amp;action=edit&amp;section=4\" title=\"Abschnitt bearbeiten: Besonderes\">Bearbeiten<\/a><span class=\"mw-editsection-bracket\">]<\/span><\/span><\/h2>\n<p>Durch mehrere schwere Verletzungen kam er bisher wenig zum Einsatz.\n<\/p>\n<\/div>\n","protected":false},"excerpt":{"rendered":"<p>Name: Asger S\u00f6rensen Geburtstag: 5. Juni 1996 Geburtsort: Geburtsland: D\u00e4nemark Gr\u00f6\u00dfe: 191 cm Position: Verteidiger Nationalmannschaft: D\u00e4nemark (U16-U18) StationenBearbeiten] Midtjylland U19 FC Red Bull Salzburg (2014-2019 ) FC Liefering (2015- 2017) Jahn Regensburg (2017 &#8211; 2019 Leihe) 1. FC N\u00fcrnberg (2019- ) ErfolgeBearbeiten] \u00d6sterreichischer Meister: 2015, 2016, 2017 \u00d6sterreichischer Cupsieger: 2015, 2016 BilderBearbeiten] &#160;Asger S\u00f6rensen&#160;\u2013 [&hellip;]<\/p>\n","protected":false},"author":1,"featured_media":0,"parent":0,"menu_order":0,"comment_status":"closed","ping_status":"closed","template":"","meta":{"footnotes":""},"class_list":["post-3112","page","type-page","status-publish","hentry"],"_links":{"self":[{"href":"https:\/\/wiki.s12.at\/index.php\/wp-json\/wp\/v2\/pages\/3112","targetHints":{"allow":["GET"]}}],"collection":[{"href":"https:\/\/wiki.s12.at\/index.php\/wp-json\/wp\/v2\/pages"}],"about":[{"href":"https:\/\/wiki.s12.at\/index.php\/wp-json\/wp\/v2\/types\/page"}],"author":[{"embeddable":true,"href":"https:\/\/wiki.s12.at\/index.php\/wp-json\/wp\/v2\/users\/1"}],"replies":[{"embeddable":true,"href":"https:\/\/wiki.s12.at\/index.php\/wp-json\/wp\/v2\/comments?post=3112"}],"version-history":[{"count":0,"href":"https:\/\/wiki.s12.at\/index.php\/wp-json\/wp\/v2\/pages\/3112\/revisions"}],"wp:attachment":[{"href":"https:\/\/wiki.s12.at\/index.php\/wp-json\/wp\/v2\/media?parent=3112"}],"curies":[{"name":"wp","href":"https:\/\/api.w.org\/{rel}","templated":true}]}}