{"id":3080,"date":"2026-05-06T15:03:56","date_gmt":"2026-05-06T13:03:56","guid":{"rendered":"https:\/\/wiki.s12.at\/index.php\/anekdoten-und-sprueche\/"},"modified":"2026-05-06T15:03:56","modified_gmt":"2026-05-06T13:03:56","slug":"anekdoten-und-sprueche","status":"publish","type":"page","link":"https:\/\/wiki.s12.at\/index.php\/anekdoten-und-sprueche\/","title":{"rendered":"Anekdoten und Spr\u00fcche"},"content":{"rendered":"<div class=\"mw-parser-output\">\n<h2><span class=\"mw-headline\" id=\"Franz_Feldinger\">Franz Feldinger<\/span><a href=\"\/index.php?title=Anekdoten_und_Spr%C3%BCche&amp;action=edit&amp;section=1\" title=\"Abschnitt bearbeiten: Franz Feldinger\">Bearbeiten<\/a><span class=\"mw-editsection-bracket\">]<\/span><\/span><\/h2>\n<p><a href=\"\/Adi_Macek\" class=\"mw-redirect\" title=\"Adi Macek\">Adi Macek<\/a> vergab in seinem ersten Spiel einige Top- Chancen. Da meinte <a href=\"\/Franz_Feldinger\" title=\"Franz Feldinger\">Franz Feldinger<\/a> zu ihm:&#8220;Du kommst doch aus Gr\u00f6dig, da kann man so sch\u00f6n Ski fahren. Warum musst du Fu\u00dfball spielen? &#8220; Trotz dieses Beginns wurde es aber doch noch eine lange Zusammenarbeit.\n<\/p>\n<p>Nach der Heimkehr von der Indonesientournee im August 1955 empfingen <a href=\"\/Karl_Sachs\" title=\"Karl Sachs\">Karl Sachs<\/a> und der neue Trainer <a href=\"\/Josef_Graf\" title=\"Josef Graf\">Josef Graf<\/a> die Mannschaft. Sachs stellte den Kapit\u00e4n Feldinger mit den Worten vor: &#8222;Und das ist Franz Feldinger, unser Walter Nausch.&#8220; Graf meinte:&#8220;Freut mich sehr, ich habe schon sehr viel von Ihnen geh\u00f6rt.&#8220; Feldingers kurze Antwort:&#8220;Aber ich von Ihnen nie etwas!&#8220;\n<\/p>\n<h2><span class=\"mw-headline\" id=\"Belek_Trainingslager_2013\">Belek Trainingslager 2013<\/span><a href=\"\/index.php?title=Anekdoten_und_Spr%C3%BCche&amp;action=edit&amp;section=2\" title=\"Abschnitt bearbeiten: Belek Trainingslager 2013\">Bearbeiten<\/a><span class=\"mw-editsection-bracket\">]<\/span><\/span><\/h2>\n<ul>\n<li><a href=\"\/Roger_Schmidt\" title=\"Roger Schmidt\">Roger Schmidt<\/a> zum Team: &#8222;In der Einfachheit liegt die Genialit\u00e4t&#8220;<\/li>\n<li><a href=\"\/Franz_Schiemer\" title=\"Franz Schiemer\">Franz Schiemer<\/a> zu <a href=\"\/Alan\" title=\"Alan\">Alan<\/a>: &#8220; Bei meinen P\u00e4ssen kannst du gar nicht anders als Treffen&#8220;<\/li>\n<li><a href=\"\/Christopher_Dibon\" title=\"Christopher Dibon\">Christopher Dibon<\/a> zu <a href=\"\/Florian_Klein\" title=\"Florian Klein\">Florian Klein<\/a>,nach einem Laufpass: &#8220; Irgendwie hab ich dich schneller in Erinnerung&#8220;<\/li>\n<\/ul>\n<h2><span class=\"mw-headline\" id=\"Jonatan_Soriano\">Jonatan Soriano<\/span><a href=\"\/index.php?title=Anekdoten_und_Spr%C3%BCche&amp;action=edit&amp;section=3\" title=\"Abschnitt bearbeiten: Jonatan Soriano\">Bearbeiten<\/a><span class=\"mw-editsection-bracket\">]<\/span><\/span><\/h2>\n<p>Am <a href=\"\/30._Runde,_Saison_2012\/13,_RBS_vs_WAC\" title=\"30. Runde, Saison 2012\/13, RBS vs WAC\">20. April 2013<\/a> stand er seiner Frau bei der Geburt seiner dritten Tochter zur Seite. Im Spiel gegen Wolfsberg ersetzte ihn <a href=\"\/Alan\" title=\"Alan\">Alan<\/a>, der damit zu seiner ersten Startelfaufstellung seit seiner schweren Verletzung kam. Er dankte dies mit drei Toren.\n<\/p>\n<p>Jonatan Soriano kam zur Halbzeit ins Stadion und wurde eingewechselt. Auch er schoss drei Tore gegen den Wolfsberger AC.\n<\/p>\n<h2><span class=\"mw-headline\" id=\"Stadion\">Stadion<\/span><a href=\"\/index.php?title=Anekdoten_und_Spr%C3%BCche&amp;action=edit&amp;section=4\" title=\"Abschnitt bearbeiten: Stadion\">Bearbeiten<\/a><span class=\"mw-editsection-bracket\">]<\/span><\/span><\/h2>\n<p>Urspr\u00fcnglich sollte das Lehener Stadion ohne \u00dcberdachung der Stehpl\u00e4tze gebaut werden. Erst als <a href=\"\/G%C3%BCnter_Praschak\" title=\"G\u00fcnter Praschak\">G\u00fcnter Praschak<\/a> den B\u00fcrgermeister B\u00e4ck mit dem Vorwurf konfrontiert: &#8222;Was? Und ausgerechnet deine W\u00e4hler, die Hackler, willst du im Regen stehen lassen?&#8220; gab das Stadtoberhaupt seine Zustimmung.\n<\/p>\n<h2><span id=\"Was_bist_du-der_Tiger....3F\"><\/span><span class=\"mw-headline\" id=\"Was_bist_du-der_Tiger...?\">Was bist du-der Tiger&#8230;?<\/span><a href=\"\/index.php?title=Anekdoten_und_Spr%C3%BCche&amp;action=edit&amp;section=5\" title=\"Abschnitt bearbeiten: Was bist du-der Tiger...?\">Bearbeiten<\/a><span class=\"mw-editsection-bracket\">]<\/span><\/span><\/h2>\n<p>Am 7. April 1957 war der SK Rapid in Lehen zu Gast. Nach dem 4:1 setzte die Austria zu einer fulminanten Aufholjagd an. Der zunehmend genervte Ernst Happel meinte dar\u00fcber zu seinem Tormann Walter Zeman (Fu\u00dfballer des Jahres, Sportler des Jahres FIFA-Weltauswahl 1953): &#8222;Was bist du? Der Tiger von Budapest? Der Panther von Glasgow? Das Arschloch von Lehen bist du!&#8220;\n<\/p>\n<h2><span id=\"Ersoy_S.C3.BCkr.C3.BC\"><\/span><span class=\"mw-headline\" id=\"Ersoy_S\u00fckr\u00fc\">Ersoy S\u00fckr\u00fc<\/span><a href=\"\/index.php?title=Anekdoten_und_Spr%C3%BCche&amp;action=edit&amp;section=6\" title=\"Abschnitt bearbeiten: Ersoy S\u00fckr\u00fc\">Bearbeiten<\/a><span class=\"mw-editsection-bracket\">]<\/span><\/span><\/h2>\n<p>In einer Zeit, in der Ern\u00e4hrungswissenschaft noch nicht Bestandteil des Fu\u00dfballerlebens war, wurde bei Ausw\u00e4rtsspielen  oft Schweinsbraten als Mannschaftsessen serviert. Dieser geh\u00f6rte zu den Lieblingsspeisen des Tormanns <a href=\"\/Ersoy_S%C3%BCkr%C3%BC\" title=\"Ersoy S\u00fckr\u00fc\">Ersoy S\u00fckr\u00fc<\/a>, obwohl dieser ein gl\u00e4ubiger Moslem war.Als er darauf hingewiesen wurde, setzte er die Mahlzeit fort und hob abwechselnd die H\u00e4nde und versicherte: &#8222;Ich nix wissen, ich nix wissen&#160;!&#8220;\n<\/p>\n<h2><span class=\"mw-headline\" id=\"Nationalteam\">Nationalteam<\/span><a href=\"\/index.php?title=Anekdoten_und_Spr%C3%BCche&amp;action=edit&amp;section=7\" title=\"Abschnitt bearbeiten: Nationalteam\">Bearbeiten<\/a><span class=\"mw-editsection-bracket\">]<\/span><\/span><\/h2>\n<p>Ein Spieler aus der &#8222;Provinz&#8220; fand nur selten den Weg ins Nationalteam. Als Salzburger Reporter bei einer Pressekonferenz dem Teamchef vorwarfen, dass er den in Glanzform spielenden Austria-Verteidiger <a href=\"\/Bruno_Kurz\" title=\"Bruno Kurz\">Bruno Kurz<\/a> beharrlich ignoriere, antwortete der Nationalteamtrainer Leopold Stastny: &#8222;Bruno Kurz ist ein guter Fu\u00dfballer, aber er hat keine Ahnung von internationaler H\u00e4rte. Er kann ja nicht einmal einen Toten umbringen.&#8220;\n<\/p>\n<\/div>\n","protected":false},"excerpt":{"rendered":"<p>Franz FeldingerBearbeiten] Adi Macek vergab in seinem ersten Spiel einige Top- Chancen. Da meinte Franz Feldinger zu ihm:&#8220;Du kommst doch aus Gr\u00f6dig, da kann man so sch\u00f6n Ski fahren. Warum musst du Fu\u00dfball spielen? &#8220; Trotz dieses Beginns wurde es aber doch noch eine lange Zusammenarbeit. Nach der Heimkehr von der Indonesientournee im August 1955 [&hellip;]<\/p>\n","protected":false},"author":1,"featured_media":0,"parent":0,"menu_order":0,"comment_status":"closed","ping_status":"closed","template":"","meta":{"footnotes":""},"class_list":["post-3080","page","type-page","status-publish","hentry"],"_links":{"self":[{"href":"https:\/\/wiki.s12.at\/index.php\/wp-json\/wp\/v2\/pages\/3080","targetHints":{"allow":["GET"]}}],"collection":[{"href":"https:\/\/wiki.s12.at\/index.php\/wp-json\/wp\/v2\/pages"}],"about":[{"href":"https:\/\/wiki.s12.at\/index.php\/wp-json\/wp\/v2\/types\/page"}],"author":[{"embeddable":true,"href":"https:\/\/wiki.s12.at\/index.php\/wp-json\/wp\/v2\/users\/1"}],"replies":[{"embeddable":true,"href":"https:\/\/wiki.s12.at\/index.php\/wp-json\/wp\/v2\/comments?post=3080"}],"version-history":[{"count":0,"href":"https:\/\/wiki.s12.at\/index.php\/wp-json\/wp\/v2\/pages\/3080\/revisions"}],"wp:attachment":[{"href":"https:\/\/wiki.s12.at\/index.php\/wp-json\/wp\/v2\/media?parent=3080"}],"curies":[{"name":"wp","href":"https:\/\/api.w.org\/{rel}","templated":true}]}}