{"id":3076,"date":"2026-05-06T15:03:54","date_gmt":"2026-05-06T13:03:54","guid":{"rendered":"https:\/\/wiki.s12.at\/index.php\/andreas-tiffner\/"},"modified":"2026-05-06T15:03:54","modified_gmt":"2026-05-06T13:03:54","slug":"andreas-tiffner","status":"publish","type":"page","link":"https:\/\/wiki.s12.at\/index.php\/andreas-tiffner\/","title":{"rendered":"Andreas Tiffner"},"content":{"rendered":"<div class=\"mw-parser-output\">\n<div class=\"thumb tright\">\n<div class=\"thumbinner\" style=\"width:302px;\"><a href=\"\/Datei:Andreas_Tiffner_(FK_Austria_Wien)_-_%C3%96sterreich_U-21_(01).jpg\" class=\"image\"><img fetchpriority=\"high\" alt=\"Andreas Tiffner (FK Austria Wien) - \u00d6sterreich U-21 (01).jpg\" src=\"\/images\/thumb\/5\/5c\/Andreas_Tiffner_%28FK_Austria_Wien%29_-_%C3%96sterreich_U-21_%2801%29.jpg\/330px-Andreas_Tiffner_%28FK_Austria_Wien%29_-_%C3%96sterreich_U-21_%2801%29.jpg%3Futm_source%3Dcommons.wikimedia.org%26utm_campaign%3Dimageinfo%26utm_content%3Dthumbnail\" decoding=\"async\" width=\"300\" height=\"450\" class=\"thumbimage\" srcset=\"\/images\/thumb\/5\/5c\/Andreas_Tiffner_%28FK_Austria_Wien%29_-_%C3%96sterreich_U-21_%2801%29.jpg\/500px-Andreas_Tiffner_%28FK_Austria_Wien%29_-_%C3%96sterreich_U-21_%2801%29.jpg%3Futm_source%3Dcommons.wikimedia.org%26utm_campaign%3Dimageinfo%26utm_content%3Dthumbnail 1.5x, \/images\/thumb\/5\/5c\/Andreas_Tiffner_%28FK_Austria_Wien%29_-_%C3%96sterreich_U-21_%2801%29.jpg\/960px-Andreas_Tiffner_%28FK_Austria_Wien%29_-_%C3%96sterreich_U-21_%2801%29.jpg%3Futm_source%3Dcommons.wikimedia.org%26utm_campaign%3Dimageinfo%26utm_content%3Dthumbnail 2x\" \/><\/a>  <\/p>\n<div class=\"thumbcaption\">\n<div class=\"magnify\"><a href=\"\/Datei:Andreas_Tiffner_(FK_Austria_Wien)_-_%C3%96sterreich_U-21_(01).jpg\" class=\"internal\" title=\"vergr\u00f6\u00dfern\"><\/a><\/div>\n<\/div>\n<\/div>\n<\/div>\n<ul>\n<li>Name: <b>Andreas Tiffner<\/b><\/li>\n<li>Geburtstag: 18. Juni 1987<\/li>\n<li>Geburtsort: Feldkirchen<\/li>\n<li>Geburtsland: \u00d6sterreich<\/li>\n<li>Gr\u00f6\u00dfe: 187 cm<\/li>\n<li>Position: St\u00fcrmer<\/li>\n<li>Spiele f\u00fcr Salzburg: 14 Spiele (1 Tor)<\/li>\n<li>Nationalmannschaft: 24 Spiele ( 10 Tore) f\u00fcr \u00d6sterreich U16 bis U19<\/li>\n<\/ul>\n<h2><span class=\"mw-headline\" id=\"Stationen\">Stationen<\/span><a href=\"\/index.php?title=Andreas_Tiffner&amp;action=edit&amp;section=1\" title=\"Abschnitt bearbeiten: Stationen\">Bearbeiten<\/a><span class=\"mw-editsection-bracket\">]<\/span><\/span><\/h2>\n<ul>\n<li>Red Bull Juniors Salzburg (2008-2010)<\/li>\n<li>FC Blau-Wei\u00df Linz (Leihe) (2009-2010)<\/li>\n<li>FK Austria Wien II (2010-2011)<\/li>\n<li>FK Austria Wien(2010- )<\/li>\n<li>First Vienna FC (Leihe) (2011- )<\/li>\n<\/ul>\n<h2><span id=\"Titel_.26_Erfolge\"><\/span><span class=\"mw-headline\" id=\"Titel_&amp;_Erfolge\">Titel &amp; Erfolge<\/span><a href=\"\/index.php?title=Andreas_Tiffner&amp;action=edit&amp;section=2\" title=\"Abschnitt bearbeiten: Titel &amp; Erfolge\">Bearbeiten<\/a><span class=\"mw-editsection-bracket\">]<\/span><\/span><\/h2>\n<ul>\n<li>1x Vizemeister der U-19-Jugendliga: 2008\/09<\/li>\n<li>1x Torsch\u00fctzenk\u00f6nig der U-19-Jugendliga: 2008\/09 (18 Tore)<\/li>\n<\/ul>\n<\/div>\n","protected":false},"excerpt":{"rendered":"<p>Name: Andreas Tiffner Geburtstag: 18. Juni 1987 Geburtsort: Feldkirchen Geburtsland: \u00d6sterreich Gr\u00f6\u00dfe: 187 cm Position: St\u00fcrmer Spiele f\u00fcr Salzburg: 14 Spiele (1 Tor) Nationalmannschaft: 24 Spiele ( 10 Tore) f\u00fcr \u00d6sterreich U16 bis U19 StationenBearbeiten] Red Bull Juniors Salzburg (2008-2010) FC Blau-Wei\u00df Linz (Leihe) (2009-2010) FK Austria Wien II (2010-2011) FK Austria Wien(2010- ) First [&hellip;]<\/p>\n","protected":false},"author":1,"featured_media":0,"parent":0,"menu_order":0,"comment_status":"closed","ping_status":"closed","template":"","meta":{"footnotes":""},"class_list":["post-3076","page","type-page","status-publish","hentry"],"_links":{"self":[{"href":"https:\/\/wiki.s12.at\/index.php\/wp-json\/wp\/v2\/pages\/3076","targetHints":{"allow":["GET"]}}],"collection":[{"href":"https:\/\/wiki.s12.at\/index.php\/wp-json\/wp\/v2\/pages"}],"about":[{"href":"https:\/\/wiki.s12.at\/index.php\/wp-json\/wp\/v2\/types\/page"}],"author":[{"embeddable":true,"href":"https:\/\/wiki.s12.at\/index.php\/wp-json\/wp\/v2\/users\/1"}],"replies":[{"embeddable":true,"href":"https:\/\/wiki.s12.at\/index.php\/wp-json\/wp\/v2\/comments?post=3076"}],"version-history":[{"count":0,"href":"https:\/\/wiki.s12.at\/index.php\/wp-json\/wp\/v2\/pages\/3076\/revisions"}],"wp:attachment":[{"href":"https:\/\/wiki.s12.at\/index.php\/wp-json\/wp\/v2\/media?parent=3076"}],"curies":[{"name":"wp","href":"https:\/\/api.w.org\/{rel}","templated":true}]}}