{"id":3074,"date":"2026-05-06T15:03:53","date_gmt":"2026-05-06T13:03:53","guid":{"rendered":"https:\/\/wiki.s12.at\/index.php\/andreas-schrott\/"},"modified":"2026-05-06T15:03:53","modified_gmt":"2026-05-06T13:03:53","slug":"andreas-schrott","status":"publish","type":"page","link":"https:\/\/wiki.s12.at\/index.php\/andreas-schrott\/","title":{"rendered":"Andreas Schrott"},"content":{"rendered":"<div class=\"mw-parser-output\">\n<div class=\"thumb tright\">\n<div class=\"thumbinner\" style=\"width:302px;\"><a href=\"\/Datei:FC_Liefering_gegen_SC_ESV_Parndorf_19.JPG\" class=\"image\"><img fetchpriority=\"high\" alt=\"FC Liefering gegen SC ESV Parndorf 19.JPG\" src=\"\/images\/thumb\/8\/82\/FC_Liefering_gegen_SC_ESV_Parndorf_19.JPG\/330px-FC_Liefering_gegen_SC_ESV_Parndorf_19.JPG%3Futm_source%3Dcommons.wikimedia.org%26utm_campaign%3Dimageinfo%26utm_content%3Dthumbnail\" decoding=\"async\" width=\"300\" height=\"252\" class=\"thumbimage\" srcset=\"\/images\/thumb\/8\/82\/FC_Liefering_gegen_SC_ESV_Parndorf_19.JPG\/500px-FC_Liefering_gegen_SC_ESV_Parndorf_19.JPG%3Futm_source%3Dcommons.wikimedia.org%26utm_campaign%3Dimageinfo%26utm_content%3Dthumbnail 1.5x, \/images\/thumb\/8\/82\/FC_Liefering_gegen_SC_ESV_Parndorf_19.JPG\/960px-FC_Liefering_gegen_SC_ESV_Parndorf_19.JPG%3Futm_source%3Dcommons.wikimedia.org%26utm_campaign%3Dimageinfo%26utm_content%3Dthumbnail 2x\" \/><\/a>  <\/p>\n<div class=\"thumbcaption\">\n<div class=\"magnify\"><a href=\"\/Datei:FC_Liefering_gegen_SC_ESV_Parndorf_19.JPG\" class=\"internal\" title=\"vergr\u00f6\u00dfern\"><\/a><\/div>\n<\/div>\n<\/div>\n<\/div>\n<ul>\n<li>Name: <b>Andreas Schrott<\/b><\/li>\n<li>Geburtstag: 24. August 1981<\/li>\n<li>Geburtsort: Hall in Tirol<\/li>\n<li>Geburtsland: \u00d6sterreich<\/li>\n<li>Nationalit\u00e4t: \u00d6sterreicher<a href=\"\/Datei:Flag_of_Austria.svg\" class=\"image\" title=\"\u00d6sterreicher\"><img alt=\"\u00d6sterreicher\" src=\"\/images\/thumb\/4\/41\/Flag_of_Austria.svg\/langde-20px-Flag_of_Austria.svg.png%3Futm_source%3Dcommons.wikimedia.org%26utm_campaign%3Dimageinfo%26utm_content%3Dthumbnail\" decoding=\"async\" width=\"20\" height=\"13\" srcset=\"\/images\/thumb\/4\/41\/Flag_of_Austria.svg\/langde-40px-Flag_of_Austria.svg.png%3Futm_source%3Dcommons.wikimedia.org%26utm_campaign%3Dimageinfo%26utm_content%3Dthumbnail 1.5x\" \/><\/a><\/li>\n<li>Gr\u00f6\u00dfe 179 cm<\/li>\n<li>Position: Verteidiger<\/li>\n<li>Spiele f\u00fcr Salzburg: 12 Spiele (2 Tore) f\u00fcr FC Liefering<\/li>\n<\/ul>\n<p>\n<\/p>\n<h2><span class=\"mw-headline\" id=\"Stationen\">Stationen<\/span><a href=\"\/index.php?title=Andreas_Schrott&amp;action=edit&amp;section=1\" title=\"Abschnitt bearbeiten: Stationen\">Bearbeiten<\/a><span class=\"mw-editsection-bracket\">]<\/span><\/span><\/h2>\n<ul>\n<li>WSG Swarovski Wattens<\/li>\n<li>FC Wacker Tirol<\/li>\n<li>Grazer AK<\/li>\n<li>FC Wacker Innsbruck<\/li>\n<li>USK Anif<\/li>\n<li>FC Admira Wacker M\u00f6dling<\/li>\n<li>FC Liefering (2012-2013)<\/li>\n<li>SV Absam<\/li>\n<\/ul>\n<h3><span class=\"mw-headline\" id=\"als_Trainer\">als Trainer<\/span><a href=\"\/index.php?title=Andreas_Schrott&amp;action=edit&amp;section=2\" title=\"Abschnitt bearbeiten: als Trainer\">Bearbeiten<\/a><span class=\"mw-editsection-bracket\">]<\/span><\/span><\/h3>\n<ul>\n<li>FC Wacker Innsbruck (Co-Trainer)<\/li>\n<li>FC Wacker Innsbruck (Jugendtrainer)<\/li>\n<\/ul>\n<h2><span class=\"mw-headline\" id=\"Erfolge\">Erfolge<\/span><a href=\"\/index.php?title=Andreas_Schrott&amp;action=edit&amp;section=3\" title=\"Abschnitt bearbeiten: Erfolge\">Bearbeiten<\/a><span class=\"mw-editsection-bracket\">]<\/span><\/span><\/h2>\n<ul>\n<li>1x Meister SKY Go Erste Liga: 2009\/10<\/li>\n<\/ul>\n<\/div>\n","protected":false},"excerpt":{"rendered":"<p>Name: Andreas Schrott Geburtstag: 24. August 1981 Geburtsort: Hall in Tirol Geburtsland: \u00d6sterreich Nationalit\u00e4t: \u00d6sterreicher Gr\u00f6\u00dfe 179 cm Position: Verteidiger Spiele f\u00fcr Salzburg: 12 Spiele (2 Tore) f\u00fcr FC Liefering StationenBearbeiten] WSG Swarovski Wattens FC Wacker Tirol Grazer AK FC Wacker Innsbruck USK Anif FC Admira Wacker M\u00f6dling FC Liefering (2012-2013) SV Absam als TrainerBearbeiten] [&hellip;]<\/p>\n","protected":false},"author":1,"featured_media":0,"parent":0,"menu_order":0,"comment_status":"closed","ping_status":"closed","template":"","meta":{"footnotes":""},"class_list":["post-3074","page","type-page","status-publish","hentry"],"_links":{"self":[{"href":"https:\/\/wiki.s12.at\/index.php\/wp-json\/wp\/v2\/pages\/3074","targetHints":{"allow":["GET"]}}],"collection":[{"href":"https:\/\/wiki.s12.at\/index.php\/wp-json\/wp\/v2\/pages"}],"about":[{"href":"https:\/\/wiki.s12.at\/index.php\/wp-json\/wp\/v2\/types\/page"}],"author":[{"embeddable":true,"href":"https:\/\/wiki.s12.at\/index.php\/wp-json\/wp\/v2\/users\/1"}],"replies":[{"embeddable":true,"href":"https:\/\/wiki.s12.at\/index.php\/wp-json\/wp\/v2\/comments?post=3074"}],"version-history":[{"count":0,"href":"https:\/\/wiki.s12.at\/index.php\/wp-json\/wp\/v2\/pages\/3074\/revisions"}],"wp:attachment":[{"href":"https:\/\/wiki.s12.at\/index.php\/wp-json\/wp\/v2\/media?parent=3074"}],"curies":[{"name":"wp","href":"https:\/\/api.w.org\/{rel}","templated":true}]}}