{"id":3064,"date":"2026-05-06T15:03:42","date_gmt":"2026-05-06T13:03:42","guid":{"rendered":"https:\/\/wiki.s12.at\/index.php\/andre-ramalho-silva\/"},"modified":"2026-05-06T15:03:42","modified_gmt":"2026-05-06T13:03:42","slug":"andre-ramalho-silva","status":"publish","type":"page","link":"https:\/\/wiki.s12.at\/index.php\/andre-ramalho-silva\/","title":{"rendered":"Andre Ramalho Silva"},"content":{"rendered":"<div class=\"mw-parser-output\">\n<div class=\"thumb tright\">\n<div class=\"thumbinner\" style=\"width:302px;\"><a href=\"\/Datei:Andre_Ramalho35.JPG\" class=\"image\"><img fetchpriority=\"high\" alt=\"Andre Ramalho35.JPG\" src=\"\/images\/thumb\/d\/dd\/Andre_Ramalho35.JPG\/330px-Andre_Ramalho35.JPG%3Futm_source%3Dcommons.wikimedia.org%26utm_campaign%3Dimageinfo%26utm_content%3Dthumbnail\" decoding=\"async\" width=\"300\" height=\"338\" class=\"thumbimage\" srcset=\"\/images\/thumb\/d\/dd\/Andre_Ramalho35.JPG\/500px-Andre_Ramalho35.JPG%3Futm_source%3Dcommons.wikimedia.org%26utm_campaign%3Dimageinfo%26utm_content%3Dthumbnail 1.5x, \/images\/thumb\/d\/dd\/Andre_Ramalho35.JPG\/960px-Andre_Ramalho35.JPG%3Futm_source%3Dcommons.wikimedia.org%26utm_campaign%3Dimageinfo%26utm_content%3Dthumbnail 2x\" \/><\/a>  <\/p>\n<div class=\"thumbcaption\">\n<div class=\"magnify\"><a href=\"\/Datei:Andre_Ramalho35.JPG\" class=\"internal\" title=\"vergr\u00f6\u00dfern\"><\/a><\/div>\n<\/div>\n<\/div>\n<\/div>\n<ul>\n<li>Name: <b>Andre Ramalho<\/b><\/li>\n<li>Vollst\u00e4ndiger Name:Andre Ramalho Silva<\/li>\n<li>Geburtstag:  16. Februar 1992<\/li>\n<li>Geburtsort:  \tIbi\u00fana<\/li>\n<li>Geburtsland: Brasilien<\/li>\n<li>Nationalit\u00e4t: Brasilianer <a href=\"\/Datei:Flag_of_Brazil.svg\" class=\"image\" title=\"Brasilianer\"><img alt=\"Brasilianer\" src=\"\/images\/thumb\/0\/05\/Flag_of_Brazil.svg\/langde-20px-Flag_of_Brazil.svg.png%3Futm_source%3Dcommons.wikimedia.org%26utm_campaign%3Dimageinfo%26utm_content%3Dthumbnail\" decoding=\"async\" width=\"20\" height=\"14\" srcset=\"\/images\/thumb\/0\/05\/Flag_of_Brazil.svg\/langde-40px-Flag_of_Brazil.svg.png%3Futm_source%3Dcommons.wikimedia.org%26utm_campaign%3Dimageinfo%26utm_content%3Dthumbnail 1.5x\" \/><\/a><\/li>\n<li>Position: Verteidiger<\/li>\n<li>R\u00fcckennummer:5<\/li>\n<li>Spiele: 64 Spiele (6 Tore) f\u00fcr FC Red Bull Salzburg; 25 Spiele (2 Tore) f\u00fcr Red Bull Juniors<\/li>\n<\/ul>\n<h2><span class=\"mw-headline\" id=\"Stationen\">Stationen<\/span><a href=\"\/index.php?title=Andre_Ramalho_Silva&amp;action=edit&amp;section=1\" title=\"Abschnitt bearbeiten: Stationen\">Bearbeiten<\/a><span class=\"mw-editsection-bracket\">]<\/span><\/span><\/h2>\n<ul>\n<li>Red Bull Brasil<\/li>\n<li>Red Bull Juniors (2011-2012)<\/li>\n<li>USK Anif\/FC Liefering<\/li>\n<li>FC Red Bull Salzburg (2013-2015)<\/li>\n<li>Bayer 04 Leverkusen<\/li>\n<li>FSV Mainz05<\/li>\n<li>FC Red Bull Salzburg (2018-2021)<\/li>\n<li>PSV Eindhoven (2021- )<\/li>\n<\/ul>\n<h2><span id=\"Titel_.26_Erfolge\"><\/span><span class=\"mw-headline\" id=\"Titel_&amp;_Erfolge\">Titel &amp; Erfolge<\/span><a href=\"\/index.php?title=Andre_Ramalho_Silva&amp;action=edit&amp;section=2\" title=\"Abschnitt bearbeiten: Titel &amp; Erfolge\">Bearbeiten<\/a><span class=\"mw-editsection-bracket\">]<\/span><\/span><\/h2>\n<ul>\n<li>5 \u00d7 Meister der \u00d6sterreichischen Bundesliga: 2014, 2015, 2018, 2019, 2020, 2021<\/li>\n<li>5 \u00d7 \u00d6sterreichischer Cupsieger: 2014, 2015, 2019, 2020, 2021<\/li>\n<li>1 \u00d7 Aufstieg in die Erste Liga (2. Liga): 2013 (Relegation gegen LASK Linz)<\/li>\n<li>2 \u00d7 Meister der Regionalliga West (3. Liga): 2011, 2013<\/li>\n<li>1 \u00d7 Gewinner des SFV-Stiegl-Cup: 2011<\/li>\n<\/ul>\n<h2><span class=\"mw-headline\" id=\"Bilder\">Bilder<\/span><a href=\"\/index.php?title=Andre_Ramalho_Silva&amp;action=edit&amp;section=3\" title=\"Abschnitt bearbeiten: Bilder\">Bearbeiten<\/a><span class=\"mw-editsection-bracket\">]<\/span><\/span><\/h2>\n<p><img alt=\"\" src=\"\/images\/thumb\/4\/4a\/Commons-logo.svg\/langde-20px-Commons-logo.svg.png%3Futm_source%3Dcommons.wikimedia.org%26utm_campaign%3Dimageinfo%26utm_content%3Dthumbnail\" decoding=\"async\" title=\"Commons\" width=\"12\" height=\"16\" srcset=\"\/images\/thumb\/4\/4a\/Commons-logo.svg\/langde-40px-Commons-logo.svg.png%3Futm_source%3Dcommons.wikimedia.org%26utm_campaign%3Dimageinfo%26utm_content%3Dthumbnail 2x\" \/>&#160;<b><a href=\"http:\/\/commons.wikimedia.org\/wiki\/Category:Andre_Ramalho_Silva\" class=\"extiw\" title=\"commons:Category:Andre Ramalho Silva\">Andre Ramalho Silva<\/a><\/b>&#160;\u2013 Sammlung von Bildern, Videos und Audiodateien auf <a href=\"\/Wikimedia_Commons\" title=\"Wikimedia Commons\">Wikimedia Commons<\/a>\n<\/p>\n<h2><span class=\"mw-headline\" id=\"Weblinks\">Weblinks<\/span><a href=\"\/index.php?title=Andre_Ramalho_Silva&amp;action=edit&amp;section=4\" title=\"Abschnitt bearbeiten: Weblinks\">Bearbeiten<\/a><span class=\"mw-editsection-bracket\">]<\/span><\/span><\/h2>\n<p><center>&lt;youtube&gt;5fp0gtjfeX0&lt;\/youtube&gt;<\/center><\/p>\n<h2><span class=\"mw-headline\" id=\"Besonderes\">Besonderes<\/span><a href=\"\/index.php?title=Andre_Ramalho_Silva&amp;action=edit&amp;section=5\" title=\"Abschnitt bearbeiten: Besonderes\">Bearbeiten<\/a><span class=\"mw-editsection-bracket\">]<\/span><\/span><\/h2>\n<p>Andre Ramalho war der erste Spieler, der aus der Akademie in Brasilien nach Salzburg kam.\n<\/p>\n<\/div>\n","protected":false},"excerpt":{"rendered":"<p>Name: Andre Ramalho Vollst\u00e4ndiger Name:Andre Ramalho Silva Geburtstag: 16. Februar 1992 Geburtsort: Ibi\u00fana Geburtsland: Brasilien Nationalit\u00e4t: Brasilianer Position: Verteidiger R\u00fcckennummer:5 Spiele: 64 Spiele (6 Tore) f\u00fcr FC Red Bull Salzburg; 25 Spiele (2 Tore) f\u00fcr Red Bull Juniors StationenBearbeiten] Red Bull Brasil Red Bull Juniors (2011-2012) USK Anif\/FC Liefering FC Red Bull Salzburg (2013-2015) Bayer [&hellip;]<\/p>\n","protected":false},"author":1,"featured_media":0,"parent":0,"menu_order":0,"comment_status":"closed","ping_status":"closed","template":"","meta":{"footnotes":""},"class_list":["post-3064","page","type-page","status-publish","hentry"],"_links":{"self":[{"href":"https:\/\/wiki.s12.at\/index.php\/wp-json\/wp\/v2\/pages\/3064","targetHints":{"allow":["GET"]}}],"collection":[{"href":"https:\/\/wiki.s12.at\/index.php\/wp-json\/wp\/v2\/pages"}],"about":[{"href":"https:\/\/wiki.s12.at\/index.php\/wp-json\/wp\/v2\/types\/page"}],"author":[{"embeddable":true,"href":"https:\/\/wiki.s12.at\/index.php\/wp-json\/wp\/v2\/users\/1"}],"replies":[{"embeddable":true,"href":"https:\/\/wiki.s12.at\/index.php\/wp-json\/wp\/v2\/comments?post=3064"}],"version-history":[{"count":0,"href":"https:\/\/wiki.s12.at\/index.php\/wp-json\/wp\/v2\/pages\/3064\/revisions"}],"wp:attachment":[{"href":"https:\/\/wiki.s12.at\/index.php\/wp-json\/wp\/v2\/media?parent=3064"}],"curies":[{"name":"wp","href":"https:\/\/api.w.org\/{rel}","templated":true}]}}