{"id":3058,"date":"2026-05-06T15:03:39","date_gmt":"2026-05-06T13:03:39","guid":{"rendered":"https:\/\/wiki.s12.at\/index.php\/amir-bradaric\/"},"modified":"2026-05-06T15:03:39","modified_gmt":"2026-05-06T13:03:39","slug":"amir-bradaric","status":"publish","type":"page","link":"https:\/\/wiki.s12.at\/index.php\/amir-bradaric\/","title":{"rendered":"Amir Bradaric"},"content":{"rendered":"<div class=\"mw-parser-output\">\n<ul>\n<li>Name: <b>Amir Bradaric<\/b><\/li>\n<li>Geburtstag: 11. September 1974<\/li>\n<li>Geburtsland: \u00d6sterreich<\/li>\n<li>Nationalit\u00e4t: \u00d6sterreicher <a href=\"\/Datei:Flag_of_Austria.svg\" class=\"image\" title=\"\u00d6sterreicher\"><img alt=\"\u00d6sterreicher\" src=\"\/images\/thumb\/4\/41\/Flag_of_Austria.svg\/langde-20px-Flag_of_Austria.svg.png%3Futm_source%3Dcommons.wikimedia.org%26utm_campaign%3Dimageinfo%26utm_content%3Dthumbnail\" decoding=\"async\" width=\"20\" height=\"13\" srcset=\"\/images\/thumb\/4\/41\/Flag_of_Austria.svg\/langde-40px-Flag_of_Austria.svg.png%3Futm_source%3Dcommons.wikimedia.org%26utm_campaign%3Dimageinfo%26utm_content%3Dthumbnail 1.5x\" \/><\/a><\/li>\n<li>Gr\u00f6\u00dfe: 180 cm<\/li>\n<li>Position: Offensives Mittelfeld<\/li>\n<li>Starker Fu\u00df: Rechts<\/li>\n<li>Bundesligaspiele f\u00fcr Salzburg: 24 Spiele (1 Tor)<\/li>\n<\/ul>\n<h2><span class=\"mw-headline\" id=\"Stationen\">Stationen<\/span><a href=\"\/index.php?title=Amir_Bradaric&amp;action=edit&amp;section=1\" title=\"Abschnitt bearbeiten: Stationen\">Bearbeiten<\/a><span class=\"mw-editsection-bracket\">]<\/span><\/span><\/h2>\n<ul>\n<li>SK Rapid Wien ( -1995)<\/li>\n<li>FAC Team f\u00fcr Wien (1995)<\/li>\n<li>SV Spittal (1995-1996)<\/li>\n<li>SK Vorw\u00e4rts Steyr (1996-1998)<\/li>\n<li>SV Meppen (1998)<\/li>\n<li>SK Vorw\u00e4rts Steyr (1998-1999)<\/li>\n<li>SV Salzburg (1999)<\/li>\n<li>LASK Linz <i>&#8222;Leihe&#8220;<\/i> (1999-2000)<\/li>\n<li>SV Salzburg (2000-2001)<\/li>\n<li>BSV Bad Bleiberg (2001-2002)<\/li>\n<li>Wiener Sportklub (2002-2003)<\/li>\n<li>SC Austria Lustenau (2003-2004)<\/li>\n<li>FC Untersiebenbrunn (2004-2005)<\/li>\n<li>SC\/ESV Parndorf (2005-2007)<\/li>\n<li>SK Vorw\u00e4rts Steyr (2007-2008)<\/li>\n<li>SV Sieghartskirchen (2008-2012)<\/li>\n<li>SC Rohrendorf\/Gedersdorf (2012- )<\/li>\n<\/ul>\n<h2><span id=\"Titel_.26_Erfolge\"><\/span><span class=\"mw-headline\" id=\"Titel_&amp;_Erfolge\">Titel &amp; Erfolge<\/span><a href=\"\/index.php?title=Amir_Bradaric&amp;action=edit&amp;section=2\" title=\"Abschnitt bearbeiten: Titel &amp; Erfolge\">Bearbeiten<\/a><span class=\"mw-editsection-bracket\">]<\/span><\/span><\/h2>\n<h2><span class=\"mw-headline\" id=\"Besonderes\">Besonderes<\/span><a href=\"\/index.php?title=Amir_Bradaric&amp;action=edit&amp;section=3\" title=\"Abschnitt bearbeiten: Besonderes\">Bearbeiten<\/a><span class=\"mw-editsection-bracket\">]<\/span><\/span><\/h2>\n<p>\n&lt;facelikebutton style=&#8220;2&#8243; showsend=&#8220;1&#8243;&gt;&lt;\/facelikebutton&gt;\n<\/p>\n<\/div>\n","protected":false},"excerpt":{"rendered":"<p>Name: Amir Bradaric Geburtstag: 11. September 1974 Geburtsland: \u00d6sterreich Nationalit\u00e4t: \u00d6sterreicher Gr\u00f6\u00dfe: 180 cm Position: Offensives Mittelfeld Starker Fu\u00df: Rechts Bundesligaspiele f\u00fcr Salzburg: 24 Spiele (1 Tor) StationenBearbeiten] SK Rapid Wien ( -1995) FAC Team f\u00fcr Wien (1995) SV Spittal (1995-1996) SK Vorw\u00e4rts Steyr (1996-1998) SV Meppen (1998) SK Vorw\u00e4rts Steyr (1998-1999) SV Salzburg (1999) [&hellip;]<\/p>\n","protected":false},"author":1,"featured_media":0,"parent":0,"menu_order":0,"comment_status":"closed","ping_status":"closed","template":"","meta":{"footnotes":""},"class_list":["post-3058","page","type-page","status-publish","hentry"],"_links":{"self":[{"href":"https:\/\/wiki.s12.at\/index.php\/wp-json\/wp\/v2\/pages\/3058","targetHints":{"allow":["GET"]}}],"collection":[{"href":"https:\/\/wiki.s12.at\/index.php\/wp-json\/wp\/v2\/pages"}],"about":[{"href":"https:\/\/wiki.s12.at\/index.php\/wp-json\/wp\/v2\/types\/page"}],"author":[{"embeddable":true,"href":"https:\/\/wiki.s12.at\/index.php\/wp-json\/wp\/v2\/users\/1"}],"replies":[{"embeddable":true,"href":"https:\/\/wiki.s12.at\/index.php\/wp-json\/wp\/v2\/comments?post=3058"}],"version-history":[{"count":0,"href":"https:\/\/wiki.s12.at\/index.php\/wp-json\/wp\/v2\/pages\/3058\/revisions"}],"wp:attachment":[{"href":"https:\/\/wiki.s12.at\/index.php\/wp-json\/wp\/v2\/media?parent=3058"}],"curies":[{"name":"wp","href":"https:\/\/api.w.org\/{rel}","templated":true}]}}