{"id":3041,"date":"2026-05-06T15:03:24","date_gmt":"2026-05-06T13:03:24","guid":{"rendered":"https:\/\/wiki.s12.at\/index.php\/alparslan-baran\/"},"modified":"2026-05-06T15:03:24","modified_gmt":"2026-05-06T13:03:24","slug":"alparslan-baran","status":"publish","type":"page","link":"https:\/\/wiki.s12.at\/index.php\/alparslan-baran\/","title":{"rendered":"Alparslan Baran"},"content":{"rendered":"<div class=\"mw-parser-output\">\n<div class=\"thumb tright\">\n<div class=\"thumbinner\" style=\"width:302px;\"><a href=\"\/Datei:FC_Liefering_vs._Young_Violets_Austria_Wien_(2023-06-04)_20.jpg\" class=\"image\"><img fetchpriority=\"high\" alt=\"FC Liefering vs. Young Violets Austria Wien (2023-06-04) 20.jpg\" src=\"\/images\/thumb\/7\/7d\/FC_Liefering_vs._Young_Violets_Austria_Wien_%282023-06-04%29_20.jpg\/330px-FC_Liefering_vs._Young_Violets_Austria_Wien_%282023-06-04%29_20.jpg%3Futm_source%3Dcommons.wikimedia.org%26utm_campaign%3Dimageinfo%26utm_content%3Dthumbnail\" decoding=\"async\" width=\"300\" height=\"363\" class=\"thumbimage\" srcset=\"\/images\/thumb\/7\/7d\/FC_Liefering_vs._Young_Violets_Austria_Wien_%282023-06-04%29_20.jpg\/500px-FC_Liefering_vs._Young_Violets_Austria_Wien_%282023-06-04%29_20.jpg%3Futm_source%3Dcommons.wikimedia.org%26utm_campaign%3Dimageinfo%26utm_content%3Dthumbnail 1.5x, \/images\/thumb\/7\/7d\/FC_Liefering_vs._Young_Violets_Austria_Wien_%282023-06-04%29_20.jpg\/960px-FC_Liefering_vs._Young_Violets_Austria_Wien_%282023-06-04%29_20.jpg%3Futm_source%3Dcommons.wikimedia.org%26utm_campaign%3Dimageinfo%26utm_content%3Dthumbnail 2x\" \/><\/a>  <\/p>\n<div class=\"thumbcaption\">\n<div class=\"magnify\"><a href=\"\/Datei:FC_Liefering_vs._Young_Violets_Austria_Wien_(2023-06-04)_20.jpg\" class=\"internal\" title=\"vergr\u00f6\u00dfern\"><\/a><\/div>\n<\/div>\n<\/div>\n<\/div>\n<ul>\n<li>Name: <b>Alparslan Baran<\/b><\/li>\n<li>Geburtstag: 25. M\u00e4rz 2005<\/li>\n<li>Geburtsort:<\/li>\n<li>Geburtsland: \u00d6sterreich<\/li>\n<li>Nationalmannschaft: \u00d6sterreich U15<\/li>\n<li>Position: Verteidiger<\/li>\n<\/ul>\n<h2><span class=\"mw-headline\" id=\"Stationen\">Stationen<\/span><a href=\"\/index.php?title=Alparslan_Baran&amp;action=edit&amp;section=1\" title=\"Abschnitt bearbeiten: Stationen\">Bearbeiten<\/a><span class=\"mw-editsection-bracket\">]<\/span><\/span><\/h2>\n<ul>\n<li>SK Steyr Jugend<\/li>\n<li>Liefering Jugend<\/li>\n<li>Akademie Red Bull Salzburg U15, U16, U18<\/li>\n<li>FC Liefering<\/li>\n<\/ul>\n<\/div>\n","protected":false},"excerpt":{"rendered":"<p>Name: Alparslan Baran Geburtstag: 25. M\u00e4rz 2005 Geburtsort: Geburtsland: \u00d6sterreich Nationalmannschaft: \u00d6sterreich U15 Position: Verteidiger StationenBearbeiten] SK Steyr Jugend Liefering Jugend Akademie Red Bull Salzburg U15, U16, U18 FC Liefering<\/p>\n","protected":false},"author":1,"featured_media":0,"parent":0,"menu_order":0,"comment_status":"closed","ping_status":"closed","template":"","meta":{"footnotes":""},"class_list":["post-3041","page","type-page","status-publish","hentry"],"_links":{"self":[{"href":"https:\/\/wiki.s12.at\/index.php\/wp-json\/wp\/v2\/pages\/3041","targetHints":{"allow":["GET"]}}],"collection":[{"href":"https:\/\/wiki.s12.at\/index.php\/wp-json\/wp\/v2\/pages"}],"about":[{"href":"https:\/\/wiki.s12.at\/index.php\/wp-json\/wp\/v2\/types\/page"}],"author":[{"embeddable":true,"href":"https:\/\/wiki.s12.at\/index.php\/wp-json\/wp\/v2\/users\/1"}],"replies":[{"embeddable":true,"href":"https:\/\/wiki.s12.at\/index.php\/wp-json\/wp\/v2\/comments?post=3041"}],"version-history":[{"count":0,"href":"https:\/\/wiki.s12.at\/index.php\/wp-json\/wp\/v2\/pages\/3041\/revisions"}],"wp:attachment":[{"href":"https:\/\/wiki.s12.at\/index.php\/wp-json\/wp\/v2\/media?parent=3041"}],"curies":[{"name":"wp","href":"https:\/\/api.w.org\/{rel}","templated":true}]}}