{"id":3009,"date":"2026-05-06T15:02:41","date_gmt":"2026-05-06T13:02:41","guid":{"rendered":"https:\/\/wiki.s12.at\/index.php\/alexander-prass\/"},"modified":"2026-05-06T15:02:41","modified_gmt":"2026-05-06T13:02:41","slug":"alexander-prass","status":"publish","type":"page","link":"https:\/\/wiki.s12.at\/index.php\/alexander-prass\/","title":{"rendered":"Alexander Prass"},"content":{"rendered":"<div class=\"mw-parser-output\">\n<div class=\"thumb tright\">\n<div class=\"thumbinner\" style=\"width:302px;\"><a href=\"\/Datei:FC_Liefering_versus_WSG_Wattens_(24._Mai_2019)_06.jpg\" class=\"image\"><img fetchpriority=\"high\" alt=\"FC Liefering versus WSG Wattens (24. Mai 2019) 06.jpg\" src=\"\/images\/thumb\/1\/1a\/FC_Liefering_versus_WSG_Wattens_%2824._Mai_2019%29_06.jpg\/330px-FC_Liefering_versus_WSG_Wattens_%2824._Mai_2019%29_06.jpg%3Futm_source%3Dcommons.wikimedia.org%26utm_campaign%3Dimageinfo%26utm_content%3Dthumbnail\" decoding=\"async\" width=\"300\" height=\"503\" class=\"thumbimage\" srcset=\"\/images\/thumb\/1\/1a\/FC_Liefering_versus_WSG_Wattens_%2824._Mai_2019%29_06.jpg\/500px-FC_Liefering_versus_WSG_Wattens_%2824._Mai_2019%29_06.jpg%3Futm_source%3Dcommons.wikimedia.org%26utm_campaign%3Dimageinfo%26utm_content%3Dthumbnail 1.5x, \/images\/thumb\/1\/1a\/FC_Liefering_versus_WSG_Wattens_%2824._Mai_2019%29_06.jpg\/960px-FC_Liefering_versus_WSG_Wattens_%2824._Mai_2019%29_06.jpg%3Futm_source%3Dcommons.wikimedia.org%26utm_campaign%3Dimageinfo%26utm_content%3Dthumbnail 2x\" \/><\/a>  <\/p>\n<div class=\"thumbcaption\">\n<div class=\"magnify\"><a href=\"\/Datei:FC_Liefering_versus_WSG_Wattens_(24._Mai_2019)_06.jpg\" class=\"internal\" title=\"vergr\u00f6\u00dfern\"><\/a><\/div>\n<\/div>\n<\/div>\n<\/div>\n<ul>\n<li>Name: <b>Alexander Prass<\/b><\/li>\n<li>Geburtstag: 26. Mai 2001<\/li>\n<li>Geburtsort:<\/li>\n<li>Geburtsland: \u00d6sterreich<\/li>\n<li>Nationalit\u00e4t: \u00d6sterreicher <a href=\"\/Datei:Flag_of_Austria.svg\" class=\"image\" title=\"\u00d6sterreicher\"><img alt=\"\u00d6sterreicher\" src=\"\/images\/thumb\/4\/41\/Flag_of_Austria.svg\/langde-20px-Flag_of_Austria.svg.png%3Futm_source%3Dcommons.wikimedia.org%26utm_campaign%3Dimageinfo%26utm_content%3Dthumbnail\" decoding=\"async\" width=\"20\" height=\"13\" srcset=\"\/images\/thumb\/4\/41\/Flag_of_Austria.svg\/langde-40px-Flag_of_Austria.svg.png%3Futm_source%3Dcommons.wikimedia.org%26utm_campaign%3Dimageinfo%26utm_content%3Dthumbnail 1.5x\" \/><\/a><\/li>\n<li>Gr\u00f6\u00dfe: 180 cm<\/li>\n<li>Position: Mittelfeld<\/li>\n<li>Nationalmannschaft: \u00d6sterreich U18, U19<\/li>\n<\/ul>\n<h2><span class=\"mw-headline\" id=\"Stationen\">Stationen<\/span><a href=\"\/index.php?title=Alexander_Prass&amp;action=edit&amp;section=1\" title=\"Abschnitt bearbeiten: Stationen\">Bearbeiten<\/a><span class=\"mw-editsection-bracket\">]<\/span><\/span><\/h2>\n<ul>\n<li>LASK, Pasching, Salzburg (Jugend)<\/li>\n<li>Akademie Red Bull Salzburg (U15, U16, U18)<\/li>\n<li>FC Liefering<\/li>\n<li>SK Sturm Graz<\/li>\n<\/ul>\n<h2><span class=\"mw-headline\" id=\"Erfolge\">Erfolge<\/span><a href=\"\/index.php?title=Alexander_Prass&amp;action=edit&amp;section=2\" title=\"Abschnitt bearbeiten: Erfolge\">Bearbeiten<\/a><span class=\"mw-editsection-bracket\">]<\/span><\/span><\/h2>\n<ul>\n<li>\u00d6FB Cup:2023, 2024<\/li>\n<li>\u00d6sterreichischer Meister: 2024<\/li>\n<\/ul>\n<h2><span class=\"mw-headline\" id=\"Bilder\">Bilder<\/span><a href=\"\/index.php?title=Alexander_Prass&amp;action=edit&amp;section=3\" title=\"Abschnitt bearbeiten: Bilder\">Bearbeiten<\/a><span class=\"mw-editsection-bracket\">]<\/span><\/span><\/h2>\n<p><img alt=\"\" src=\"\/images\/thumb\/4\/4a\/Commons-logo.svg\/langde-20px-Commons-logo.svg.png%3Futm_source%3Dcommons.wikimedia.org%26utm_campaign%3Dimageinfo%26utm_content%3Dthumbnail\" decoding=\"async\" title=\"Commons\" width=\"12\" height=\"16\" srcset=\"\/images\/thumb\/4\/4a\/Commons-logo.svg\/langde-40px-Commons-logo.svg.png%3Futm_source%3Dcommons.wikimedia.org%26utm_campaign%3Dimageinfo%26utm_content%3Dthumbnail 2x\" \/>&#160;<b><a href=\"http:\/\/commons.wikimedia.org\/wiki\/Category:Alexander_Prass\" class=\"extiw\" title=\"commons:Category:Alexander Prass\">Alexander Prass<\/a><\/b>&#160;\u2013 Sammlung von Bildern, Videos und Audiodateien auf <a href=\"\/Wikimedia_Commons\" title=\"Wikimedia Commons\">Wikimedia Commons<\/a>\n<\/p>\n<\/div>\n","protected":false},"excerpt":{"rendered":"<p>Name: Alexander Prass Geburtstag: 26. Mai 2001 Geburtsort: Geburtsland: \u00d6sterreich Nationalit\u00e4t: \u00d6sterreicher Gr\u00f6\u00dfe: 180 cm Position: Mittelfeld Nationalmannschaft: \u00d6sterreich U18, U19 StationenBearbeiten] LASK, Pasching, Salzburg (Jugend) Akademie Red Bull Salzburg (U15, U16, U18) FC Liefering SK Sturm Graz ErfolgeBearbeiten] \u00d6FB Cup:2023, 2024 \u00d6sterreichischer Meister: 2024 BilderBearbeiten] &#160;Alexander Prass&#160;\u2013 Sammlung von Bildern, Videos und Audiodateien auf [&hellip;]<\/p>\n","protected":false},"author":1,"featured_media":0,"parent":0,"menu_order":0,"comment_status":"closed","ping_status":"closed","template":"","meta":{"footnotes":""},"class_list":["post-3009","page","type-page","status-publish","hentry"],"_links":{"self":[{"href":"https:\/\/wiki.s12.at\/index.php\/wp-json\/wp\/v2\/pages\/3009","targetHints":{"allow":["GET"]}}],"collection":[{"href":"https:\/\/wiki.s12.at\/index.php\/wp-json\/wp\/v2\/pages"}],"about":[{"href":"https:\/\/wiki.s12.at\/index.php\/wp-json\/wp\/v2\/types\/page"}],"author":[{"embeddable":true,"href":"https:\/\/wiki.s12.at\/index.php\/wp-json\/wp\/v2\/users\/1"}],"replies":[{"embeddable":true,"href":"https:\/\/wiki.s12.at\/index.php\/wp-json\/wp\/v2\/comments?post=3009"}],"version-history":[{"count":0,"href":"https:\/\/wiki.s12.at\/index.php\/wp-json\/wp\/v2\/pages\/3009\/revisions"}],"wp:attachment":[{"href":"https:\/\/wiki.s12.at\/index.php\/wp-json\/wp\/v2\/media?parent=3009"}],"curies":[{"name":"wp","href":"https:\/\/api.w.org\/{rel}","templated":true}]}}