{"id":3002,"date":"2026-05-06T15:01:03","date_gmt":"2026-05-06T13:01:03","guid":{"rendered":"https:\/\/wiki.s12.at\/index.php\/alexander-burgstaller\/"},"modified":"2026-05-06T15:01:03","modified_gmt":"2026-05-06T13:01:03","slug":"alexander-burgstaller","status":"publish","type":"page","link":"https:\/\/wiki.s12.at\/index.php\/alexander-burgstaller\/","title":{"rendered":"Alexander Burgstaller"},"content":{"rendered":"<div class=\"mw-parser-output\">\n<div class=\"thumb tright\">\n<div class=\"thumbinner\" style=\"width:302px;\"><a href=\"\/Datei:Austria_U-18_vs._Netherlands_U-18_2017-03-23_(013).jpg\" class=\"image\"><img fetchpriority=\"high\" alt=\"Austria U-18 vs. Netherlands U-18 2017-03-23 (013).jpg\" src=\"\/images\/thumb\/3\/33\/Austria_U-18_vs._Netherlands_U-18_2017-03-23_%28013%29.jpg\/330px-Austria_U-18_vs._Netherlands_U-18_2017-03-23_%28013%29.jpg%3Futm_source%3Dcommons.wikimedia.org%26utm_campaign%3Dimageinfo%26utm_content%3Dthumbnail\" decoding=\"async\" width=\"300\" height=\"450\" class=\"thumbimage\" srcset=\"\/images\/thumb\/3\/33\/Austria_U-18_vs._Netherlands_U-18_2017-03-23_%28013%29.jpg\/500px-Austria_U-18_vs._Netherlands_U-18_2017-03-23_%28013%29.jpg%3Futm_source%3Dcommons.wikimedia.org%26utm_campaign%3Dimageinfo%26utm_content%3Dthumbnail 1.5x, \/images\/thumb\/3\/33\/Austria_U-18_vs._Netherlands_U-18_2017-03-23_%28013%29.jpg\/960px-Austria_U-18_vs._Netherlands_U-18_2017-03-23_%28013%29.jpg%3Futm_source%3Dcommons.wikimedia.org%26utm_campaign%3Dimageinfo%26utm_content%3Dthumbnail 2x\" \/><\/a>  <\/p>\n<div class=\"thumbcaption\">\n<div class=\"magnify\"><a href=\"\/Datei:Austria_U-18_vs._Netherlands_U-18_2017-03-23_(013).jpg\" class=\"internal\" title=\"vergr\u00f6\u00dfern\"><\/a><\/div>\n<\/div>\n<\/div>\n<\/div>\n<ul>\n<li>Name: <b> Alexander Burgstaller <\/b><\/li>\n<li>Geburtstag: 12. Juli 1999<\/li>\n<li>Geburtsort:<\/li>\n<li>Geburtsland: \u00d6sterreich<\/li>\n<li>Gr\u00f6\u00dfe:  177 cm<\/li>\n<li>Position: Verteidiger<\/li>\n<li>Nationalmannschaft: \u00d6sterreich (U15, U16, U17)<\/li>\n<\/ul>\n<h2><span class=\"mw-headline\" id=\"Stationen\">Stationen<\/span><a href=\"\/index.php?title=Alexander_Burgstaller&amp;action=edit&amp;section=1\" title=\"Abschnitt bearbeiten: Stationen\">Bearbeiten<\/a><span class=\"mw-editsection-bracket\">]<\/span><\/span><\/h2>\n<ul>\n<li>ATSV Mattighofen (Jugend)<\/li>\n<li>SV Schalchen (Jugend)<\/li>\n<li>Red Bull Salzburg (Jugend)<\/li>\n<li>Akademie Red Bull Salzburg U15, U16, U18<\/li>\n<li>Juniors Ober\u00f6sterreich<\/li>\n<li>SK Rapid Wien Amateure<\/li>\n<\/ul>\n<h2><span class=\"mw-headline\" id=\"Erfolge\">Erfolge<\/span><a href=\"\/index.php?title=Alexander_Burgstaller&amp;action=edit&amp;section=2\" title=\"Abschnitt bearbeiten: Erfolge\">Bearbeiten<\/a><span class=\"mw-editsection-bracket\">]<\/span><\/span><\/h2>\n<ul>\n<li>\u00d6sterreichischer Meister U18: 2016<\/li>\n<li>Kader des FC Red Bull Salzburg (U19) f\u00fcr die UEFA Youth League 2015\/16<\/li>\n<li>Uefa Youth League 2017<\/li>\n<\/ul>\n<\/div>\n","protected":false},"excerpt":{"rendered":"<p>Name: Alexander Burgstaller Geburtstag: 12. Juli 1999 Geburtsort: Geburtsland: \u00d6sterreich Gr\u00f6\u00dfe: 177 cm Position: Verteidiger Nationalmannschaft: \u00d6sterreich (U15, U16, U17) StationenBearbeiten] ATSV Mattighofen (Jugend) SV Schalchen (Jugend) Red Bull Salzburg (Jugend) Akademie Red Bull Salzburg U15, U16, U18 Juniors Ober\u00f6sterreich SK Rapid Wien Amateure ErfolgeBearbeiten] \u00d6sterreichischer Meister U18: 2016 Kader des FC Red Bull Salzburg [&hellip;]<\/p>\n","protected":false},"author":1,"featured_media":0,"parent":0,"menu_order":0,"comment_status":"closed","ping_status":"closed","template":"","meta":{"footnotes":""},"class_list":["post-3002","page","type-page","status-publish","hentry"],"_links":{"self":[{"href":"https:\/\/wiki.s12.at\/index.php\/wp-json\/wp\/v2\/pages\/3002","targetHints":{"allow":["GET"]}}],"collection":[{"href":"https:\/\/wiki.s12.at\/index.php\/wp-json\/wp\/v2\/pages"}],"about":[{"href":"https:\/\/wiki.s12.at\/index.php\/wp-json\/wp\/v2\/types\/page"}],"author":[{"embeddable":true,"href":"https:\/\/wiki.s12.at\/index.php\/wp-json\/wp\/v2\/users\/1"}],"replies":[{"embeddable":true,"href":"https:\/\/wiki.s12.at\/index.php\/wp-json\/wp\/v2\/comments?post=3002"}],"version-history":[{"count":0,"href":"https:\/\/wiki.s12.at\/index.php\/wp-json\/wp\/v2\/pages\/3002\/revisions"}],"wp:attachment":[{"href":"https:\/\/wiki.s12.at\/index.php\/wp-json\/wp\/v2\/media?parent=3002"}],"curies":[{"name":"wp","href":"https:\/\/api.w.org\/{rel}","templated":true}]}}