{"id":2981,"date":"2026-05-06T14:57:00","date_gmt":"2026-05-06T12:57:00","guid":{"rendered":"https:\/\/wiki.s12.at\/index.php\/akademie-lask-gegen-fc-red-bull-salzburg-u20w\/"},"modified":"2026-05-06T14:57:00","modified_gmt":"2026-05-06T12:57:00","slug":"akademie-lask-gegen-fc-red-bull-salzburg-u20w","status":"publish","type":"page","link":"https:\/\/wiki.s12.at\/index.php\/akademie-lask-gegen-fc-red-bull-salzburg-u20w\/","title":{"rendered":"Akademie LASK gegen FC Red Bull Salzburg U20w"},"content":{"rendered":"<div class=\"mw-parser-output\">\n<table class=\"toptextcells toccolours\">\n<tbody>\n<tr>\n<th colspan=\"2\" style=\"text-align: center; vertical-align: top; padding: 0.3em 0.8em; font-size: 125%; background-color: lightsteelblue;\">Akademie LASK  gegen FC Red Bull Salzburg U20w, 0:1\n<\/th>\n<\/tr>\n<tr>\n<th style=\"text-align:left;\"><b>Spieltag<\/b>\n<\/th>\n<th style=\"text-align:left;\">Frauen &#8211; Future League, 3. Runde\n<\/th>\n<\/tr>\n<tr>\n<th style=\"text-align:left;\"><b>Datum<\/b>\n<\/th>\n<th style=\"text-align:left;\">30. August 2025\n<\/th>\n<\/tr>\n<tr>\n<th style=\"text-align:left;\"><b>Anpfiff<\/b>\n<\/th>\n<th style=\"text-align:left;\">14 Uhr\n<\/th>\n<\/tr>\n<tr>\n<td colspan=\"2\" style=\"text-align:center;\" bgcolor=\"lightgray\"><b>Aufstellung<\/b>\n<\/td>\n<\/tr>\n<tr>\n<th style=\"text-align:left;\"><b>Tor<\/b>\n<\/th>\n<th><a href=\"\/Annika_Br%C3%A4unlinger\" title=\"Annika Br\u00e4unlinger\">Annika Br\u00e4unlinger<\/a>\n<\/th>\n<\/tr>\n<tr>\n<th style=\"text-align:left;\"><b>Verteidigung<\/b>\n<\/th>\n<th><a href=\"\/Emma_Remich\" title=\"Emma Remich\">Emma Remich<\/a> &#8211;  <a href=\"\/Louisa_Toferer\" title=\"Louisa Toferer\">Louisa Toferer<\/a> &#8211; <a href=\"\/Lea_Krinzinger\" title=\"Lea Krinzinger\">Lea Krinzinger<\/a> &#8211; <a href=\"\/Neele_St%C3%B6hr\" title=\"Neele St\u00f6hr\">Neele St\u00f6hr<\/a>\n<\/th>\n<\/tr>\n<tr>\n<th style=\"text-align:left;\"><b>Mittelfeld<\/b>\n<\/th>\n<th><a href=\"\/Alina_Schuh\" title=\"Alina Schuh\">Alina Schuh<\/a> &#8211; <a href=\"\/Valentina_Lutz\" title=\"Valentina Lutz\">Valentina Lutz<\/a>  &#8211;  <a href=\"\/Valentina_Akrap\" title=\"Valentina Akrap\">Valentina Akrap<\/a>\n<\/th>\n<\/tr>\n<tr>\n<th style=\"text-align:left;\"><b>Sturm<\/b>\n<\/th>\n<th><a href=\"\/Julia_Gr%C3%BCnwald\" title=\"Julia Gr\u00fcnwald\">Julia Gr\u00fcnwald<\/a> &#8211; <a href=\"\/Ida_Weber\" title=\"Ida Weber\">Ida Weber<\/a> &#8211; <a href=\"\/Laura_Talwieser\" title=\"Laura Talwieser\">Laura Talwieser<\/a>\n<\/th>\n<\/tr>\n<tr>\n<td colspan=\"2\" style=\"text-align:center;\" bgcolor=\"lightgray\"><b>Wechsel<\/b>\n<\/td>\n<\/tr>\n<tr>\n<th style=\"text-align:left;\"><b>Wechsel<\/b>\n<\/th>\n<th style=\"text-align:left;\"><a href=\"\/Iris_Hiebl\" title=\"Iris Hiebl\">Iris Hiebl<\/a> f\u00fcr  Akrap (46.),  <a href=\"\/Tamaya_Baumann\" title=\"Tamaya Baumann\">Tamaya Baumann<\/a> f\u00fcr Gr\u00fcnwald (60.),  <a href=\"\/Marlene_Egger\" title=\"Marlene Egger\">Marlene Egger <\/a> f\u00fcr <br \/>Krinzinger (60.), <a href=\"\/Carina_Leitner\" title=\"Carina Leitner\">Carina Leitner<\/a> f\u00fcr Lutz (62.), <a href=\"\/Christina_Maierhofer\" title=\"Christina Maierhofer\">Christina Maierhofer <\/a> f\u00fcr Weber (78.)\n<\/th>\n<\/tr>\n<tr>\n<td colspan=\"2\" style=\"text-align:center;\" bgcolor=\"lightgray\"><b>Statistik<\/b>\n<\/td>\n<\/tr>\n<tr>\n<th style=\"text-align:left;\"><b>Endstand<\/b>\n<\/th>\n<th style=\"text-align:left;\">0:1 (0:0)\n<\/th>\n<\/tr>\n<tr>\n<th style=\"text-align:left;\"><b>Torsch\u00fctzen<\/b>\n<\/th>\n<th style=\"text-align:left;\">Baumann (72.)\n<\/th>\n<\/tr>\n<tr>\n<th style=\"text-align:left;\"><b>Gelbe Karten<\/b>\n<\/th>\n<th style=\"text-align:left;\">\n<\/th>\n<\/tr>\n<tr>\n<th style=\"text-align:left;\"><b>Rote Karten<\/b>\n<\/th>\n<th style=\"text-align:left;\">\n<\/th>\n<\/tr>\n<tr>\n<th style=\"text-align:left;\"><b>Schiedsrichter<\/b>\n<\/th>\n<th style=\"text-align:left;\">G\u00fcnter Alesi\n<\/th>\n<\/tr>\n<tr>\n<th style=\"text-align:left;\"><b>Stadion<\/b>\n<\/th>\n<th style=\"text-align:left;\">Verbandsanlage des O\u00d6FV, Linz\n<\/th>\n<\/tr>\n<tr>\n<th style=\"text-align:left;\"><b>Zuschauer<\/b>\n<\/th>\n<th style=\"text-align:left;\">130\n<\/th>\n<\/tr>\n<\/tbody>\n<\/table>\n<h2><span class=\"mw-headline\" id=\"Spielbericht\">Spielbericht<\/span><a href=\"\/index.php?title=Akademie_LASK_gegen_FC_Red_Bull_Salzburg_U20w&amp;action=edit&amp;section=1\" title=\"Abschnitt bearbeiten: Spielbericht\">Bearbeiten<\/a><span class=\"mw-editsection-bracket\">]<\/span><\/span><\/h2>\n<p><a rel=\"nofollow\" class=\"external text\" href=\"https:\/\/www.oefb.at\/oefb\/Spiel\/Spielbericht\/3877840\/?LASK-AKA-vs-FC-Red-Bull-Salzburg-U20w\">Spielbericht <\/a>\n<\/p>\n<\/div>\n","protected":false},"excerpt":{"rendered":"<p>Akademie LASK gegen FC Red Bull Salzburg U20w, 0:1 Spieltag Frauen &#8211; Future League, 3. Runde Datum 30. August 2025 Anpfiff 14 Uhr Aufstellung Tor Annika Br\u00e4unlinger Verteidigung Emma Remich &#8211; Louisa Toferer &#8211; Lea Krinzinger &#8211; Neele St\u00f6hr Mittelfeld Alina Schuh &#8211; Valentina Lutz &#8211; Valentina Akrap Sturm Julia Gr\u00fcnwald &#8211; Ida Weber &#8211; [&hellip;]<\/p>\n","protected":false},"author":1,"featured_media":0,"parent":0,"menu_order":0,"comment_status":"closed","ping_status":"closed","template":"","meta":{"footnotes":""},"class_list":["post-2981","page","type-page","status-publish","hentry"],"_links":{"self":[{"href":"https:\/\/wiki.s12.at\/index.php\/wp-json\/wp\/v2\/pages\/2981","targetHints":{"allow":["GET"]}}],"collection":[{"href":"https:\/\/wiki.s12.at\/index.php\/wp-json\/wp\/v2\/pages"}],"about":[{"href":"https:\/\/wiki.s12.at\/index.php\/wp-json\/wp\/v2\/types\/page"}],"author":[{"embeddable":true,"href":"https:\/\/wiki.s12.at\/index.php\/wp-json\/wp\/v2\/users\/1"}],"replies":[{"embeddable":true,"href":"https:\/\/wiki.s12.at\/index.php\/wp-json\/wp\/v2\/comments?post=2981"}],"version-history":[{"count":0,"href":"https:\/\/wiki.s12.at\/index.php\/wp-json\/wp\/v2\/pages\/2981\/revisions"}],"wp:attachment":[{"href":"https:\/\/wiki.s12.at\/index.php\/wp-json\/wp\/v2\/media?parent=2981"}],"curies":[{"name":"wp","href":"https:\/\/api.w.org\/{rel}","templated":true}]}}