{"id":2972,"date":"2026-05-06T14:56:53","date_gmt":"2026-05-06T12:56:53","guid":{"rendered":"https:\/\/wiki.s12.at\/index.php\/adolf-macek\/"},"modified":"2026-05-06T14:56:53","modified_gmt":"2026-05-06T12:56:53","slug":"adolf-macek","status":"publish","type":"page","link":"https:\/\/wiki.s12.at\/index.php\/adolf-macek\/","title":{"rendered":"Adolf Macek"},"content":{"rendered":"<div class=\"mw-parser-output\">\n<ul>\n<li>Name: <b>Adolf &#8222;Adi&#8220; Macek<\/b><\/li>\n<li>Geburtstag:  16. Dezember 1939<\/li>\n<li>Geburtsort: Gr\u00f6dig<\/li>\n<li>Geburtsland: \u00d6sterreich<\/li>\n<li>Sterbetag und -ort:20. Juli 1993; Salzburg<\/li>\n<li>Position: St\u00fcrmer<\/li>\n<li>R\u00fcckennummer: Karriereende<\/li>\n<li>Bundesligaspiele f\u00fcr Salzburg: 213 Spiele (28 Tore)<\/li>\n<li>Cupspiele f\u00fcr Salzburg:30 Spiele (40 Tore)<\/li>\n<li>Nationalmannschaft: 4 Spiele f\u00fcr \u00d6sterreich (1965\/66)<\/li>\n<\/ul>\n<h2><span class=\"mw-headline\" id=\"Stationen\">Stationen<\/span><a href=\"\/index.php?title=Adolf_Macek&amp;action=edit&amp;section=1\" title=\"Abschnitt bearbeiten: Stationen\">Bearbeiten<\/a><span class=\"mw-editsection-bracket\">]<\/span><\/span><\/h2>\n<ul>\n<li>USK Anif (Jugend)<\/li>\n<li>SV Gr\u00f6dig (Jugend, Kampfmannschaft)<\/li>\n<li>SV Austria Salzburg (1959-1973)<\/li>\n<li>SK Bischofshofen (1973-1975)<\/li>\n<\/ul>\n<h2><span id=\"Titel_.26_Erfolge\"><\/span><span class=\"mw-headline\" id=\"Titel_&amp;_Erfolge\">Titel &amp; Erfolge<\/span><a href=\"\/index.php?title=Adolf_Macek&amp;action=edit&amp;section=2\" title=\"Abschnitt bearbeiten: Titel &amp; Erfolge\">Bearbeiten<\/a><span class=\"mw-editsection-bracket\">]<\/span><\/span><\/h2>\n<ul>\n<li>Vizemeister :1971<\/li>\n<\/ul>\n<h2><span class=\"mw-headline\" id=\"Besonders\">Besonders<\/span><a href=\"\/index.php?title=Adolf_Macek&amp;action=edit&amp;section=3\" title=\"Abschnitt bearbeiten: Besonders\">Bearbeiten<\/a><span class=\"mw-editsection-bracket\">]<\/span><\/span><\/h2>\n<p>Er war nach <a href=\"\/index.php?title=Ernst_Probst&amp;action=edit&amp;redlink=1\" class=\"new\" title=\"Ernst Probst (Seite nicht vorhanden)\">Ernst Probst<\/a> der zweite Salzburger Nationalspieler, aber der erste geb\u00fcrtige Salzburger im Nationaldress.\n<\/p>\n<\/div>\n","protected":false},"excerpt":{"rendered":"<p>Name: Adolf &#8222;Adi&#8220; Macek Geburtstag: 16. Dezember 1939 Geburtsort: Gr\u00f6dig Geburtsland: \u00d6sterreich Sterbetag und -ort:20. Juli 1993; Salzburg Position: St\u00fcrmer R\u00fcckennummer: Karriereende Bundesligaspiele f\u00fcr Salzburg: 213 Spiele (28 Tore) Cupspiele f\u00fcr Salzburg:30 Spiele (40 Tore) Nationalmannschaft: 4 Spiele f\u00fcr \u00d6sterreich (1965\/66) StationenBearbeiten] USK Anif (Jugend) SV Gr\u00f6dig (Jugend, Kampfmannschaft) SV Austria Salzburg (1959-1973) SK Bischofshofen [&hellip;]<\/p>\n","protected":false},"author":1,"featured_media":0,"parent":0,"menu_order":0,"comment_status":"closed","ping_status":"closed","template":"","meta":{"footnotes":""},"class_list":["post-2972","page","type-page","status-publish","hentry"],"_links":{"self":[{"href":"https:\/\/wiki.s12.at\/index.php\/wp-json\/wp\/v2\/pages\/2972","targetHints":{"allow":["GET"]}}],"collection":[{"href":"https:\/\/wiki.s12.at\/index.php\/wp-json\/wp\/v2\/pages"}],"about":[{"href":"https:\/\/wiki.s12.at\/index.php\/wp-json\/wp\/v2\/types\/page"}],"author":[{"embeddable":true,"href":"https:\/\/wiki.s12.at\/index.php\/wp-json\/wp\/v2\/users\/1"}],"replies":[{"embeddable":true,"href":"https:\/\/wiki.s12.at\/index.php\/wp-json\/wp\/v2\/comments?post=2972"}],"version-history":[{"count":0,"href":"https:\/\/wiki.s12.at\/index.php\/wp-json\/wp\/v2\/pages\/2972\/revisions"}],"wp:attachment":[{"href":"https:\/\/wiki.s12.at\/index.php\/wp-json\/wp\/v2\/media?parent=2972"}],"curies":[{"name":"wp","href":"https:\/\/api.w.org\/{rel}","templated":true}]}}