{"id":2971,"date":"2026-05-06T14:56:53","date_gmt":"2026-05-06T12:56:53","guid":{"rendered":"https:\/\/wiki.s12.at\/index.php\/adolf-huetter\/"},"modified":"2026-05-06T14:56:53","modified_gmt":"2026-05-06T12:56:53","slug":"adolf-huetter","status":"publish","type":"page","link":"https:\/\/wiki.s12.at\/index.php\/adolf-huetter\/","title":{"rendered":"Adolf H\u00fctter"},"content":{"rendered":"<div class=\"mw-parser-output\">\n<div class=\"thumb tright\">\n<div class=\"thumbinner\" style=\"width:302px;\"><a href=\"\/Datei:Testspiel_FC_Red_Bull_Salzburg_gegen_Schachtar_Donezk_22.JPG\" class=\"image\"><img fetchpriority=\"high\" alt=\"Testspiel FC Red Bull Salzburg gegen Schachtar Donezk 22.JPG\" src=\"\/images\/thumb\/3\/39\/Testspiel_FC_Red_Bull_Salzburg_gegen_Schachtar_Donezk_22.JPG\/330px-Testspiel_FC_Red_Bull_Salzburg_gegen_Schachtar_Donezk_22.JPG%3Futm_source%3Dcommons.wikimedia.org%26utm_campaign%3Dimageinfo%26utm_content%3Dthumbnail\" decoding=\"async\" width=\"300\" height=\"303\" class=\"thumbimage\" srcset=\"\/images\/thumb\/3\/39\/Testspiel_FC_Red_Bull_Salzburg_gegen_Schachtar_Donezk_22.JPG\/500px-Testspiel_FC_Red_Bull_Salzburg_gegen_Schachtar_Donezk_22.JPG%3Futm_source%3Dcommons.wikimedia.org%26utm_campaign%3Dimageinfo%26utm_content%3Dthumbnail 1.5x, \/images\/thumb\/3\/39\/Testspiel_FC_Red_Bull_Salzburg_gegen_Schachtar_Donezk_22.JPG\/960px-Testspiel_FC_Red_Bull_Salzburg_gegen_Schachtar_Donezk_22.JPG%3Futm_source%3Dcommons.wikimedia.org%26utm_campaign%3Dimageinfo%26utm_content%3Dthumbnail 2x\" \/><\/a>  <\/p>\n<div class=\"thumbcaption\">\n<div class=\"magnify\"><a href=\"\/Datei:Testspiel_FC_Red_Bull_Salzburg_gegen_Schachtar_Donezk_22.JPG\" class=\"internal\" title=\"vergr\u00f6\u00dfern\"><\/a><\/div>\n<\/div>\n<\/div>\n<\/div>\n<ul>\n<li>Name: <b>Adolf &#8222;Adi&#8220; H\u00fctter<\/b><\/li>\n<li>Geburtstag:  11. Februar 1970<\/li>\n<li>Geburtsort: Hohenems<\/li>\n<li>Geburtsland: \u00d6sterreich<\/li>\n<li>Nationalit\u00e4t: \u00d6sterreicher <a href=\"\/Datei:Flag_of_Austria.svg\" class=\"image\" title=\"\u00d6sterreicher\"><img alt=\"\u00d6sterreicher\" src=\"\/images\/thumb\/4\/41\/Flag_of_Austria.svg\/langde-20px-Flag_of_Austria.svg.png%3Futm_source%3Dcommons.wikimedia.org%26utm_campaign%3Dimageinfo%26utm_content%3Dthumbnail\" decoding=\"async\" width=\"20\" height=\"13\" srcset=\"\/images\/thumb\/4\/41\/Flag_of_Austria.svg\/langde-40px-Flag_of_Austria.svg.png%3Futm_source%3Dcommons.wikimedia.org%26utm_campaign%3Dimageinfo%26utm_content%3Dthumbnail 1.5x\" \/><\/a><\/li>\n<li>Gr\u00f6\u00dfe: 184 cm<\/li>\n<li>Position: Mittelfeld<\/li>\n<li>Starker Fu\u00df: Rechts<\/li>\n<li>Spiele f\u00fcr Salzburg: 201 Spiele (17 Tore)<\/li>\n<li>Nationalmannschaft: 14 Spiele (3 Tore) f\u00fcr \u00d6sterreich<\/li>\n<\/ul>\n<h2><span class=\"mw-headline\" id=\"Stationen\">Stationen<\/span><a href=\"\/index.php?title=Adolf_H%C3%BCtter&amp;action=edit&amp;section=1\" title=\"Abschnitt bearbeiten: Stationen\">Bearbeiten<\/a><span class=\"mw-editsection-bracket\">]<\/span><\/span><\/h2>\n<h3><span class=\"mw-headline\" id=\"als_Spieler\">als Spieler<\/span><a href=\"\/index.php?title=Adolf_H%C3%BCtter&amp;action=edit&amp;section=2\" title=\"Abschnitt bearbeiten: als Spieler\">Bearbeiten<\/a><span class=\"mw-editsection-bracket\">]<\/span><\/span><\/h3>\n<ul>\n<li>Grazer AK (1988-1989)<\/li>\n<li>LASK Linz (1989-1991)<\/li>\n<li>SC Rheindorf Altach (1991-1992)<\/li>\n<li>Grazer AK(1992-1993)<\/li>\n<li>SV Austria Salzburg (1993-2000)<\/li>\n<li>Grazer AK (2000-2002)<\/li>\n<li>Kapfenberger SV (2002-2005)<\/li>\n<li>Red Bull Salzburg Juniors (2005-2007)<\/li>\n<\/ul>\n<h3><span class=\"mw-headline\" id=\"als_Trainer\">als Trainer<\/span><a href=\"\/index.php?title=Adolf_H%C3%BCtter&amp;action=edit&amp;section=3\" title=\"Abschnitt bearbeiten: als Trainer\">Bearbeiten<\/a><span class=\"mw-editsection-bracket\">]<\/span><\/span><\/h3>\n<ul>\n<li>Red Bull Salzburg Juniors Co-Trainer(2007-2008)<\/li>\n<li>Red Bull Salzburg Juniors (2008-2009)<\/li>\n<li>SC Rheindorf Altach (2009-2012)<\/li>\n<li>SV Gr\u00f6dig (2012-2014)<\/li>\n<li>FC Red Bull Salzburg (2014-2015 )<\/li>\n<li>Young Boys Bern (2015-2018)<\/li>\n<li>Eintracht Frankfurt (2018-2021 )<\/li>\n<li>Borussia M\u00f6nchengladbach (2021-2022)<\/li>\n<li>AS Monaco ( 2023- )<\/li>\n<\/ul>\n<h2><span class=\"mw-headline\" id=\"Erfolge\">Erfolge<\/span><a href=\"\/index.php?title=Adolf_H%C3%BCtter&amp;action=edit&amp;section=4\" title=\"Abschnitt bearbeiten: Erfolge\">Bearbeiten<\/a><span class=\"mw-editsection-bracket\">]<\/span><\/span><\/h2>\n<ul>\n<li>\u00d6sterreichischer Meister: <a href=\"\/Meisterkader_1993\/94\" title=\"Meisterkader 1993\/94\">1994<\/a>, <a href=\"\/Meisterkader_1994\/95\" title=\"Meisterkader 1994\/95\">1995<\/a>, <a href=\"\/Meisterkader_1996\/97\" title=\"Meisterkader 1996\/97\">1997<\/a><\/li>\n<li>\u00d6sterreichischer Supercupsieger: 1994, 1995, 1997<\/li>\n<li>\u00d6sterreichischer Cupsieger: 2002<\/li>\n<\/ul>\n<h3><span class=\"mw-headline\" id=\"als_Trainer_2\">als Trainer<\/span><a href=\"\/index.php?title=Adolf_H%C3%BCtter&amp;action=edit&amp;section=5\" title=\"Abschnitt bearbeiten: als Trainer\">Bearbeiten<\/a><span class=\"mw-editsection-bracket\">]<\/span><\/span><\/h3>\n<ul>\n<li>Meister 2012\/13 mit dem SV Gr\u00f6dig Heute f\u00fcr Morgen Erste Liga<\/li>\n<li>Leonidas Sportlerwahl 2015-Trainer des Jahres<\/li>\n<li>Meister 2015 mit FC Red Bull Salzburg<\/li>\n<li>Cupsieger 2015 mit FC Red Bull Salzburg<\/li>\n<li>Schweizer Meister 2018 mit Young Boys Bern<\/li>\n<\/ul>\n<\/div>\n","protected":false},"excerpt":{"rendered":"<p>Name: Adolf &#8222;Adi&#8220; H\u00fctter Geburtstag: 11. Februar 1970 Geburtsort: Hohenems Geburtsland: \u00d6sterreich Nationalit\u00e4t: \u00d6sterreicher Gr\u00f6\u00dfe: 184 cm Position: Mittelfeld Starker Fu\u00df: Rechts Spiele f\u00fcr Salzburg: 201 Spiele (17 Tore) Nationalmannschaft: 14 Spiele (3 Tore) f\u00fcr \u00d6sterreich StationenBearbeiten] als SpielerBearbeiten] Grazer AK (1988-1989) LASK Linz (1989-1991) SC Rheindorf Altach (1991-1992) Grazer AK(1992-1993) SV Austria Salzburg (1993-2000) [&hellip;]<\/p>\n","protected":false},"author":1,"featured_media":0,"parent":0,"menu_order":0,"comment_status":"closed","ping_status":"closed","template":"","meta":{"footnotes":""},"class_list":["post-2971","page","type-page","status-publish","hentry"],"_links":{"self":[{"href":"https:\/\/wiki.s12.at\/index.php\/wp-json\/wp\/v2\/pages\/2971","targetHints":{"allow":["GET"]}}],"collection":[{"href":"https:\/\/wiki.s12.at\/index.php\/wp-json\/wp\/v2\/pages"}],"about":[{"href":"https:\/\/wiki.s12.at\/index.php\/wp-json\/wp\/v2\/types\/page"}],"author":[{"embeddable":true,"href":"https:\/\/wiki.s12.at\/index.php\/wp-json\/wp\/v2\/users\/1"}],"replies":[{"embeddable":true,"href":"https:\/\/wiki.s12.at\/index.php\/wp-json\/wp\/v2\/comments?post=2971"}],"version-history":[{"count":0,"href":"https:\/\/wiki.s12.at\/index.php\/wp-json\/wp\/v2\/pages\/2971\/revisions"}],"wp:attachment":[{"href":"https:\/\/wiki.s12.at\/index.php\/wp-json\/wp\/v2\/media?parent=2971"}],"curies":[{"name":"wp","href":"https:\/\/api.w.org\/{rel}","templated":true}]}}