{"id":2951,"date":"2026-05-06T14:56:41","date_gmt":"2026-05-06T12:56:41","guid":{"rendered":"https:\/\/wiki.s12.at\/index.php\/adel-halilovic\/"},"modified":"2026-05-06T14:56:41","modified_gmt":"2026-05-06T12:56:41","slug":"adel-halilovic","status":"publish","type":"page","link":"https:\/\/wiki.s12.at\/index.php\/adel-halilovic\/","title":{"rendered":"Adel Halilovic"},"content":{"rendered":"<div class=\"mw-parser-output\">\n<div class=\"thumb tright\">\n<div class=\"thumbinner\" style=\"width:302px;\"><a href=\"\/Datei:FC_Liefering_gegen_KSV_19.JPG\" class=\"image\"><img fetchpriority=\"high\" alt=\"FC Liefering gegen KSV 19.JPG\" src=\"\/images\/thumb\/7\/7c\/FC_Liefering_gegen_KSV_19.JPG\/330px-FC_Liefering_gegen_KSV_19.JPG%3Futm_source%3Dcommons.wikimedia.org%26utm_campaign%3Dimageinfo%26utm_content%3Dthumbnail\" decoding=\"async\" width=\"300\" height=\"336\" class=\"thumbimage\" srcset=\"\/images\/thumb\/7\/7c\/FC_Liefering_gegen_KSV_19.JPG\/500px-FC_Liefering_gegen_KSV_19.JPG%3Futm_source%3Dcommons.wikimedia.org%26utm_campaign%3Dimageinfo%26utm_content%3Dthumbnail 1.5x, \/images\/thumb\/7\/7c\/FC_Liefering_gegen_KSV_19.JPG\/960px-FC_Liefering_gegen_KSV_19.JPG%3Futm_source%3Dcommons.wikimedia.org%26utm_campaign%3Dimageinfo%26utm_content%3Dthumbnail 2x\" \/><\/a>  <\/p>\n<div class=\"thumbcaption\">\n<div class=\"magnify\"><a href=\"\/Datei:FC_Liefering_gegen_KSV_19.JPG\" class=\"internal\" title=\"vergr\u00f6\u00dfern\"><\/a><\/div>\n<\/div>\n<\/div>\n<\/div>\n<ul>\n<li>Name: <b>Adel Halilovic<\/b><\/li>\n<li>Geburtstag: 17. M\u00e4rz 1996<\/li>\n<li>Geburtsort:<\/li>\n<li>Nationalit\u00e4t: \u00d6sterreicher<a href=\"\/Datei:Flag_of_Austria.svg\" class=\"image\" title=\"\u00d6sterreicher\"><img alt=\"\u00d6sterreicher\" src=\"\/images\/thumb\/4\/41\/Flag_of_Austria.svg\/langde-20px-Flag_of_Austria.svg.png%3Futm_source%3Dcommons.wikimedia.org%26utm_campaign%3Dimageinfo%26utm_content%3Dthumbnail\" decoding=\"async\" width=\"20\" height=\"13\" srcset=\"\/images\/thumb\/4\/41\/Flag_of_Austria.svg\/langde-40px-Flag_of_Austria.svg.png%3Futm_source%3Dcommons.wikimedia.org%26utm_campaign%3Dimageinfo%26utm_content%3Dthumbnail 1.5x\" \/><\/a><\/li>\n<li>2. Nationalit\u00e4t: Bosnier<\/li>\n<li>Gr\u00f6\u00dfe: 178 cm<\/li>\n<li>Position: Verteidiger<\/li>\n<li>Nationalmannschaft: Bosnien-Herzegowina U17<\/li>\n<\/ul>\n<h2><span class=\"mw-headline\" id=\"Stationen\">Stationen<\/span><a href=\"\/index.php?title=Adel_Halilovic&amp;action=edit&amp;section=1\" title=\"Abschnitt bearbeiten: Stationen\">Bearbeiten<\/a><span class=\"mw-editsection-bracket\">]<\/span><\/span><\/h2>\n<ul>\n<li>Red Bull Salzburg Jugend<\/li>\n<li>AKA Salzburg<\/li>\n<li>FC Liefering<\/li>\n<li>USK Anif<\/li>\n<li>Slaven Belupo Koprivnica<\/li>\n<li>SK Bischofshofen<\/li>\n<\/ul>\n<h2><span class=\"mw-headline\" id=\"Besonderes\">Besonderes<\/span><a href=\"\/index.php?title=Adel_Halilovic&amp;action=edit&amp;section=2\" title=\"Abschnitt bearbeiten: Besonderes\">Bearbeiten<\/a><span class=\"mw-editsection-bracket\">]<\/span><\/span><\/h2>\n<p>Am 6. Februar 2013 deb\u00fctierte er in der ersten Mannschaft beim Testspiel gegen Dynamo Budweis. Er wurde in der 85. Minute f\u00fcr Valentino Lazaro eingewechselt.\n<\/p>\n<\/div>\n","protected":false},"excerpt":{"rendered":"<p>Name: Adel Halilovic Geburtstag: 17. M\u00e4rz 1996 Geburtsort: Nationalit\u00e4t: \u00d6sterreicher 2. Nationalit\u00e4t: Bosnier Gr\u00f6\u00dfe: 178 cm Position: Verteidiger Nationalmannschaft: Bosnien-Herzegowina U17 StationenBearbeiten] Red Bull Salzburg Jugend AKA Salzburg FC Liefering USK Anif Slaven Belupo Koprivnica SK Bischofshofen BesonderesBearbeiten] Am 6. Februar 2013 deb\u00fctierte er in der ersten Mannschaft beim Testspiel gegen Dynamo Budweis. Er wurde [&hellip;]<\/p>\n","protected":false},"author":1,"featured_media":0,"parent":0,"menu_order":0,"comment_status":"closed","ping_status":"closed","template":"","meta":{"footnotes":""},"class_list":["post-2951","page","type-page","status-publish","hentry"],"_links":{"self":[{"href":"https:\/\/wiki.s12.at\/index.php\/wp-json\/wp\/v2\/pages\/2951","targetHints":{"allow":["GET"]}}],"collection":[{"href":"https:\/\/wiki.s12.at\/index.php\/wp-json\/wp\/v2\/pages"}],"about":[{"href":"https:\/\/wiki.s12.at\/index.php\/wp-json\/wp\/v2\/types\/page"}],"author":[{"embeddable":true,"href":"https:\/\/wiki.s12.at\/index.php\/wp-json\/wp\/v2\/users\/1"}],"replies":[{"embeddable":true,"href":"https:\/\/wiki.s12.at\/index.php\/wp-json\/wp\/v2\/comments?post=2951"}],"version-history":[{"count":0,"href":"https:\/\/wiki.s12.at\/index.php\/wp-json\/wp\/v2\/pages\/2951\/revisions"}],"wp:attachment":[{"href":"https:\/\/wiki.s12.at\/index.php\/wp-json\/wp\/v2\/media?parent=2951"}],"curies":[{"name":"wp","href":"https:\/\/api.w.org\/{rel}","templated":true}]}}