{"id":2948,"date":"2026-05-06T14:56:40","date_gmt":"2026-05-06T12:56:40","guid":{"rendered":"https:\/\/wiki.s12.at\/index.php\/adam-stejskal\/"},"modified":"2026-05-06T14:56:40","modified_gmt":"2026-05-06T12:56:40","slug":"adam-stejskal","status":"publish","type":"page","link":"https:\/\/wiki.s12.at\/index.php\/adam-stejskal\/","title":{"rendered":"Adam Stejskal"},"content":{"rendered":"<div class=\"mw-parser-output\">\n<div class=\"thumb tright\">\n<div class=\"thumbinner\" style=\"width:302px;\"><a href=\"\/Datei:FC_Liefering_gegen_WSG_Wattens_(24._Mai_2019)_01.jpg\" class=\"image\"><img fetchpriority=\"high\" alt=\"FC Liefering gegen WSG Wattens (24. Mai 2019) 01.jpg\" src=\"\/images\/thumb\/d\/db\/FC_Liefering_gegen_WSG_Wattens_%2824._Mai_2019%29_01.jpg\/330px-FC_Liefering_gegen_WSG_Wattens_%2824._Mai_2019%29_01.jpg%3Futm_source%3Dcommons.wikimedia.org%26utm_campaign%3Dimageinfo%26utm_content%3Dthumbnail\" decoding=\"async\" width=\"300\" height=\"350\" class=\"thumbimage\" srcset=\"\/images\/thumb\/d\/db\/FC_Liefering_gegen_WSG_Wattens_%2824._Mai_2019%29_01.jpg\/500px-FC_Liefering_gegen_WSG_Wattens_%2824._Mai_2019%29_01.jpg%3Futm_source%3Dcommons.wikimedia.org%26utm_campaign%3Dimageinfo%26utm_content%3Dthumbnail 1.5x, \/images\/thumb\/d\/db\/FC_Liefering_gegen_WSG_Wattens_%2824._Mai_2019%29_01.jpg\/960px-FC_Liefering_gegen_WSG_Wattens_%2824._Mai_2019%29_01.jpg%3Futm_source%3Dcommons.wikimedia.org%26utm_campaign%3Dimageinfo%26utm_content%3Dthumbnail 2x\" \/><\/a>  <\/p>\n<div class=\"thumbcaption\">\n<div class=\"magnify\"><a href=\"\/Datei:FC_Liefering_gegen_WSG_Wattens_(24._Mai_2019)_01.jpg\" class=\"internal\" title=\"vergr\u00f6\u00dfern\"><\/a><\/div>\n<\/div>\n<\/div>\n<\/div>\n<ul>\n<li>Name: <b>Adam Stejskal<\/b><\/li>\n<li>Geburtstag: 23. August 2002<\/li>\n<li>Geburtsort:<\/li>\n<li>Geburtsland: Tschechien<\/li>\n<li>Gr\u00f6\u00dfe:<\/li>\n<li>Position: Torwart<\/li>\n<li>Nationalspieler: Tschechien (U16)<\/li>\n<\/ul>\n<h2><span class=\"mw-headline\" id=\"Stationen\">Stationen<\/span><a href=\"\/index.php?title=Adam_Stejskal&amp;action=edit&amp;section=1\" title=\"Abschnitt bearbeiten: Stationen\">Bearbeiten<\/a><span class=\"mw-editsection-bracket\">]<\/span><\/span><\/h2>\n<ul>\n<li>Zbrojovka Br\u00fcnn U17<\/li>\n<li>Zbrojovka Br\u00fcnn U19<\/li>\n<li>Akademie Salzburg U18<\/li>\n<li>FC Liefering<\/li>\n<li>WSG Wattens<\/li>\n<\/ul>\n<h2><span class=\"mw-headline\" id=\"Erfolge\">Erfolge<\/span><a href=\"\/index.php?title=Adam_Stejskal&amp;action=edit&amp;section=2\" title=\"Abschnitt bearbeiten: Erfolge\">Bearbeiten<\/a><span class=\"mw-editsection-bracket\">]<\/span><\/span><\/h2>\n<ul>\n<li>\u00d6sterreichischer Meister: 2023<\/li>\n<\/ul>\n<h2><span class=\"mw-headline\" id=\"Bilder\">Bilder<\/span><a href=\"\/index.php?title=Adam_Stejskal&amp;action=edit&amp;section=3\" title=\"Abschnitt bearbeiten: Bilder\">Bearbeiten<\/a><span class=\"mw-editsection-bracket\">]<\/span><\/span><\/h2>\n<p><img alt=\"\" src=\"\/images\/thumb\/4\/4a\/Commons-logo.svg\/langde-20px-Commons-logo.svg.png%3Futm_source%3Dcommons.wikimedia.org%26utm_campaign%3Dimageinfo%26utm_content%3Dthumbnail\" decoding=\"async\" title=\"Commons\" width=\"12\" height=\"16\" srcset=\"\/images\/thumb\/4\/4a\/Commons-logo.svg\/langde-40px-Commons-logo.svg.png%3Futm_source%3Dcommons.wikimedia.org%26utm_campaign%3Dimageinfo%26utm_content%3Dthumbnail 2x\" \/>&#160;<b><a href=\"http:\/\/commons.wikimedia.org\/wiki\/Category:Adam_Stejskal\" class=\"extiw\" title=\"commons:Category:Adam Stejskal\">Adam Stejskal<\/a><\/b>&#160;\u2013 Sammlung von Bildern, Videos und Audiodateien auf <a href=\"\/Wikimedia_Commons\" title=\"Wikimedia Commons\">Wikimedia Commons<\/a>\n<\/p>\n<\/div>\n","protected":false},"excerpt":{"rendered":"<p>Name: Adam Stejskal Geburtstag: 23. August 2002 Geburtsort: Geburtsland: Tschechien Gr\u00f6\u00dfe: Position: Torwart Nationalspieler: Tschechien (U16) StationenBearbeiten] Zbrojovka Br\u00fcnn U17 Zbrojovka Br\u00fcnn U19 Akademie Salzburg U18 FC Liefering WSG Wattens ErfolgeBearbeiten] \u00d6sterreichischer Meister: 2023 BilderBearbeiten] &#160;Adam Stejskal&#160;\u2013 Sammlung von Bildern, Videos und Audiodateien auf Wikimedia Commons<\/p>\n","protected":false},"author":1,"featured_media":0,"parent":0,"menu_order":0,"comment_status":"closed","ping_status":"closed","template":"","meta":{"footnotes":""},"class_list":["post-2948","page","type-page","status-publish","hentry"],"_links":{"self":[{"href":"https:\/\/wiki.s12.at\/index.php\/wp-json\/wp\/v2\/pages\/2948","targetHints":{"allow":["GET"]}}],"collection":[{"href":"https:\/\/wiki.s12.at\/index.php\/wp-json\/wp\/v2\/pages"}],"about":[{"href":"https:\/\/wiki.s12.at\/index.php\/wp-json\/wp\/v2\/types\/page"}],"author":[{"embeddable":true,"href":"https:\/\/wiki.s12.at\/index.php\/wp-json\/wp\/v2\/users\/1"}],"replies":[{"embeddable":true,"href":"https:\/\/wiki.s12.at\/index.php\/wp-json\/wp\/v2\/comments?post=2948"}],"version-history":[{"count":0,"href":"https:\/\/wiki.s12.at\/index.php\/wp-json\/wp\/v2\/pages\/2948\/revisions"}],"wp:attachment":[{"href":"https:\/\/wiki.s12.at\/index.php\/wp-json\/wp\/v2\/media?parent=2948"}],"curies":[{"name":"wp","href":"https:\/\/api.w.org\/{rel}","templated":true}]}}