{"id":2946,"date":"2026-05-06T14:56:39","date_gmt":"2026-05-06T12:56:39","guid":{"rendered":"https:\/\/wiki.s12.at\/index.php\/adam-daghim\/"},"modified":"2026-05-06T14:56:39","modified_gmt":"2026-05-06T12:56:39","slug":"adam-daghim","status":"publish","type":"page","link":"https:\/\/wiki.s12.at\/index.php\/adam-daghim\/","title":{"rendered":"Adam Daghim"},"content":{"rendered":"<div class=\"mw-parser-output\">\n<div class=\"thumb tright\">\n<div class=\"thumbinner\" style=\"width:302px;\"><a href=\"\/Datei:FC_Liefering_gegen_SV_Stripfing_(2023-09-15)_05.jpg\" class=\"image\"><img fetchpriority=\"high\" alt=\"FC Liefering gegen SV Stripfing (2023-09-15) 05.jpg\" src=\"\/images\/thumb\/f\/f7\/FC_Liefering_gegen_SV_Stripfing_%282023-09-15%29_05.jpg\/330px-FC_Liefering_gegen_SV_Stripfing_%282023-09-15%29_05.jpg%3Futm_source%3Dcommons.wikimedia.org%26utm_campaign%3Dimageinfo%26utm_content%3Dthumbnail\" decoding=\"async\" width=\"300\" height=\"423\" class=\"thumbimage\" srcset=\"\/images\/thumb\/f\/f7\/FC_Liefering_gegen_SV_Stripfing_%282023-09-15%29_05.jpg\/500px-FC_Liefering_gegen_SV_Stripfing_%282023-09-15%29_05.jpg%3Futm_source%3Dcommons.wikimedia.org%26utm_campaign%3Dimageinfo%26utm_content%3Dthumbnail 1.5x, \/images\/thumb\/f\/f7\/FC_Liefering_gegen_SV_Stripfing_%282023-09-15%29_05.jpg\/960px-FC_Liefering_gegen_SV_Stripfing_%282023-09-15%29_05.jpg%3Futm_source%3Dcommons.wikimedia.org%26utm_campaign%3Dimageinfo%26utm_content%3Dthumbnail 2x\" \/><\/a>  <\/p>\n<div class=\"thumbcaption\">\n<div class=\"magnify\"><a href=\"\/Datei:FC_Liefering_gegen_SV_Stripfing_(2023-09-15)_05.jpg\" class=\"internal\" title=\"vergr\u00f6\u00dfern\"><\/a><\/div>\n<\/div>\n<\/div>\n<\/div>\n<ul>\n<li>Name: <b>Adam Daghim<\/b><\/li>\n<li>Geburtstag: 28. September 2005<\/li>\n<li>Geburtsland: D\u00e4nemark<\/li>\n<li>Gr\u00f6\u00dfe: 186 cm<\/li>\n<li>Position: St\u00fcrmer<\/li>\n<li>Nationalspieler: D\u00e4nemark U18<\/li>\n<\/ul>\n<h2><span class=\"mw-headline\" id=\"Stationen\">Stationen<\/span><a href=\"\/index.php?title=Adam_Daghim&amp;action=edit&amp;section=1\" title=\"Abschnitt bearbeiten: Stationen\">Bearbeiten<\/a><span class=\"mw-editsection-bracket\">]<\/span><\/span><\/h2>\n<ul>\n<li>FC Kopenhagen (Jugend)<\/li>\n<li>Aarhus GF (Jugend)<\/li>\n<li>Aarhus GF<\/li>\n<li>FC Red Bull Salzburg (2023- )<\/li>\n<li>FC Liefering (Leihe)<\/li>\n<li>VfL Wolfsburg (Leihe)<\/li>\n<\/ul>\n<\/div>\n","protected":false},"excerpt":{"rendered":"<p>Name: Adam Daghim Geburtstag: 28. September 2005 Geburtsland: D\u00e4nemark Gr\u00f6\u00dfe: 186 cm Position: St\u00fcrmer Nationalspieler: D\u00e4nemark U18 StationenBearbeiten] FC Kopenhagen (Jugend) Aarhus GF (Jugend) Aarhus GF FC Red Bull Salzburg (2023- ) FC Liefering (Leihe) VfL Wolfsburg (Leihe)<\/p>\n","protected":false},"author":1,"featured_media":0,"parent":0,"menu_order":0,"comment_status":"closed","ping_status":"closed","template":"","meta":{"footnotes":""},"class_list":["post-2946","page","type-page","status-publish","hentry"],"_links":{"self":[{"href":"https:\/\/wiki.s12.at\/index.php\/wp-json\/wp\/v2\/pages\/2946","targetHints":{"allow":["GET"]}}],"collection":[{"href":"https:\/\/wiki.s12.at\/index.php\/wp-json\/wp\/v2\/pages"}],"about":[{"href":"https:\/\/wiki.s12.at\/index.php\/wp-json\/wp\/v2\/types\/page"}],"author":[{"embeddable":true,"href":"https:\/\/wiki.s12.at\/index.php\/wp-json\/wp\/v2\/users\/1"}],"replies":[{"embeddable":true,"href":"https:\/\/wiki.s12.at\/index.php\/wp-json\/wp\/v2\/comments?post=2946"}],"version-history":[{"count":0,"href":"https:\/\/wiki.s12.at\/index.php\/wp-json\/wp\/v2\/pages\/2946\/revisions"}],"wp:attachment":[{"href":"https:\/\/wiki.s12.at\/index.php\/wp-json\/wp\/v2\/media?parent=2946"}],"curies":[{"name":"wp","href":"https:\/\/api.w.org\/{rel}","templated":true}]}}