{"id":2943,"date":"2026-05-06T14:56:38","date_gmt":"2026-05-06T12:56:38","guid":{"rendered":"https:\/\/wiki.s12.at\/index.php\/achtelfinalefc-salzburg-gegen-paris-st-germain\/"},"modified":"2026-05-06T14:56:38","modified_gmt":"2026-05-06T12:56:38","slug":"achtelfinalefc-salzburg-gegen-paris-st-germain","status":"publish","type":"page","link":"https:\/\/wiki.s12.at\/index.php\/achtelfinalefc-salzburg-gegen-paris-st-germain\/","title":{"rendered":"Achtelfinale:FC Salzburg gegen Paris St. Germain"},"content":{"rendered":"<div class=\"mw-parser-output\">\n<h2><span class=\"mw-headline\" id=\"Fakten\">Fakten<\/span><a href=\"\/index.php?title=Achtelfinale:FC_Salzburg_gegen_Paris_St._Germain&amp;action=edit&amp;section=1\" title=\"Abschnitt bearbeiten: Fakten\">Bearbeiten<\/a><span class=\"mw-editsection-bracket\">]<\/span><\/span><\/h2>\n<table class=\"toptextcells toccolours\">\n<tbody>\n<tr>\n<th colspan=\"2\" style=\"text-align: center; vertical-align: top; padding: 0.3em 0.8em; font-size: 125%; background-color: lightsteelblue;\">FC Red Bull Salzburg (U19) gegen Paris St. Germain (U19), 5:0\n<\/th>\n<\/tr>\n<tr>\n<th style=\"text-align:left;\"><b>Spieltag<\/b>\n<\/th>\n<th style=\"text-align:left;\">UEFA Youth League Achtelfinale\n<\/th>\n<\/tr>\n<tr>\n<th style=\"text-align:left;\"><b>Datum<\/b>\n<\/th>\n<th style=\"text-align:left;\">21. Februar 2017\n<\/th>\n<\/tr>\n<tr>\n<th style=\"text-align:left;\"><b>Anpfiff<\/b>\n<\/th>\n<th style=\"text-align:left;\">18 Uhr\n<\/th>\n<\/tr>\n<tr>\n<td colspan=\"2\" style=\"text-align:center;\" bgcolor=\"lightgray\"><b>Aufstellung<\/b>\n<\/td>\n<\/tr>\n<tr>\n<th style=\"text-align:left;\"><b>Tor<\/b>\n<\/th>\n<th><a href=\"\/Bartlomiej_Zynel\" class=\"mw-redirect\" title=\"Bartlomiej Zynel\">Bartlomiej Zynel<\/a>\n<\/th>\n<\/tr>\n<tr>\n<th style=\"text-align:left;\"><b>Verteidigung<\/b>\n<\/th>\n<th><a href=\"\/Sandro_Ingolitsch\" title=\"Sandro Ingolitsch\">Sandro Ingolitsch<\/a> &#8211; <a href=\"\/Igor\" class=\"mw-redirect\" title=\"Igor\">Igor<\/a> &#8211; <a href=\"\/Luca_Meisl\" title=\"Luca Meisl\">Luca Meisl<\/a> &#8211; <a href=\"\/Gideon_Mensah\" title=\"Gideon Mensah\">Gideon Mensah<\/a>\n<\/th>\n<\/tr>\n<tr>\n<th style=\"text-align:left;\"><b>Mittelfeld<\/b>\n<\/th>\n<th><a href=\"\/Xaver_Schlager\" title=\"Xaver Schlager\">Xaver Schlager<\/a> (C)- <a href=\"\/Amadou_Haidara\" title=\"Amadou Haidara\">Amadou Haidara<\/a> &#8211; <a href=\"\/Nico_Gorzel\" title=\"Nico Gorzel\">Nico Gorzel<\/a> &#8211; <a href=\"\/Hannes_Wolf\" title=\"Hannes Wolf\">Hannes Wolf<\/a>\n<\/th>\n<\/tr>\n<tr>\n<th style=\"text-align:left;\"><b>Sturm<\/b>\n<\/th>\n<th><a href=\"\/Oliver_Filip\" title=\"Oliver Filip\">Oliver Filip<\/a> &#8211; <a href=\"\/Mergim_Berisha\" title=\"Mergim Berisha\">Mergim Berisha<\/a>\n<\/th>\n<\/tr>\n<tr>\n<td colspan=\"2\" style=\"text-align:center;\" bgcolor=\"lightgray\"><b>Wechsel<\/b>\n<\/td>\n<\/tr>\n<tr>\n<th style=\"text-align:left;\"><b>Wechsel<\/b>\n<\/th>\n<th style=\"text-align:left;\"><a href=\"\/Nicolas_Meister\" title=\"Nicolas Meister\">Nicolas Meister<\/a> f\u00fcr Filip (64.), <a href=\"\/Philipp_Sturm\" title=\"Philipp Sturm\">Philipp Sturm<\/a> f\u00fcr Wolf (71.), <a href=\"\/Maximilian_Schuster\" title=\"Maximilian Schuster\">Maximilian Schuster<\/a> f\u00fcr Ingolitsch (77.)\n<\/th>\n<\/tr>\n<tr>\n<td colspan=\"2\" style=\"text-align:center;\" bgcolor=\"lightgray\"><b>Statistik<\/b>\n<\/td>\n<\/tr>\n<tr>\n<th style=\"text-align:left;\"><b>Endstand<\/b>\n<\/th>\n<th style=\"text-align:left;\">5:0 (3:0)\n<\/th>\n<\/tr>\n<tr>\n<th style=\"text-align:left;\"><b>Torsch\u00fctzen<\/b>\n<\/th>\n<th style=\"text-align:left;\">Wolf (15.), Filip (31.\/34.\/61.), Mensah (73.)\n<\/th>\n<\/tr>\n<tr>\n<th style=\"text-align:left;\"><b>Gelbe Karten<\/b>\n<\/th>\n<th style=\"text-align:left;\">Weah (84.)\n<\/th>\n<\/tr>\n<tr>\n<th style=\"text-align:left;\"><b>Rote Karten<\/b>\n<\/th>\n<th style=\"text-align:left;\">Luzayadio (36.)\n<\/th>\n<\/tr>\n<tr>\n<th style=\"text-align:left;\"><b>Schiedsrichter<\/b>\n<\/th>\n<th style=\"text-align:left;\">Sandro Sch\u00e4rer (SUI)\n<\/th>\n<\/tr>\n<tr>\n<th style=\"text-align:left;\"><b>Stadion<\/b>\n<\/th>\n<th style=\"text-align:left;\">Red Bull Arena, Salzburg\n<\/th>\n<\/tr>\n<tr>\n<th style=\"text-align:left;\"><b>Zuschauer<\/b>\n<\/th>\n<th style=\"text-align:left;\">3 027\n<\/th>\n<\/tr>\n<\/tbody>\n<\/table>\n<h2><span class=\"mw-headline\" id=\"Weblinks\">Weblinks<\/span><a href=\"\/index.php?title=Achtelfinale:FC_Salzburg_gegen_Paris_St._Germain&amp;action=edit&amp;section=2\" title=\"Abschnitt bearbeiten: Weblinks\">Bearbeiten<\/a><span class=\"mw-editsection-bracket\">]<\/span><\/span><\/h2>\n<ul>\n<li><a rel=\"nofollow\" class=\"external text\" href=\"http:\/\/www.redbullsalzburg.at\/de\/fc-red-bull-salzburg\/news\/saison_2016_17\/jungbullen-stehen-nach-gala-im-viertelfinale-.html\">Spielbericht Vereinshomepage<\/a><\/li>\n<\/ul>\n<h2><span class=\"mw-headline\" id=\"Bilder\">Bilder<\/span><a href=\"\/index.php?title=Achtelfinale:FC_Salzburg_gegen_Paris_St._Germain&amp;action=edit&amp;section=3\" title=\"Abschnitt bearbeiten: Bilder\">Bearbeiten<\/a><span class=\"mw-editsection-bracket\">]<\/span><\/span><\/h2>\n<ul class=\"gallery mw-gallery-traditional\">\n<li class=\"gallerybox\" style=\"width: 155px\">\n<div style=\"width: 155px\">\n<div class=\"thumb\" style=\"width: 150px;\">\n<div style=\"margin:35.5px auto;\"><a href=\"\/Datei:FC_Salzburg_gegen_Paris_St._Germain_(UEFA_Youth_League-21._Februar_2017)_23.jpg\" class=\"image\"><img alt=\"FC Salzburg gegen Paris St. Germain (UEFA Youth League-21. Februar 2017) 23.jpg\" src=\"\/images\/thumb\/0\/07\/FC_Salzburg_gegen_Paris_St._Germain_%28UEFA_Youth_League-21._Februar_2017%29_23.jpg\/120px-FC_Salzburg_gegen_Paris_St._Germain_%28UEFA_Youth_League-21._Februar_2017%29_23.jpg%3Futm_source%3Dcommons.wikimedia.org%26utm_campaign%3Dimageinfo%26utm_content%3Dthumbnail\" decoding=\"async\" width=\"120\" height=\"79\" srcset=\"\/images\/thumb\/0\/07\/FC_Salzburg_gegen_Paris_St._Germain_%28UEFA_Youth_League-21._Februar_2017%29_23.jpg\/250px-FC_Salzburg_gegen_Paris_St._Germain_%28UEFA_Youth_League-21._Februar_2017%29_23.jpg%3Futm_source%3Dcommons.wikimedia.org%26utm_campaign%3Dimageinfo%26utm_content%3Dthumbnail 1.5x\" \/><\/a><\/div>\n<\/div>\n<div class=\"gallerytext\">\n\t\t\t<\/div>\n<\/p><\/div>\n<\/li>\n<li class=\"gallerybox\" style=\"width: 155px\">\n<div style=\"width: 155px\">\n<div class=\"thumb\" style=\"width: 150px;\">\n<div style=\"margin:15px auto;\"><a href=\"\/Datei:FC_Salzburg_gegen_Paris_St._Germain_(UEFA_Youth_League-21._Februar_2017)_35.jpg\" class=\"image\"><img alt=\"FC Salzburg gegen Paris St. Germain (UEFA Youth League-21. Februar 2017) 35.jpg\" src=\"\/images\/thumb\/f\/fe\/FC_Salzburg_gegen_Paris_St._Germain_%28UEFA_Youth_League-21._Februar_2017%29_35.jpg\/120px-FC_Salzburg_gegen_Paris_St._Germain_%28UEFA_Youth_League-21._Februar_2017%29_35.jpg%3Futm_source%3Dcommons.wikimedia.org%26utm_campaign%3Dimageinfo%26utm_content%3Dthumbnail\" decoding=\"async\" width=\"87\" height=\"120\" srcset=\"\/images\/thumb\/f\/fe\/FC_Salzburg_gegen_Paris_St._Germain_%28UEFA_Youth_League-21._Februar_2017%29_35.jpg\/250px-FC_Salzburg_gegen_Paris_St._Germain_%28UEFA_Youth_League-21._Februar_2017%29_35.jpg%3Futm_source%3Dcommons.wikimedia.org%26utm_campaign%3Dimageinfo%26utm_content%3Dthumbnail 1.5x\" \/><\/a><\/div>\n<\/div>\n<div class=\"gallerytext\">\n\t\t\t<\/div>\n<\/p><\/div>\n<\/li>\n<li class=\"gallerybox\" style=\"width: 155px\">\n<div style=\"width: 155px\">\n<div class=\"thumb\" style=\"width: 150px;\">\n<div style=\"margin:15px auto;\"><a href=\"\/Datei:FC_Salzburg_gegen_Paris_St._Germain_(UEFA_Youth_League-21._Februar_2017)_44.jpg\" class=\"image\"><img alt=\"FC Salzburg gegen Paris St. Germain (UEFA Youth League-21. Februar 2017) 44.jpg\" src=\"\/images\/thumb\/4\/41\/FC_Salzburg_gegen_Paris_St._Germain_%28UEFA_Youth_League-21._Februar_2017%29_44.jpg\/120px-FC_Salzburg_gegen_Paris_St._Germain_%28UEFA_Youth_League-21._Februar_2017%29_44.jpg%3Futm_source%3Dcommons.wikimedia.org%26utm_campaign%3Dimageinfo%26utm_content%3Dthumbnail\" decoding=\"async\" width=\"87\" height=\"120\" srcset=\"\/images\/thumb\/4\/41\/FC_Salzburg_gegen_Paris_St._Germain_%28UEFA_Youth_League-21._Februar_2017%29_44.jpg\/250px-FC_Salzburg_gegen_Paris_St._Germain_%28UEFA_Youth_League-21._Februar_2017%29_44.jpg%3Futm_source%3Dcommons.wikimedia.org%26utm_campaign%3Dimageinfo%26utm_content%3Dthumbnail 1.5x\" \/><\/a><\/div>\n<\/div>\n<div class=\"gallerytext\">\n\t\t\t<\/div>\n<\/p><\/div>\n<\/li>\n<li class=\"gallerybox\" style=\"width: 155px\">\n<div style=\"width: 155px\">\n<div class=\"thumb\" style=\"width: 150px;\">\n<div style=\"margin:26px auto;\"><a href=\"\/Datei:FC_Salzburg_gegen_Paris_St._Germain_(_Youth_League-21._Februar_2017)_12.jpg\" class=\"image\"><img loading=\"lazy\" alt=\"FC Salzburg gegen Paris St. Germain ( Youth League-21. Februar 2017) 12.jpg\" src=\"\/images\/thumb\/9\/9d\/FC_Salzburg_gegen_Paris_St._Germain_%28_Youth_League-21._Februar_2017%29_12.jpg\/120px-FC_Salzburg_gegen_Paris_St._Germain_%28_Youth_League-21._Februar_2017%29_12.jpg%3Futm_source%3Dcommons.wikimedia.org%26utm_campaign%3Dimageinfo%26utm_content%3Dthumbnail\" decoding=\"async\" width=\"120\" height=\"98\" srcset=\"\/images\/thumb\/9\/9d\/FC_Salzburg_gegen_Paris_St._Germain_%28_Youth_League-21._Februar_2017%29_12.jpg\/250px-FC_Salzburg_gegen_Paris_St._Germain_%28_Youth_League-21._Februar_2017%29_12.jpg%3Futm_source%3Dcommons.wikimedia.org%26utm_campaign%3Dimageinfo%26utm_content%3Dthumbnail 1.5x\" \/><\/a><\/div>\n<\/div>\n<div class=\"gallerytext\">\n\t\t\t<\/div>\n<\/p><\/div>\n<\/li>\n<\/ul>\n<p><img loading=\"lazy\" alt=\"\" src=\"\/images\/thumb\/4\/4a\/Commons-logo.svg\/langde-20px-Commons-logo.svg.png%3Futm_source%3Dcommons.wikimedia.org%26utm_campaign%3Dimageinfo%26utm_content%3Dthumbnail\" decoding=\"async\" title=\"Commons\" width=\"12\" height=\"16\" srcset=\"\/images\/thumb\/4\/4a\/Commons-logo.svg\/langde-40px-Commons-logo.svg.png%3Futm_source%3Dcommons.wikimedia.org%26utm_campaign%3Dimageinfo%26utm_content%3Dthumbnail 2x\" \/>&#160;<b><a href=\"http:\/\/commons.wikimedia.org\/wiki\/Category:FC_Salzburg_gegen_Paris_St._Germain_(UEFA_Youth_League-21._Februar_2017)\" class=\"extiw\" title=\"commons:Category:FC Salzburg gegen Paris St. Germain (UEFA Youth League-21. Februar 2017)\">Achtelfinale:FC Salzburg gegen Paris St. Germain<\/a><\/b>&#160;\u2013 Sammlung von Bildern, Videos und Audiodateien auf <a href=\"\/Wikimedia_Commons\" title=\"Wikimedia Commons\">Wikimedia Commons<\/a>\n<\/p>\n<h2><span class=\"mw-headline\" id=\"Stimmen_zum_Spiel\">Stimmen zum Spiel<\/span><a href=\"\/index.php?title=Achtelfinale:FC_Salzburg_gegen_Paris_St._Germain&amp;action=edit&amp;section=4\" title=\"Abschnitt bearbeiten: Stimmen zum Spiel\">Bearbeiten<\/a><span class=\"mw-editsection-bracket\">]<\/span><\/span><\/h2>\n<p><b>Marco Rose:<\/b> Wir sind mit dem Ergebnis und unserem Auftreten heute sehr gl\u00fccklich. Wir haben von Beginn an versucht, unser Spiel durchzuziehen, den Gegner fr\u00fch unter Druck zu setzen und uns die B\u00e4lle schnell wieder zur\u00fcckzuholen. Uns war bewusst, dass wir hinter der letzten Linie der Franzosen mehr R\u00e4ume als gegen Manchester City bekommen werden und das konnten wir zu unseren Gunsten nutzen. Unser Flei\u00df wurde mit den f\u00fcnf Toren heute definitiv belohnt.\n<\/p>\n<p><b>Oliver Filip:<\/b> Wir waren heute \u00fcber 90 Minuten dominant und konnten unsere St\u00e4rken in allen Belangen ausspielen. Darauf k\u00f6nnen wir stolz sein. Wir haben jene Dinge, die wir uns vorgenommen hatten, richtig gut umgesetzt. F\u00fcnf Tore gegen so eine klasse Mannschaft wie Paris Saint-Germain zu erzielen, ist schon fast ein wenig kitschig, aber mehr als verdient. Jetzt genie\u00dfen wir einmal unseren tollen Erfolg heute und freuen uns schon auf das Viertelfinale gegen Atletico Madrid.\n<\/p>\n<\/div>\n","protected":false},"excerpt":{"rendered":"<p>FaktenBearbeiten] FC Red Bull Salzburg (U19) gegen Paris St. Germain (U19), 5:0 Spieltag UEFA Youth League Achtelfinale Datum 21. Februar 2017 Anpfiff 18 Uhr Aufstellung Tor Bartlomiej Zynel Verteidigung Sandro Ingolitsch &#8211; Igor &#8211; Luca Meisl &#8211; Gideon Mensah Mittelfeld Xaver Schlager (C)- Amadou Haidara &#8211; Nico Gorzel &#8211; Hannes Wolf Sturm Oliver Filip &#8211; [&hellip;]<\/p>\n","protected":false},"author":1,"featured_media":0,"parent":0,"menu_order":0,"comment_status":"closed","ping_status":"closed","template":"","meta":{"footnotes":""},"class_list":["post-2943","page","type-page","status-publish","hentry"],"_links":{"self":[{"href":"https:\/\/wiki.s12.at\/index.php\/wp-json\/wp\/v2\/pages\/2943","targetHints":{"allow":["GET"]}}],"collection":[{"href":"https:\/\/wiki.s12.at\/index.php\/wp-json\/wp\/v2\/pages"}],"about":[{"href":"https:\/\/wiki.s12.at\/index.php\/wp-json\/wp\/v2\/types\/page"}],"author":[{"embeddable":true,"href":"https:\/\/wiki.s12.at\/index.php\/wp-json\/wp\/v2\/users\/1"}],"replies":[{"embeddable":true,"href":"https:\/\/wiki.s12.at\/index.php\/wp-json\/wp\/v2\/comments?post=2943"}],"version-history":[{"count":0,"href":"https:\/\/wiki.s12.at\/index.php\/wp-json\/wp\/v2\/pages\/2943\/revisions"}],"wp:attachment":[{"href":"https:\/\/wiki.s12.at\/index.php\/wp-json\/wp\/v2\/media?parent=2943"}],"curies":[{"name":"wp","href":"https:\/\/api.w.org\/{rel}","templated":true}]}}